{"id":238232,"date":"2021-12-21T17:54:07","date_gmt":"2021-12-21T16:54:07","guid":{"rendered":"https:\/\/dev.sjas.ch\/qui-sommes-nous\/"},"modified":"2025-12-23T15:44:19","modified_gmt":"2025-12-23T14:44:19","slug":"qui-sommes-nous","status":"publish","type":"page","link":"https:\/\/sjas.ch\/fr\/qui-sommes-nous\/","title":{"rendered":"Qui sommes-nous?"},"content":{"rendered":"<p>[et_pb_section fb_built=\u00a0\u00bb1&Prime; _builder_version=\u00a0\u00bb4.16&Prime; _module_preset=\u00a0\u00bbdefault\u00a0\u00bb background_color=\u00a0\u00bb#FFFFFF\u00a0\u00bb global_colors_info=\u00a0\u00bb{}\u00a0\u00bb][et_pb_row _builder_version=\u00a0\u00bb4.16&Prime; _module_preset=\u00a0\u00bbdefault\u00a0\u00bb global_colors_info=\u00a0\u00bb{}\u00a0\u00bb][et_pb_column type=\u00a0\u00bb4_4&Prime; _builder_version=\u00a0\u00bb4.16&Prime; _module_preset=\u00a0\u00bbdefault\u00a0\u00bb global_colors_info=\u00a0\u00bb{}\u00a0\u00bb][et_pb_text _builder_version=\u00a0\u00bb4.16&Prime; _module_preset=\u00a0\u00bbdefault\u00a0\u00bb header_font_size=\u00a0\u00bb80px\u00a0\u00bb global_colors_info=\u00a0\u00bb{}\u00a0\u00bb]<\/p>\n<h1 style=\"text-align: center;\">Qui sommes-nous?<\/h1>\n<p style=\"text-align: center;\">Nous sommes une fondation qui s\u2019engage pour les jeunes Suisses\u00b7ses de l\u2019\u00e9tranger<\/p>\n<p>[\/et_pb_text][\/et_pb_column][\/et_pb_row][\/et_pb_section][et_pb_section fb_built=\u00a0\u00bb1&Prime; module_id=\u00a0\u00bbConseil-de-fondation\u00a0\u00bb _builder_version=\u00a0\u00bb4.16&Prime; _module_preset=\u00a0\u00bbdefault\u00a0\u00bb background_color=\u00a0\u00bbrgba(10,10,10,0.06)\u00a0\u00bb global_colors_info=\u00a0\u00bb{}\u00a0\u00bb][et_pb_row _builder_version=\u00a0\u00bb4.16&Prime; _module_preset=\u00a0\u00bbdefault\u00a0\u00bb global_colors_info=\u00a0\u00bb{}\u00a0\u00bb][et_pb_column type=\u00a0\u00bb4_4&Prime; _builder_version=\u00a0\u00bb4.16&Prime; _module_preset=\u00a0\u00bbdefault\u00a0\u00bb global_colors_info=\u00a0\u00bb{}\u00a0\u00bb][et_pb_image src=\u00a0\u00bbhttp:\/\/sjas.ch\/wp-content\/uploads\/2021\/11\/smiley-rgb.svg\u00a0\u00bb title_text=\u00a0\u00bbsmiley-rgb\u00a0\u00bb _builder_version=\u00a0\u00bb4.16&Prime; _module_preset=\u00a0\u00bb079d8414-f781-439d-b599-d7aaf3414194&Prime; global_colors_info=\u00a0\u00bb{}\u00a0\u00bb][\/et_pb_image][et_pb_text _builder_version=\u00a0\u00bb4.16&Prime; _module_preset=\u00a0\u00bbdefault\u00a0\u00bb global_colors_info=\u00a0\u00bb{}\u00a0\u00bb]<\/p>\n<h2>Conseil de fondation<\/h2>\n<p>Le Conseil de fondation est l\u2019organe sup\u00e9rieur de la SJAS. Il est responsable d\u2019obtenir des fonds et d\u2019administrer la fortune de la fondation, de confier aux groupes de travail les th\u00e8mes qui occupent la SJAS, d\u2019\u00e9dicter des r\u00e8glements sur l\u2019organisation et la direction des activit\u00e9s et de repr\u00e9senter la SJAS vis-\u00e0-vis de l\u2019ext\u00e9rieur.<\/p>\n<p>Le Conseil de fondation est constitu\u00e9 des membres suivants: un\u00b7e pr\u00e9sident\u00b7e, un\u00b7e vice\u00b7pr\u00e9sident\u00b7e, un\u00b7e tr\u00e9sorier\u00b7\u00e8re, un\u00b7e secr\u00e9taire et jusqu\u2019\u00e0 4\u00a0autres personnes. Les membres du Conseil de fondation sont \u00e9lus pour trois ans. Ils travaillent b\u00e9n\u00e9volement.<\/p>\n<p>En g\u00e9n\u00e9ral, le Conseil de fondation se r\u00e9unit cinq fois par ann\u00e9e. L\u2019une de ces s\u00e9ances a lieu avec le comit\u00e9s cantonaux.<\/p>\n<p>[\/et_pb_text][\/et_pb_column][\/et_pb_row][et_pb_row column_structure=\u00a0\u00bb1_4,1_4,1_4,1_4&Prime; _builder_version=\u00a0\u00bb4.16&Prime; _module_preset=\u00a0\u00bbdefault\u00a0\u00bb global_colors_info=\u00a0\u00bb{}\u00a0\u00bb][et_pb_column type=\u00a0\u00bb1_4&Prime; _builder_version=\u00a0\u00bb4.16&Prime; _module_preset=\u00a0\u00bbdefault\u00a0\u00bb global_colors_info=\u00a0\u00bb{}\u00a0\u00bb][dipl_flipbox front_title=\u00a0\u00bbRobert Reich\u00a0\u00bb front_content=\u00a0\u00bbPr\u00e9sident\u00a0\u00bb front_image=\u00a0\u00bbhttps:\/\/sjas.ch\/wp-content\/uploads\/2025\/05\/DSC_3792-Bearbeitet-2-2-scaled.jpg\u00a0\u00bb _builder_version=\u00a0\u00bb4.27.4&Prime; _module_preset=\u00a0\u00bbdefault\u00a0\u00bb global_colors_info=\u00a0\u00bb{}\u00a0\u00bb]<\/p>\n<p>\u00c9tant n\u00e9 et ayant grandi \u00e0 l&rsquo;\u00e9tranger, ainsi que professionnellement actif \u00e0 l&rsquo;\u00e9tranger pendant plus de 30 ans, j&rsquo;ai r\u00e9alis\u00e9 l&rsquo;importance d&rsquo;avoir des liens avec sa patrie. C&rsquo;est donc mon d\u00e9sir de contribuer \u00e0 la SJAS.<\/p>\n<p>[\/dipl_flipbox][\/et_pb_column][et_pb_column type=\u00a0\u00bb1_4&Prime; _builder_version=\u00a0\u00bb4.16&Prime; _module_preset=\u00a0\u00bbdefault\u00a0\u00bb global_colors_info=\u00a0\u00bb{}\u00a0\u00bb][dipl_flipbox front_title=\u00a0\u00bbLaurence Etienne\u00a0\u00bb front_content=\u00a0\u00bbVice-pr\u00e9sidente\u00a0\u00bb front_image=\u00a0\u00bbhttp:\/\/sjas.ch\/wp-content\/uploads\/2021\/11\/portrait-laurence-etienne-vize-praesidentin.jpg\u00a0\u00bb _builder_version=\u00a0\u00bb4.19.4&Prime; _module_preset=\u00a0\u00bbdefault\u00a0\u00bb global_colors_info=\u00a0\u00bb{}\u00a0\u00bb]<\/p>\n<p>Permettre aux enfants suisses de l&rsquo;\u00e9tranger de pouvoir d\u00e9couvrir leur pays d&rsquo;origine et cr\u00e9er des liens avec d&rsquo;autres enfants est pour moi une magnifique opportunit\u00e9.<\/p>\n<p>[\/dipl_flipbox][\/et_pb_column][et_pb_column type=\u00a0\u00bb1_4&Prime; _builder_version=\u00a0\u00bb4.16&Prime; _module_preset=\u00a0\u00bbdefault\u00a0\u00bb global_colors_info=\u00a0\u00bb{}\u00a0\u00bb][dipl_flipbox front_title=\u00a0\u00bbMichael Baumgartner\u00a0\u00bb front_content=\u00a0\u00bbSecr\u00e9taire\u00a0\u00bb front_image=\u00a0\u00bbhttps:\/\/sjas.ch\/wp-content\/uploads\/2025\/05\/DSC_3805-Bearbeitet-scaled.jpg\u00a0\u00bb _builder_version=\u00a0\u00bb4.27.4&Prime; _module_preset=\u00a0\u00bbdefault\u00a0\u00bb global_colors_info=\u00a0\u00bb{}\u00a0\u00bb]<\/p>\n<p>Nous avons la chance de pouvoir rapprocher les enfants du monde entier de la Suisse et de ses valeurs, contribuant ainsi, petit mais constant, \u00e0 l&rsquo;entente entre les personnes de diverses origines.<\/p>\n<p>[\/dipl_flipbox][\/et_pb_column][et_pb_column type=\u00a0\u00bb1_4&Prime; _builder_version=\u00a0\u00bb4.16&Prime; _module_preset=\u00a0\u00bbdefault\u00a0\u00bb global_colors_info=\u00a0\u00bb{}\u00a0\u00bb][dipl_flipbox front_title=\u00a0\u00bbMarco Krebs\u00a0\u00bb front_content=\u00a0\u00bbTr\u00e9sorier\u00a0\u00bb front_image=\u00a0\u00bbhttps:\/\/sjas.ch\/wp-content\/uploads\/2025\/05\/DSC_3801-Bearbeitet-scaled.jpg\u00a0\u00bb _builder_version=\u00a0\u00bb4.27.4&Prime; _module_preset=\u00a0\u00bbdefault\u00a0\u00bb global_colors_info=\u00a0\u00bb{}\u00a0\u00bb]<\/p>\n<p>Les enfants doivent avoir la possibilit\u00e9 de d\u00e9couvrir leur origine, peu importe leur situation financi\u00e8re. La SJAS s&rsquo;engage pour cette cause depuis de nombreuses ann\u00e9es et permet m\u00eame aux enfants des situations \u00e9conomiques moins privil\u00e9gi\u00e9es de faire ce voyage de retour aux racines.<\/p>\n<p>[\/dipl_flipbox][\/et_pb_column][\/et_pb_row][et_pb_row column_structure=\u00a0\u00bb1_4,1_4,1_4,1_4&Prime; _builder_version=\u00a0\u00bb4.27.4&Prime; _module_preset=\u00a0\u00bbdefault\u00a0\u00bb global_colors_info=\u00a0\u00bb{}\u00a0\u00bb][et_pb_column type=\u00a0\u00bb1_4&Prime; _builder_version=\u00a0\u00bb4.16&Prime; _module_preset=\u00a0\u00bbdefault\u00a0\u00bb global_colors_info=\u00a0\u00bb{}\u00a0\u00bb][dipl_flipbox front_title=\u00a0\u00bbPeter W\u00fcthrich\u00a0\u00bb front_content=\u00a0\u00bbAssesseur\u00a0\u00bb front_image=\u00a0\u00bbhttps:\/\/sjas.ch\/wp-content\/uploads\/2025\/05\/DSC_3784-Bearbeitet-scaled.jpg\u00a0\u00bb _builder_version=\u00a0\u00bb4.27.4&Prime; _module_preset=\u00a0\u00bbdefault\u00a0\u00bb global_colors_info=\u00a0\u00bb{}\u00a0\u00bb]<\/p>\n<p>Mon engagement au conseil de fondation de la SJAS est motiv\u00e9 par l&rsquo;objectif de la fondation de renforcer les liens avec la patrie pour les jeunes Suisses \u00e0 l&rsquo;\u00e9tranger et de cr\u00e9er des r\u00e9seaux internationaux.<\/p>\n<p>[\/dipl_flipbox][\/et_pb_column][et_pb_column type=\u00a0\u00bb1_4&Prime; _builder_version=\u00a0\u00bb4.16&Prime; _module_preset=\u00a0\u00bbdefault\u00a0\u00bb global_colors_info=\u00a0\u00bb{}\u00a0\u00bb][dipl_flipbox front_title=\u00a0\u00bbFlorian Baccaunaud\u00a0\u00bb front_content=\u00a0\u00bbAssesseur\u00a0\u00bb front_image=\u00a0\u00bbhttp:\/\/sjas.ch\/wp-content\/uploads\/2021\/11\/portrait-florian-baccaunaud-besitzer.jpg\u00a0\u00bb _builder_version=\u00a0\u00bb4.27.4&Prime; _module_preset=\u00a0\u00bbdefault\u00a0\u00bb global_colors_info=\u00a0\u00bb{}\u00a0\u00bb]<\/p>\n<p>Ayant moi-m\u00eame grandi \u00e0 l\u2019\u00e9tranger, je pense qu&rsquo;il est tr\u00e8s important de donner l&rsquo;occasion aux enfants suisses de l\u2019\u00e9tranger de conna\u00eetre leur pays d\u2019origine. C\u2019est pourquoi je m\u2019engage pour la SJAS.<\/p>\n<p>[\/dipl_flipbox][\/et_pb_column][et_pb_column type=\u00a0\u00bb1_4&Prime; _builder_version=\u00a0\u00bb4.16&Prime; _module_preset=\u00a0\u00bbdefault\u00a0\u00bb global_colors_info=\u00a0\u00bb{}\u00a0\u00bb][dipl_flipbox front_title=\u00a0\u00bbFrancisca Rod\u00f3\u00a0\u00bb front_content=\u00a0\u00bbAssesseuse\u00a0\u00bb front_image=\u00a0\u00bbhttps:\/\/sjas.ch\/wp-content\/uploads\/2025\/05\/DSC_3790-Bearbeitet-scaled.jpg\u00a0\u00bb _builder_version=\u00a0\u00bb4.27.4&Prime; _module_preset=\u00a0\u00bbdefault\u00a0\u00bb global_colors_info=\u00a0\u00bb{}\u00a0\u00bb]<\/p>\n<div class=\"flex flex-grow flex-col gap-3\">\n<div class=\"min-h-[20px] flex flex-col items-start gap-4 whitespace-pre-wrap\">\n<div class=\"markdown prose w-full break-words dark:prose-invert light\">\n<p>Pour des personnes comme moi, n\u00e9es \u00e0 l\u2019\u00e9tranger, la SJAS est un projet formidable : Elle maintient nos origines vivantes, renforce le lien avec l\u2019h\u00e9ritage suisse et cr\u00e9e des amiti\u00e9s qui durent souvent toute une vie. C\u2019est un vrai enrichissement d\u2019en faire partie.<\/p>\n<\/div>\n<\/div>\n<\/div>\n<div class=\"flex justify-between\">\n<div class=\"text-gray-400 flex self-end lg:self-center justify-center mt-2 gap-3 md:gap-4 lg:gap-1 lg:absolute lg:top-0 lg:translate-x-full lg:right-0 lg:mt-0 lg:pl-2 visible\"><\/div>\n<\/div>\n<p>[\/dipl_flipbox][\/et_pb_column][et_pb_column type=\u00a0\u00bb1_4&Prime; _builder_version=\u00a0\u00bb4.16&Prime; _module_preset=\u00a0\u00bbdefault\u00a0\u00bb global_colors_info=\u00a0\u00bb{}\u00a0\u00bb][dipl_flipbox front_title=\u00a0\u00bbDimosthenis Stefanopulos\u00a0\u00bb front_content=\u00a0\u00bbAssesseur\u00a0\u00bb front_image=\u00a0\u00bbhttps:\/\/sjas.ch\/wp-content\/uploads\/2025\/05\/DSC_3799-Bearbeitet-scaled.jpg\u00a0\u00bb _builder_version=\u00a0\u00bb4.27.4&Prime; _module_preset=\u00a0\u00bbdefault\u00a0\u00bb global_colors_info=\u00a0\u00bb{}\u00a0\u00bb]<\/p>\n<p>Ayant grandi entre les cultures grecque et suisse, j\u2019appr\u00e9cie la diversit\u00e9 et mes racines. La SJAS r\u00e9unit les deux\u202f: Elle favorise l\u2019\u00e9change interculturel et permet aux jeunes du monde entier de se retrouver autour de leurs origines communes.<\/p>\n<p>[\/dipl_flipbox][\/et_pb_column][\/et_pb_row][\/et_pb_section][et_pb_section fb_built=\u00a0\u00bb1&Prime; module_id=\u00a0\u00bbSecr\u00e9tariat\u00a0\u00bb _builder_version=\u00a0\u00bb4.16&Prime; _module_preset=\u00a0\u00bbdefault\u00a0\u00bb background_color=\u00a0\u00bb#FFFFFF\u00a0\u00bb global_colors_info=\u00a0\u00bb{}\u00a0\u00bb][et_pb_row module_id=\u00a0\u00bbGS_FR\u00a0\u00bb _builder_version=\u00a0\u00bb4.27.4&Prime; _module_preset=\u00a0\u00bbdefault\u00a0\u00bb global_colors_info=\u00a0\u00bb{}\u00a0\u00bb][et_pb_column type=\u00a0\u00bb4_4&Prime; _builder_version=\u00a0\u00bb4.16&Prime; _module_preset=\u00a0\u00bbdefault\u00a0\u00bb global_colors_info=\u00a0\u00bb{}\u00a0\u00bb][et_pb_image src=\u00a0\u00bbhttp:\/\/sjas.ch\/wp-content\/uploads\/2021\/11\/haus-rgb.svg\u00a0\u00bb title_text=\u00a0\u00bbhaus-rgb\u00a0\u00bb _builder_version=\u00a0\u00bb4.16&Prime; _module_preset=\u00a0\u00bb079d8414-f781-439d-b599-d7aaf3414194&Prime; global_colors_info=\u00a0\u00bb{}\u00a0\u00bb][\/et_pb_image][et_pb_text _builder_version=\u00a0\u00bb4.19.4&Prime; _module_preset=\u00a0\u00bbdefault\u00a0\u00bb global_colors_info=\u00a0\u00bb{}\u00a0\u00bb]<\/p>\n<h2>Bureau<\/h2>\n<p>Trois personnes travaillent au bureau de la SJAS et veillent \u00e0 la bonne organisation et \u00e0 la r\u00e9alisation de nos camps de vacances. L\u2019essentiel du travail concerne la gestion des donn\u00e9es des participant\u00b7es, la recherche de maisons de colonies de vacances adapt\u00e9es, l\u2019encadrement et la formation des monitrices et des moniteurs, le contact avec les parents et la mise \u00e0 disposition de mat\u00e9riel pour les camps. Le bureau se trouve \u00e0 Berne. Il est \u00e0 ta disposition du lundi au jeudi de 9 h \u00e0 17 h (CET). Les collaborateurs\u00b7rices parlent allemand, fran\u00e7ais et anglais.<\/p>\n<p><strong><\/strong><\/p>\n<p>[\/et_pb_text][\/et_pb_column][\/et_pb_row][et_pb_row column_structure=\u00a0\u00bb1_4,1_4,1_4,1_4&Prime; _builder_version=\u00a0\u00bb4.16&Prime; _module_preset=\u00a0\u00bbdefault\u00a0\u00bb global_colors_info=\u00a0\u00bb{}\u00a0\u00bb][et_pb_column type=\u00a0\u00bb1_4&Prime; _builder_version=\u00a0\u00bb4.16&Prime; _module_preset=\u00a0\u00bbdefault\u00a0\u00bb global_colors_info=\u00a0\u00bb{}\u00a0\u00bb][dipl_flipbox front_title=\u00a0\u00bbIsabelle Stebler\u00a0\u00bb front_content=\u00a0\u00bbDirectrice\u00a0\u00bb front_image=\u00a0\u00bbhttps:\/\/sjas.ch\/wp-content\/uploads\/2025\/05\/DSC_3808-Bearbeitet-2-scaled.jpg\u00a0\u00bb _builder_version=\u00a0\u00bb4.27.4&Prime; _module_preset=\u00a0\u00bbdefault\u00a0\u00bb global_colors_info=\u00a0\u00bb{}\u00a0\u00bb]<\/p>\n<p>Nos colonies de vacances offrent la possibilit\u00e9 de promouvoir et de soutenir les enfants et les jeunes de mani\u00e8re ludique.<\/p>\n<p>[\/dipl_flipbox][\/et_pb_column][et_pb_column type=\u00a0\u00bb1_4&Prime; _builder_version=\u00a0\u00bb4.16&Prime; _module_preset=\u00a0\u00bbdefault\u00a0\u00bb global_colors_info=\u00a0\u00bb{}\u00a0\u00bb][dipl_flipbox front_title=\u00a0\u00bbRaya Keller\u00a0\u00bb front_content=\u00a0\u00bbCheffe de projet\u00a0\u00bb front_image=\u00a0\u00bbhttps:\/\/sjas.ch\/wp-content\/uploads\/2025\/11\/DSC_4821-Bearbeitet-3-3-scaled.jpg\u00a0\u00bb disabled_on=\u00a0\u00bboff|off|off\u00a0\u00bb _builder_version=\u00a0\u00bb4.27.4&Prime; _module_preset=\u00a0\u00bbdefault\u00a0\u00bb global_colors_info=\u00a0\u00bb{}\u00a0\u00bb]<\/p>\n<p>Cr\u00e9er ensemble des exp\u00e9riences positives, partager mes connaissances et voir les visages rayonnants des enfants, c\u2019est ce qui rend mon travail \u00e0 la SJAS vraiment pr\u00e9cieux.<\/p>\n<p>[\/dipl_flipbox][\/et_pb_column][et_pb_column type=\u00a0\u00bb1_4&Prime; _builder_version=\u00a0\u00bb4.16&Prime; _module_preset=\u00a0\u00bbdefault\u00a0\u00bb global_colors_info=\u00a0\u00bb{}\u00a0\u00bb][dipl_flipbox front_title=\u00a0\u00bbJulia Gunti\u00a0\u00bb front_content=\u00a0\u00bbGestionnaire administrative\u00a0\u00bb front_image=\u00a0\u00bbhttps:\/\/sjas.ch\/wp-content\/uploads\/2023\/03\/Julia-Gunti-2.png\u00a0\u00bb _builder_version=\u00a0\u00bb4.27.4&Prime; _module_preset=\u00a0\u00bbdefault\u00a0\u00bb global_colors_info=\u00a0\u00bb{}\u00a0\u00bb]<\/p>\n<p>En tant que scout active et chef de camp SJAS, j&rsquo;ai beaucoup de plaisir \u00e0 investir mon \u00e9nergie \u00e9galement au travail pour une bonne cause.<\/p>\n<p>[\/dipl_flipbox][\/et_pb_column][et_pb_column type=\u00a0\u00bb1_4&Prime; _builder_version=\u00a0\u00bb4.16&Prime; _module_preset=\u00a0\u00bbdefault\u00a0\u00bb global_colors_info=\u00a0\u00bb{}\u00a0\u00bb][\/et_pb_column][\/et_pb_row][\/et_pb_section]<\/p>\n","protected":false},"excerpt":{"rendered":"<p>Qui sommes-nous?Nous sommes une fondation qui s\u2019engage pour les jeunes Suisses\u00b7ses de l\u2019\u00e9trangerConseil de fondation Le Conseil de fondation est l\u2019organe sup\u00e9rieur de la SJAS. Il est responsable d\u2019obtenir des fonds et d\u2019administrer la fortune de la fondation, de confier aux groupes de travail les th\u00e8mes qui occupent la SJAS, d\u2019\u00e9dicter des r\u00e8glements sur l\u2019organisation [&hellip;]<\/p>\n","protected":false},"author":1,"featured_media":0,"parent":0,"menu_order":0,"comment_status":"closed","ping_status":"closed","template":"","meta":{"_et_pb_use_builder":"on","_et_pb_old_content":"","_et_gb_content_width":"","inline_featured_image":false,"footnotes":""},"class_list":["post-238232","page","type-page","status-publish","hentry"],"yoast_head":"<!-- This site is optimized with the Yoast SEO plugin v27.4 - https:\/\/yoast.com\/product\/yoast-seo-wordpress\/ -->\n<title>Qui sommes-nous? - SJAS<\/title>\n<meta name=\"robots\" content=\"index, follow, max-snippet:-1, max-image-preview:large, max-video-preview:-1\" \/>\n<link rel=\"canonical\" href=\"https:\/\/sjas.ch\/wer-wir-sind\/\" \/>\n<meta property=\"og:locale\" content=\"fr_FR\" \/>\n<meta property=\"og:type\" content=\"article\" \/>\n<meta property=\"og:title\" content=\"Qui sommes-nous? - SJAS\" \/>\n<meta property=\"og:description\" content=\"Qui sommes-nous?Nous sommes une fondation qui s\u2019engage pour les jeunes Suisses\u00b7ses de l\u2019\u00e9trangerConseil de fondation Le Conseil de fondation est l\u2019organe sup\u00e9rieur de la SJAS. Il est responsable d\u2019obtenir des fonds et d\u2019administrer la fortune de la fondation, de confier aux groupes de travail les th\u00e8mes qui occupent la SJAS, d\u2019\u00e9dicter des r\u00e8glements sur l\u2019organisation [&hellip;]\" \/>\n<meta property=\"og:url\" content=\"https:\/\/sjas.ch\/wer-wir-sind\/\" \/>\n<meta property=\"og:site_name\" content=\"SJAS\" \/>\n<meta property=\"article:modified_time\" content=\"2025-12-23T14:44:19+00:00\" \/>\n<meta name=\"twitter:card\" content=\"summary_large_image\" \/>\n<meta name=\"twitter:label1\" content=\"Dur\u00e9e de lecture estim\u00e9e\" \/>\n\t<meta name=\"twitter:data1\" content=\"7 minutes\" \/>\n<script type=\"application\/ld+json\" class=\"yoast-schema-graph\">{\"@context\":\"https:\\\/\\\/schema.org\",\"@graph\":[{\"@type\":\"WebPage\",\"@id\":\"https:\\\/\\\/sjas.ch\\\/wer-wir-sind\\\/\",\"url\":\"https:\\\/\\\/sjas.ch\\\/wer-wir-sind\\\/\",\"name\":\"Qui sommes-nous? - SJAS\",\"isPartOf\":{\"@id\":\"https:\\\/\\\/sjas.ch\\\/#website\"},\"datePublished\":\"2021-12-21T16:54:07+00:00\",\"dateModified\":\"2025-12-23T14:44:19+00:00\",\"breadcrumb\":{\"@id\":\"https:\\\/\\\/sjas.ch\\\/wer-wir-sind\\\/#breadcrumb\"},\"inLanguage\":\"fr-FR\",\"potentialAction\":[{\"@type\":\"ReadAction\",\"target\":[\"https:\\\/\\\/sjas.ch\\\/wer-wir-sind\\\/\"]}]},{\"@type\":\"BreadcrumbList\",\"@id\":\"https:\\\/\\\/sjas.ch\\\/wer-wir-sind\\\/#breadcrumb\",\"itemListElement\":[{\"@type\":\"ListItem\",\"position\":1,\"name\":\"Home\",\"item\":\"https:\\\/\\\/sjas.ch\\\/\"},{\"@type\":\"ListItem\",\"position\":2,\"name\":\"Qui sommes-nous?\"}]},{\"@type\":\"WebSite\",\"@id\":\"https:\\\/\\\/sjas.ch\\\/#website\",\"url\":\"https:\\\/\\\/sjas.ch\\\/\",\"name\":\"SJAS\",\"description\":\"\",\"potentialAction\":[{\"@type\":\"SearchAction\",\"target\":{\"@type\":\"EntryPoint\",\"urlTemplate\":\"https:\\\/\\\/sjas.ch\\\/?s={search_term_string}\"},\"query-input\":{\"@type\":\"PropertyValueSpecification\",\"valueRequired\":true,\"valueName\":\"search_term_string\"}}],\"inLanguage\":\"fr-FR\"}]}<\/script>\n<!-- \/ Yoast SEO plugin. -->","yoast_head_json":{"title":"Qui sommes-nous? - SJAS","robots":{"index":"index","follow":"follow","max-snippet":"max-snippet:-1","max-image-preview":"max-image-preview:large","max-video-preview":"max-video-preview:-1"},"canonical":"https:\/\/sjas.ch\/wer-wir-sind\/","og_locale":"fr_FR","og_type":"article","og_title":"Qui sommes-nous? - SJAS","og_description":"Qui sommes-nous?Nous sommes une fondation qui s\u2019engage pour les jeunes Suisses\u00b7ses de l\u2019\u00e9trangerConseil de fondation Le Conseil de fondation est l\u2019organe sup\u00e9rieur de la SJAS. Il est responsable d\u2019obtenir des fonds et d\u2019administrer la fortune de la fondation, de confier aux groupes de travail les th\u00e8mes qui occupent la SJAS, d\u2019\u00e9dicter des r\u00e8glements sur l\u2019organisation [&hellip;]","og_url":"https:\/\/sjas.ch\/wer-wir-sind\/","og_site_name":"SJAS","article_modified_time":"2025-12-23T14:44:19+00:00","twitter_card":"summary_large_image","twitter_misc":{"Dur\u00e9e de lecture estim\u00e9e":"7 minutes"},"schema":{"@context":"https:\/\/schema.org","@graph":[{"@type":"WebPage","@id":"https:\/\/sjas.ch\/wer-wir-sind\/","url":"https:\/\/sjas.ch\/wer-wir-sind\/","name":"Qui sommes-nous? - SJAS","isPartOf":{"@id":"https:\/\/sjas.ch\/#website"},"datePublished":"2021-12-21T16:54:07+00:00","dateModified":"2025-12-23T14:44:19+00:00","breadcrumb":{"@id":"https:\/\/sjas.ch\/wer-wir-sind\/#breadcrumb"},"inLanguage":"fr-FR","potentialAction":[{"@type":"ReadAction","target":["https:\/\/sjas.ch\/wer-wir-sind\/"]}]},{"@type":"BreadcrumbList","@id":"https:\/\/sjas.ch\/wer-wir-sind\/#breadcrumb","itemListElement":[{"@type":"ListItem","position":1,"name":"Home","item":"https:\/\/sjas.ch\/"},{"@type":"ListItem","position":2,"name":"Qui sommes-nous?"}]},{"@type":"WebSite","@id":"https:\/\/sjas.ch\/#website","url":"https:\/\/sjas.ch\/","name":"SJAS","description":"","potentialAction":[{"@type":"SearchAction","target":{"@type":"EntryPoint","urlTemplate":"https:\/\/sjas.ch\/?s={search_term_string}"},"query-input":{"@type":"PropertyValueSpecification","valueRequired":true,"valueName":"search_term_string"}}],"inLanguage":"fr-FR"}]}},"_links":{"self":[{"href":"https:\/\/sjas.ch\/fr\/wp-json\/wp\/v2\/pages\/238232","targetHints":{"allow":["GET"]}}],"collection":[{"href":"https:\/\/sjas.ch\/fr\/wp-json\/wp\/v2\/pages"}],"about":[{"href":"https:\/\/sjas.ch\/fr\/wp-json\/wp\/v2\/types\/page"}],"author":[{"embeddable":true,"href":"https:\/\/sjas.ch\/fr\/wp-json\/wp\/v2\/users\/1"}],"replies":[{"embeddable":true,"href":"https:\/\/sjas.ch\/fr\/wp-json\/wp\/v2\/comments?post=238232"}],"version-history":[{"count":25,"href":"https:\/\/sjas.ch\/fr\/wp-json\/wp\/v2\/pages\/238232\/revisions"}],"predecessor-version":[{"id":247045,"href":"https:\/\/sjas.ch\/fr\/wp-json\/wp\/v2\/pages\/238232\/revisions\/247045"}],"wp:attachment":[{"href":"https:\/\/sjas.ch\/fr\/wp-json\/wp\/v2\/media?parent=238232"}],"curies":[{"name":"wp","href":"https:\/\/api.w.org\/{rel}","templated":true}]}}