{"id":238235,"date":"2021-12-21T17:54:15","date_gmt":"2021-12-21T16:54:15","guid":{"rendered":"https:\/\/dev.sjas.ch\/service-civil\/"},"modified":"2025-03-28T16:13:38","modified_gmt":"2025-03-28T15:13:38","slug":"service-civil","status":"publish","type":"page","link":"https:\/\/sjas.ch\/fr\/service-civil\/","title":{"rendered":"Service civil"},"content":{"rendered":"<p>[et_pb_section fb_built=\u00a0\u00bb1&Prime; _builder_version=\u00a0\u00bb4.16&Prime; _module_preset=\u00a0\u00bbdefault\u00a0\u00bb global_colors_info=\u00a0\u00bb{}\u00a0\u00bb][et_pb_row _builder_version=\u00a0\u00bb4.16&Prime; _module_preset=\u00a0\u00bbdefault\u00a0\u00bb global_colors_info=\u00a0\u00bb{}\u00a0\u00bb][et_pb_column type=\u00a0\u00bb4_4&Prime; _builder_version=\u00a0\u00bb4.16&Prime; _module_preset=\u00a0\u00bbdefault\u00a0\u00bb global_colors_info=\u00a0\u00bb{}\u00a0\u00bb][et_pb_text _builder_version=\u00a0\u00bb4.16&Prime; _module_preset=\u00a0\u00bbdefault\u00a0\u00bb header_text_align=\u00a0\u00bbcenter\u00a0\u00bb header_font_size=\u00a0\u00bb80px\u00a0\u00bb global_colors_info=\u00a0\u00bb{}\u00a0\u00bb]<\/p>\n<h1>Service civil<\/h1>\n<p style=\"text-align: center;\">Effectue ton service civil dans des camps de vacances<\/p>\n<p>[\/et_pb_text][et_pb_text _builder_version=\u00a0\u00bb4.23.4&Prime; _module_preset=\u00a0\u00bbdefault\u00a0\u00bb global_colors_info=\u00a0\u00bb{}\u00a0\u00bb]<\/p>\n<p>La SJAS est un \u00e9tablissement d\u2019affectation du service civil dans le domaine social. Nous te proposons des affectations courtes, entre 15 et 26 jours de service.<\/p>\n<p>[\/et_pb_text][\/et_pb_column][\/et_pb_row][\/et_pb_section][et_pb_section fb_built=\u00a0\u00bb1&Prime; _builder_version=\u00a0\u00bb4.16&Prime; _module_preset=\u00a0\u00bbdefault\u00a0\u00bb background_color=\u00a0\u00bb#F2F2F2&Prime; global_colors_info=\u00a0\u00bb{}\u00a0\u00bb][et_pb_row _builder_version=\u00a0\u00bb4.16&Prime; _module_preset=\u00a0\u00bbdefault\u00a0\u00bb global_colors_info=\u00a0\u00bb{}\u00a0\u00bb][et_pb_column type=\u00a0\u00bb4_4&Prime; _builder_version=\u00a0\u00bb4.16&Prime; _module_preset=\u00a0\u00bbdefault\u00a0\u00bb global_colors_info=\u00a0\u00bb{}\u00a0\u00bb][et_pb_text _builder_version=\u00a0\u00bb4.16&Prime; _module_preset=\u00a0\u00bbdefault\u00a0\u00bb global_colors_info=\u00a0\u00bb{}\u00a0\u00bb]<\/p>\n<p style=\"text-align: center;\">Tu peux occuper les r\u00f4les suivants:<\/p>\n<p>[\/et_pb_text][\/et_pb_column][\/et_pb_row][et_pb_row column_structure=\u00a0\u00bb1_3,1_3,1_3&Prime; _builder_version=\u00a0\u00bb4.16&Prime; _module_preset=\u00a0\u00bbdefault\u00a0\u00bb global_colors_info=\u00a0\u00bb{}\u00a0\u00bb][et_pb_column type=\u00a0\u00bb1_3&Prime; _builder_version=\u00a0\u00bb4.16&Prime; _module_preset=\u00a0\u00bbdefault\u00a0\u00bb global_colors_info=\u00a0\u00bb{}\u00a0\u00bb][et_pb_image src=\u00a0\u00bbhttp:\/\/sjas.ch\/wp-content\/uploads\/2021\/11\/fahne-rgb.svg\u00a0\u00bb title_text=\u00a0\u00bbfahne-rgb\u00a0\u00bb _builder_version=\u00a0\u00bb4.16&Prime; _module_preset=\u00a0\u00bb079d8414-f781-439d-b599-d7aaf3414194&Prime; module_alignment=\u00a0\u00bbleft\u00a0\u00bb custom_padding=\u00a0\u00bb||||false|false\u00a0\u00bb global_colors_info=\u00a0\u00bb{}\u00a0\u00bb][\/et_pb_image][et_pb_blurb icon_alignment=\u00a0\u00bbleft\u00a0\u00bb _builder_version=\u00a0\u00bb4.23.4&Prime; _module_preset=\u00a0\u00bbdefault\u00a0\u00bb background_enable_color=\u00a0\u00bboff\u00a0\u00bb global_colors_info=\u00a0\u00bb{}\u00a0\u00bb]<\/p>\n<p>En tant que chef\u00b7fe de camp, tu es responsable de la planification, de l\u2019\u00e9quipe et de la r\u00e9alisation de nos camps de vacances. Pour cela, tu as besoin d\u2019une reconnaissance J+S en tant que moniteur\u00b7rice \u00abSport de camp\/trekking\u00bb.<\/p>\n<p>[\/et_pb_blurb][\/et_pb_column][et_pb_column type=\u00a0\u00bb1_3&Prime; _builder_version=\u00a0\u00bb4.16&Prime; _module_preset=\u00a0\u00bbdefault\u00a0\u00bb global_colors_info=\u00a0\u00bb{}\u00a0\u00bb][et_pb_image src=\u00a0\u00bbhttp:\/\/sjas.ch\/wp-content\/uploads\/2021\/11\/smiley-rgb.svg\u00a0\u00bb title_text=\u00a0\u00bbsmiley-rgb\u00a0\u00bb _builder_version=\u00a0\u00bb4.16&Prime; _module_preset=\u00a0\u00bb079d8414-f781-439d-b599-d7aaf3414194&Prime; module_alignment=\u00a0\u00bbleft\u00a0\u00bb custom_padding=\u00a0\u00bb||||false|false\u00a0\u00bb global_colors_info=\u00a0\u00bb{}\u00a0\u00bb][\/et_pb_image][et_pb_blurb icon_alignment=\u00a0\u00bbleft\u00a0\u00bb _builder_version=\u00a0\u00bb4.16&Prime; _module_preset=\u00a0\u00bbdefault\u00a0\u00bb global_colors_info=\u00a0\u00bb{}\u00a0\u00bb]<\/p>\n<p>En tant que moniteur, tu fais partie de l\u2019\u00e9quipe, tu planifies les activit\u00e9s et tu les organises pendant le camp. Aucune reconnaissance J+S n\u2019est n\u00e9cessaire pour occuper ce r\u00f4le.<\/p>\n<p>[\/et_pb_blurb][\/et_pb_column][et_pb_column type=\u00a0\u00bb1_3&Prime; _builder_version=\u00a0\u00bb4.16&Prime; _module_preset=\u00a0\u00bbdefault\u00a0\u00bb global_colors_info=\u00a0\u00bb{}\u00a0\u00bb][et_pb_image src=\u00a0\u00bbhttp:\/\/sjas.ch\/wp-content\/uploads\/2021\/11\/herz-rgb.svg\u00a0\u00bb title_text=\u00a0\u00bbherz-rgb\u00a0\u00bb _builder_version=\u00a0\u00bb4.16&Prime; _module_preset=\u00a0\u00bb079d8414-f781-439d-b599-d7aaf3414194&Prime; module_alignment=\u00a0\u00bbleft\u00a0\u00bb custom_padding=\u00a0\u00bb||||false|false\u00a0\u00bb global_colors_info=\u00a0\u00bb{}\u00a0\u00bb][\/et_pb_image][et_pb_blurb icon_alignment=\u00a0\u00bbleft\u00a0\u00bb _builder_version=\u00a0\u00bb4.16&Prime; _module_preset=\u00a0\u00bbdefault\u00a0\u00bb global_colors_info=\u00a0\u00bb{}\u00a0\u00bb]<\/p>\n<p>En tant que cuisinier, tu planifies les menus et tu assures les repas de la communaut\u00e9 pendant toute la dur\u00e9e du camp. Tu n\u2019as pas besoin d\u2019avoir suivi une formation de cuisinier, mais il te faut de l\u2019exp\u00e9rience dans la pr\u00e9paration de repas pour de grands groupes.<\/p>\n<p>[\/et_pb_blurb][\/et_pb_column][\/et_pb_row][\/et_pb_section][et_pb_section fb_built=\u00a0\u00bb1&Prime; theme_builder_area=\u00a0\u00bbpost_content\u00a0\u00bb _builder_version=\u00a0\u00bb4.23.4&Prime; _module_preset=\u00a0\u00bbdefault\u00a0\u00bb][et_pb_row _builder_version=\u00a0\u00bb4.23.4&Prime; _module_preset=\u00a0\u00bbdefault\u00a0\u00bb theme_builder_area=\u00a0\u00bbpost_content\u00a0\u00bb][et_pb_column _builder_version=\u00a0\u00bb4.23.4&Prime; _module_preset=\u00a0\u00bbdefault\u00a0\u00bb type=\u00a0\u00bb4_4&Prime; theme_builder_area=\u00a0\u00bbpost_content\u00a0\u00bb][et_pb_text _builder_version=\u00a0\u00bb4.23.4&Prime; _module_preset=\u00a0\u00bbdefault\u00a0\u00bb theme_builder_area=\u00a0\u00bbpost_content\u00a0\u00bb hover_enabled=\u00a0\u00bb0&Prime; sticky_enabled=\u00a0\u00bb0&Prime;]<\/p>\n<h3 data-start=\"1228\" data-end=\"1297\"><strong data-start=\"1233\" data-end=\"1295\">Informations importantes sur le service civil avec la SJAS<\/strong><\/h3>\n<ul>\n<li data-start=\"1298\" data-end=\"1683\">En plus des trois r\u00f4les d\u00e9crits ci-dessus, il est possible de combiner ton engagement avec un <strong data-start=\"1392\" data-end=\"1426\">\u00ab\u00a0poste d&rsquo;assistant au bureau.\u00a0\u00bb<\/strong> Cette mission dure 26 jours cons\u00e9cutifs. Avant ou apr\u00e8s le camp, tu travailleras 5 \u00e0 10 jours au bureau \u00e0 Berne. L&rsquo;inconv\u00e9nient est que le temps de pr\u00e9paration du camp ne compte pas comme service civil et doit donc \u00eatre effectu\u00e9 b\u00e9n\u00e9volement.<\/li>\n<li data-start=\"1685\" data-end=\"1928\">Si tu choisis d\u2019\u00eatre moniteur ou cuisinier (sans fonction d\u2019assistant), ton service inclut le week-end de planification (2 jours de service) + une journ\u00e9e de pr\u00e9paration. Au total, tu effectueras environ 15 \u00e0 21 jours de service.<\/li>\n<li data-start=\"1930\" data-end=\"2157\">En tant que moniteur principal, tu b\u00e9n\u00e9ficieras d\u2019une semaine suppl\u00e9mentaire d\u2019organisation de 5 jours de service, en plus du week-end de planification. Cela repr\u00e9sente un total d\u2019environ 21 \u00e0 26 jours de service.<\/li>\n<li data-start=\"2159\" data-end=\"2298\">Cependant, dans tous les cas, une partie de la pr\u00e9paration du camp doit \u00eatre effectu\u00e9e b\u00e9n\u00e9volement et en dehors du temps de service.<\/li>\n<li data-start=\"2300\" data-end=\"2495\">Ce qui est certain, c&rsquo;est que tu vivras une exp\u00e9rience incroyable avec de jeunes Suisses \u00e0 l&rsquo;\u00e9tranger, une \u00e9quipe dynamique, et de nombreuses activit\u00e9s passionnantes dans le camp !<\/li>\n<\/ul>\n<p>[\/et_pb_text][\/et_pb_column][\/et_pb_row][\/et_pb_section][et_pb_section fb_built=\u00a0\u00bb1&Prime; _builder_version=\u00a0\u00bb4.16&Prime; _module_preset=\u00a0\u00bbdefault\u00a0\u00bb background_color=\u00a0\u00bb#FFFFFF\u00a0\u00bb global_colors_info=\u00a0\u00bb{}\u00a0\u00bb][et_pb_row _builder_version=\u00a0\u00bb4.16&Prime; _module_preset=\u00a0\u00bbdefault\u00a0\u00bb global_colors_info=\u00a0\u00bb{}\u00a0\u00bb][et_pb_column type=\u00a0\u00bb4_4&Prime; _builder_version=\u00a0\u00bb4.16&Prime; _module_preset=\u00a0\u00bbdefault\u00a0\u00bb global_colors_info=\u00a0\u00bb{}\u00a0\u00bb][et_pb_text _builder_version=\u00a0\u00bb4.23.4&Prime; _module_preset=\u00a0\u00bbdefault\u00a0\u00bb hover_enabled=\u00a0\u00bb0&Prime; global_colors_info=\u00a0\u00bb{}\u00a0\u00bb sticky_enabled=\u00a0\u00bb0&Prime;]<\/p>\n<p>Isabelle Stebler te donnera volontiers de plus amples informations sur le d\u00e9compte des jours de service et sur les dates d\u2019affectation \u00e0 l\u2019adresse <a href=\"mailto:stebler@sjas.ch\">stebler@sjas.ch<\/a>. Tu trouveras \u00e9galement des renseignements sur le portail <a href=\"https:\/\/www.zivi.admin.ch\/fr\/ziviconnect-fr\" target=\"_blank\" rel=\"noopener\">E-ZIVI.<\/a><\/p>\n<p>Si nous avons \u00e9veill\u00e9 ton int\u00e9r\u00eat et que tu souhaites effectuer une partie de ton service civil avec la SJAS, n\u2019h\u00e9site pas \u00e0 nous transmettre ta candidature au moyen du formulaire <a href=\"\/fr\/formulaire-chef\u00b7fe\u00b7s-de-camp\/\" target=\"_blank\" rel=\"noopener\">\u00abFormulaire animer un camp\u00bb<\/a>.<\/p>\n<p>[\/et_pb_text][\/et_pb_column][\/et_pb_row][\/et_pb_section]<\/p>\n","protected":false},"excerpt":{"rendered":"<p>Service civil Effectue ton service civil dans des camps de vacancesLa SJAS est un \u00e9tablissement d\u2019affectation du service civil dans le domaine social. Nous te proposons des affectations courtes, entre 15 et 26 jours de service.Tu peux occuper les r\u00f4les suivants:En tant que chef\u00b7fe de camp, tu es responsable de la planification, de l\u2019\u00e9quipe et [&hellip;]<\/p>\n","protected":false},"author":1,"featured_media":0,"parent":0,"menu_order":0,"comment_status":"closed","ping_status":"closed","template":"","meta":{"_et_pb_use_builder":"on","_et_pb_old_content":"","_et_gb_content_width":"","inline_featured_image":false,"footnotes":""},"class_list":["post-238235","page","type-page","status-publish","hentry"],"yoast_head":"<!-- This site is optimized with the Yoast SEO plugin v27.4 - https:\/\/yoast.com\/product\/yoast-seo-wordpress\/ -->\n<title>Service civil - SJAS<\/title>\n<meta name=\"robots\" content=\"index, follow, max-snippet:-1, max-image-preview:large, max-video-preview:-1\" \/>\n<link rel=\"canonical\" href=\"https:\/\/sjas.ch\/zivildienst\/\" \/>\n<meta property=\"og:locale\" content=\"fr_FR\" \/>\n<meta property=\"og:type\" content=\"article\" \/>\n<meta property=\"og:title\" content=\"Service civil - SJAS\" \/>\n<meta property=\"og:description\" content=\"Service civil Effectue ton service civil dans des camps de vacancesLa SJAS est un \u00e9tablissement d\u2019affectation du service civil dans le domaine social. Nous te proposons des affectations courtes, entre 15 et 26 jours de service.Tu peux occuper les r\u00f4les suivants:En tant que chef\u00b7fe de camp, tu es responsable de la planification, de l\u2019\u00e9quipe et [&hellip;]\" \/>\n<meta property=\"og:url\" content=\"https:\/\/sjas.ch\/zivildienst\/\" \/>\n<meta property=\"og:site_name\" content=\"SJAS\" \/>\n<meta property=\"article:modified_time\" content=\"2025-03-28T15:13:38+00:00\" \/>\n<meta name=\"twitter:card\" content=\"summary_large_image\" \/>\n<meta name=\"twitter:label1\" content=\"Dur\u00e9e de lecture estim\u00e9e\" \/>\n\t<meta name=\"twitter:data1\" content=\"5 minutes\" \/>\n<script type=\"application\/ld+json\" class=\"yoast-schema-graph\">{\"@context\":\"https:\\\/\\\/schema.org\",\"@graph\":[{\"@type\":\"WebPage\",\"@id\":\"https:\\\/\\\/sjas.ch\\\/zivildienst\\\/\",\"url\":\"https:\\\/\\\/sjas.ch\\\/zivildienst\\\/\",\"name\":\"Service civil - SJAS\",\"isPartOf\":{\"@id\":\"https:\\\/\\\/sjas.ch\\\/#website\"},\"datePublished\":\"2021-12-21T16:54:15+00:00\",\"dateModified\":\"2025-03-28T15:13:38+00:00\",\"breadcrumb\":{\"@id\":\"https:\\\/\\\/sjas.ch\\\/zivildienst\\\/#breadcrumb\"},\"inLanguage\":\"fr-FR\",\"potentialAction\":[{\"@type\":\"ReadAction\",\"target\":[\"https:\\\/\\\/sjas.ch\\\/zivildienst\\\/\"]}]},{\"@type\":\"BreadcrumbList\",\"@id\":\"https:\\\/\\\/sjas.ch\\\/zivildienst\\\/#breadcrumb\",\"itemListElement\":[{\"@type\":\"ListItem\",\"position\":1,\"name\":\"Home\",\"item\":\"https:\\\/\\\/sjas.ch\\\/\"},{\"@type\":\"ListItem\",\"position\":2,\"name\":\"Service civil\"}]},{\"@type\":\"WebSite\",\"@id\":\"https:\\\/\\\/sjas.ch\\\/#website\",\"url\":\"https:\\\/\\\/sjas.ch\\\/\",\"name\":\"SJAS\",\"description\":\"\",\"potentialAction\":[{\"@type\":\"SearchAction\",\"target\":{\"@type\":\"EntryPoint\",\"urlTemplate\":\"https:\\\/\\\/sjas.ch\\\/?s={search_term_string}\"},\"query-input\":{\"@type\":\"PropertyValueSpecification\",\"valueRequired\":true,\"valueName\":\"search_term_string\"}}],\"inLanguage\":\"fr-FR\"}]}<\/script>\n<!-- \/ Yoast SEO plugin. -->","yoast_head_json":{"title":"Service civil - SJAS","robots":{"index":"index","follow":"follow","max-snippet":"max-snippet:-1","max-image-preview":"max-image-preview:large","max-video-preview":"max-video-preview:-1"},"canonical":"https:\/\/sjas.ch\/zivildienst\/","og_locale":"fr_FR","og_type":"article","og_title":"Service civil - SJAS","og_description":"Service civil Effectue ton service civil dans des camps de vacancesLa SJAS est un \u00e9tablissement d\u2019affectation du service civil dans le domaine social. Nous te proposons des affectations courtes, entre 15 et 26 jours de service.Tu peux occuper les r\u00f4les suivants:En tant que chef\u00b7fe de camp, tu es responsable de la planification, de l\u2019\u00e9quipe et [&hellip;]","og_url":"https:\/\/sjas.ch\/zivildienst\/","og_site_name":"SJAS","article_modified_time":"2025-03-28T15:13:38+00:00","twitter_card":"summary_large_image","twitter_misc":{"Dur\u00e9e de lecture estim\u00e9e":"5 minutes"},"schema":{"@context":"https:\/\/schema.org","@graph":[{"@type":"WebPage","@id":"https:\/\/sjas.ch\/zivildienst\/","url":"https:\/\/sjas.ch\/zivildienst\/","name":"Service civil - SJAS","isPartOf":{"@id":"https:\/\/sjas.ch\/#website"},"datePublished":"2021-12-21T16:54:15+00:00","dateModified":"2025-03-28T15:13:38+00:00","breadcrumb":{"@id":"https:\/\/sjas.ch\/zivildienst\/#breadcrumb"},"inLanguage":"fr-FR","potentialAction":[{"@type":"ReadAction","target":["https:\/\/sjas.ch\/zivildienst\/"]}]},{"@type":"BreadcrumbList","@id":"https:\/\/sjas.ch\/zivildienst\/#breadcrumb","itemListElement":[{"@type":"ListItem","position":1,"name":"Home","item":"https:\/\/sjas.ch\/"},{"@type":"ListItem","position":2,"name":"Service civil"}]},{"@type":"WebSite","@id":"https:\/\/sjas.ch\/#website","url":"https:\/\/sjas.ch\/","name":"SJAS","description":"","potentialAction":[{"@type":"SearchAction","target":{"@type":"EntryPoint","urlTemplate":"https:\/\/sjas.ch\/?s={search_term_string}"},"query-input":{"@type":"PropertyValueSpecification","valueRequired":true,"valueName":"search_term_string"}}],"inLanguage":"fr-FR"}]}},"_links":{"self":[{"href":"https:\/\/sjas.ch\/fr\/wp-json\/wp\/v2\/pages\/238235","targetHints":{"allow":["GET"]}}],"collection":[{"href":"https:\/\/sjas.ch\/fr\/wp-json\/wp\/v2\/pages"}],"about":[{"href":"https:\/\/sjas.ch\/fr\/wp-json\/wp\/v2\/types\/page"}],"author":[{"embeddable":true,"href":"https:\/\/sjas.ch\/fr\/wp-json\/wp\/v2\/users\/1"}],"replies":[{"embeddable":true,"href":"https:\/\/sjas.ch\/fr\/wp-json\/wp\/v2\/comments?post=238235"}],"version-history":[{"count":13,"href":"https:\/\/sjas.ch\/fr\/wp-json\/wp\/v2\/pages\/238235\/revisions"}],"predecessor-version":[{"id":245562,"href":"https:\/\/sjas.ch\/fr\/wp-json\/wp\/v2\/pages\/238235\/revisions\/245562"}],"wp:attachment":[{"href":"https:\/\/sjas.ch\/fr\/wp-json\/wp\/v2\/media?parent=238235"}],"curies":[{"name":"wp","href":"https:\/\/api.w.org\/{rel}","templated":true}]}}