{"id":238244,"date":"2021-12-21T17:54:35","date_gmt":"2021-12-21T16:54:35","guid":{"rendered":"https:\/\/dev.sjas.ch\/diriger\/"},"modified":"2025-05-08T11:40:05","modified_gmt":"2025-05-08T09:40:05","slug":"animer-un-camp","status":"publish","type":"page","link":"https:\/\/sjas.ch\/fr\/animer-un-camp\/","title":{"rendered":"Animer un camp"},"content":{"rendered":"<p>[et_pb_section fb_built=\u00a0\u00bb1&Prime; _builder_version=\u00a0\u00bb4.16&Prime; _module_preset=\u00a0\u00bbdefault\u00a0\u00bb background_color=\u00a0\u00bb#FFFFFF\u00a0\u00bb global_colors_info=\u00a0\u00bb{}\u00a0\u00bb][et_pb_row _builder_version=\u00a0\u00bb4.16&Prime; _module_preset=\u00a0\u00bbdefault\u00a0\u00bb global_colors_info=\u00a0\u00bb{}\u00a0\u00bb][et_pb_column type=\u00a0\u00bb4_4&Prime; _builder_version=\u00a0\u00bb4.16&Prime; _module_preset=\u00a0\u00bbdefault\u00a0\u00bb global_colors_info=\u00a0\u00bb{}\u00a0\u00bb][et_pb_text _builder_version=\u00a0\u00bb4.16&Prime; _module_preset=\u00a0\u00bbdefault\u00a0\u00bb header_font_size=\u00a0\u00bb80px\u00a0\u00bb global_colors_info=\u00a0\u00bb{}\u00a0\u00bb]<\/p>\n<h1 style=\"text-align: center;\"><span>Animer un camp<\/span><\/h1>\n<p style=\"text-align: center;\">Organise des camps de vacances en Suisse<\/p>\n<p>[\/et_pb_text][\/et_pb_column][\/et_pb_row][et_pb_row _builder_version=\u00a0\u00bb4.16&Prime; _module_preset=\u00a0\u00bbdefault\u00a0\u00bb global_colors_info=\u00a0\u00bb{}\u00a0\u00bb][et_pb_column type=\u00a0\u00bb4_4&Prime; _builder_version=\u00a0\u00bb4.16&Prime; _module_preset=\u00a0\u00bbdefault\u00a0\u00bb global_colors_info=\u00a0\u00bb{}\u00a0\u00bb][et_pb_text _builder_version=\u00a0\u00bb4.16&Prime; _module_preset=\u00a0\u00bbdefault\u00a0\u00bb custom_padding=\u00a0\u00bb0px|||||\u00a0\u00bb global_colors_info=\u00a0\u00bb{}\u00a0\u00bb]<\/p>\n<p>Pour ses camps d\u2019\u00e9t\u00e9 et d\u2019hiver, la SJAS recherche chaque ann\u00e9e de jeunes adultes motiv\u00e9s pr\u00eats \u00e0 \u00eatre chef\u00b7fe\u00b7s de camp, moniteur\u00b7rice\u00b7s, ou cuisinier\u00b7\u00e8re\u00b7s. Engage-toi pour permettre aux jeunes Suisses\u00b7ses de l\u2019\u00e9tranger de passer des vacances inoubliables en Suisse.<\/p>\n<p>[\/et_pb_text][\/et_pb_column][\/et_pb_row][\/et_pb_section][et_pb_section fb_built=\u00a0\u00bb1&Prime; _builder_version=\u00a0\u00bb4.16&Prime; _module_preset=\u00a0\u00bbdefault\u00a0\u00bb background_color=\u00a0\u00bbrgba(10,10,10,0.06)\u00a0\u00bb global_colors_info=\u00a0\u00bb{}\u00a0\u00bb][et_pb_row column_structure=\u00a0\u00bb1_2,1_2&Prime; _builder_version=\u00a0\u00bb4.16&Prime; _module_preset=\u00a0\u00bbdefault\u00a0\u00bb global_colors_info=\u00a0\u00bb{}\u00a0\u00bb][et_pb_column type=\u00a0\u00bb1_2&Prime; _builder_version=\u00a0\u00bb4.16&Prime; _module_preset=\u00a0\u00bbdefault\u00a0\u00bb global_colors_info=\u00a0\u00bb{}\u00a0\u00bb][et_pb_image src=\u00a0\u00bbhttp:\/\/sjas.ch\/wp-content\/uploads\/2021\/11\/smiley-rgb.svg\u00a0\u00bb title_text=\u00a0\u00bbsmiley-rgb\u00a0\u00bb _builder_version=\u00a0\u00bb4.16&Prime; _module_preset=\u00a0\u00bb079d8414-f781-439d-b599-d7aaf3414194&Prime; global_colors_info=\u00a0\u00bb{}\u00a0\u00bb][\/et_pb_image][et_pb_text _builder_version=\u00a0\u00bb4.19.5&Prime; _module_preset=\u00a0\u00bbdefault\u00a0\u00bb global_colors_info=\u00a0\u00bb{}\u00a0\u00bb]<\/p>\n<h2>\u00a0Voici ce que la SJAS t\u2019offre<\/h2>\n<ul>\n<li>chaque ann\u00e9e, au choix, neuf camps de vacances d\u2019\u00e9t\u00e9 (de fin juin \u00e0 fin ao\u00fbt) et un camp d\u2019hiver (de fin d\u00e9cembre \u00e0 d\u00e9but janvier), que ce soit en tant que chef\u00b7fe de camp, moniteur\u00b7rice ou cuisinier\u00b7\u00e8re.<\/li>\n<li>une affectation b\u00e9n\u00e9vole unique en son genre sur tout le territoire suisse, dans une communaut\u00e9 de camp de vacances multiculturelle et plurilingue.<\/li>\n<li>la possibilit\u00e9 de participer \u00e0 nos camps de vacances en tant que <a href=\"https:\/\/sjas.ch\/fr\/service-civil\/\">civiliste.<\/a><\/li>\n<li>une indemnit\u00e9 journali\u00e8re entre CHF 50.\u2013 et 100.\u2013 par jour et la prise en charge des repas, de l\u2019h\u00e9bergement et des frais pendant toute la dur\u00e9e du camp.<\/li>\n<li>des cours et perfectionnements pour parfaire tes aptitudes en tant que monitrice et moniteur.<\/li>\n<\/ul>\n<p>[\/et_pb_text][\/et_pb_column][et_pb_column type=\u00a0\u00bb1_2&Prime; _builder_version=\u00a0\u00bb4.16&Prime; _module_preset=\u00a0\u00bbdefault\u00a0\u00bb global_colors_info=\u00a0\u00bb{}\u00a0\u00bb][et_pb_image src=\u00a0\u00bbhttp:\/\/sjas.ch\/wp-content\/uploads\/2021\/11\/fahne-rgb.svg\u00a0\u00bb title_text=\u00a0\u00bbfahne-rgb\u00a0\u00bb _builder_version=\u00a0\u00bb4.16&Prime; _module_preset=\u00a0\u00bb079d8414-f781-439d-b599-d7aaf3414194&Prime; global_colors_info=\u00a0\u00bb{}\u00a0\u00bb][\/et_pb_image][et_pb_text _builder_version=\u00a0\u00bb4.16&Prime; _module_preset=\u00a0\u00bbdefault\u00a0\u00bb global_colors_info=\u00a0\u00bb{}\u00a0\u00bb]<\/p>\n<h2>Les exigences de la SJAS \u00e0 l\u2019\u00e9gard des moniteur\u00b7rice\u00b7s<\/h2>\n<ul>\n<li>tu es \u00e2g\u00e9\u00b7e d\u2019au moins 18 ans.<\/li>\n<li>tu parles couramment au moins deux langues du camp (allemand, fran\u00e7ais, italien, espagnol ou anglais).<\/li>\n<li>tu r\u00e9sides en Suisse ou tu es un\u00b7e Suisse \u00e0 l\u2019\u00e9tranger.<\/li>\n<li>tu aimes t\u2019occuper d\u2019enfants et d\u2019adolescents (de 8 \u00e0 14 ans).<\/li>\n<li>tu es fiable, flexible, capable de travailler en \u00e9quipe et tu aimes le contact.<\/li>\n<li>tu es pr\u00eat\u00b7e \u00e0 planifier et \u00e0 organiser un camp de vacances au sein d\u2019une \u00e9quipe de moniteur\u00b7rice\u00b7s tr\u00e8s diverse de Suisses du pays et de l\u2019\u00e9tranger.<\/li>\n<li>tu souhaites composer un programme de vacances vari\u00e9, adapt\u00e9 aux besoins et \u00e0 l\u2019\u00e2ge des enfants et des jeunes.<\/li>\n<\/ul>\n<p>[\/et_pb_text][\/et_pb_column][\/et_pb_row][\/et_pb_section][et_pb_section fb_built=\u00a0\u00bb1&Prime; _builder_version=\u00a0\u00bb4.16&Prime; _module_preset=\u00a0\u00bbdefault\u00a0\u00bb background_enable_color=\u00a0\u00bboff\u00a0\u00bb global_colors_info=\u00a0\u00bb{}\u00a0\u00bb][et_pb_row _builder_version=\u00a0\u00bb4.16&Prime; _module_preset=\u00a0\u00bbdefault\u00a0\u00bb global_colors_info=\u00a0\u00bb{}\u00a0\u00bb][et_pb_column type=\u00a0\u00bb4_4&Prime; _builder_version=\u00a0\u00bb4.16&Prime; _module_preset=\u00a0\u00bbdefault\u00a0\u00bb global_colors_info=\u00a0\u00bb{}\u00a0\u00bb][et_pb_text _builder_version=\u00a0\u00bb4.27.4&Prime; _module_preset=\u00a0\u00bbdefault\u00a0\u00bb global_colors_info=\u00a0\u00bb{}\u00a0\u00bb]<\/p>\n<p>Pour plus amples informations sur nos camps de vacances tu peux contacter Isabelle Stebler : <a href=\"mailto:stebler@sjas.ch\">stebler@sjas.ch<\/a>; tu peux \u00e9galement nous faire parvenir directement ta candidature en utilisant le formulaire <a href=\"https:\/\/sjas.ch\/fr\/form-animer-un-camp\/\" target=\"_blank\" rel=\"noopener\">\u00abFormulaire Animer un camp\u00bb<\/a>. Nous te contacterons dans les meilleurs d\u00e9lais.<\/p>\n<ul><\/ul>\n<p>[\/et_pb_text][\/et_pb_column][\/et_pb_row][\/et_pb_section]<\/p>\n","protected":false},"excerpt":{"rendered":"<p>Animer un camp Organise des camps de vacances en SuissePour ses camps d\u2019\u00e9t\u00e9 et d\u2019hiver, la SJAS recherche chaque ann\u00e9e de jeunes adultes motiv\u00e9s pr\u00eats \u00e0 \u00eatre chef\u00b7fe\u00b7s de camp, moniteur\u00b7rice\u00b7s, ou cuisinier\u00b7\u00e8re\u00b7s. Engage-toi pour permettre aux jeunes Suisses\u00b7ses de l\u2019\u00e9tranger de passer des vacances inoubliables en Suisse.\u00a0Voici ce que la SJAS t\u2019offre chaque ann\u00e9e, [&hellip;]<\/p>\n","protected":false},"author":1,"featured_media":0,"parent":0,"menu_order":0,"comment_status":"closed","ping_status":"closed","template":"","meta":{"_et_pb_use_builder":"on","_et_pb_old_content":"","_et_gb_content_width":"","inline_featured_image":false,"footnotes":""},"class_list":["post-238244","page","type-page","status-publish","hentry"],"yoast_head":"<!-- This site is optimized with the Yoast SEO plugin v27.4 - https:\/\/yoast.com\/product\/yoast-seo-wordpress\/ -->\n<title>Animer un camp - SJAS<\/title>\n<meta name=\"robots\" content=\"index, follow, max-snippet:-1, max-image-preview:large, max-video-preview:-1\" \/>\n<link rel=\"canonical\" href=\"https:\/\/sjas.ch\/leiten\/\" \/>\n<meta property=\"og:locale\" content=\"fr_FR\" \/>\n<meta property=\"og:type\" content=\"article\" \/>\n<meta property=\"og:title\" content=\"Animer un camp - SJAS\" \/>\n<meta property=\"og:description\" content=\"Animer un camp Organise des camps de vacances en SuissePour ses camps d\u2019\u00e9t\u00e9 et d\u2019hiver, la SJAS recherche chaque ann\u00e9e de jeunes adultes motiv\u00e9s pr\u00eats \u00e0 \u00eatre chef\u00b7fe\u00b7s de camp, moniteur\u00b7rice\u00b7s, ou cuisinier\u00b7\u00e8re\u00b7s. Engage-toi pour permettre aux jeunes Suisses\u00b7ses de l\u2019\u00e9tranger de passer des vacances inoubliables en Suisse.\u00a0Voici ce que la SJAS t\u2019offre chaque ann\u00e9e, [&hellip;]\" \/>\n<meta property=\"og:url\" content=\"https:\/\/sjas.ch\/leiten\/\" \/>\n<meta property=\"og:site_name\" content=\"SJAS\" \/>\n<meta property=\"article:modified_time\" content=\"2025-05-08T09:40:05+00:00\" \/>\n<meta name=\"twitter:card\" content=\"summary_large_image\" \/>\n<meta name=\"twitter:label1\" content=\"Dur\u00e9e de lecture estim\u00e9e\" \/>\n\t<meta name=\"twitter:data1\" content=\"3 minutes\" \/>\n<script type=\"application\/ld+json\" class=\"yoast-schema-graph\">{\"@context\":\"https:\\\/\\\/schema.org\",\"@graph\":[{\"@type\":\"WebPage\",\"@id\":\"https:\\\/\\\/sjas.ch\\\/leiten\\\/\",\"url\":\"https:\\\/\\\/sjas.ch\\\/leiten\\\/\",\"name\":\"Animer un camp - SJAS\",\"isPartOf\":{\"@id\":\"https:\\\/\\\/sjas.ch\\\/#website\"},\"datePublished\":\"2021-12-21T16:54:35+00:00\",\"dateModified\":\"2025-05-08T09:40:05+00:00\",\"breadcrumb\":{\"@id\":\"https:\\\/\\\/sjas.ch\\\/leiten\\\/#breadcrumb\"},\"inLanguage\":\"fr-FR\",\"potentialAction\":[{\"@type\":\"ReadAction\",\"target\":[\"https:\\\/\\\/sjas.ch\\\/leiten\\\/\"]}]},{\"@type\":\"BreadcrumbList\",\"@id\":\"https:\\\/\\\/sjas.ch\\\/leiten\\\/#breadcrumb\",\"itemListElement\":[{\"@type\":\"ListItem\",\"position\":1,\"name\":\"Home\",\"item\":\"https:\\\/\\\/sjas.ch\\\/\"},{\"@type\":\"ListItem\",\"position\":2,\"name\":\"Animer un camp\"}]},{\"@type\":\"WebSite\",\"@id\":\"https:\\\/\\\/sjas.ch\\\/#website\",\"url\":\"https:\\\/\\\/sjas.ch\\\/\",\"name\":\"SJAS\",\"description\":\"\",\"potentialAction\":[{\"@type\":\"SearchAction\",\"target\":{\"@type\":\"EntryPoint\",\"urlTemplate\":\"https:\\\/\\\/sjas.ch\\\/?s={search_term_string}\"},\"query-input\":{\"@type\":\"PropertyValueSpecification\",\"valueRequired\":true,\"valueName\":\"search_term_string\"}}],\"inLanguage\":\"fr-FR\"}]}<\/script>\n<!-- \/ Yoast SEO plugin. -->","yoast_head_json":{"title":"Animer un camp - SJAS","robots":{"index":"index","follow":"follow","max-snippet":"max-snippet:-1","max-image-preview":"max-image-preview:large","max-video-preview":"max-video-preview:-1"},"canonical":"https:\/\/sjas.ch\/leiten\/","og_locale":"fr_FR","og_type":"article","og_title":"Animer un camp - SJAS","og_description":"Animer un camp Organise des camps de vacances en SuissePour ses camps d\u2019\u00e9t\u00e9 et d\u2019hiver, la SJAS recherche chaque ann\u00e9e de jeunes adultes motiv\u00e9s pr\u00eats \u00e0 \u00eatre chef\u00b7fe\u00b7s de camp, moniteur\u00b7rice\u00b7s, ou cuisinier\u00b7\u00e8re\u00b7s. Engage-toi pour permettre aux jeunes Suisses\u00b7ses de l\u2019\u00e9tranger de passer des vacances inoubliables en Suisse.\u00a0Voici ce que la SJAS t\u2019offre chaque ann\u00e9e, [&hellip;]","og_url":"https:\/\/sjas.ch\/leiten\/","og_site_name":"SJAS","article_modified_time":"2025-05-08T09:40:05+00:00","twitter_card":"summary_large_image","twitter_misc":{"Dur\u00e9e de lecture estim\u00e9e":"3 minutes"},"schema":{"@context":"https:\/\/schema.org","@graph":[{"@type":"WebPage","@id":"https:\/\/sjas.ch\/leiten\/","url":"https:\/\/sjas.ch\/leiten\/","name":"Animer un camp - SJAS","isPartOf":{"@id":"https:\/\/sjas.ch\/#website"},"datePublished":"2021-12-21T16:54:35+00:00","dateModified":"2025-05-08T09:40:05+00:00","breadcrumb":{"@id":"https:\/\/sjas.ch\/leiten\/#breadcrumb"},"inLanguage":"fr-FR","potentialAction":[{"@type":"ReadAction","target":["https:\/\/sjas.ch\/leiten\/"]}]},{"@type":"BreadcrumbList","@id":"https:\/\/sjas.ch\/leiten\/#breadcrumb","itemListElement":[{"@type":"ListItem","position":1,"name":"Home","item":"https:\/\/sjas.ch\/"},{"@type":"ListItem","position":2,"name":"Animer un camp"}]},{"@type":"WebSite","@id":"https:\/\/sjas.ch\/#website","url":"https:\/\/sjas.ch\/","name":"SJAS","description":"","potentialAction":[{"@type":"SearchAction","target":{"@type":"EntryPoint","urlTemplate":"https:\/\/sjas.ch\/?s={search_term_string}"},"query-input":{"@type":"PropertyValueSpecification","valueRequired":true,"valueName":"search_term_string"}}],"inLanguage":"fr-FR"}]}},"_links":{"self":[{"href":"https:\/\/sjas.ch\/fr\/wp-json\/wp\/v2\/pages\/238244","targetHints":{"allow":["GET"]}}],"collection":[{"href":"https:\/\/sjas.ch\/fr\/wp-json\/wp\/v2\/pages"}],"about":[{"href":"https:\/\/sjas.ch\/fr\/wp-json\/wp\/v2\/types\/page"}],"author":[{"embeddable":true,"href":"https:\/\/sjas.ch\/fr\/wp-json\/wp\/v2\/users\/1"}],"replies":[{"embeddable":true,"href":"https:\/\/sjas.ch\/fr\/wp-json\/wp\/v2\/comments?post=238244"}],"version-history":[{"count":17,"href":"https:\/\/sjas.ch\/fr\/wp-json\/wp\/v2\/pages\/238244\/revisions"}],"predecessor-version":[{"id":245737,"href":"https:\/\/sjas.ch\/fr\/wp-json\/wp\/v2\/pages\/238244\/revisions\/245737"}],"wp:attachment":[{"href":"https:\/\/sjas.ch\/fr\/wp-json\/wp\/v2\/media?parent=238244"}],"curies":[{"name":"wp","href":"https:\/\/api.w.org\/{rel}","templated":true}]}}