{"id":238247,"date":"2021-12-21T17:54:41","date_gmt":"2021-12-21T16:54:41","guid":{"rendered":"https:\/\/dev.sjas.ch\/cours-et-formations-continues\/"},"modified":"2026-01-14T10:46:28","modified_gmt":"2026-01-14T09:46:28","slug":"formation","status":"publish","type":"page","link":"https:\/\/sjas.ch\/fr\/formation\/","title":{"rendered":"Cours et formations continues"},"content":{"rendered":"<p>[et_pb_section fb_built=\u00a0\u00bb1&Prime; _builder_version=\u00a0\u00bb4.16&Prime; _module_preset=\u00a0\u00bbdefault\u00a0\u00bb global_colors_info=\u00a0\u00bb{}\u00a0\u00bb][et_pb_row _builder_version=\u00a0\u00bb4.16&Prime; _module_preset=\u00a0\u00bbdefault\u00a0\u00bb global_colors_info=\u00a0\u00bb{}\u00a0\u00bb][et_pb_column type=\u00a0\u00bb4_4&Prime; _builder_version=\u00a0\u00bb4.16&Prime; _module_preset=\u00a0\u00bbdefault\u00a0\u00bb global_colors_info=\u00a0\u00bb{}\u00a0\u00bb][et_pb_text _builder_version=\u00a0\u00bb4.16&Prime; _module_preset=\u00a0\u00bbdefault\u00a0\u00bb header_font=\u00a0\u00bb||||||||\u00a0\u00bb header_font_size=\u00a0\u00bb80px\u00a0\u00bb global_colors_info=\u00a0\u00bb{}\u00a0\u00bb]<\/p>\n<h1 style=\"text-align: center;\">Cours et formations continues<\/h1>\n<p style=\"text-align: center;\">Donne-toi les moyens d\u2019approfondir tes connaissances<\/p>\n<p>[\/et_pb_text][et_pb_text _builder_version=\u00a0\u00bb4.23.4&Prime; _module_preset=\u00a0\u00bbdefault\u00a0\u00bb global_colors_info=\u00a0\u00bb{}\u00a0\u00bb]<\/p>\n<p>L\u2019une des priorit\u00e9s de la SJAS est d\u2019assurer un encadrement de qualit\u00e9 dans ses camps de vacances. C\u2019est pourquoi nous encourageons nos monitrices et moniteurs \u00e0 acqu\u00e9rir des comp\u00e9tences suppl\u00e9mentaires et les soutenons dans leur formation ou leur perfectionnement.<\/p>\n<p>[\/et_pb_text][\/et_pb_column][\/et_pb_row][\/et_pb_section][et_pb_section fb_built=\u00a0\u00bb1&Prime; _builder_version=\u00a0\u00bb4.16&Prime; _module_preset=\u00a0\u00bbdefault\u00a0\u00bb background_color=\u00a0\u00bbrgba(10,10,10,0.06)\u00a0\u00bb global_colors_info=\u00a0\u00bb{}\u00a0\u00bb][et_pb_row _builder_version=\u00a0\u00bb4.16&Prime; _module_preset=\u00a0\u00bbdefault\u00a0\u00bb global_colors_info=\u00a0\u00bb{}\u00a0\u00bb][et_pb_column type=\u00a0\u00bb4_4&Prime; _builder_version=\u00a0\u00bb4.16&Prime; _module_preset=\u00a0\u00bbdefault\u00a0\u00bb global_colors_info=\u00a0\u00bb{}\u00a0\u00bb][et_pb_image src=\u00a0\u00bbhttp:\/\/sjas.ch\/wp-content\/uploads\/2021\/11\/herz-rgb.svg\u00a0\u00bb title_text=\u00a0\u00bbherz-rgb\u00a0\u00bb _builder_version=\u00a0\u00bb4.16&Prime; _module_preset=\u00a0\u00bb079d8414-f781-439d-b599-d7aaf3414194&Prime; global_colors_info=\u00a0\u00bb{}\u00a0\u00bb][\/et_pb_image][et_pb_text _builder_version=\u00a0\u00bb4.27.4&Prime; _module_preset=\u00a0\u00bbdefault\u00a0\u00bb global_colors_info=\u00a0\u00bb{}\u00a0\u00bb]<\/p>\n<h2>Nos cours de formation et de perfectionnement<\/h2>\n<p>Les cours de formation et de perfectionnement de la SJAS doivent t\u2019aider \u00e0 offrir aux jeunes Suisses\u00b7ses \u00e0 l\u2019\u00e9tranger un s\u00e9jour vari\u00e9 dans leur pays d\u2019origine, adapt\u00e9 \u00e0 leurs besoins et \u00e0 leur \u00e2ge, en toute s\u00e9curit\u00e9. Notre offre de cours s\u2019adresse \u00e0 tous les jeunes adultes qui ont d\u00e9j\u00e0 organis\u00e9 des camps pour la SJAS ou qui souhaitent le faire \u00e0 l\u2019avenir. Nous accueillons aussi des membres d&rsquo;autres organisations.<\/p>\n<p>En collaboration avec <a href=\"https:\/\/www.jugendundsport.ch\/fr\" target=\"_blank\" rel=\"noopener\">J+S<\/a>, nous proposons chaque ann\u00e9e au printemps une formation de base (cours de moniteur\u00b7rice\u00b7s J+S de 9 jours) ou une formation continue (chef\u00b7fe de camp J+S de 9 jours) en <a href=\"https:\/\/www.jugendundsport.ch\/fr\/sport-de-camp-trekking\" target=\"_blank\" rel=\"noopener\">sport de camp\/trekking<\/a>.<em><br \/><\/em><\/p>\n<p data-start=\"83\" data-end=\"317\">Au printemps 2026, la SJAS propose un cours combin\u00e9 avec le cours de base (Moniteur\u00b7trice 1) et le cours de perfectionnement (Moniteur\u00b7trice 2).<br data-start=\"227\" data-end=\"230\" \/>Vous trouverez plus d\u2019informations ainsi que l\u2019inscription dans les flyers suivants :<\/p>\n<ul data-start=\"319\" data-end=\"409\">\n<li data-start=\"319\" data-end=\"379\">\n<p data-start=\"321\" data-end=\"379\"><a href=\"https:\/\/sjas.ch\/wp-content\/uploads\/2025\/09\/Flyer_Basiskurs_FR_2026_V1.pdf\" rel=\"attachment noopener wp-att-246471\" target=\"_blank\">Cours de base, y compris le cours d\u2019introduction enfants<\/a><\/p>\n<\/li>\n<li data-start=\"380\" data-end=\"409\">\n<p data-start=\"382\" data-end=\"409\"><a href=\"https:\/\/sjas.ch\/wp-content\/uploads\/2025\/09\/Flyer_Aufbaukurs_FR_2026_V1.pdf\" rel=\"attachment noopener wp-att-246459\" target=\"_blank\">Cours de responsable de camp<\/a><\/p>\n<\/li>\n<\/ul>\n<p>Les cours de formation sont en phase avec la pratique et abordent les th\u00e8mes relatifs \u00e0 l\u2019organisation de camps de vacances, dans un souci d\u2019individualit\u00e9 et de qualit\u00e9. Ils sont dirig\u00e9s par des expert\u00b7e\u00b7s J+S et des monitrices et moniteurs J+S de la SJAS ainsi que d&rsquo;autres organisations, comme les <a href=\"https:\/\/pfadi.swiss\/fr\/go\/decouvrir-le-scoutisme\/\" target=\"_blank\" rel=\"noopener\">Scouts<\/a> ou <a href=\"https:\/\/www.jubla.ch\/\" target=\"_blank\" rel=\"noopener\">Jubla<\/a>.<\/p>\n<p>Raya Keller fournira volontiers de plus amples informations sur l\u2019admission aux cours, les dates des cours et l\u2019inscription: <a href=\"mailto:keller@sjas.ch\">keller@sjas.ch<\/a>.<\/p>\n<p>[\/et_pb_text][\/et_pb_column][\/et_pb_row][\/et_pb_section][et_pb_section fb_built=\u00a0\u00bb1&Prime; module_id=\u00a0\u00bbunsere-ausbildung-sektion\u00a0\u00bb _builder_version=\u00a0\u00bb4.16&Prime; _module_preset=\u00a0\u00bbdefault\u00a0\u00bb background_color=\u00a0\u00bb#FFFFFF\u00a0\u00bb global_colors_info=\u00a0\u00bb{}\u00a0\u00bb][et_pb_row _builder_version=\u00a0\u00bb4.16&Prime; _module_preset=\u00a0\u00bbdefault\u00a0\u00bb global_colors_info=\u00a0\u00bb{}\u00a0\u00bb][et_pb_column type=\u00a0\u00bb4_4&Prime; _builder_version=\u00a0\u00bb4.16&Prime; _module_preset=\u00a0\u00bbdefault\u00a0\u00bb global_colors_info=\u00a0\u00bb{}\u00a0\u00bb][et_pb_image src=\u00a0\u00bbhttp:\/\/sjas.ch\/wp-content\/uploads\/2021\/11\/fahne-rgb.svg\u00a0\u00bb title_text=\u00a0\u00bbfahne-rgb\u00a0\u00bb _builder_version=\u00a0\u00bb4.16&Prime; _module_preset=\u00a0\u00bb079d8414-f781-439d-b599-d7aaf3414194&Prime; global_colors_info=\u00a0\u00bb{}\u00a0\u00bb][\/et_pb_image][et_pb_text _builder_version=\u00a0\u00bb4.27.4&Prime; _module_preset=\u00a0\u00bbdefault\u00a0\u00bb global_colors_info=\u00a0\u00bb{}\u00a0\u00bb]<\/p>\n<h2>Autres cours et perfectionnements<\/h2>\n<p>En tant que moniteur\u00b7rice, tu as la possibilit\u00e9 de prolonger r\u00e9guli\u00e8rement ta reconnaissance sport de camp\/trekking gr\u00e2ce \u00e0 l\u2019offre vari\u00e9e de J+S. Les modules consacr\u00e9s \u00e0 la s\u00e9curit\u00e9 et \u00e0 la formation continue dans la discipline sport de camp\/trekking ainsi que des modules interdisciplinaires permettent de se perfectionner \u00e0 diff\u00e9rents niveaux et de d\u00e9velopper ses comp\u00e9tences.<\/p>\n<p>Les moniteur\u00b7rice\u00b7s qui appr\u00e9cient particuli\u00e8rement les activit\u00e9s dans, au bord et sur l\u2019eau peuvent \u00e9galement suivre les formations de <a href=\"https:\/\/www.slrg.ch\/fr\" target=\"_blank\" rel=\"noopener\">la Soci\u00e9t\u00e9 suisse de sauvetage (SSS)<\/a> en mati\u00e8re de s\u00e9curit\u00e9. L\u2019offre de cours modulaire vise \u00e0 pr\u00e9venir les accidents aquatiques et te permet de contribuer \u00e0 la s\u00e9curit\u00e9 de nos camps de vacances.<\/p>\n<p>Raya Keller r\u00e9pondra volontiers \u00e0 tes questions sur l\u2019offre de cours ou sur le choix du cours adapt\u00e9 et te guidera pour effectuer une demande de soutien financier en cas de formations continues: <a href=\"mailto:keller@sjas.ch\">keller@sjas.ch<\/a>.<\/p>\n<p>[\/et_pb_text][\/et_pb_column][\/et_pb_row][\/et_pb_section]<\/p>\n","protected":false},"excerpt":{"rendered":"<p>Cours et formations continues Donne-toi les moyens d\u2019approfondir tes connaissancesL\u2019une des priorit\u00e9s de la SJAS est d\u2019assurer un encadrement de qualit\u00e9 dans ses camps de vacances. C\u2019est pourquoi nous encourageons nos monitrices et moniteurs \u00e0 acqu\u00e9rir des comp\u00e9tences suppl\u00e9mentaires et les soutenons dans leur formation ou leur perfectionnement.Nos cours de formation et de perfectionnement Les [&hellip;]<\/p>\n","protected":false},"author":1,"featured_media":0,"parent":0,"menu_order":0,"comment_status":"closed","ping_status":"closed","template":"","meta":{"_et_pb_use_builder":"on","_et_pb_old_content":"","_et_gb_content_width":"","inline_featured_image":false,"footnotes":""},"class_list":["post-238247","page","type-page","status-publish","hentry"],"yoast_head":"<!-- This site is optimized with the Yoast SEO plugin v27.4 - https:\/\/yoast.com\/product\/yoast-seo-wordpress\/ -->\n<title>Cours et formations continues - SJAS<\/title>\n<meta name=\"robots\" content=\"index, follow, max-snippet:-1, max-image-preview:large, max-video-preview:-1\" \/>\n<link rel=\"canonical\" href=\"https:\/\/sjas.ch\/ausbildung\/\" \/>\n<meta property=\"og:locale\" content=\"fr_FR\" \/>\n<meta property=\"og:type\" content=\"article\" \/>\n<meta property=\"og:title\" content=\"Cours et formations continues - SJAS\" \/>\n<meta property=\"og:description\" content=\"Cours et formations continues Donne-toi les moyens d\u2019approfondir tes connaissancesL\u2019une des priorit\u00e9s de la SJAS est d\u2019assurer un encadrement de qualit\u00e9 dans ses camps de vacances. C\u2019est pourquoi nous encourageons nos monitrices et moniteurs \u00e0 acqu\u00e9rir des comp\u00e9tences suppl\u00e9mentaires et les soutenons dans leur formation ou leur perfectionnement.Nos cours de formation et de perfectionnement Les [&hellip;]\" \/>\n<meta property=\"og:url\" content=\"https:\/\/sjas.ch\/ausbildung\/\" \/>\n<meta property=\"og:site_name\" content=\"SJAS\" \/>\n<meta property=\"article:modified_time\" content=\"2026-01-14T09:46:28+00:00\" \/>\n<meta name=\"twitter:card\" content=\"summary_large_image\" \/>\n<meta name=\"twitter:label1\" content=\"Dur\u00e9e de lecture estim\u00e9e\" \/>\n\t<meta name=\"twitter:data1\" content=\"3 minutes\" \/>\n<script type=\"application\/ld+json\" class=\"yoast-schema-graph\">{\"@context\":\"https:\\\/\\\/schema.org\",\"@graph\":[{\"@type\":\"WebPage\",\"@id\":\"https:\\\/\\\/sjas.ch\\\/ausbildung\\\/\",\"url\":\"https:\\\/\\\/sjas.ch\\\/ausbildung\\\/\",\"name\":\"Cours et formations continues - SJAS\",\"isPartOf\":{\"@id\":\"https:\\\/\\\/sjas.ch\\\/#website\"},\"datePublished\":\"2021-12-21T16:54:41+00:00\",\"dateModified\":\"2026-01-14T09:46:28+00:00\",\"breadcrumb\":{\"@id\":\"https:\\\/\\\/sjas.ch\\\/ausbildung\\\/#breadcrumb\"},\"inLanguage\":\"fr-FR\",\"potentialAction\":[{\"@type\":\"ReadAction\",\"target\":[\"https:\\\/\\\/sjas.ch\\\/ausbildung\\\/\"]}]},{\"@type\":\"BreadcrumbList\",\"@id\":\"https:\\\/\\\/sjas.ch\\\/ausbildung\\\/#breadcrumb\",\"itemListElement\":[{\"@type\":\"ListItem\",\"position\":1,\"name\":\"Home\",\"item\":\"https:\\\/\\\/sjas.ch\\\/\"},{\"@type\":\"ListItem\",\"position\":2,\"name\":\"Cours et formations continues\"}]},{\"@type\":\"WebSite\",\"@id\":\"https:\\\/\\\/sjas.ch\\\/#website\",\"url\":\"https:\\\/\\\/sjas.ch\\\/\",\"name\":\"SJAS\",\"description\":\"\",\"potentialAction\":[{\"@type\":\"SearchAction\",\"target\":{\"@type\":\"EntryPoint\",\"urlTemplate\":\"https:\\\/\\\/sjas.ch\\\/?s={search_term_string}\"},\"query-input\":{\"@type\":\"PropertyValueSpecification\",\"valueRequired\":true,\"valueName\":\"search_term_string\"}}],\"inLanguage\":\"fr-FR\"}]}<\/script>\n<!-- \/ Yoast SEO plugin. -->","yoast_head_json":{"title":"Cours et formations continues - SJAS","robots":{"index":"index","follow":"follow","max-snippet":"max-snippet:-1","max-image-preview":"max-image-preview:large","max-video-preview":"max-video-preview:-1"},"canonical":"https:\/\/sjas.ch\/ausbildung\/","og_locale":"fr_FR","og_type":"article","og_title":"Cours et formations continues - SJAS","og_description":"Cours et formations continues Donne-toi les moyens d\u2019approfondir tes connaissancesL\u2019une des priorit\u00e9s de la SJAS est d\u2019assurer un encadrement de qualit\u00e9 dans ses camps de vacances. C\u2019est pourquoi nous encourageons nos monitrices et moniteurs \u00e0 acqu\u00e9rir des comp\u00e9tences suppl\u00e9mentaires et les soutenons dans leur formation ou leur perfectionnement.Nos cours de formation et de perfectionnement Les [&hellip;]","og_url":"https:\/\/sjas.ch\/ausbildung\/","og_site_name":"SJAS","article_modified_time":"2026-01-14T09:46:28+00:00","twitter_card":"summary_large_image","twitter_misc":{"Dur\u00e9e de lecture estim\u00e9e":"3 minutes"},"schema":{"@context":"https:\/\/schema.org","@graph":[{"@type":"WebPage","@id":"https:\/\/sjas.ch\/ausbildung\/","url":"https:\/\/sjas.ch\/ausbildung\/","name":"Cours et formations continues - SJAS","isPartOf":{"@id":"https:\/\/sjas.ch\/#website"},"datePublished":"2021-12-21T16:54:41+00:00","dateModified":"2026-01-14T09:46:28+00:00","breadcrumb":{"@id":"https:\/\/sjas.ch\/ausbildung\/#breadcrumb"},"inLanguage":"fr-FR","potentialAction":[{"@type":"ReadAction","target":["https:\/\/sjas.ch\/ausbildung\/"]}]},{"@type":"BreadcrumbList","@id":"https:\/\/sjas.ch\/ausbildung\/#breadcrumb","itemListElement":[{"@type":"ListItem","position":1,"name":"Home","item":"https:\/\/sjas.ch\/"},{"@type":"ListItem","position":2,"name":"Cours et formations continues"}]},{"@type":"WebSite","@id":"https:\/\/sjas.ch\/#website","url":"https:\/\/sjas.ch\/","name":"SJAS","description":"","potentialAction":[{"@type":"SearchAction","target":{"@type":"EntryPoint","urlTemplate":"https:\/\/sjas.ch\/?s={search_term_string}"},"query-input":{"@type":"PropertyValueSpecification","valueRequired":true,"valueName":"search_term_string"}}],"inLanguage":"fr-FR"}]}},"_links":{"self":[{"href":"https:\/\/sjas.ch\/fr\/wp-json\/wp\/v2\/pages\/238247","targetHints":{"allow":["GET"]}}],"collection":[{"href":"https:\/\/sjas.ch\/fr\/wp-json\/wp\/v2\/pages"}],"about":[{"href":"https:\/\/sjas.ch\/fr\/wp-json\/wp\/v2\/types\/page"}],"author":[{"embeddable":true,"href":"https:\/\/sjas.ch\/fr\/wp-json\/wp\/v2\/users\/1"}],"replies":[{"embeddable":true,"href":"https:\/\/sjas.ch\/fr\/wp-json\/wp\/v2\/comments?post=238247"}],"version-history":[{"count":18,"href":"https:\/\/sjas.ch\/fr\/wp-json\/wp\/v2\/pages\/238247\/revisions"}],"predecessor-version":[{"id":247230,"href":"https:\/\/sjas.ch\/fr\/wp-json\/wp\/v2\/pages\/238247\/revisions\/247230"}],"wp:attachment":[{"href":"https:\/\/sjas.ch\/fr\/wp-json\/wp\/v2\/media?parent=238247"}],"curies":[{"name":"wp","href":"https:\/\/api.w.org\/{rel}","templated":true}]}}