{"id":238253,"date":"2021-12-21T17:54:53","date_gmt":"2021-12-21T16:54:53","guid":{"rendered":"https:\/\/dev.sjas.ch\/a-notre-propos\/"},"modified":"2026-01-13T16:03:33","modified_gmt":"2026-01-13T15:03:33","slug":"a-notre-propos","status":"publish","type":"page","link":"https:\/\/sjas.ch\/fr\/a-notre-propos\/","title":{"rendered":"\u00c0 notre propos"},"content":{"rendered":"<p>[et_pb_section fb_built=\u00a0\u00bb1&Prime; _builder_version=\u00a0\u00bb4.16&Prime; _module_preset=\u00a0\u00bbdefault\u00a0\u00bb global_colors_info=\u00a0\u00bb{}\u00a0\u00bb][et_pb_row _builder_version=\u00a0\u00bb4.16&Prime; _module_preset=\u00a0\u00bbdefault\u00a0\u00bb global_colors_info=\u00a0\u00bb{}\u00a0\u00bb][et_pb_column type=\u00a0\u00bb4_4&Prime; _builder_version=\u00a0\u00bb4.16&Prime; _module_preset=\u00a0\u00bbdefault\u00a0\u00bb global_colors_info=\u00a0\u00bb{}\u00a0\u00bb][et_pb_image src=\u00a0\u00bbhttp:\/\/sjas.ch\/wp-content\/uploads\/2021\/11\/ueber-uns-rgb.svg\u00a0\u00bb title_text=\u00a0\u00bbueber-uns-rgb\u00a0\u00bb _builder_version=\u00a0\u00bb4.16&Prime; _module_preset=\u00a0\u00bbdbd4b17f-f5c9-49b0-b15b-dbc04db0a796&Prime; custom_margin=\u00a0\u00bb||20px||false|false\u00a0\u00bb global_colors_info=\u00a0\u00bb{}\u00a0\u00bb][\/et_pb_image][et_pb_text _builder_version=\u00a0\u00bb4.27.4&Prime; _module_preset=\u00a0\u00bbdefault\u00a0\u00bb global_colors_info=\u00a0\u00bb{}\u00a0\u00bb]<\/p>\n<h1 style=\"text-align: center;\">\u00c0 notre propos<\/h1>\n<p style=\"text-align: center;\">Fondation pour les enfants suisses \u00e0 l\u2019\u00e9tranger (<span>SJAS<\/span>)<\/p>\n<p>[\/et_pb_text][\/et_pb_column][\/et_pb_row][\/et_pb_section][et_pb_section fb_built=\u00a0\u00bb1&Prime; _builder_version=\u00a0\u00bb4.16&Prime; _module_preset=\u00a0\u00bbdefault\u00a0\u00bb background_image=\u00a0\u00bbhttp:\/\/sjas.ch\/wp-content\/uploads\/2021\/11\/background-emojis.svg\u00a0\u00bb parallax=\u00a0\u00bbon\u00a0\u00bb global_colors_info=\u00a0\u00bb{}\u00a0\u00bb][et_pb_row column_structure=\u00a0\u00bb1_3,1_3,1_3&Prime; _builder_version=\u00a0\u00bb4.16&Prime; _module_preset=\u00a0\u00bbdefault\u00a0\u00bb global_colors_info=\u00a0\u00bb{}\u00a0\u00bb][et_pb_column type=\u00a0\u00bb1_3&Prime; _builder_version=\u00a0\u00bb4.16&Prime; _module_preset=\u00a0\u00bbdefault\u00a0\u00bb global_colors_info=\u00a0\u00bb{}\u00a0\u00bb][et_pb_cta title=\u00a0\u00bbConseil de fondation\u00a0\u00bb button_url=\u00a0\u00bb\/fr\/qui-sommes-nous\/#Conseil-de-fondation\u00a0\u00bb button_text=\u00a0\u00bb\u2794\u00a0\u00bb _builder_version=\u00a0\u00bb4.27.4&Prime; _module_preset=\u00a0\u00bbdefault\u00a0\u00bb background_enable_color=\u00a0\u00bboff\u00a0\u00bb button_alignment=\u00a0\u00bbright\u00a0\u00bb text_orientation=\u00a0\u00bbleft\u00a0\u00bb background_layout=\u00a0\u00bblight\u00a0\u00bb box_shadow_style=\u00a0\u00bbpreset1&Prime; box_shadow_color=\u00a0\u00bbrgba(0,0,0,0.1)\u00a0\u00bb global_colors_info=\u00a0\u00bb{}\u00a0\u00bb box_shadow_spread__hover_enabled=\u00a0\u00bboff|desktop\u00a0\u00bb box_shadow_spread__hover=\u00a0\u00bb3px\u00a0\u00bb box_shadow_blur__hover_enabled=\u00a0\u00bbon|hover\u00a0\u00bb box_shadow_blur__hover=\u00a0\u00bb25px\u00a0\u00bb]<\/p>\n<p><span>Le Conseil de fondation est l\u2019organe sup\u00e9rieur de la SJAS. Il est responsable d\u2019obtenir des fonds et d\u2019administrer la fortune de la fondation, de confier aux groupes de travail les th\u00e8mes qui occupent la SJAS, d\u2019\u00e9dicter des r\u00e8glements sur l\u2019organisation et la direction des activit\u00e9s et de repr\u00e9senter la SJAS vis-\u00e0-vis de l\u2019ext\u00e9rieur.<\/span><\/p>\n<p>[\/et_pb_cta][et_pb_cta title=\u00a0\u00bbContact\u00a0\u00bb button_url=\u00a0\u00bb#\u00a0\u00bb _builder_version=\u00a0\u00bb4.27.4&Prime; _module_preset=\u00a0\u00bbdefault\u00a0\u00bb background_enable_color=\u00a0\u00bboff\u00a0\u00bb button_alignment=\u00a0\u00bbright\u00a0\u00bb text_orientation=\u00a0\u00bbleft\u00a0\u00bb background_layout=\u00a0\u00bblight\u00a0\u00bb box_shadow_style=\u00a0\u00bbpreset1&Prime; box_shadow_color=\u00a0\u00bbrgba(0,0,0,0.1)\u00a0\u00bb global_colors_info=\u00a0\u00bb{}\u00a0\u00bb box_shadow_spread__hover_enabled=\u00a0\u00bboff|desktop\u00a0\u00bb box_shadow_spread__hover=\u00a0\u00bb3px\u00a0\u00bb box_shadow_blur__hover_enabled=\u00a0\u00bbon|hover\u00a0\u00bb box_shadow_blur__hover=\u00a0\u00bb25px\u00a0\u00bb]<\/p>\n<p><span>Fondation pour les enfants suisses \u00e0 l\u2019\u00e9tranger (SJAS)<\/span><br \/><span data-contrast=\"auto\" xml:lang=\"DE-CH\" lang=\"DE-CH\" class=\"TextRun  BCX0 SCXW232888353\"><span class=\"NormalTextRun  BCX0 SCXW232888353\">Alpenstrasse 24<\/span><\/span><br \/><span>3006 Berne<\/span><br \/><span>Suisse<\/span><br \/><span>+41 (0)31 356 61 16<\/span><br \/><a href=\"mailto:info@sjas.ch\">info@sjas.ch<\/a><\/p>\n<p>[\/et_pb_cta][\/et_pb_column][et_pb_column type=\u00a0\u00bb1_3&Prime; _builder_version=\u00a0\u00bb4.16&Prime; _module_preset=\u00a0\u00bbdefault\u00a0\u00bb global_colors_info=\u00a0\u00bb{}\u00a0\u00bb][et_pb_cta title=\u00a0\u00bbSecr\u00e9tariat\u00a0\u00bb button_url=\u00a0\u00bb\/fr\/qui-sommes-nous\/#GS_FR\u00a0\u00bb button_text=\u00a0\u00bb\u2794\u00a0\u00bb _builder_version=\u00a0\u00bb4.27.4&Prime; _module_preset=\u00a0\u00bbdefault\u00a0\u00bb background_enable_color=\u00a0\u00bboff\u00a0\u00bb button_alignment=\u00a0\u00bbright\u00a0\u00bb text_orientation=\u00a0\u00bbleft\u00a0\u00bb background_layout=\u00a0\u00bblight\u00a0\u00bb box_shadow_style=\u00a0\u00bbpreset1&Prime; box_shadow_color=\u00a0\u00bbrgba(0,0,0,0.1)\u00a0\u00bb global_colors_info=\u00a0\u00bb{}\u00a0\u00bb box_shadow_spread__hover_enabled=\u00a0\u00bboff|desktop\u00a0\u00bb box_shadow_spread__hover=\u00a0\u00bb3px\u00a0\u00bb box_shadow_blur__hover_enabled=\u00a0\u00bbon|hover\u00a0\u00bb box_shadow_blur__hover=\u00a0\u00bb25px\u00a0\u00bb]<\/p>\n<p><span>Trois personnes travaillent au secr\u00e9tariat de la SJAS et veillent \u00e0 la bonne organisation et \u00e0 la r\u00e9alisation de nos camps de vacances.<\/span><\/p>\n<p>[\/et_pb_cta][et_pb_cta title=\u00a0\u00bbPostes vacants\u00a0\u00bb button_url=\u00a0\u00bb#\u00a0\u00bb disabled_on=\u00a0\u00bbon|on|on\u00a0\u00bb _builder_version=\u00a0\u00bb4.16&Prime; _module_preset=\u00a0\u00bbdefault\u00a0\u00bb background_enable_color=\u00a0\u00bboff\u00a0\u00bb button_alignment=\u00a0\u00bbright\u00a0\u00bb text_orientation=\u00a0\u00bbleft\u00a0\u00bb background_layout=\u00a0\u00bblight\u00a0\u00bb box_shadow_style=\u00a0\u00bbpreset1&Prime; box_shadow_color=\u00a0\u00bbrgba(0,0,0,0.1)\u00a0\u00bb disabled=\u00a0\u00bbon\u00a0\u00bb global_colors_info=\u00a0\u00bb{}\u00a0\u00bb box_shadow_spread__hover_enabled=\u00a0\u00bboff|desktop\u00a0\u00bb box_shadow_spread__hover=\u00a0\u00bb3px\u00a0\u00bb box_shadow_blur__hover_enabled=\u00a0\u00bbon|hover\u00a0\u00bb box_shadow_blur__hover=\u00a0\u00bb25px\u00a0\u00bb]<\/p>\n<p><span>Chez nous, ta passion pour les camps de vacances devient un m\u00e9tier! Nous nous r\u00e9jouissons de recevoir ta candidature en tant que&#8230;<\/span><\/p>\n<p><a href=\"https:\/\/sjas.ch\/wp-content\/uploads\/2022\/08\/stellenausschreibung-gf-2022.pdf\" target=\"_blank\" rel=\"noopener\"><span>Directeur\u00b7trice<\/span><\/a><\/p>\n<p>[\/et_pb_cta][et_pb_cta title=\u00a0\u00bbPostes vacants\u00a0\u00bb button_url=\u00a0\u00bb\/fr\/animer-un-camp\/\u00a0\u00bb _builder_version=\u00a0\u00bb4.27.4&Prime; _module_preset=\u00a0\u00bbdefault\u00a0\u00bb background_enable_color=\u00a0\u00bboff\u00a0\u00bb button_alignment=\u00a0\u00bbright\u00a0\u00bb text_orientation=\u00a0\u00bbleft\u00a0\u00bb background_layout=\u00a0\u00bblight\u00a0\u00bb box_shadow_style=\u00a0\u00bbpreset1&Prime; box_shadow_color=\u00a0\u00bbrgba(0,0,0,0.1)\u00a0\u00bb global_colors_info=\u00a0\u00bb{}\u00a0\u00bb box_shadow_spread__hover_enabled=\u00a0\u00bboff|desktop\u00a0\u00bb box_shadow_spread__hover=\u00a0\u00bb3px\u00a0\u00bb box_shadow_blur__hover_enabled=\u00a0\u00bbon|hover\u00a0\u00bb box_shadow_blur__hover=\u00a0\u00bb25px\u00a0\u00bb]<\/p>\n<p><span>Actuellement, aucun poste n\u2019est vacant. Tu trouveras <a href=\"https:\/\/sjas.ch\/fr\/diriger\/\" target=\"_blank\" rel=\"noopener\">ici<\/a> des informations pour un engagement b\u00e9n\u00e9voles au sein de la SJAS.<\/span><\/p>\n<p>[\/et_pb_cta][et_pb_cta title=\u00a0\u00bbRapport annuel\u00a0\u00bb button_url=\u00a0\u00bb#\u00a0\u00bb _builder_version=\u00a0\u00bb4.27.4&Prime; _module_preset=\u00a0\u00bbdefault\u00a0\u00bb background_enable_color=\u00a0\u00bboff\u00a0\u00bb button_alignment=\u00a0\u00bbright\u00a0\u00bb text_orientation=\u00a0\u00bbleft\u00a0\u00bb background_layout=\u00a0\u00bblight\u00a0\u00bb box_shadow_style=\u00a0\u00bbpreset1&Prime; box_shadow_color=\u00a0\u00bbrgba(0,0,0,0.1)\u00a0\u00bb global_colors_info=\u00a0\u00bb{}\u00a0\u00bb box_shadow_spread__hover_enabled=\u00a0\u00bboff|desktop\u00a0\u00bb box_shadow_spread__hover=\u00a0\u00bb3px\u00a0\u00bb box_shadow_blur__hover_enabled=\u00a0\u00bbon|hover\u00a0\u00bb box_shadow_blur__hover=\u00a0\u00bb25px\u00a0\u00bb]<\/p>\n<p><a href=\"https:\/\/sjas.ch\/wp-content\/uploads\/2022\/05\/sjas-rapport-annuel-2021.pdf\" target=\"_blank\" rel=\"noopener\">2021<\/a><\/p>\n<p><a href=\"https:\/\/sjas.ch\/wp-content\/uploads\/2023\/10\/Jahresbericht22_DE.pdf\" rel=\"attachment noopener wp-att-242123\" target=\"_blank\">2022<\/a><\/p>\n<p><a href=\"https:\/\/sjas.ch\/wp-content\/uploads\/2024\/05\/Jahresbericht23_FR-final.pdf\" rel=\"attachment noopener wp-att-243170\" target=\"_blank\">2023<\/a><\/p>\n<p><a href=\"https:\/\/sjas.ch\/wp-content\/uploads\/2025\/09\/Jahresbericht24_FR.pdf\" rel=\"attachment noopener wp-att-246433\" target=\"_blank\">2024<\/a><\/p>\n<p>[\/et_pb_cta][\/et_pb_column][et_pb_column type=\u00a0\u00bb1_3&Prime; _builder_version=\u00a0\u00bb4.16&Prime; _module_preset=\u00a0\u00bbdefault\u00a0\u00bb global_colors_info=\u00a0\u00bb{}\u00a0\u00bb][et_pb_cta title=\u00a0\u00bbHistoire de la SJAS\u00a0\u00bb button_url=\u00a0\u00bb\/fr\/que-faisons-nous\/#histoire-fese\u00a0\u00bb button_text=\u00a0\u00bb\u2794\u00a0\u00bb _builder_version=\u00a0\u00bb4.27.4&Prime; _module_preset=\u00a0\u00bbdefault\u00a0\u00bb background_enable_color=\u00a0\u00bboff\u00a0\u00bb button_alignment=\u00a0\u00bbright\u00a0\u00bb text_orientation=\u00a0\u00bbleft\u00a0\u00bb background_layout=\u00a0\u00bblight\u00a0\u00bb box_shadow_style=\u00a0\u00bbpreset1&Prime; box_shadow_color=\u00a0\u00bbrgba(0,0,0,0.1)\u00a0\u00bb global_colors_info=\u00a0\u00bb{}\u00a0\u00bb box_shadow_spread__hover_enabled=\u00a0\u00bboff|desktop\u00a0\u00bb box_shadow_spread__hover=\u00a0\u00bb3px\u00a0\u00bb box_shadow_blur__hover_enabled=\u00a0\u00bbon|hover\u00a0\u00bb box_shadow_blur__hover=\u00a0\u00bb25px\u00a0\u00bb]<\/p>\n<p><span>De l\u2019\u00abAide suisse\u00bb \u00e0 la \u00abFondation pour les enfants suisses \u00e0 l\u2019\u00e9tranger\u00bb:<\/span><br \/><span>r\u00e9trospective sur un si\u00e8cle d\u2019histoire de l\u2019organisation sans but lucratif.<\/span><\/p>\n<p>[\/et_pb_cta][wdcl_image_carousel animation_speed=\u00a0\u00bb1000ms\u00a0\u00bb autoplay_speed=\u00a0\u00bb5000ms\u00a0\u00bb slide_count=\u00a0\u00bb1&Prime; arrow_color=\u00a0\u00bb#000000&Prime; arrow_bg=\u00a0\u00bbRGBA(10,10,10,0)\u00a0\u00bb arrow_pos_x=\u00a0\u00bb-40px\u00a0\u00bb _builder_version=\u00a0\u00bb4.27.4&Prime; _module_preset=\u00a0\u00bbdefault\u00a0\u00bb background_color=\u00a0\u00bb#FFFFFF\u00a0\u00bb hover_enabled=\u00a0\u00bb0&Prime; box_shadow_style=\u00a0\u00bbpreset1&Prime; box_shadow_color=\u00a0\u00bbrgba(0,0,0,0.1)\u00a0\u00bb global_colors_info=\u00a0\u00bb{}\u00a0\u00bb sticky_enabled=\u00a0\u00bb0&Prime;][wdcl_image_carousel_child admin_title=\u00a0\u00bbaso\u00a0\u00bb photo=\u00a0\u00bbhttp:\/\/sjas.ch\/wp-content\/uploads\/2022\/01\/aso-logo-int.jpg\u00a0\u00bb _builder_version=\u00a0\u00bb4.16&Prime; _module_preset=\u00a0\u00bbdefault\u00a0\u00bb link_option_url=\u00a0\u00bbhttps:\/\/www.swisscommunity.org\/fr\/\u00a0\u00bb link_option_url_new_window=\u00a0\u00bbon\u00a0\u00bb global_colors_info=\u00a0\u00bb{}\u00a0\u00bb][\/wdcl_image_carousel_child][wdcl_image_carousel_child admin_title=\u00a0\u00bbeducationsuisse\u00a0\u00bb photo=\u00a0\u00bbhttp:\/\/sjas.ch\/wp-content\/uploads\/2021\/11\/educationsuicce-logo-de.jpg\u00a0\u00bb _builder_version=\u00a0\u00bb4.16&Prime; _module_preset=\u00a0\u00bbdefault\u00a0\u00bb link_option_url=\u00a0\u00bbhttps:\/\/www.educationsuisse.ch\/fr\/home-fr\u00a0\u00bb link_option_url_new_window=\u00a0\u00bbon\u00a0\u00bb global_colors_info=\u00a0\u00bb{}\u00a0\u00bb][\/wdcl_image_carousel_child][wdcl_image_carousel_child admin_title=\u00a0\u00bbeda\u00a0\u00bb photo=\u00a0\u00bbhttp:\/\/sjas.ch\/wp-content\/uploads\/2022\/01\/eda-logo-fr.jpg\u00a0\u00bb _builder_version=\u00a0\u00bb4.16&Prime; _module_preset=\u00a0\u00bbdefault\u00a0\u00bb link_option_url=\u00a0\u00bbhttps:\/\/www.eda.admin.ch\/eda\/fr\/dfae.html\u00a0\u00bb link_option_url_new_window=\u00a0\u00bbon\u00a0\u00bb global_colors_info=\u00a0\u00bb{}\u00a0\u00bb][\/wdcl_image_carousel_child][wdcl_image_carousel_child admin_title=\u00a0\u00bbzewo\u00a0\u00bb photo=\u00a0\u00bbhttp:\/\/sjas.ch\/wp-content\/uploads\/2021\/11\/zewo-logo-de.jpg\u00a0\u00bb _builder_version=\u00a0\u00bb4.16&Prime; _module_preset=\u00a0\u00bbdefault\u00a0\u00bb link_option_url=\u00a0\u00bbhttps:\/\/zewo.ch\/fr\/apercu-des-21-normes-zewo-condense-et-clair\/\u00a0\u00bb link_option_url_new_window=\u00a0\u00bbon\u00a0\u00bb global_colors_info=\u00a0\u00bb{}\u00a0\u00bb][\/wdcl_image_carousel_child][wdcl_image_carousel_child photo=\u00a0\u00bbhttps:\/\/sjas.ch\/wp-content\/uploads\/2026\/01\/LOGO_BLEU_BASELINE.png\u00a0\u00bb _builder_version=\u00a0\u00bb4.27.4&Prime; _module_preset=\u00a0\u00bbdefault\u00a0\u00bb hover_enabled=\u00a0\u00bb0&Prime; global_colors_info=\u00a0\u00bb{}\u00a0\u00bb link_option_url=\u00a0\u00bbhttps:\/\/www.pixofluna.com\/\u00a0\u00bb admin_title=\u00a0\u00bbpixofluna\u00a0\u00bb sticky_enabled=\u00a0\u00bb0&Prime;][\/wdcl_image_carousel_child][\/wdcl_image_carousel][\/et_pb_column][\/et_pb_row][\/et_pb_section][et_pb_section fb_built=\u00a0\u00bb1&Prime; _builder_version=\u00a0\u00bb4.16&Prime; _module_preset=\u00a0\u00bbdefault\u00a0\u00bb background_color=\u00a0\u00bbrgba(10,10,10,0.06)\u00a0\u00bb global_colors_info=\u00a0\u00bb{}\u00a0\u00bb][et_pb_row _builder_version=\u00a0\u00bb4.16&Prime; _module_preset=\u00a0\u00bbdefault\u00a0\u00bb global_colors_info=\u00a0\u00bb{}\u00a0\u00bb][et_pb_column type=\u00a0\u00bb4_4&Prime; _builder_version=\u00a0\u00bb4.16&Prime; _module_preset=\u00a0\u00bbdefault\u00a0\u00bb global_colors_info=\u00a0\u00bb{}\u00a0\u00bb][et_pb_text _builder_version=\u00a0\u00bb4.27.4&Prime; _module_preset=\u00a0\u00bbdefault\u00a0\u00bb global_colors_info=\u00a0\u00bb{}\u00a0\u00bb]<\/p>\n<h2>M\u00e9dias<\/h2>\n<p>Nous invitons les journalistes \u00e0 d\u00e9couvrir les camps de vacances pour enfants suisses de l\u2019\u00e9tranger de la <span>SJAS<\/span>. Adressez-vous directement \u00e0 Isabelle Stebler: <a href=\"mailto:stebler@sjas.ch\">stebler@sjas.ch<\/a><\/p>\n<p>[\/et_pb_text][\/et_pb_column][\/et_pb_row][\/et_pb_section][et_pb_section fb_built=\u00a0\u00bb1&Prime; _builder_version=\u00a0\u00bb4.16&Prime; _module_preset=\u00a0\u00bb236f5c6d-ff09-463c-bbe7-546a713abd8a\u00a0\u00bb link_option_url=\u00a0\u00bb\/fr\/camps-de-vacances\/\u00a0\u00bb global_colors_info=\u00a0\u00bb{}\u00a0\u00bb][et_pb_row _builder_version=\u00a0\u00bb4.23.4&Prime; _module_preset=\u00a0\u00bbdefault\u00a0\u00bb global_module=\u00a0\u00bb237423&Prime; global_colors_info=\u00a0\u00bb{}\u00a0\u00bb][et_pb_column type=\u00a0\u00bb4_4&Prime; _builder_version=\u00a0\u00bb4.16&Prime; _module_preset=\u00a0\u00bbdefault\u00a0\u00bb global_colors_info=\u00a0\u00bb{}\u00a0\u00bb][et_pb_image src=\u00a0\u00bbhttp:\/\/sjas.ch\/wp-content\/uploads\/2021\/11\/lager-rgb.svg\u00a0\u00bb title_text=\u00a0\u00bblager-rgb\u00a0\u00bb _builder_version=\u00a0\u00bb4.16&Prime; _module_preset=\u00a0\u00bbb7011ccc-1740-4b3f-bad9-bde2a1e14d15&Prime; custom_padding=\u00a0\u00bb||||false|false\u00a0\u00bb global_colors_info=\u00a0\u00bb{}\u00a0\u00bb][\/et_pb_image][et_pb_text _builder_version=\u00a0\u00bb4.16&Prime; _module_preset=\u00a0\u00bbdefault\u00a0\u00bb global_colors_info=\u00a0\u00bb{}\u00a0\u00bb]<\/p>\n<h2>Camps de vacances<\/h2>\n<p>Tu trouveras de plus amples informations sur notre offre de camps de vacances dans notre rubrique \u00abCamps de vacances\u00bb.<\/p>\n<p>[\/et_pb_text][\/et_pb_column][\/et_pb_row][\/et_pb_section][et_pb_section fb_built=\u00a0\u00bb1&Prime; _builder_version=\u00a0\u00bb4.16&Prime; _module_preset=\u00a0\u00bbc03e9505-449b-4d34-913d-a5e212ed2086&Prime; link_option_url=\u00a0\u00bb\/fr\/monitrices-et-moniteurs\/\u00a0\u00bb global_colors_info=\u00a0\u00bb{}\u00a0\u00bb][et_pb_row _builder_version=\u00a0\u00bb4.16&Prime; _module_preset=\u00a0\u00bbdefault\u00a0\u00bb global_module=\u00a0\u00bb237419&Prime; global_colors_info=\u00a0\u00bb{}\u00a0\u00bb][et_pb_column type=\u00a0\u00bb4_4&Prime; _builder_version=\u00a0\u00bb4.16&Prime; _module_preset=\u00a0\u00bbdefault\u00a0\u00bb global_colors_info=\u00a0\u00bb{}\u00a0\u00bb][et_pb_image src=\u00a0\u00bbhttp:\/\/sjas.ch\/wp-content\/uploads\/2021\/11\/leiter-innen-rgb.svg\u00a0\u00bb title_text=\u00a0\u00bbleiter-innen-rgb\u00a0\u00bb _builder_version=\u00a0\u00bb4.23.4&Prime; _module_preset=\u00a0\u00bbb7011ccc-1740-4b3f-bad9-bde2a1e14d15&Prime; global_colors_info=\u00a0\u00bb{}\u00a0\u00bb][\/et_pb_image][et_pb_text _builder_version=\u00a0\u00bb4.23.4&Prime; _module_preset=\u00a0\u00bbdefault\u00a0\u00bb global_colors_info=\u00a0\u00bb{}\u00a0\u00bb]<\/p>\n<h2>Moniteur\u00b7rice\u00b7s<\/h2>\n<p>Tu trouveras de plus amples informations sur l\u2019organisation de nos camps de vacances, les affectations du service civil et les possibilit\u00e9s de cours J+S et de module de perfectionnement dans notre rubrique \u00abMoniteur\u00b7rice\u00b7s \u00bb.<\/p>\n<p>[\/et_pb_text][\/et_pb_column][\/et_pb_row][\/et_pb_section]<\/p>\n","protected":false},"excerpt":{"rendered":"<p>\u00c0 notre propos Fondation pour les enfants suisses \u00e0 l\u2019\u00e9tranger (SJAS)Le Conseil de fondation est l\u2019organe sup\u00e9rieur de la SJAS. Il est responsable d\u2019obtenir des fonds et d\u2019administrer la fortune de la fondation, de confier aux groupes de travail les th\u00e8mes qui occupent la SJAS, d\u2019\u00e9dicter des r\u00e8glements sur l\u2019organisation et la direction des activit\u00e9s [&hellip;]<\/p>\n","protected":false},"author":1,"featured_media":0,"parent":0,"menu_order":0,"comment_status":"closed","ping_status":"closed","template":"","meta":{"_et_pb_use_builder":"on","_et_pb_old_content":"","_et_gb_content_width":"","inline_featured_image":false,"footnotes":""},"class_list":["post-238253","page","type-page","status-publish","hentry"],"yoast_head":"<!-- This site is optimized with the Yoast SEO plugin v27.4 - https:\/\/yoast.com\/product\/yoast-seo-wordpress\/ -->\n<title>\u00c0 notre propos - SJAS<\/title>\n<meta name=\"robots\" content=\"index, follow, max-snippet:-1, max-image-preview:large, max-video-preview:-1\" \/>\n<link rel=\"canonical\" href=\"https:\/\/sjas.ch\/ueber-uns\/\" \/>\n<meta property=\"og:locale\" content=\"fr_FR\" \/>\n<meta property=\"og:type\" content=\"article\" \/>\n<meta property=\"og:title\" content=\"\u00c0 notre propos - SJAS\" \/>\n<meta property=\"og:description\" content=\"\u00c0 notre propos Fondation pour les enfants suisses \u00e0 l\u2019\u00e9tranger (SJAS)Le Conseil de fondation est l\u2019organe sup\u00e9rieur de la SJAS. Il est responsable d\u2019obtenir des fonds et d\u2019administrer la fortune de la fondation, de confier aux groupes de travail les th\u00e8mes qui occupent la SJAS, d\u2019\u00e9dicter des r\u00e8glements sur l\u2019organisation et la direction des activit\u00e9s [&hellip;]\" \/>\n<meta property=\"og:url\" content=\"https:\/\/sjas.ch\/ueber-uns\/\" \/>\n<meta property=\"og:site_name\" content=\"SJAS\" \/>\n<meta property=\"article:modified_time\" content=\"2026-01-13T15:03:33+00:00\" \/>\n<meta name=\"twitter:card\" content=\"summary_large_image\" \/>\n<meta name=\"twitter:label1\" content=\"Dur\u00e9e de lecture estim\u00e9e\" \/>\n\t<meta name=\"twitter:data1\" content=\"7 minutes\" \/>\n<script type=\"application\/ld+json\" class=\"yoast-schema-graph\">{\"@context\":\"https:\\\/\\\/schema.org\",\"@graph\":[{\"@type\":\"WebPage\",\"@id\":\"https:\\\/\\\/sjas.ch\\\/ueber-uns\\\/\",\"url\":\"https:\\\/\\\/sjas.ch\\\/ueber-uns\\\/\",\"name\":\"\u00c0 notre propos - SJAS\",\"isPartOf\":{\"@id\":\"https:\\\/\\\/sjas.ch\\\/#website\"},\"datePublished\":\"2021-12-21T16:54:53+00:00\",\"dateModified\":\"2026-01-13T15:03:33+00:00\",\"breadcrumb\":{\"@id\":\"https:\\\/\\\/sjas.ch\\\/ueber-uns\\\/#breadcrumb\"},\"inLanguage\":\"fr-FR\",\"potentialAction\":[{\"@type\":\"ReadAction\",\"target\":[\"https:\\\/\\\/sjas.ch\\\/ueber-uns\\\/\"]}]},{\"@type\":\"BreadcrumbList\",\"@id\":\"https:\\\/\\\/sjas.ch\\\/ueber-uns\\\/#breadcrumb\",\"itemListElement\":[{\"@type\":\"ListItem\",\"position\":1,\"name\":\"Home\",\"item\":\"https:\\\/\\\/sjas.ch\\\/\"},{\"@type\":\"ListItem\",\"position\":2,\"name\":\"\u00c0 notre propos\"}]},{\"@type\":\"WebSite\",\"@id\":\"https:\\\/\\\/sjas.ch\\\/#website\",\"url\":\"https:\\\/\\\/sjas.ch\\\/\",\"name\":\"SJAS\",\"description\":\"\",\"potentialAction\":[{\"@type\":\"SearchAction\",\"target\":{\"@type\":\"EntryPoint\",\"urlTemplate\":\"https:\\\/\\\/sjas.ch\\\/?s={search_term_string}\"},\"query-input\":{\"@type\":\"PropertyValueSpecification\",\"valueRequired\":true,\"valueName\":\"search_term_string\"}}],\"inLanguage\":\"fr-FR\"}]}<\/script>\n<!-- \/ Yoast SEO plugin. -->","yoast_head_json":{"title":"\u00c0 notre propos - SJAS","robots":{"index":"index","follow":"follow","max-snippet":"max-snippet:-1","max-image-preview":"max-image-preview:large","max-video-preview":"max-video-preview:-1"},"canonical":"https:\/\/sjas.ch\/ueber-uns\/","og_locale":"fr_FR","og_type":"article","og_title":"\u00c0 notre propos - SJAS","og_description":"\u00c0 notre propos Fondation pour les enfants suisses \u00e0 l\u2019\u00e9tranger (SJAS)Le Conseil de fondation est l\u2019organe sup\u00e9rieur de la SJAS. Il est responsable d\u2019obtenir des fonds et d\u2019administrer la fortune de la fondation, de confier aux groupes de travail les th\u00e8mes qui occupent la SJAS, d\u2019\u00e9dicter des r\u00e8glements sur l\u2019organisation et la direction des activit\u00e9s [&hellip;]","og_url":"https:\/\/sjas.ch\/ueber-uns\/","og_site_name":"SJAS","article_modified_time":"2026-01-13T15:03:33+00:00","twitter_card":"summary_large_image","twitter_misc":{"Dur\u00e9e de lecture estim\u00e9e":"7 minutes"},"schema":{"@context":"https:\/\/schema.org","@graph":[{"@type":"WebPage","@id":"https:\/\/sjas.ch\/ueber-uns\/","url":"https:\/\/sjas.ch\/ueber-uns\/","name":"\u00c0 notre propos - SJAS","isPartOf":{"@id":"https:\/\/sjas.ch\/#website"},"datePublished":"2021-12-21T16:54:53+00:00","dateModified":"2026-01-13T15:03:33+00:00","breadcrumb":{"@id":"https:\/\/sjas.ch\/ueber-uns\/#breadcrumb"},"inLanguage":"fr-FR","potentialAction":[{"@type":"ReadAction","target":["https:\/\/sjas.ch\/ueber-uns\/"]}]},{"@type":"BreadcrumbList","@id":"https:\/\/sjas.ch\/ueber-uns\/#breadcrumb","itemListElement":[{"@type":"ListItem","position":1,"name":"Home","item":"https:\/\/sjas.ch\/"},{"@type":"ListItem","position":2,"name":"\u00c0 notre propos"}]},{"@type":"WebSite","@id":"https:\/\/sjas.ch\/#website","url":"https:\/\/sjas.ch\/","name":"SJAS","description":"","potentialAction":[{"@type":"SearchAction","target":{"@type":"EntryPoint","urlTemplate":"https:\/\/sjas.ch\/?s={search_term_string}"},"query-input":{"@type":"PropertyValueSpecification","valueRequired":true,"valueName":"search_term_string"}}],"inLanguage":"fr-FR"}]}},"_links":{"self":[{"href":"https:\/\/sjas.ch\/fr\/wp-json\/wp\/v2\/pages\/238253","targetHints":{"allow":["GET"]}}],"collection":[{"href":"https:\/\/sjas.ch\/fr\/wp-json\/wp\/v2\/pages"}],"about":[{"href":"https:\/\/sjas.ch\/fr\/wp-json\/wp\/v2\/types\/page"}],"author":[{"embeddable":true,"href":"https:\/\/sjas.ch\/fr\/wp-json\/wp\/v2\/users\/1"}],"replies":[{"embeddable":true,"href":"https:\/\/sjas.ch\/fr\/wp-json\/wp\/v2\/comments?post=238253"}],"version-history":[{"count":33,"href":"https:\/\/sjas.ch\/fr\/wp-json\/wp\/v2\/pages\/238253\/revisions"}],"predecessor-version":[{"id":247221,"href":"https:\/\/sjas.ch\/fr\/wp-json\/wp\/v2\/pages\/238253\/revisions\/247221"}],"wp:attachment":[{"href":"https:\/\/sjas.ch\/fr\/wp-json\/wp\/v2\/media?parent=238253"}],"curies":[{"name":"wp","href":"https:\/\/api.w.org\/{rel}","templated":true}]}}