{"id":242671,"date":"2023-12-15T17:58:41","date_gmt":"2023-12-15T16:58:41","guid":{"rendered":"https:\/\/sjas.ch\/?page_id=242671"},"modified":"2025-12-12T19:01:31","modified_gmt":"2025-12-12T18:01:31","slug":"swisstrip-3","status":"publish","type":"page","link":"https:\/\/sjas.ch\/fr\/swisstrip-3\/","title":{"rendered":"Swisstrip 3"},"content":{"rendered":"<p>[et_pb_section fb_built=\u00a0\u00bb1&Prime; _builder_version=\u00a0\u00bb4.16&Prime; _module_preset=\u00a0\u00bbdefault\u00a0\u00bb global_colors_info=\u00a0\u00bb{}\u00a0\u00bb][et_pb_row _builder_version=\u00a0\u00bb4.16&Prime; _module_preset=\u00a0\u00bbdefault\u00a0\u00bb global_colors_info=\u00a0\u00bb{}\u00a0\u00bb][et_pb_column type=\u00a0\u00bb4_4&Prime; _builder_version=\u00a0\u00bb4.16&Prime; _module_preset=\u00a0\u00bbdefault\u00a0\u00bb global_colors_info=\u00a0\u00bb{}\u00a0\u00bb][et_pb_text _builder_version=\u00a0\u00bb4.18.0&Prime; _module_preset=\u00a0\u00bbdefault\u00a0\u00bb global_colors_info=\u00a0\u00bb{}\u00a0\u00bb]<\/p>\n<h1 style=\"text-align: center;\">Swiss Trip 3<\/h1>\n<p>[\/et_pb_text][\/et_pb_column][\/et_pb_row][et_pb_row _builder_version=\u00a0\u00bb4.16&Prime; _module_preset=\u00a0\u00bbdefault\u00a0\u00bb global_colors_info=\u00a0\u00bb{}\u00a0\u00bb][et_pb_column type=\u00a0\u00bb4_4&Prime; _builder_version=\u00a0\u00bb4.16&Prime; _module_preset=\u00a0\u00bbdefault\u00a0\u00bb global_colors_info=\u00a0\u00bb{}\u00a0\u00bb][et_pb_text _builder_version=\u00a0\u00bb4.27.4&Prime; _module_preset=\u00a0\u00bbdefault\u00a0\u00bb global_colors_info=\u00a0\u00bb{}\u00a0\u00bb]<\/p>\n<p align=\"center\" style=\"text-align: justify;\"><span lang=\"FR-CH\">Le Swiss Trip est un camp de vacances sp\u00e9cial et itin\u00e9rant \u00e0 travers la Suisse. Lors de ce voyage riche en d\u00e9couvertes, tu emprunteras divers moyens de transport et passeras chaque nuit ou presque dans un endroit diff\u00e9rent. Pour y participer, il faut aimer de bouger, \u00eatre en bonne condition physique pour venir \u00e0 bout de journ\u00e9es en canot pneumatique ou de randonn\u00e9es de deux jours, et \u00eatre enthousiaste \u00e0 l\u2019id\u00e9e de vivre en pleine nature, par exemple en camping sous la tente.<o:p><\/o:p><\/span><\/p>\n<p>[\/et_pb_text][\/et_pb_column][\/et_pb_row][et_pb_row column_structure=\u00a0\u00bb1_3,1_3,1_3&Prime; _builder_version=\u00a0\u00bb4.16&Prime; _module_preset=\u00a0\u00bbdefault\u00a0\u00bb global_colors_info=\u00a0\u00bb{}\u00a0\u00bb][et_pb_column type=\u00a0\u00bb1_3&Prime; _builder_version=\u00a0\u00bb4.16&Prime; _module_preset=\u00a0\u00bbdefault\u00a0\u00bb global_colors_info=\u00a0\u00bb{}\u00a0\u00bb][et_pb_text admin_label=\u00a0\u00bbMaison du camp de vacances\u00a0\u00bb _builder_version=\u00a0\u00bb4.27.4&Prime; _module_preset=\u00a0\u00bbdefault\u00a0\u00bb hover_enabled=\u00a0\u00bb0&Prime; global_colors_info=\u00a0\u00bb{}\u00a0\u00bb sticky_enabled=\u00a0\u00bb0&Prime;]<\/p>\n<h2>R\u00e9gion:<\/h2>\n<p>Suisse m\u00e9ridionale et les cols de montagne<\/p>\n<p>[\/et_pb_text][et_pb_text admin_label=\u00a0\u00bbCat\u00e9gorie d\u2019\u00e2ge\u00a0\u00bb _builder_version=\u00a0\u00bb4.18.0&Prime; _module_preset=\u00a0\u00bbdefault\u00a0\u00bb hover_enabled=\u00a0\u00bb0&Prime; global_colors_info=\u00a0\u00bb{}\u00a0\u00bb sticky_enabled=\u00a0\u00bb0&Prime;]<\/p>\n<h2>Cat\u00e9gorie d\u2019\u00e2ge:<\/h2>\n<p>12 &#8211; 14 ans<\/p>\n<p>[\/et_pb_text][\/et_pb_column][et_pb_column type=\u00a0\u00bb1_3&Prime; _builder_version=\u00a0\u00bb4.16&Prime; _module_preset=\u00a0\u00bbdefault\u00a0\u00bb global_colors_info=\u00a0\u00bb{}\u00a0\u00bb][et_pb_text admin_label=\u00a0\u00bbD\u00e9but\u00a0\u00bb _builder_version=\u00a0\u00bb4.27.4&Prime; _module_preset=\u00a0\u00bbdefault\u00a0\u00bb global_colors_info=\u00a0\u00bb{}\u00a0\u00bb]<\/p>\n<h2>D\u00e9but:<\/h2>\n<p>05.08.2026<\/p>\n<p>[\/et_pb_text][et_pb_text admin_label=\u00a0\u00bbD\u00e9lai d\u2019inscription\u00a0\u00bb _builder_version=\u00a0\u00bb4.27.4&Prime; _module_preset=\u00a0\u00bbdefault\u00a0\u00bb global_colors_info=\u00a0\u00bb{}\u00a0\u00bb]<\/p>\n<h2>D\u00e9lai d\u2019inscription:<\/h2>\n<p>15.03.2026<\/p>\n<p>[\/et_pb_text][\/et_pb_column][et_pb_column type=\u00a0\u00bb1_3&Prime; _builder_version=\u00a0\u00bb4.16&Prime; _module_preset=\u00a0\u00bbdefault\u00a0\u00bb global_colors_info=\u00a0\u00bb{}\u00a0\u00bb][et_pb_text admin_label=\u00a0\u00bbFin\u00a0\u00bb _builder_version=\u00a0\u00bb4.27.4&Prime; _module_preset=\u00a0\u00bbdefault\u00a0\u00bb global_colors_info=\u00a0\u00bb{}\u00a0\u00bb]<\/p>\n<h2>Fin:<\/h2>\n<p>14.08.2026<\/p>\n<p>[\/et_pb_text][et_pb_text admin_label=\u00a0\u00bbPlaces libres\u00a0\u00bb _builder_version=\u00a0\u00bb4.16&Prime; _module_preset=\u00a0\u00bbdefault\u00a0\u00bb custom_margin=\u00a0\u00bb||0px||false|false\u00a0\u00bb global_colors_info=\u00a0\u00bb{}\u00a0\u00bb]<\/p>\n<h2>Places libres:<\/h2>\n<p>[\/et_pb_text][et_pb_code _builder_version=\u00a0\u00bb4.27.4&Prime; _module_preset=\u00a0\u00bbdefault\u00a0\u00bb global_colors_info=\u00a0\u00bb{}\u00a0\u00bb]document.write(30 - 30 +\" places libres sur \" +30);[\/et_pb_code][\/et_pb_column][\/et_pb_row][et_pb_row column_structure=\u00a0\u00bb1_3,1_3,1_3&Prime; _builder_version=\u00a0\u00bb4.16&Prime; _module_preset=\u00a0\u00bbdefault\u00a0\u00bb global_colors_info=\u00a0\u00bb{}\u00a0\u00bb][et_pb_column type=\u00a0\u00bb1_3&Prime; _builder_version=\u00a0\u00bb4.16&Prime; _module_preset=\u00a0\u00bbdefault\u00a0\u00bb global_colors_info=\u00a0\u00bb{}\u00a0\u00bb][et_pb_text admin_label=\u00a0\u00bbCo\u00fbts\u00a0\u00bb _builder_version=\u00a0\u00bb4.27.4&Prime; _module_preset=\u00a0\u00bbdefault\u00a0\u00bb global_colors_info=\u00a0\u00bb{}\u00a0\u00bb]<\/p>\n<h2>Co\u00fbts:<\/h2>\n<p>CHF 1&rsquo;150.-<\/p>\n<p>[\/et_pb_text][\/et_pb_column][et_pb_column type=\u00a0\u00bb1_3&Prime; _builder_version=\u00a0\u00bb4.16&Prime; _module_preset=\u00a0\u00bbdefault\u00a0\u00bb global_colors_info=\u00a0\u00bb{}\u00a0\u00bb][et_pb_text admin_label=\u00a0\u00bbProgramme\u00a0\u00bb _builder_version=\u00a0\u00bb4.16&Prime; _module_preset=\u00a0\u00bbdefault\u00a0\u00bb global_colors_info=\u00a0\u00bb{}\u00a0\u00bb]<\/p>\n<h2>Programme:<\/h2>\n<p><a href=\"#info-programm-sommer\">plus amples informations<\/a><\/p>\n<p>[\/et_pb_text][\/et_pb_column][et_pb_column type=\u00a0\u00bb1_3&Prime; _builder_version=\u00a0\u00bb4.16&Prime; _module_preset=\u00a0\u00bbdefault\u00a0\u00bb global_colors_info=\u00a0\u00bb{}\u00a0\u00bb][\/et_pb_column][\/et_pb_row][et_pb_row _builder_version=\u00a0\u00bb4.16&Prime; _module_preset=\u00a0\u00bbdefault\u00a0\u00bb global_colors_info=\u00a0\u00bb{}\u00a0\u00bb][et_pb_column type=\u00a0\u00bb4_4&Prime; _builder_version=\u00a0\u00bb4.16&Prime; _module_preset=\u00a0\u00bbdefault\u00a0\u00bb global_colors_info=\u00a0\u00bb{}\u00a0\u00bb][et_pb_button button_url=\u00a0\u00bbhttps:\/\/db.sjas.ch\/fr\/groups\/1\/public_events\/83&Prime; url_new_window=\u00a0\u00bbon\u00a0\u00bb button_text=\u00a0\u00bbS\u2019inscrire\u00a0\u00bb button_alignment=\u00a0\u00bbcenter\u00a0\u00bb _builder_version=\u00a0\u00bb4.27.4&Prime; _module_preset=\u00a0\u00bbdefault\u00a0\u00bb global_colors_info=\u00a0\u00bb{}\u00a0\u00bb][\/et_pb_button][\/et_pb_column][\/et_pb_row][\/et_pb_section][et_pb_section fb_built=\u00a0\u00bb1&Prime; module_id=\u00a0\u00bbinfos-sommerferienlager-scroll\u00a0\u00bb _builder_version=\u00a0\u00bb4.16&Prime; _module_preset=\u00a0\u00bbdefault\u00a0\u00bb background_color=\u00a0\u00bb#FFFFFF\u00a0\u00bb global_colors_info=\u00a0\u00bb{}\u00a0\u00bb][et_pb_row _builder_version=\u00a0\u00bb4.16&Prime; _module_preset=\u00a0\u00bbdefault\u00a0\u00bb global_colors_info=\u00a0\u00bb{}\u00a0\u00bb][et_pb_column type=\u00a0\u00bb4_4&Prime; _builder_version=\u00a0\u00bb4.16&Prime; _module_preset=\u00a0\u00bbdefault\u00a0\u00bb global_colors_info=\u00a0\u00bb{}\u00a0\u00bb][et_pb_text _builder_version=\u00a0\u00bb4.16&Prime; _module_preset=\u00a0\u00bbdefault\u00a0\u00bb global_colors_info=\u00a0\u00bb{}\u00a0\u00bb]<\/p>\n<h2>Informations sur les camps d\u2019\u00e9t\u00e9<\/h2>\n<p>Durant les camps d\u2019\u00e9t\u00e9, des randonn\u00e9es, des jeux, des excursions et d\u2019autres activit\u00e9s \u00e0 l\u2019int\u00e9rieur comme \u00e0 l\u2019ext\u00e9rieur participent \u00e0 l\u2019exp\u00e9rience particuli\u00e8re que sont les vacances en Suisse.<\/p>\n<p>[\/et_pb_text][\/et_pb_column][\/et_pb_row][\/et_pb_section][et_pb_section fb_built=\u00a0\u00bb1&Prime; _builder_version=\u00a0\u00bb4.16&Prime; _module_preset=\u00a0\u00bbdefault\u00a0\u00bb background_color=\u00a0\u00bbrgba(10,10,10,0.06)\u00a0\u00bb global_module=\u00a0\u00bb237401&Prime; global_colors_info=\u00a0\u00bb{}\u00a0\u00bb][et_pb_row column_structure=\u00a0\u00bb1_2,1_2&Prime; _builder_version=\u00a0\u00bb4.16&Prime; _module_preset=\u00a0\u00bbdefault\u00a0\u00bb global_colors_info=\u00a0\u00bb{}\u00a0\u00bb][et_pb_column type=\u00a0\u00bb1_2&Prime; _builder_version=\u00a0\u00bb4.16&Prime; _module_preset=\u00a0\u00bbdefault\u00a0\u00bb global_colors_info=\u00a0\u00bb{}\u00a0\u00bb][et_pb_image src=\u00a0\u00bbhttp:\/\/sjas.ch\/wp-content\/uploads\/2021\/11\/blume-rgb.svg\u00a0\u00bb title_text=\u00a0\u00bbblume-rgb\u00a0\u00bb _builder_version=\u00a0\u00bb4.18.0&Prime; _module_preset=\u00a0\u00bb079d8414-f781-439d-b599-d7aaf3414194&Prime; global_colors_info=\u00a0\u00bb{}\u00a0\u00bb][\/et_pb_image][et_pb_text admin_label=\u00a0\u00bbInscription\u00a0\u00bb _builder_version=\u00a0\u00bb4.27.4&Prime; _module_preset=\u00a0\u00bbdefault\u00a0\u00bb link_option_url_new_window=\u00a0\u00bbon\u00a0\u00bb global_colors_info=\u00a0\u00bb{}\u00a0\u00bb]<\/p>\n<h2>Inscription<\/h2>\n<p>La SJAS ouvre les inscriptions pour les camps de vacances d&rsquo;\u00e9t\u00e9 le 2e mardi de janvier. Les inscriptions se font exclusivement via le site web, directement sur la page du camp d&rsquo;\u00e9t\u00e9 concern\u00e9. <a href=\"https:\/\/sjas.ch\/wp-content\/uploads\/2024\/12\/Guideline_How-to-register-Hitobito-1.pdf\" target=\"_blank\" rel=\"attachment noopener wp-att-244227\">Nos instructions<\/a> vous aident dans la proc\u00e9dure d&rsquo;inscription<a href=\"https:\/\/sjas.ch\/wp-content\/uploads\/2024\/10\/Guideline_How-to-register-Hitobito.pdf\">.<\/a> Pour s&rsquo;inscrire, un compte sur le site db.sjas.ch (Hitobito) est n\u00e9cessaire. Si vous n&rsquo;avez pas encore de compte, vous pouvez en cr\u00e9er un d\u00e8s maintenant \u00e0 l&rsquo;aide du <a href=\"https:\/\/db.sjas.ch\/fr\/groups\/1\/public_events\/74\" target=\"_blank\" rel=\"noopener\">Test Camp<\/a>.<\/p>\n<p>Toutes les informations suppl\u00e9mentaires concernant l&rsquo;inscription se trouvent dans les <a href=\"https:\/\/sjas.ch\/wp-content\/uploads\/2024\/11\/CG_camps_ete-1.pdf\" target=\"_blank\" rel=\"attachment noopener wp-att-243812\">CGV<\/a> et la FAQ.<\/p>\n<p>&nbsp;<\/p>\n<p>[\/et_pb_text][\/et_pb_column][et_pb_column type=\u00a0\u00bb1_2&Prime; _builder_version=\u00a0\u00bb4.16&Prime; _module_preset=\u00a0\u00bbdefault\u00a0\u00bb global_colors_info=\u00a0\u00bb{}\u00a0\u00bb][et_pb_text admin_label=\u00a0\u00bbCondition de particicpation\u00a0\u00bb _builder_version=\u00a0\u00bb4.27.4&Prime; _module_preset=\u00a0\u00bb88f9f053-e3c8-4efc-962f-0fecc082167f\u00a0\u00bb global_colors_info=\u00a0\u00bb{}\u00a0\u00bb]<\/p>\n<h2>Conditions de participation<\/h2>\n<p>Tous les enfants suisses de l\u2019\u00e9tranger, qui correspondent \u00e0 la tranche d\u2019\u00e2ge du camp propos\u00e9 et parlent couramment l\u2019une des langues des camps, peuvent participer \u00e0 nos camps de vacances. Les conditions d\u00e9taill\u00e9es de participation se trouvent dans les <a href=\"https:\/\/sjas.ch\/wp-content\/uploads\/2024\/11\/CG_camps_ete-1.pdf\" target=\"_blank\" rel=\"attachment noopener wp-att-243812\">CGV<\/a>.<\/p>\n<p>Les conditions de participation pour les enfants fr\u00e9quentant des \u00e9coles suisses \u00e0 l\u2019\u00e9tranger sont disponibles <a href=\"#ConditionsFR\">ici<\/a>.<\/p>\n<p>[\/et_pb_text][\/et_pb_column][\/et_pb_row][\/et_pb_section][et_pb_section fb_built=\u00a0\u00bb1&Prime; _builder_version=\u00a0\u00bb4.16&Prime; _module_preset=\u00a0\u00bbdefault\u00a0\u00bb background_enable_color=\u00a0\u00bboff\u00a0\u00bb global_module=\u00a0\u00bb237402&Prime; global_colors_info=\u00a0\u00bb{}\u00a0\u00bb][et_pb_row column_structure=\u00a0\u00bb1_2,1_2&Prime; _builder_version=\u00a0\u00bb4.16&Prime; _module_preset=\u00a0\u00bbdefault\u00a0\u00bb global_colors_info=\u00a0\u00bb{}\u00a0\u00bb][et_pb_column type=\u00a0\u00bb1_2&Prime; _builder_version=\u00a0\u00bb4.16&Prime; _module_preset=\u00a0\u00bbdefault\u00a0\u00bb global_colors_info=\u00a0\u00bb{}\u00a0\u00bb][et_pb_text admin_label=\u00a0\u00bbCat\u00e9gorie d&rsquo;\u00e2ge\u00a0\u00bb _builder_version=\u00a0\u00bb4.27.4&Prime; _module_preset=\u00a0\u00bb88f9f053-e3c8-4efc-962f-0fecc082167f\u00a0\u00bb global_colors_info=\u00a0\u00bb{}\u00a0\u00bb]<\/p>\n<h2>Cat\u00e9gories d&rsquo;\u00e2ge<\/h2>\n<p>Nos camps de vacances s&rsquo;adressent aux enfants suisses de l\u2019\u00e9tranger et des <a href=\"https:\/\/educationsuisse.ch\/fr\/ecoles\/\" target=\"_blank\" rel=\"noopener\">\u00e9coles suisses<\/a> \u00e2g\u00e9s de 8 \u00e0 14 ans et sont organis\u00e9s en trois cat\u00e9gories d&rsquo;\u00e2ge : 8 \u00e0 12 ans, 12 \u00e0 14 ans et 10 \u00e0 14 ans. Des informations plus d\u00e9taill\u00e9es sur les \u00e2ges se trouvent dans les <a href=\"https:\/\/sjas.ch\/wp-content\/uploads\/2024\/11\/CG_camps_ete-1.pdf\" target=\"_blank\" rel=\"attachment noopener wp-att-243812\">CGV<\/a>.<br \/>\u00c0 partir de 15 ans, les jeunes peuvent profiter de l&rsquo;offre de camps de vacances du <a href=\"https:\/\/www.swisscommunity.org\/fr\/offres-pour-les-jeunes-de-15-a-25-ans\/camps\" target=\"_blank\" rel=\"noopener\">Service des jeunes de l&rsquo;Organisation des Suisses de l\u2019\u00e9tranger<\/a>.<\/p>\n<p>[\/et_pb_text][\/et_pb_column][et_pb_column type=\u00a0\u00bb1_2&Prime; _builder_version=\u00a0\u00bb4.16&Prime; _module_preset=\u00a0\u00bbdefault\u00a0\u00bb global_colors_info=\u00a0\u00bb{}\u00a0\u00bb][et_pb_image src=\u00a0\u00bbhttps:\/\/sjas.ch\/wp-content\/uploads\/\/2021\/11\/kreuz-rgb.svg\u00a0\u00bb title_text=\u00a0\u00bbkreuz-rgb\u00a0\u00bb admin_label=\u00a0\u00bbIcon Kreuz\u00a0\u00bb _builder_version=\u00a0\u00bb4.23.4&Prime; _module_preset=\u00a0\u00bb079d8414-f781-439d-b599-d7aaf3414194&Prime; global_colors_info=\u00a0\u00bb{}\u00a0\u00bb][\/et_pb_image][et_pb_text admin_label=\u00a0\u00bbLangues\u00a0\u00bb _builder_version=\u00a0\u00bb4.23.4&Prime; _module_preset=\u00a0\u00bbdefault\u00a0\u00bb global_colors_info=\u00a0\u00bb{}\u00a0\u00bb]<\/p>\n<h2>Langues<\/h2>\n<p>Tous nos camps de vacances sont propos\u00e9s en allemand, anglais, fran\u00e7ais, italien et espagnol. Les participant\u00b7e\u00b7s doivent parler couramment au moins une de ces langues.<\/p>\n<p>L&rsquo;\u00e9quipe d\u2019encadrement couvrira ces langues. Les langues les plus parl\u00e9es dans le quotidien des camps de vacances d\u00e9pendent de la composition du groupe.<\/p>\n<p>[\/et_pb_text][\/et_pb_column][\/et_pb_row][\/et_pb_section][et_pb_section fb_built=\u00a0\u00bb1&Prime; _builder_version=\u00a0\u00bb4.16&Prime; _module_preset=\u00a0\u00bbdefault\u00a0\u00bb background_color=\u00a0\u00bbrgba(10,10,10,0.06)\u00a0\u00bb global_module=\u00a0\u00bb237403&Prime; global_colors_info=\u00a0\u00bb{}\u00a0\u00bb][et_pb_row column_structure=\u00a0\u00bb1_2,1_2&Prime; _builder_version=\u00a0\u00bb4.16&Prime; _module_preset=\u00a0\u00bbdefault\u00a0\u00bb global_colors_info=\u00a0\u00bb{}\u00a0\u00bb][et_pb_column type=\u00a0\u00bb1_2&Prime; _builder_version=\u00a0\u00bb4.16&Prime; _module_preset=\u00a0\u00bbdefault\u00a0\u00bb global_colors_info=\u00a0\u00bb{}\u00a0\u00bb][et_pb_image src=\u00a0\u00bbhttps:\/\/sjas.ch\/wp-content\/uploads\/\/2021\/11\/feuer-rgb.svg\u00a0\u00bb title_text=\u00a0\u00bbfeuer-rgb\u00a0\u00bb admin_label=\u00a0\u00bbIcon Feuer\u00a0\u00bb _builder_version=\u00a0\u00bb4.23.4&Prime; _module_preset=\u00a0\u00bb079d8414-f781-439d-b599-d7aaf3414194&Prime; global_colors_info=\u00a0\u00bb{}\u00a0\u00bb][\/et_pb_image][et_pb_text admin_label=\u00a0\u00bbCo\u00fbts\u00a0\u00bb _builder_version=\u00a0\u00bb4.23.4&Prime; _module_preset=\u00a0\u00bbdefault\u00a0\u00bb custom_margin=\u00a0\u00bb||0px||false|false\u00a0\u00bb global_colors_info=\u00a0\u00bb{}\u00a0\u00bb]<\/p>\n<h2>Co\u00fbts<\/h2>\n<p>La contribution pour les camps de vacances varie entre CHF 850.- et CHF 1&rsquo;200.-. Le montant exact est indiqu\u00e9 dans chaque offre.<br \/>Cette contribution couvre l&rsquo;ensemble des activit\u00e9s du camp. Sont inclus dans le prix : tous les d\u00e9placements pendant le camp, les repas, l&rsquo;h\u00e9bergement et toutes les activit\u00e9s du programme. En principe, aucun frais suppl\u00e9mentaire n&rsquo;est \u00e0 pr\u00e9voir durant le camp. Des exceptions peuvent survenir en cas de visite chez le m\u00e9decin ou \u00e0 l&rsquo;h\u00f4pital, ou encore pour l&rsquo;achat exceptionnel de v\u00eatements ou d&rsquo;\u00e9quipement de remplacement.<br \/>Pour tous nos camps de vacances, les frais de voyage aller-retour sont \u00e0 la charge des parents.<br \/>La facturation est envoy\u00e9e avec la confirmation officielle de participation et doit \u00eatre r\u00e9gl\u00e9e dans un d\u00e9lai de 30 jours.<br \/>Les informations concernant les frais d&rsquo;annulation se trouvent dans les <a href=\"https:\/\/sjas.ch\/wp-content\/uploads\/2024\/11\/CG_camps_ete-1.pdf\" target=\"_blank\" rel=\"attachment noopener wp-att-243812\">CGV<\/a>.<\/p>\n<p>[\/et_pb_text][\/et_pb_column][et_pb_column type=\u00a0\u00bb1_2&Prime; _builder_version=\u00a0\u00bb4.16&Prime; _module_preset=\u00a0\u00bbdefault\u00a0\u00bb global_colors_info=\u00a0\u00bb{}\u00a0\u00bb][et_pb_text admin_label=\u00a0\u00bbSoutien financier\u00a0\u00bb _builder_version=\u00a0\u00bb4.23.4&Prime; _module_preset=\u00a0\u00bb88f9f053-e3c8-4efc-962f-0fecc082167f\u00a0\u00bb custom_margin=\u00a0\u00bb50px||0px||false|false\u00a0\u00bb global_colors_info=\u00a0\u00bb{}\u00a0\u00bb]<\/p>\n<h2>Soutien financier<\/h2>\n<p>Conform\u00e9ment \u00e0 sa mission, la SJAS s&rsquo;engage \u00e0 permettre \u00e0 tous les enfants suisses de l\u2019\u00e9tranger \u00e2g\u00e9s de 8 \u00e0 14 ans de participer au moins une fois \u00e0 un camp de vacances en Suisse, ind\u00e9pendamment de la situation financi\u00e8re de leur famille. La SJAS offre une aide financi\u00e8re pour les frais de camp et, dans des cas exceptionnels, pour les frais de voyage.<br \/>Le formulaire de demande peut \u00eatre t\u00e9l\u00e9charg\u00e9 <a href=\"https:\/\/sjas.ch\/wp-content\/uploads\/2021\/12\/Form_Demande_soutien_financier_Winter_F_nouveau.pdf\" target=\"_blank\" rel=\"attachment noopener wp-att-244328\">ici<\/a> et doit \u00eatre envoy\u00e9 \u00e0 <a href=\"mailto:info@sjas.ch\">info@sjas.ch<\/a> dans un d\u00e9lai de 7 jours apr\u00e8s la confirmation de participation.<br \/>Des informations suppl\u00e9mentaires concernant la demande de r\u00e9duction des co\u00fbts sont disponibles <a href=\"#reduktionen\">ici.<\/a><\/p>\n<p>[\/et_pb_text][\/et_pb_column][\/et_pb_row][\/et_pb_section][et_pb_section fb_built=\u00a0\u00bb1&Prime; _builder_version=\u00a0\u00bb4.16&Prime; _module_preset=\u00a0\u00bbdefault\u00a0\u00bb background_enable_color=\u00a0\u00bboff\u00a0\u00bb global_module=\u00a0\u00bb237405&Prime; global_colors_info=\u00a0\u00bb{}\u00a0\u00bb][et_pb_row column_structure=\u00a0\u00bb1_2,1_2&Prime; _builder_version=\u00a0\u00bb4.16&Prime; _module_preset=\u00a0\u00bbdefault\u00a0\u00bb global_colors_info=\u00a0\u00bb{}\u00a0\u00bb][et_pb_column type=\u00a0\u00bb1_2&Prime; _builder_version=\u00a0\u00bb4.16&Prime; _module_preset=\u00a0\u00bbdefault\u00a0\u00bb global_colors_info=\u00a0\u00bb{}\u00a0\u00bb][et_pb_text admin_label=\u00a0\u00bbVoyage aller-retour\u00a0\u00bb _builder_version=\u00a0\u00bb4.23.4&Prime; _module_preset=\u00a0\u00bb88f9f053-e3c8-4efc-962f-0fecc082167f\u00a0\u00bb global_colors_info=\u00a0\u00bb{}\u00a0\u00bb]<\/p>\n<h2>Voyage aller-retour<\/h2>\n<p>Tous nos camps de vacances commencent le premier jour (g\u00e9n\u00e9ralement samedi ou mercredi) \u00e0 13h00 \u00e0 la gare de l\u2019a\u00e9roport de Zurich. Les participant\u00b7e\u00b7s voyagent ensuite en car avec l&rsquo;\u00e9quipe d\u2019encadrement jusqu\u2019\u00e0 la maison du camp. Le dernier jour (g\u00e9n\u00e9ralement vendredi), tous reviennent ensemble en car \u00e0 la gare de l\u2019a\u00e9roport de Zurich, o\u00f9 ils doivent \u00eatre r\u00e9cup\u00e9r\u00e9s \u00e0 12h00. En option, les participants peuvent \u00eatre d\u00e9pos\u00e9s directement \u00e0 la maison du camp le premier jour \u00e0 16h00 et\/ou r\u00e9cup\u00e9r\u00e9s le dernier jour \u00e0 09h00 sur place.<\/p>\n<p><strong>Swiss Trip<\/strong> : Tous les participant\u00b7e\u00b7s se retrouvent \u00e0 13h00 \u00e0 la gare de l\u2019a\u00e9roport de Zurich et commencent leur voyage \u00e0 partir de l\u00e0. Le dernier jour, ils reviennent \u00e0 la gare de l\u2019a\u00e9roport de Zurich \u00e0 12h00.<\/p>\n<p>Le trajet depuis le domicile jusqu\u2019au point de rendez-vous ainsi que le retour sont sous la responsabilit\u00e9 des parents.<\/p>\n<p>&nbsp;<\/p>\n<p>[\/et_pb_text][\/et_pb_column][et_pb_column type=\u00a0\u00bb1_2&Prime; _builder_version=\u00a0\u00bb4.16&Prime; _module_preset=\u00a0\u00bbdefault\u00a0\u00bb global_colors_info=\u00a0\u00bb{}\u00a0\u00bb][et_pb_image src=\u00a0\u00bbhttp:\/\/sjas.ch\/wp-content\/uploads\/2021\/11\/weg-rgb.svg\u00a0\u00bb title_text=\u00a0\u00bbweg-rgb\u00a0\u00bb admin_label=\u00a0\u00bbIcon Weg\u00a0\u00bb _builder_version=\u00a0\u00bb4.16&Prime; _module_preset=\u00a0\u00bb079d8414-f781-439d-b599-d7aaf3414194&Prime; global_colors_info=\u00a0\u00bb{}\u00a0\u00bb][\/et_pb_image][et_pb_text admin_label=\u00a0\u00bbEnfants voyageant seuls\u00a0\u00bb _builder_version=\u00a0\u00bb4.23.4&Prime; _module_preset=\u00a0\u00bbdefault\u00a0\u00bb custom_margin=\u00a0\u00bb||0px||false|false\u00a0\u00bb global_colors_info=\u00a0\u00bb{}\u00a0\u00bb]<\/p>\n<h2>Enfants voyageant seuls<\/h2>\n<p>Pour les enfants voyageant seuls en Suisse, sans \u00eatre accompagn\u00e9s par des proches ou des connaissances, l&rsquo;option suivante est propos\u00e9e : Une personne de l&rsquo;\u00e9quipe d\u2019encadrement peut accueillir votre enfant \u00e0 l\u2019a\u00e9roport de Zurich le premier jour du camp et s\u2019en occuper jusqu\u2019au d\u00e9but du s\u00e9jour. Le dernier jour du camp, une personne de l&rsquo;\u00e9quipe d\u2019encadrement peut accompagner l\u2019enfant jusqu\u2019au moment de l\u2019enregistrement (Check-in) pour son vol de retour. Ce service d\u2019accompagnement est disponible le <strong>premier jour du camp entre 9h00 et 12h00<\/strong> et le <strong>dernier jour entre 14h00 et 17h00<\/strong>. Cela signifie que votre enfant doit atterrir ou s\u2019enregistrer \u00e0 Zurich pendant ces plages horaires.<br \/>Ce service est factur\u00e9 CHF 50.\u2013 par accompagnement.<\/p>\n<p>[\/et_pb_text][et_pb_toggle title=\u00a0\u00bbEn savoir plus \u2193\u00a0\u00bb open_toggle_background_color=\u00a0\u00bbRGBA(0,0,0,0)\u00a0\u00bb closed_toggle_background_color=\u00a0\u00bbRGBA(0,0,0,0)\u00a0\u00bb module_class=\u00a0\u00bbet-readmore-toggle\u00a0\u00bb _builder_version=\u00a0\u00bb4.23.4&Prime; _module_preset=\u00a0\u00bbdefault\u00a0\u00bb title_text_color=\u00a0\u00bb#000000&Prime; custom_padding=\u00a0\u00bb0px|0px|0px|0px|false|false\u00a0\u00bb custom_css_main_element=\u00a0\u00bbdisplay:flex;||flex-direction: column;||\u00a0\u00bb custom_css_toggle_title=\u00a0\u00bborder:2;||padding-top: 25px !important;||padding-right:25px !important;\u00a0\u00bb custom_css_toggle_icon=\u00a0\u00bbdisplay: none;\u00a0\u00bb custom_css_toggle_content=\u00a0\u00bborder:1;||padding: 0px;\u00a0\u00bb border_width_all=\u00a0\u00bb0px\u00a0\u00bb global_colors_info=\u00a0\u00bb{}\u00a0\u00bb]<\/p>\n<p>Nous recommandons vivement que les enfants voyageant seuls (y compris ceux de plus de 12 ans) soient enregistr\u00e9s en tant que <strong>\u201cUnaccompanied Minor (UM)\u201d<\/strong> aupr\u00e8s de leur compagnie a\u00e9rienne. Veuillez v\u00e9rifier tous les d\u00e9tails aupr\u00e8s de la compagnie a\u00e9rienne concern\u00e9e avant le d\u00e9part. Veuillez noter que la responsabilit\u00e9 de la SJAS envers l\u2019enfant commence \u00e0 son arriv\u00e9e \u00e0 l\u2019a\u00e9roport de Zurich et prend fin au moment de son enregistrement pour le vol de retour.<\/p>\n<p>[\/et_pb_toggle][et_pb_code disabled_on=\u00a0\u00bbon|on|on\u00a0\u00bb _builder_version=\u00a0\u00bb4.16&Prime; _module_preset=\u00a0\u00bbdefault\u00a0\u00bb disabled=\u00a0\u00bbon\u00a0\u00bb global_colors_info=\u00a0\u00bb{}\u00a0\u00bb]<script><!-- [et_pb_line_break_holder] -->(function($) {<!-- [et_pb_line_break_holder] -->    $(document).ready(function(){<!-- [et_pb_line_break_holder] -->        $('.et-readmore-toggle .et_pb_toggle_title').on('click', function(e) {<!-- [et_pb_line_break_holder] -->            if ($(e.target).closest('.et-readmore-toggle').hasClass('et_pb_toggle_open')) {<!-- [et_pb_line_break_holder] -->                $(this).text('Mehr Lesen \u2193');<!-- [et_pb_line_break_holder] -->            } else {<!-- [et_pb_line_break_holder] -->                $(this).text('Weniger Anzeigen \u2191');<!-- [et_pb_line_break_holder] -->            }<!-- [et_pb_line_break_holder] -->        });<!-- [et_pb_line_break_holder] -->    });<!-- [et_pb_line_break_holder] -->})(jQuery);<!-- [et_pb_line_break_holder] --><\/script>[\/et_pb_code][\/et_pb_column][\/et_pb_row][\/et_pb_section][et_pb_section fb_built=\u00a0\u00bb1&Prime; _builder_version=\u00a0\u00bb4.16&Prime; _module_preset=\u00a0\u00bbdefault\u00a0\u00bb background_color=\u00a0\u00bbrgba(10,10,10,0.06)\u00a0\u00bb global_module=\u00a0\u00bb237406&Prime; global_colors_info=\u00a0\u00bb{}\u00a0\u00bb][et_pb_row column_structure=\u00a0\u00bb1_2,1_2&Prime; _builder_version=\u00a0\u00bb4.16&Prime; _module_preset=\u00a0\u00bbdefault\u00a0\u00bb global_colors_info=\u00a0\u00bb{}\u00a0\u00bb][et_pb_column type=\u00a0\u00bb1_2&Prime; _builder_version=\u00a0\u00bb4.16&Prime; _module_preset=\u00a0\u00bbdefault\u00a0\u00bb global_colors_info=\u00a0\u00bb{}\u00a0\u00bb][et_pb_image src=\u00a0\u00bbhttp:\/\/sjas.ch\/wp-content\/uploads\/2021\/11\/smiley-rgb.svg\u00a0\u00bb title_text=\u00a0\u00bbsmiley-rgb\u00a0\u00bb admin_label=\u00a0\u00bbIcon Smiley\u00a0\u00bb _builder_version=\u00a0\u00bb4.16&Prime; _module_preset=\u00a0\u00bb079d8414-f781-439d-b599-d7aaf3414194&Prime; global_colors_info=\u00a0\u00bb{}\u00a0\u00bb][\/et_pb_image][et_pb_text admin_label=\u00a0\u00bbParticipant\u00b7e\u00b7s\u00a0\u00bb _builder_version=\u00a0\u00bb4.23.4&Prime; _module_preset=\u00a0\u00bbdefault\u00a0\u00bb custom_margin=\u00a0\u00bb||0px||false|false\u00a0\u00bb global_colors_info=\u00a0\u00bb{}\u00a0\u00bb]<\/p>\n<h2>Participant\u00b7e\u00b7s<\/h2>\n<p>Dans nos camps de vacances, des enfants et des jeunes du monde entier se rencontrent et passent 10 \u00e0 14 jours ensemble en tant que groupe. Selon les camps de vacances, ils sont entre 30 et 50 enfants et adolescents. Les enfants suisses \u00e0 l&rsquo;\u00e9tranger et les enfants des <a href=\"https:\/\/educationsuisse.ch\/fr\/ecoles\/\">Ecoles Suisses<\/a> peuvent y participer dans la cat\u00e9gorie d&rsquo;\u00e2ge correspondante<em>, <\/em>ind\u00e9pendamment de leur sexe, de leur religion, de leurs opinions politiques, de leur situation financi\u00e8re et de leur culture.<br \/>Un lien avec la Suisse est le d\u00e9nominateur commun de la communaut\u00e9 des colonies de vacances.<\/p>\n<p>Dans cette communaut\u00e9 interculturelle, les participant\u00b7e\u00b7s peuvent se faire des ami\u00b7e\u00b7s sur tous les continents. Cependant, l&rsquo;organisation d&rsquo;un camp de vacances requiert \u00e9galement la collaboration et la r\u00e9flexion de tous les participant\u00b7e\u00b7s ainsi que l&rsquo;accomplissement autonome de t\u00e2ches quotidiennes telles que la vaisselle, le rangement, le nettoyage de la salle de bain, etc.<\/p>\n<p>&nbsp;<\/p>\n<p>[\/et_pb_text][\/et_pb_column][et_pb_column type=\u00a0\u00bb1_2&Prime; _builder_version=\u00a0\u00bb4.16&Prime; _module_preset=\u00a0\u00bbdefault\u00a0\u00bb global_colors_info=\u00a0\u00bb{}\u00a0\u00bb][et_pb_text admin_label=\u00a0\u00bbMonitrices et moniteurs\u00a0\u00bb _builder_version=\u00a0\u00bb4.23.4&Prime; _module_preset=\u00a0\u00bb88f9f053-e3c8-4efc-962f-0fecc082167f\u00a0\u00bb custom_margin=\u00a0\u00bb50px||0px||false|false\u00a0\u00bb global_colors_info=\u00a0\u00bb{}\u00a0\u00bb]<\/p>\n<h2>\u00c9quipe d\u2019encadrement (les Monos)<\/h2>\n<p>La planification et la r\u00e9alisation des camps d\u2019\u00e9t\u00e9 reposent sur le travail b\u00e9n\u00e9vole des Monos (\u00e0 l\u2019exception des civilistes).<br \/>Les Monos se composent de 8 \u00e0 12 Suisses\u00b7ses, de l\u2019int\u00e9rieur ou de l\u2019\u00e9tranger, selon la taille du camp. Ces b\u00e9n\u00e9voles adultes, motiv\u00e9s et engag\u00e9s, assurent l\u2019encadrement. La cuisine est prise en charge par une \u00e9quipe de deux personnes. De nombreux membres de l\u2019\u00e9quipe sont multilingues et poss\u00e8dent une exp\u00e9rience dans l\u2019encadrement de camps pour enfants et adolescents<\/p>\n<p>L\u2019\u00e9quipe est dirig\u00e9e par deux monos principales. Au moins la moiti\u00e9 des Monos poss\u00e8de une certification Jeunesse+Sport (J+S) dans les cat\u00e9gories <a href=\"https:\/\/www.jugendundsport.ch\/fr\/ski\">Ski<\/a> ou <a href=\"https:\/\/www.jugendundsport.ch\/fr\/snowboard-fr\">Snowboard<\/a>.<br \/>L\u2019\u00e9quipe, attentive et d\u00e9vou\u00e9e, veille jour et nuit sur la communaut\u00e9 du camp et r\u00e9pond aux besoins et pr\u00e9occupations des participant\u00b7e\u00b7s.\u200b<\/p>\n<p>&nbsp;<\/p>\n<p>&nbsp;<\/p>\n<p>[\/et_pb_text][\/et_pb_column][\/et_pb_row][\/et_pb_section][et_pb_section fb_built=\u00a0\u00bb1&Prime; admin_label=\u00a0\u00bbsection\u00a0\u00bb module_id=\u00a0\u00bbinfo-programm-sommer\u00a0\u00bb _builder_version=\u00a0\u00bb4.16&Prime; _module_preset=\u00a0\u00bbdefault\u00a0\u00bb background_enable_color=\u00a0\u00bboff\u00a0\u00bb global_module=\u00a0\u00bb237407&Prime; global_colors_info=\u00a0\u00bb{}\u00a0\u00bb][et_pb_row column_structure=\u00a0\u00bb1_2,1_2&Prime; _builder_version=\u00a0\u00bb4.16&Prime; _module_preset=\u00a0\u00bbdefault\u00a0\u00bb global_colors_info=\u00a0\u00bb{}\u00a0\u00bb][et_pb_column type=\u00a0\u00bb1_2&Prime; _builder_version=\u00a0\u00bb4.16&Prime; _module_preset=\u00a0\u00bbdefault\u00a0\u00bb global_colors_info=\u00a0\u00bb{}\u00a0\u00bb][et_pb_text admin_label=\u00a0\u00bbProgramme\u00a0\u00bb _builder_version=\u00a0\u00bb4.23.4&Prime; _module_preset=\u00a0\u00bb88f9f053-e3c8-4efc-962f-0fecc082167f\u00a0\u00bb custom_margin=\u00a0\u00bb50px||0px||false|false\u00a0\u00bb global_colors_info=\u00a0\u00bb{}\u00a0\u00bb]<\/p>\n<h2>Programme<\/h2>\n<p>Le programme des camps de vacances est \u00e9labor\u00e9 par l\u2019\u00e9quipe d&rsquo;encadrement en collaboration avec le bureau de la SJAS. L\u2019objectif est de permettre \u00e0 tous les enfants et adolescents d\u2019entrer en contact avec la Suisse de mani\u00e8re vari\u00e9e afin de mieux conna\u00eetre leur pays d\u2019origine.<\/p>\n<p>Les activit\u00e9s principales incluent des jeux, du sport, des randonn\u00e9es, des excursions, des visites de villes, et bien plus encore. Nous veillons \u00e0 proposer un programme diversifi\u00e9 et adapt\u00e9 \u00e0 l\u2019\u00e2ge des participant\u00b7e\u00b7s. Aventures, plaisir et nouvelles rencontres sont garantis !<\/p>\n<p>[\/et_pb_text][et_pb_toggle title=\u00a0\u00bbEn savoir plus \u2193\u00a0\u00bb open_toggle_background_color=\u00a0\u00bbRGBA(0,0,0,0)\u00a0\u00bb closed_toggle_background_color=\u00a0\u00bbRGBA(0,0,0,0)\u00a0\u00bb module_class=\u00a0\u00bbet-readmore-toggle\u00a0\u00bb _builder_version=\u00a0\u00bb4.23.4&Prime; _module_preset=\u00a0\u00bbdefault\u00a0\u00bb title_text_color=\u00a0\u00bb#000000&Prime; custom_padding=\u00a0\u00bb0px|0px|0px|0px|false|false\u00a0\u00bb custom_css_main_element=\u00a0\u00bbdisplay:flex;||flex-direction: column;||\u00a0\u00bb custom_css_toggle_title=\u00a0\u00bborder:2;||padding-top: 25px !important;||padding-right:25px !important;\u00a0\u00bb custom_css_toggle_icon=\u00a0\u00bbdisplay: none;\u00a0\u00bb custom_css_toggle_content=\u00a0\u00bborder:1;||padding: 0px;\u00a0\u00bb border_width_all=\u00a0\u00bb0px\u00a0\u00bb global_colors_info=\u00a0\u00bb{}\u00a0\u00bb]<\/p>\n<p>Le programme d\u00e9taill\u00e9 n\u2019est pas publi\u00e9 \u00e0 l\u2019avance afin de maintenir la surprise et l\u2019enthousiasme des participant\u00b7e\u00b7s chaque jour. Il peut \u00e9galement \u00eatre ajust\u00e9 en fonction de la m\u00e9t\u00e9o et des circonstances. Un exemple de journ\u00e9e type est disponible <a href=\"https:\/\/sjas.ch\/wp-content\/uploads\/2024\/12\/Beispieltage_Sommerferienlager_F.pdf\" target=\"_blank\" rel=\"attachment noopener wp-att-244092\">ici.<\/a><\/p>\n<p>[\/et_pb_toggle][et_pb_code disabled_on=\u00a0\u00bbon|on|on\u00a0\u00bb _builder_version=\u00a0\u00bb4.16&Prime; _module_preset=\u00a0\u00bbdefault\u00a0\u00bb custom_padding=\u00a0\u00bb0px||0px|||\u00a0\u00bb disabled=\u00a0\u00bbon\u00a0\u00bb global_colors_info=\u00a0\u00bb{}\u00a0\u00bb]<script><!-- [et_pb_line_break_holder] -->(function($) {<!-- [et_pb_line_break_holder] -->    $(document).ready(function(){<!-- [et_pb_line_break_holder] -->        $('.et-readmore-toggle .et_pb_toggle_title').on('click', function(e) {<!-- [et_pb_line_break_holder] -->            if ($(e.target).closest('.et-readmore-toggle').hasClass('et_pb_toggle_open')) {<!-- [et_pb_line_break_holder] -->                $(this).text('Mehr Lesen \u2193');<!-- [et_pb_line_break_holder] -->            } else {<!-- [et_pb_line_break_holder] -->                $(this).text('Weniger Anzeigen \u2191');<!-- [et_pb_line_break_holder] -->            }<!-- [et_pb_line_break_holder] -->        });<!-- [et_pb_line_break_holder] -->    });<!-- [et_pb_line_break_holder] -->})(jQuery);<!-- [et_pb_line_break_holder] --><\/script>[\/et_pb_code][\/et_pb_column][et_pb_column type=\u00a0\u00bb1_2&Prime; _builder_version=\u00a0\u00bb4.16&Prime; _module_preset=\u00a0\u00bbdefault\u00a0\u00bb global_colors_info=\u00a0\u00bb{}\u00a0\u00bb][et_pb_image src=\u00a0\u00bbhttp:\/\/sjas.ch\/wp-content\/uploads\/2021\/11\/herz-rgb.svg\u00a0\u00bb title_text=\u00a0\u00bbherz-rgb\u00a0\u00bb _builder_version=\u00a0\u00bb4.23.4&Prime; _module_preset=\u00a0\u00bb079d8414-f781-439d-b599-d7aaf3414194&Prime; global_colors_info=\u00a0\u00bb{}\u00a0\u00bb][\/et_pb_image][et_pb_text admin_label=\u00a0\u00bbAssurance\u00a0\u00bb _builder_version=\u00a0\u00bb4.23.4&Prime; _module_preset=\u00a0\u00bbdefault\u00a0\u00bb global_colors_info=\u00a0\u00bb{}\u00a0\u00bb]<\/p>\n<h2>Assurance<\/h2>\n<p>La SJAS a conclu une assurance-accidents compl\u00e9mentaire pour tous les participant\u00b7e\u00b7s de nationalit\u00e9 suisse. Pour un traitement dans un cabinet m\u00e9dical ou un h\u00f4pital, il faut cependant imp\u00e9rativement pr\u00e9senter <strong>sa propre assurance <\/strong>pour que le traitement puisse avoir lieu. La question des co\u00fbts est ensuite clarifi\u00e9e par l&rsquo;assurance.<\/p>\n<p>Les participant\u00b7e\u00b7s ne sont toutefois <strong>PAS<\/strong> couverts contre la maladie. SJAS recommande vivement de souscrire une assurance internationale ad\u00e9quate, car les frais m\u00e9dicaux li\u00e9s \u00e0 une maladie seront factur\u00e9s aux parents.<\/p>\n<p>[\/et_pb_text][\/et_pb_column][\/et_pb_row][\/et_pb_section][et_pb_section fb_built=\u00a0\u00bb1&Prime; admin_label=\u00a0\u00bbsection\u00a0\u00bb _builder_version=\u00a0\u00bb4.16&Prime; _module_preset=\u00a0\u00bbdefault\u00a0\u00bb background_color=\u00a0\u00bb#F2F2F2&Prime; global_module=\u00a0\u00bb237408&Prime; global_colors_info=\u00a0\u00bb{}\u00a0\u00bb][et_pb_row column_structure=\u00a0\u00bb1_2,1_2&Prime; _builder_version=\u00a0\u00bb4.16&Prime; _module_preset=\u00a0\u00bbdefault\u00a0\u00bb global_colors_info=\u00a0\u00bb{}\u00a0\u00bb][et_pb_column type=\u00a0\u00bb1_2&Prime; _builder_version=\u00a0\u00bb4.16&Prime; _module_preset=\u00a0\u00bbdefault\u00a0\u00bb global_colors_info=\u00a0\u00bb{}\u00a0\u00bb][et_pb_image src=\u00a0\u00bbhttp:\/\/sjas.ch\/wp-content\/uploads\/2021\/11\/weg-rgb.svg\u00a0\u00bb title_text=\u00a0\u00bbweg-rgb\u00a0\u00bb _builder_version=\u00a0\u00bb4.16&Prime; _module_preset=\u00a0\u00bb079d8414-f781-439d-b599-d7aaf3414194&Prime; global_colors_info=\u00a0\u00bb{}\u00a0\u00bb][\/et_pb_image][et_pb_text admin_label=\u00a0\u00bbLieu du camp de vacances\u00a0\u00bb _builder_version=\u00a0\u00bb4.23.4&Prime; _module_preset=\u00a0\u00bbdefault\u00a0\u00bb global_colors_info=\u00a0\u00bb{}\u00a0\u00bb]<\/p>\n<h2>Lieu du camp de vacances<\/h2>\n<p>Nos camps de vacances se d\u00e9roulent dans divers lieux r\u00e9partis dans diff\u00e9rents cantons. Certains lieux ou maisons de camp peuvent \u00eatre r\u00e9currents en raison d\u2019une longue collaboration, bien que le programme soit planifi\u00e9 chaque ann\u00e9e de mani\u00e8re unique.<br \/>La localisation pr\u00e9cise de chaque camp est indiqu\u00e9e dans l\u2019offre correspondante.<\/p>\n<p>Dans les Swiss Trips, les participants changent plusieurs fois de lieu. L\u2019itin\u00e9raire g\u00e9n\u00e9ral est communiqu\u00e9 avant le d\u00e9but du camp.<\/p>\n<p>[\/et_pb_text][\/et_pb_column][et_pb_column type=\u00a0\u00bb1_2&Prime; _builder_version=\u00a0\u00bb4.16&Prime; _module_preset=\u00a0\u00bbdefault\u00a0\u00bb global_colors_info=\u00a0\u00bb{}\u00a0\u00bb][et_pb_text admin_label=\u00a0\u00bbH\u00e9b\u00e9rgement\u00a0\u00bb _builder_version=\u00a0\u00bb4.23.4&Prime; _module_preset=\u00a0\u00bb88f9f053-e3c8-4efc-962f-0fecc082167f\u00a0\u00bb global_colors_info=\u00a0\u00bb{}\u00a0\u00bb]<\/p>\n<h2>H\u00e9b\u00e9rgement<\/h2>\n<p>La majorit\u00e9 de nos camps de vacances se d\u00e9roulent dans des maisons de camp simples mais bien \u00e9quip\u00e9es, avec des dortoirs et suffisamment d\u2019espace pour tous les participants. Le lieu et le nom de la maison de camp sont pr\u00e9cis\u00e9s dans l\u2019offre du camp correspondant.<\/p>\n<p>Les <strong>Swiss Trips <\/strong>font exception<strong> :<\/strong> pendant ces s\u00e9jours, le groupe voyage \u00e0 travers la Suisse et passe la nuit dans diff\u00e9rents types d\u2019h\u00e9bergement (par exemple, ferme, tente, bivouac).<\/p>\n<p>Toutes les quelques ann\u00e9es, des camps sp\u00e9ciaux sont organis\u00e9s, avec des formes d\u2019h\u00e9bergement vari\u00e9es, comme pour des camps de musique, de cirque ou de v\u00e9lo. Les informations relatives \u00e0 ces camps sp\u00e9ciaux sont incluses dans l\u2019offre du camp si un tel programme est pr\u00e9vu.<\/p>\n<p>[\/et_pb_text][\/et_pb_column][\/et_pb_row][\/et_pb_section]<\/p>\n","protected":false},"excerpt":{"rendered":"<p>Swiss Trip 3Le Swiss Trip est un camp de vacances sp\u00e9cial et itin\u00e9rant \u00e0 travers la Suisse. Lors de ce voyage riche en d\u00e9couvertes, tu emprunteras divers moyens de transport et passeras chaque nuit ou presque dans un endroit diff\u00e9rent. Pour y participer, il faut aimer de bouger, \u00eatre en bonne condition physique pour venir [&hellip;]<\/p>\n","protected":false},"author":8,"featured_media":0,"parent":0,"menu_order":0,"comment_status":"closed","ping_status":"closed","template":"","meta":{"_et_pb_use_builder":"on","_et_pb_old_content":"","_et_gb_content_width":"","inline_featured_image":false,"footnotes":""},"class_list":["post-242671","page","type-page","status-publish","hentry"],"yoast_head":"<!-- This site is optimized with the Yoast SEO plugin v27.4 - https:\/\/yoast.com\/product\/yoast-seo-wordpress\/ -->\n<title>Swisstrip 3 - SJAS<\/title>\n<meta name=\"robots\" content=\"index, follow, max-snippet:-1, max-image-preview:large, max-video-preview:-1\" \/>\n<link rel=\"canonical\" href=\"https:\/\/sjas.ch\/swisstrip-3\/\" \/>\n<meta property=\"og:locale\" content=\"fr_FR\" \/>\n<meta property=\"og:type\" content=\"article\" \/>\n<meta property=\"og:title\" content=\"Swisstrip 3 - SJAS\" \/>\n<meta property=\"og:description\" content=\"Swiss Trip 3Le Swiss Trip est un camp de vacances sp\u00e9cial et itin\u00e9rant \u00e0 travers la Suisse. Lors de ce voyage riche en d\u00e9couvertes, tu emprunteras divers moyens de transport et passeras chaque nuit ou presque dans un endroit diff\u00e9rent. Pour y participer, il faut aimer de bouger, \u00eatre en bonne condition physique pour venir [&hellip;]\" \/>\n<meta property=\"og:url\" content=\"https:\/\/sjas.ch\/swisstrip-3\/\" \/>\n<meta property=\"og:site_name\" content=\"SJAS\" \/>\n<meta property=\"article:modified_time\" content=\"2025-12-12T18:01:31+00:00\" \/>\n<meta name=\"twitter:card\" content=\"summary_large_image\" \/>\n<script type=\"application\/ld+json\" class=\"yoast-schema-graph\">{\"@context\":\"https:\\\/\\\/schema.org\",\"@graph\":[{\"@type\":\"WebPage\",\"@id\":\"https:\\\/\\\/sjas.ch\\\/swisstrip-3\\\/\",\"url\":\"https:\\\/\\\/sjas.ch\\\/swisstrip-3\\\/\",\"name\":\"Swisstrip 3 - SJAS\",\"isPartOf\":{\"@id\":\"https:\\\/\\\/sjas.ch\\\/#website\"},\"datePublished\":\"2023-12-15T16:58:41+00:00\",\"dateModified\":\"2025-12-12T18:01:31+00:00\",\"breadcrumb\":{\"@id\":\"https:\\\/\\\/sjas.ch\\\/swisstrip-3\\\/#breadcrumb\"},\"inLanguage\":\"fr-FR\",\"potentialAction\":[{\"@type\":\"ReadAction\",\"target\":[\"https:\\\/\\\/sjas.ch\\\/swisstrip-3\\\/\"]}]},{\"@type\":\"BreadcrumbList\",\"@id\":\"https:\\\/\\\/sjas.ch\\\/swisstrip-3\\\/#breadcrumb\",\"itemListElement\":[{\"@type\":\"ListItem\",\"position\":1,\"name\":\"Home\",\"item\":\"https:\\\/\\\/sjas.ch\\\/\"},{\"@type\":\"ListItem\",\"position\":2,\"name\":\"Swisstrip 3\"}]},{\"@type\":\"WebSite\",\"@id\":\"https:\\\/\\\/sjas.ch\\\/#website\",\"url\":\"https:\\\/\\\/sjas.ch\\\/\",\"name\":\"SJAS\",\"description\":\"\",\"potentialAction\":[{\"@type\":\"SearchAction\",\"target\":{\"@type\":\"EntryPoint\",\"urlTemplate\":\"https:\\\/\\\/sjas.ch\\\/?s={search_term_string}\"},\"query-input\":{\"@type\":\"PropertyValueSpecification\",\"valueRequired\":true,\"valueName\":\"search_term_string\"}}],\"inLanguage\":\"fr-FR\"}]}<\/script>\n<!-- \/ Yoast SEO plugin. -->","yoast_head_json":{"title":"Swisstrip 3 - SJAS","robots":{"index":"index","follow":"follow","max-snippet":"max-snippet:-1","max-image-preview":"max-image-preview:large","max-video-preview":"max-video-preview:-1"},"canonical":"https:\/\/sjas.ch\/swisstrip-3\/","og_locale":"fr_FR","og_type":"article","og_title":"Swisstrip 3 - SJAS","og_description":"Swiss Trip 3Le Swiss Trip est un camp de vacances sp\u00e9cial et itin\u00e9rant \u00e0 travers la Suisse. Lors de ce voyage riche en d\u00e9couvertes, tu emprunteras divers moyens de transport et passeras chaque nuit ou presque dans un endroit diff\u00e9rent. Pour y participer, il faut aimer de bouger, \u00eatre en bonne condition physique pour venir [&hellip;]","og_url":"https:\/\/sjas.ch\/swisstrip-3\/","og_site_name":"SJAS","article_modified_time":"2025-12-12T18:01:31+00:00","twitter_card":"summary_large_image","schema":{"@context":"https:\/\/schema.org","@graph":[{"@type":"WebPage","@id":"https:\/\/sjas.ch\/swisstrip-3\/","url":"https:\/\/sjas.ch\/swisstrip-3\/","name":"Swisstrip 3 - SJAS","isPartOf":{"@id":"https:\/\/sjas.ch\/#website"},"datePublished":"2023-12-15T16:58:41+00:00","dateModified":"2025-12-12T18:01:31+00:00","breadcrumb":{"@id":"https:\/\/sjas.ch\/swisstrip-3\/#breadcrumb"},"inLanguage":"fr-FR","potentialAction":[{"@type":"ReadAction","target":["https:\/\/sjas.ch\/swisstrip-3\/"]}]},{"@type":"BreadcrumbList","@id":"https:\/\/sjas.ch\/swisstrip-3\/#breadcrumb","itemListElement":[{"@type":"ListItem","position":1,"name":"Home","item":"https:\/\/sjas.ch\/"},{"@type":"ListItem","position":2,"name":"Swisstrip 3"}]},{"@type":"WebSite","@id":"https:\/\/sjas.ch\/#website","url":"https:\/\/sjas.ch\/","name":"SJAS","description":"","potentialAction":[{"@type":"SearchAction","target":{"@type":"EntryPoint","urlTemplate":"https:\/\/sjas.ch\/?s={search_term_string}"},"query-input":{"@type":"PropertyValueSpecification","valueRequired":true,"valueName":"search_term_string"}}],"inLanguage":"fr-FR"}]}},"_links":{"self":[{"href":"https:\/\/sjas.ch\/fr\/wp-json\/wp\/v2\/pages\/242671","targetHints":{"allow":["GET"]}}],"collection":[{"href":"https:\/\/sjas.ch\/fr\/wp-json\/wp\/v2\/pages"}],"about":[{"href":"https:\/\/sjas.ch\/fr\/wp-json\/wp\/v2\/types\/page"}],"author":[{"embeddable":true,"href":"https:\/\/sjas.ch\/fr\/wp-json\/wp\/v2\/users\/8"}],"replies":[{"embeddable":true,"href":"https:\/\/sjas.ch\/fr\/wp-json\/wp\/v2\/comments?post=242671"}],"version-history":[{"count":15,"href":"https:\/\/sjas.ch\/fr\/wp-json\/wp\/v2\/pages\/242671\/revisions"}],"predecessor-version":[{"id":247013,"href":"https:\/\/sjas.ch\/fr\/wp-json\/wp\/v2\/pages\/242671\/revisions\/247013"}],"wp:attachment":[{"href":"https:\/\/sjas.ch\/fr\/wp-json\/wp\/v2\/media?parent=242671"}],"curies":[{"name":"wp","href":"https:\/\/api.w.org\/{rel}","templated":true}]}}