{"id":238364,"date":"2021-12-21T18:07:30","date_gmt":"2021-12-21T17:07:30","guid":{"rendered":"https:\/\/dev.sjas.ch\/scheda-campo-di-vacanza-estivo\/"},"modified":"2021-12-23T17:39:21","modified_gmt":"2021-12-23T16:39:21","slug":"scheda-campo-di-vacanza-estivo","status":"publish","type":"page","link":"https:\/\/sjas.ch\/it\/scheda-campo-di-vacanza-estivo\/","title":{"rendered":"Scheda campo di vacanza estivo"},"content":{"rendered":"<p>[et_pb_section fb_built=&#8221;1&#8243; _builder_version=&#8221;4.14.1&#8243; _module_preset=&#8221;default&#8221; hover_enabled=&#8221;0&#8243; global_colors_info=&#8221;{}&#8221; sticky_enabled=&#8221;0&#8243;][et_pb_row _builder_version=&#8221;4.11.4&#8243; _module_preset=&#8221;default&#8221; global_colors_info=&#8221;{}&#8221;][et_pb_column type=&#8221;4_4&#8243; _builder_version=&#8221;4.11.4&#8243; _module_preset=&#8221;default&#8221; global_colors_info=&#8221;{}&#8221;][et_pb_text _builder_version=&#8221;4.14.1&#8243; _module_preset=&#8221;default&#8221; global_colors_info=&#8221;{}&#8221;]<\/p>\n<h1 style=\"text-align: center;\">Template IT<\/h1>\n<p>[\/et_pb_text][\/et_pb_column][\/et_pb_row][et_pb_row _builder_version=&#8221;4.11.4&#8243; _module_preset=&#8221;default&#8221; global_colors_info=&#8221;{}&#8221;][et_pb_column type=&#8221;4_4&#8243; _builder_version=&#8221;4.11.4&#8243; _module_preset=&#8221;default&#8221; global_colors_info=&#8221;{}&#8221;][et_pb_text _builder_version=&#8221;4.14.1&#8243; _module_preset=&#8221;default&#8221; global_colors_info=&#8221;{}&#8221;]<\/p>\n<p style=\"text-align: center;\">Your content goes here. Edit or remove this text inline or in the module Content settings. You can also style every aspect of this content in the module Design settings and even apply custom CSS to this text in the module Advanced settings.\u00a0<\/p>\n<p>[\/et_pb_text][\/et_pb_column][\/et_pb_row][et_pb_row column_structure=&#8221;1_3,1_3,1_3&#8243; _builder_version=&#8221;4.13.0&#8243; _module_preset=&#8221;default&#8221; global_colors_info=&#8221;{}&#8221;][et_pb_column type=&#8221;1_3&#8243; _builder_version=&#8221;4.13.0&#8243; _module_preset=&#8221;default&#8221; global_colors_info=&#8221;{}&#8221;][et_pb_text admin_label=&#8221;Casa vacanze&#8221; _builder_version=&#8221;4.14.1&#8243; _module_preset=&#8221;default&#8221; global_colors_info=&#8221;{}&#8221;]<\/p>\n<h2>Casa vacanze:<\/h2>\n<p>[Nome della casa]<\/p>\n<p>[\/et_pb_text][et_pb_text admin_label=&#8221;Fascia di et\u00e0&#8221; _builder_version=&#8221;4.14.1&#8243; _module_preset=&#8221;default&#8221; global_colors_info=&#8221;{}&#8221;]<\/p>\n<h2>Fascia di et\u00e0:<\/h2>\n<p>[8-11 oppure 12-14 oppure 8-14 anni]<\/p>\n<p>[\/et_pb_text][\/et_pb_column][et_pb_column type=&#8221;1_3&#8243; _builder_version=&#8221;4.13.0&#8243; _module_preset=&#8221;default&#8221; global_colors_info=&#8221;{}&#8221;][et_pb_text admin_label=&#8221;Inizio&#8221; _builder_version=&#8221;4.14.1&#8243; _module_preset=&#8221;default&#8221; global_colors_info=&#8221;{}&#8221;]<\/p>\n<h2>Inizio:<\/h2>\n<p>[Data]<\/p>\n<p>[\/et_pb_text][et_pb_text admin_label=&#8221;Termine di iscrizione&#8221; _builder_version=&#8221;4.14.1&#8243; _module_preset=&#8221;default&#8221; global_colors_info=&#8221;{}&#8221;]<\/p>\n<h2>Termine di iscrizione:<\/h2>\n<p>[Data]<\/p>\n<p>[\/et_pb_text][\/et_pb_column][et_pb_column type=&#8221;1_3&#8243; _builder_version=&#8221;4.13.0&#8243; _module_preset=&#8221;default&#8221; global_colors_info=&#8221;{}&#8221;][et_pb_text admin_label=&#8221;Fine&#8221; _builder_version=&#8221;4.14.1&#8243; _module_preset=&#8221;default&#8221; global_colors_info=&#8221;{}&#8221;]<\/p>\n<h2>Fine:<\/h2>\n<p>[Data]<\/p>\n<p>[\/et_pb_text][et_pb_text admin_label=&#8221;Posti liberi&#8221; _builder_version=&#8221;4.14.1&#8243; _module_preset=&#8221;default&#8221; custom_margin=&#8221;||0px||false|false&#8221; global_colors_info=&#8221;{}&#8221;]<\/p>\n<h2>Posti liberi:<\/h2>\n<p>[\/et_pb_text][et_pb_code _builder_version=&#8221;4.14.1&#8243; _module_preset=&#8221;default&#8221; global_colors_info=&#8221;{}&#8221;]document.write(42 - 35 +\" di \" +42 + \" posti liberi\");[\/et_pb_code][\/et_pb_column][\/et_pb_row][et_pb_row _builder_version=&#8221;4.11.4&#8243; _module_preset=&#8221;default&#8221; global_colors_info=&#8221;{}&#8221;][et_pb_column type=&#8221;4_4&#8243; _builder_version=&#8221;4.11.4&#8243; _module_preset=&#8221;default&#8221; global_colors_info=&#8221;{}&#8221;][et_pb_code _builder_version=&#8221;4.13.0&#8243; _module_preset=&#8221;default&#8221; global_colors_info=&#8221;{}&#8221;]<iframe src=\"https:\/\/www.google.com\/maps\/embed?pb=!1m14!1m8!1m3!1d10895.955756116582!2d7.4576154!3d46.9422565!3m2!1i1024!2i768!4f13.1!3m3!1m2!1s0x0%3A0xae4a3de9c11e8ec4!2sOeschger-Hintermann%20Stiftung%20der%20NHG!5e0!3m2!1sde!2sch!4v1636558245725!5m2!1sde!2sch\" width=\"1920\" height=\"200\" style=\"border:0;\" allowfullscreen=\"\" loading=\"lazy\"><\/iframe>[\/et_pb_code][\/et_pb_column][\/et_pb_row][et_pb_row column_structure=&#8221;1_3,1_3,1_3&#8243; _builder_version=&#8221;4.13.0&#8243; _module_preset=&#8221;default&#8221; global_colors_info=&#8221;{}&#8221;][et_pb_column type=&#8221;1_3&#8243; _builder_version=&#8221;4.13.0&#8243; _module_preset=&#8221;default&#8221; global_colors_info=&#8221;{}&#8221;][et_pb_text admin_label=&#8221;Costi&#8221; _builder_version=&#8221;4.14.1&#8243; _module_preset=&#8221;default&#8221; global_colors_info=&#8221;{}&#8221;]<\/p>\n<h2>Costi:<\/h2>\n<p>[CHF 900.\u2013 oppure CHF 950.\u2013]<\/p>\n<p>[\/et_pb_text][\/et_pb_column][et_pb_column type=&#8221;1_3&#8243; _builder_version=&#8221;4.13.0&#8243; _module_preset=&#8221;default&#8221; global_colors_info=&#8221;{}&#8221;][et_pb_text admin_label=&#8221;Programma&#8221; _builder_version=&#8221;4.14.1&#8243; _module_preset=&#8221;default&#8221; global_colors_info=&#8221;{}&#8221;]<\/p>\n<h2>Programma:<\/h2>\n<p><a href=\"#info-programm-sommer\">Maggiori informazioni<\/a><\/p>\n<p>[\/et_pb_text][\/et_pb_column][et_pb_column type=&#8221;1_3&#8243; _builder_version=&#8221;4.13.0&#8243; _module_preset=&#8221;default&#8221; global_colors_info=&#8221;{}&#8221;][\/et_pb_column][\/et_pb_row][et_pb_row _builder_version=&#8221;4.11.4&#8243; _module_preset=&#8221;default&#8221; global_colors_info=&#8221;{}&#8221;][et_pb_column type=&#8221;4_4&#8243; _builder_version=&#8221;4.11.4&#8243; _module_preset=&#8221;default&#8221; global_colors_info=&#8221;{}&#8221;][et_pb_button button_url=&#8221;https:\/\/db.sjas.ch\/de\/groups\/1\/public_events\/16&#8243; url_new_window=&#8221;on&#8221; button_text=&#8221;Vai al modulo d\u2019iscrizione&#8221; button_alignment=&#8221;center&#8221; _builder_version=&#8221;4.14.1&#8243; _module_preset=&#8221;default&#8221; global_colors_info=&#8221;{}&#8221;][\/et_pb_button][\/et_pb_column][\/et_pb_row][\/et_pb_section][et_pb_section fb_built=&#8221;1&#8243; module_id=&#8221;infos-sommerferienlager-scroll&#8221; _builder_version=&#8221;4.14.1&#8243; _module_preset=&#8221;default&#8221; background_color=&#8221;#FFFFFF&#8221; global_module=&#8221;237400&#8243; global_colors_info=&#8221;{}&#8221;][et_pb_row _builder_version=&#8221;4.13.0&#8243; _module_preset=&#8221;default&#8221; global_colors_info=&#8221;{}&#8221;][et_pb_column type=&#8221;4_4&#8243; _builder_version=&#8221;4.13.0&#8243; _module_preset=&#8221;default&#8221; global_colors_info=&#8221;{}&#8221;][et_pb_text _builder_version=&#8221;4.14.1&#8243; _module_preset=&#8221;default&#8221; global_colors_info=&#8221;{}&#8221;]<\/p>\n<h2>Informazioni sul campo di vacanza estivo<\/h2>\n<p>Il campo di vacanza estivo prevede tante escursioni, giochi, gite e altre attivit\u00e0 indoor e all\u2019aperto per un\u2019esperienza del tutto speciale in Svizzera.<\/p>\n<p>[\/et_pb_text][\/et_pb_column][\/et_pb_row][\/et_pb_section][et_pb_section fb_built=&#8221;1&#8243; _builder_version=&#8221;4.13.0&#8243; _module_preset=&#8221;default&#8221; background_color=&#8221;rgba(10,10,10,0.06)&#8221; global_module=&#8221;237401&#8243; global_colors_info=&#8221;{}&#8221;][et_pb_row column_structure=&#8221;1_2,1_2&#8243; _builder_version=&#8221;4.11.4&#8243; _module_preset=&#8221;default&#8221; global_colors_info=&#8221;{}&#8221;][et_pb_column type=&#8221;1_2&#8243; _builder_version=&#8221;4.11.3&#8243; _module_preset=&#8221;default&#8221; global_colors_info=&#8221;{}&#8221;][et_pb_image src=&#8221;http:\/\/sjas.ch\/wp-content\/uploads\/2021\/11\/blume-rgb.svg&#8221; title_text=&#8221;blume-rgb&#8221; _builder_version=&#8221;4.14.1&#8243; _module_preset=&#8221;079d8414-f781-439d-b599-d7aaf3414194&#8243; global_colors_info=&#8221;{}&#8221;][\/et_pb_image][et_pb_text admin_label=&#8221;Iscrizione&#8221; _builder_version=&#8221;4.14.1&#8243; _module_preset=&#8221;default&#8221; global_colors_info=&#8221;{}&#8221;]<\/p>\n<h2>Iscrizione<\/h2>\n<p>La FGSE apre le iscrizioni per i campi di vacanza estivi ogni anno all\u2019inizio di gennaio. L\u2019iscrizione avviene esclusivamente tramite il sito Internet selezionando il campo pubblicizzato. Per maggiori informazioni sulla procedura d\u2019iscrizione, consultare la nostra [Link].<\/p>\n<p>[\/et_pb_text][\/et_pb_column][et_pb_column type=&#8221;1_2&#8243; _builder_version=&#8221;4.11.3&#8243; _module_preset=&#8221;default&#8221; global_colors_info=&#8221;{}&#8221;][et_pb_text admin_label=&#8221;Fasce di et\u00e0&#8221; _builder_version=&#8221;4.14.1&#8243; _module_preset=&#8221;88f9f053-e3c8-4efc-962f-0fecc082167f&#8221; global_colors_info=&#8221;{}&#8221;]<\/p>\n<h2>Fasce di et\u00e0<\/h2>\n<p>I nostri campi di vacanza si rivolgono a giovani svizzeri all\u2019estero di et\u00e0 compresa tra gli 8 e i 14 anni e si dividono in due fasce di et\u00e0: dagli 8 agli 11 anni e dai 12 ai 14 anni. Se hai pi\u00f9 di 14 anni puoi trovare interessanti offerte di campi vacanza presso il <a href=\"https:\/\/www.swisscommunity.org\/de\/angebote-events\/angebote-fuer-jugendliche-15-25-jahre\" target=\"_blank\" rel=\"noopener\">Servizio giovani dell\u2019Organizzazione degli Svizzeri all\u2019estero<\/a>.<\/p>\n<p>[\/et_pb_text][\/et_pb_column][\/et_pb_row][\/et_pb_section][et_pb_section fb_built=&#8221;1&#8243; _builder_version=&#8221;4.13.0&#8243; _module_preset=&#8221;default&#8221; background_enable_color=&#8221;off&#8221; global_module=&#8221;237402&#8243; global_colors_info=&#8221;{}&#8221;][et_pb_row column_structure=&#8221;1_2,1_2&#8243; _builder_version=&#8221;4.11.3&#8243; _module_preset=&#8221;default&#8221; global_colors_info=&#8221;{}&#8221;][et_pb_column type=&#8221;1_2&#8243; _builder_version=&#8221;4.11.3&#8243; _module_preset=&#8221;default&#8221; global_colors_info=&#8221;{}&#8221;][et_pb_text admin_label=&#8221;Lingue&#8221; _builder_version=&#8221;4.14.1&#8243; _module_preset=&#8221;88f9f053-e3c8-4efc-962f-0fecc082167f&#8221; global_colors_info=&#8221;{}&#8221;]<\/p>\n<h2>Lingue<\/h2>\n<p>Tutti i nostri campi di vacanza sono proposti nelle lingue tedesco, inglese, francese, italiano e spagnolo. Se desideri partecipare a un campo di vacanza devi saper parlare bene una di queste lingue.<\/p>\n<p>[\/et_pb_text][\/et_pb_column][et_pb_column type=&#8221;1_2&#8243; _builder_version=&#8221;4.11.3&#8243; _module_preset=&#8221;default&#8221; global_colors_info=&#8221;{}&#8221;][et_pb_image src=&#8221;http:\/\/sjas.ch\/wp-content\/uploads\/2021\/11\/berg-rgb.svg&#8221; title_text=&#8221;berg-rgb&#8221; admin_label=&#8221;Icon Berg&#8221; _builder_version=&#8221;4.14.1&#8243; _module_preset=&#8221;079d8414-f781-439d-b599-d7aaf3414194&#8243; global_colors_info=&#8221;{}&#8221;][\/et_pb_image][et_pb_text admin_label=&#8221;Localit\u00e0 del campo di vacanza&#8221; _builder_version=&#8221;4.14.1&#8243; _module_preset=&#8221;default&#8221; global_colors_info=&#8221;{}&#8221;]<\/p>\n<h2>Localit\u00e0 del campo di vacanza<\/h2>\n<p>I nostri campi di vacanza si svolgono ogni anno in luoghi diversi nei diversi Cantoni. Leggi le <a href=\"\/ferienlager\/\">singole offerte<\/a> per scoprire dove si situeranno i prossimi campi di vacanza.<\/p>\n<p>[\/et_pb_text][\/et_pb_column][\/et_pb_row][\/et_pb_section][et_pb_section fb_built=&#8221;1&#8243; _builder_version=&#8221;4.13.0&#8243; _module_preset=&#8221;default&#8221; background_color=&#8221;rgba(10,10,10,0.06)&#8221; global_module=&#8221;237403&#8243; global_colors_info=&#8221;{}&#8221;][et_pb_row column_structure=&#8221;1_2,1_2&#8243; _builder_version=&#8221;4.11.4&#8243; _module_preset=&#8221;default&#8221; global_colors_info=&#8221;{}&#8221;][et_pb_column type=&#8221;1_2&#8243; _builder_version=&#8221;4.11.3&#8243; _module_preset=&#8221;default&#8221; global_colors_info=&#8221;{}&#8221;][et_pb_image src=&#8221;http:\/\/sjas.ch\/wp-content\/uploads\/2021\/11\/kreuz-rgb.svg&#8221; title_text=&#8221;kreuz-rgb&#8221; admin_label=&#8221;Icon Berg&#8221; _builder_version=&#8221;4.14.1&#8243; _module_preset=&#8221;079d8414-f781-439d-b599-d7aaf3414194&#8243; global_colors_info=&#8221;{}&#8221;][\/et_pb_image][et_pb_text admin_label=&#8221;Costi&#8221; _builder_version=&#8221;4.14.1&#8243; _module_preset=&#8221;default&#8221; custom_margin=&#8221;||0px||false|false&#8221; global_colors_info=&#8221;{}&#8221;]<\/p>\n<h2>Costi<\/h2>\n<p>Quota d\u2019iscrizione: il contributo di CHF 900.\u2013 copre tutte le spese del campo di vacanza. Il prezzo include tutti i viaggi durante il campo di vacanza, il vitto, l\u2019alloggio e tutti i punti del programma. Durante il campo non saranno addebitate altre spese.<\/p>\n<p>[\/et_pb_text][et_pb_toggle title=&#8221;Mehr Lesen \u2193&#8221; open_toggle_background_color=&#8221;RGBA(0,0,0,0)&#8221; closed_toggle_background_color=&#8221;RGBA(0,0,0,0)&#8221; module_class=&#8221;et-readmore-toggle&#8221; _builder_version=&#8221;4.14.1&#8243; _module_preset=&#8221;default&#8221; title_text_color=&#8221;#000000&#8243; custom_padding=&#8221;0px|0px|0px|0px|false|false&#8221; custom_css_main_element=&#8221;display:flex;||flex-direction: column;||&#8221; custom_css_toggle_title=&#8221;order:2;||padding-top: 25px !important;||padding-right:25px !important;&#8221; custom_css_toggle_icon=&#8221;display: none;&#8221; custom_css_toggle_content=&#8221;order:1;||padding: 0px;&#8221; border_width_all=&#8221;0px&#8221; global_colors_info=&#8221;{}&#8221;]<\/p>\n<p>Fanno eccezione il viaggio in Svizzera e i campi di vacanza tematici, per i quali viene addebitata una tassa di CHF 950.\u2013. In tutti i nostri campi, il viaggio di andata e ritorno in\/dalla Svizzera \u00e8 a carico dei genitori.<\/p>\n<p>[\/et_pb_toggle][et_pb_code disabled_on=&#8221;on|on|on&#8221; _builder_version=&#8221;4.11.4&#8243; _module_preset=&#8221;default&#8221; disabled=&#8221;on&#8221; global_colors_info=&#8221;{}&#8221;]<script><!-- [et_pb_line_break_holder] -->(function($) {<!-- [et_pb_line_break_holder] -->    $(document).ready(function(){<!-- [et_pb_line_break_holder] -->        $('.et-readmore-toggle .et_pb_toggle_title').on('click', function(e) {<!-- [et_pb_line_break_holder] -->            if ($(e.target).closest('.et-readmore-toggle').hasClass('et_pb_toggle_open')) {<!-- [et_pb_line_break_holder] -->                $(this).text('Mehr Lesen \u2193');<!-- [et_pb_line_break_holder] -->            } else {<!-- [et_pb_line_break_holder] -->                $(this).text('Weniger Anzeigen \u2191');<!-- [et_pb_line_break_holder] -->            }<!-- [et_pb_line_break_holder] -->        });<!-- [et_pb_line_break_holder] -->    });<!-- [et_pb_line_break_holder] -->})(jQuery);<!-- [et_pb_line_break_holder] --><\/script>[\/et_pb_code][\/et_pb_column][et_pb_column type=&#8221;1_2&#8243; _builder_version=&#8221;4.11.3&#8243; _module_preset=&#8221;default&#8221; global_colors_info=&#8221;{}&#8221;][et_pb_text admin_label=&#8221;Sostegno finanziario&#8221; _builder_version=&#8221;4.14.1&#8243; _module_preset=&#8221;88f9f053-e3c8-4efc-962f-0fecc082167f&#8221; custom_margin=&#8221;50px||0px||false|false&#8221; global_colors_info=&#8221;{}&#8221;]<\/p>\n<h2>Sostegno finanziario<\/h2>\n<p>In linea con lo scopo della fondazione FGSE, per noi \u00e8 importante che tutti i giovani svizzeri all\u2019estero di et\u00e0 compresa tra gli 8 e i 14 anni, indipendentemente dalla situazione finanziaria delle loro famiglie, possano partecipare a un campo di vacanza in Svizzera almeno una volta. Forniamo un sostegno finanziario per il pagamento della quota d\u2019iscrizione e\/o per le spese di viaggio. Maggiori informazioni sulla domanda di riduzione delle spese sono disponibili <a href=\"https:\/\/sjas.ch\/it\/campo-di-vacanza\/#reduktionen\">qui.<\/a><\/p>\n<p>[\/et_pb_text][\/et_pb_column][\/et_pb_row][\/et_pb_section][et_pb_section fb_built=&#8221;1&#8243; _builder_version=&#8221;4.13.0&#8243; _module_preset=&#8221;default&#8221; background_enable_color=&#8221;off&#8221; global_module=&#8221;237405&#8243; global_colors_info=&#8221;{}&#8221;][et_pb_row column_structure=&#8221;1_2,1_2&#8243; _builder_version=&#8221;4.11.3&#8243; _module_preset=&#8221;default&#8221; global_colors_info=&#8221;{}&#8221;][et_pb_column type=&#8221;1_2&#8243; _builder_version=&#8221;4.11.3&#8243; _module_preset=&#8221;default&#8221; global_colors_info=&#8221;{}&#8221;][et_pb_text admin_label=&#8221;Punto d\u2019incontro&#8221; _builder_version=&#8221;4.14.1&#8243; _module_preset=&#8221;88f9f053-e3c8-4efc-962f-0fecc082167f&#8221; global_colors_info=&#8221;{}&#8221;]<\/p>\n<h2>Punto d\u2019incontro<\/h2>\n<p>Il primo giorno i bambini e le monitrici o i monitori si incontrano alle ore 13.00 alla stazione ferroviaria dell\u2018aeroporto di Zurigo e viaggiano insieme in pullman fino alla localit\u00e0 del campo di vacanza. L\u2019ultimo giorno ritornano tutti insieme in pullman alla stazione ferroviaria dell\u2019aeroporto di Zurigo dove arrivano alle ore 12.00.<\/p>\n<p>[\/et_pb_text][\/et_pb_column][et_pb_column type=&#8221;1_2&#8243; _builder_version=&#8221;4.14.1&#8243; _module_preset=&#8221;default&#8221; global_colors_info=&#8221;{}&#8221;][et_pb_image src=&#8221;http:\/\/sjas.ch\/wp-content\/uploads\/2021\/11\/weg-rgb.svg&#8221; title_text=&#8221;weg-rgb&#8221; admin_label=&#8221;Icon Weg&#8221; _builder_version=&#8221;4.14.1&#8243; _module_preset=&#8221;079d8414-f781-439d-b599-d7aaf3414194&#8243; global_colors_info=&#8221;{}&#8221;][\/et_pb_image][et_pb_text admin_label=&#8221;Giovani svizzeri all\u2019estero che viaggiano da soli&#8221; _builder_version=&#8221;4.14.1&#8243; _module_preset=&#8221;default&#8221; custom_margin=&#8221;||0px||false|false&#8221; global_colors_info=&#8221;{}&#8221;]<\/p>\n<h2>Giovani svizzeri all\u2019estero che viaggiano da soli<\/h2>\n<p>Se viaggi da sola o da solo senza l\u2019accompagnamento di un adulto, una nostra monitrice o un nostro monitore pu\u00f2 accompagnarti dall\u2019aeroporto al punto d\u2019incontro e viceversa. Il primo giorno dovrai arrivare all\u2019aeroporto tra le ore 9.00 e le ore 12.00. L\u2019ultimo giorno, il volo dovr\u00e0 partire tra le ore 14.00 e le ore 17.00.<\/p>\n<p>[\/et_pb_text][et_pb_toggle title=&#8221;Leggi di pi\u00f9 \u2193&#8221; open_toggle_background_color=&#8221;RGBA(0,0,0,0)&#8221; closed_toggle_background_color=&#8221;RGBA(0,0,0,0)&#8221; module_class=&#8221;et-readmore-toggle&#8221; _builder_version=&#8221;4.14.1&#8243; _module_preset=&#8221;default&#8221; title_text_color=&#8221;#000000&#8243; custom_padding=&#8221;0px|0px|0px|0px|false|false&#8221; custom_css_main_element=&#8221;display:flex;||flex-direction: column;||&#8221; custom_css_toggle_title=&#8221;order:2;||padding-top: 25px !important;||padding-right:25px !important;&#8221; custom_css_toggle_icon=&#8221;display: none;&#8221; custom_css_toggle_content=&#8221;order:1;||padding: 0px;&#8221; border_width_all=&#8221;0px&#8221; global_colors_info=&#8221;{}&#8221;]<\/p>\n<p>Per questi costi supplementari addebitiamo ai genitori un importo massimo di CHF 50.\u2013 per servizio. Ricordiamo ai genitori che, nel caso venga richiesto l\u2019accompagnamento della partecipante o del partecipante da parte delle nostre monitrice o dei nostri monitori, la responsabilit\u00e0 della FGSE inizia all\u2019arrivo all\u2019aeroporto in Svizzera e termina al check-in prima della partenza. Raccomandiamo pertanto vivamente di far volare tutti i partecipanti che viaggiano da soli (anche quelli che hanno pi\u00f9 di dodici anni) come \u00abUnaccompanied Minor (UM)\u00bb e di chiarire sul posto tutti gli aspetti con la compagnia di volo.<\/p>\n<p>[\/et_pb_toggle][et_pb_code _builder_version=&#8221;4.11.4&#8243; _module_preset=&#8221;default&#8221; global_colors_info=&#8221;{}&#8221;]<script><!-- [et_pb_line_break_holder] -->(function($) {<!-- [et_pb_line_break_holder] -->    $(document).ready(function(){<!-- [et_pb_line_break_holder] -->        $('.et-readmore-toggle .et_pb_toggle_title').on('click', function(e) {<!-- [et_pb_line_break_holder] -->            if ($(e.target).closest('.et-readmore-toggle').hasClass('et_pb_toggle_open')) {<!-- [et_pb_line_break_holder] -->                $(this).text('Mehr Lesen \u2193');<!-- [et_pb_line_break_holder] -->            } else {<!-- [et_pb_line_break_holder] -->                $(this).text('Weniger Anzeigen \u2191');<!-- [et_pb_line_break_holder] -->            }<!-- [et_pb_line_break_holder] -->        });<!-- [et_pb_line_break_holder] -->    });<!-- [et_pb_line_break_holder] -->})(jQuery);<!-- [et_pb_line_break_holder] --><\/script>[\/et_pb_code][\/et_pb_column][\/et_pb_row][\/et_pb_section][et_pb_section fb_built=&#8221;1&#8243; _builder_version=&#8221;4.14.1&#8243; _module_preset=&#8221;default&#8221; background_color=&#8221;rgba(10,10,10,0.06)&#8221; global_module=&#8221;237406&#8243; global_colors_info=&#8221;{}&#8221;][et_pb_row column_structure=&#8221;1_2,1_2&#8243; _builder_version=&#8221;4.14.1&#8243; _module_preset=&#8221;default&#8221; global_colors_info=&#8221;{}&#8221;][et_pb_column type=&#8221;1_2&#8243; _builder_version=&#8221;4.11.3&#8243; _module_preset=&#8221;default&#8221; global_colors_info=&#8221;{}&#8221;][et_pb_image src=&#8221;http:\/\/sjas.ch\/wp-content\/uploads\/2021\/11\/smiley-rgb.svg&#8221; title_text=&#8221;smiley-rgb&#8221; admin_label=&#8221;Icon Smiley&#8221; _builder_version=&#8221;4.14.1&#8243; _module_preset=&#8221;079d8414-f781-439d-b599-d7aaf3414194&#8243; global_colors_info=&#8221;{}&#8221;][\/et_pb_image][et_pb_text admin_label=&#8221;Partecipanti&#8221; _builder_version=&#8221;4.14.1&#8243; _module_preset=&#8221;default&#8221; custom_margin=&#8221;||0px||false|false&#8221; global_colors_info=&#8221;{}&#8221;]<\/p>\n<h2>Partecipanti<\/h2>\n<p>I nostri campi di vacanza sono il punto di incontro di giovani provenienti da tutto il mondo. In base all\u2019ubicazione del campo di vacanza possono essere ospitati da 24 a 42 giovani svizzeri all\u2019estero. Se sei un giovane svizzero residente all\u2019estero di et\u00e0 compresa tra gli 8 e i 14 anni puoi partecipare indipendentemente dal sesso, dalla religione, dall\u2019 orientamento politico, dalla situazione finanziaria e dalla tua cultura. Ci\u00f2 che ti lega agli altri partecipanti \u00e8 che la Svizzera \u00e8 il vostro paese di origine.<\/p>\n<p>In questa comunit\u00e0 multiculturale potrai fare amicizia con giovani provenienti da tutti i continenti. La vita in comunit\u00e0 richiede tuttavia anche la tua collaborazione nello svolgere in modo autonomo attivit\u00e0 quotidiane come lavare i piatti, riordinare, pulire il bagno.<\/p>\n<p>[\/et_pb_text][\/et_pb_column][et_pb_column type=&#8221;1_2&#8243; _builder_version=&#8221;4.11.3&#8243; _module_preset=&#8221;default&#8221; global_colors_info=&#8221;{}&#8221;][et_pb_text admin_label=&#8221;Responsabili team&#8221; _builder_version=&#8221;4.14.1&#8243; _module_preset=&#8221;88f9f053-e3c8-4efc-962f-0fecc082167f&#8221; custom_margin=&#8221;50px||0px||false|false&#8221; global_colors_info=&#8221;{}&#8221;]<\/p>\n<h2>Responsabili team<\/h2>\n<p>La pianificazione e la gestione del campo di vacanza estivo poggiano sul volontariato dei responsabili team (a eccezione dei civilisti).<\/p>\n<p>A seconda delle dimensioni del campo di vacanza, i responsabili team sono da sei a otto giovani adulti svizzeri che vivono in Svizzera o all\u2019estero. A questi si aggiungono due persone che gestiscono la cucina. Tutti i monitori hanno almeno 18 anni e parlano pi\u00f9 lingue. I responsabili team sono guidati da capicampo esperti. <\/p>\n<p>[\/et_pb_text][et_pb_toggle title=&#8221;Leggi di pi\u00f9 \u2193&#8221; open_toggle_background_color=&#8221;RGBA(0,0,0,0)&#8221; closed_toggle_background_color=&#8221;RGBA(0,0,0,0)&#8221; module_class=&#8221;et-readmore-toggle&#8221; _builder_version=&#8221;4.14.1&#8243; _module_preset=&#8221;default&#8221; title_text_color=&#8221;#000000&#8243; custom_padding=&#8221;0px|0px|0px|0px|false|false&#8221; custom_css_main_element=&#8221;display:flex;||flex-direction: column;||&#8221; custom_css_toggle_title=&#8221;order:2;||padding-top: 25px !important;||padding-right:25px !important;&#8221; custom_css_toggle_icon=&#8221;display: none;&#8221; custom_css_toggle_content=&#8221;order:1;||padding: 0px;&#8221; border_width_all=&#8221;0px&#8221; global_colors_info=&#8221;{}&#8221;]<\/p>\n<p>Almeno la met\u00e0 dispone di un riconoscimento federale come monitrice o monitore di Giovent\u00f9 e Sport (G+S) nelle discipline sport di campo\/trekking. I monitori del campo di vacanza estivo appassionati di attivit\u00e0 all\u2019aperto assistono la comunit\u00e0 24 ore al giorno e sono inoltre le tue persone di riferimento per qualsiasi problema personale.<\/p>\n<p>[\/et_pb_toggle][et_pb_code _builder_version=&#8221;4.11.4&#8243; _module_preset=&#8221;default&#8221; global_colors_info=&#8221;{}&#8221;]<script><!-- [et_pb_line_break_holder] -->(function($) {<!-- [et_pb_line_break_holder] -->    $(document).ready(function(){<!-- [et_pb_line_break_holder] -->        $('.et-readmore-toggle .et_pb_toggle_title').on('click', function(e) {<!-- [et_pb_line_break_holder] -->            if ($(e.target).closest('.et-readmore-toggle').hasClass('et_pb_toggle_open')) {<!-- [et_pb_line_break_holder] -->                $(this).text('Mehr Lesen \u2193');<!-- [et_pb_line_break_holder] -->            } else {<!-- [et_pb_line_break_holder] -->                $(this).text('Weniger Anzeigen \u2191');<!-- [et_pb_line_break_holder] -->            }<!-- [et_pb_line_break_holder] -->        });<!-- [et_pb_line_break_holder] -->    });<!-- [et_pb_line_break_holder] -->})(jQuery);<!-- [et_pb_line_break_holder] --><\/script>[\/et_pb_code][\/et_pb_column][\/et_pb_row][\/et_pb_section][et_pb_section fb_built=&#8221;1&#8243; admin_label=&#8221;section&#8221; module_id=&#8221;info-programm-sommer&#8221; _builder_version=&#8221;4.14.1&#8243; _module_preset=&#8221;default&#8221; background_enable_color=&#8221;off&#8221; global_module=&#8221;237407&#8243; global_colors_info=&#8221;{}&#8221;][et_pb_row column_structure=&#8221;1_2,1_2&#8243; _builder_version=&#8221;4.14.1&#8243; _module_preset=&#8221;default&#8221; global_colors_info=&#8221;{}&#8221;][et_pb_column type=&#8221;1_2&#8243; _builder_version=&#8221;4.14.1&#8243; _module_preset=&#8221;default&#8221; global_colors_info=&#8221;{}&#8221;][et_pb_text admin_label=&#8221;Programm&#8221; _builder_version=&#8221;4.14.1&#8243; _module_preset=&#8221;88f9f053-e3c8-4efc-962f-0fecc082167f&#8221; custom_margin=&#8221;50px||0px||false|false&#8221; global_colors_info=&#8221;{}&#8221;]<\/p>\n<h2>Programma<\/h2>\n<p>Il programma del campo di vacanza viene preparato dai responsabili team in collaborazione con la segreteria della FGSE. L\u2019obiettivo del programma dei campi di vacanza \u00e8 farti entrare in contatto con la Svizzera per permetterti di conoscere meglio il tuo paese di origine.<\/p>\n<p>[\/et_pb_text][et_pb_toggle title=&#8221;Leggi di pi\u00f9 \u2193&#8221; open_toggle_background_color=&#8221;RGBA(0,0,0,0)&#8221; closed_toggle_background_color=&#8221;RGBA(0,0,0,0)&#8221; module_class=&#8221;et-readmore-toggle&#8221; _builder_version=&#8221;4.14.1&#8243; _module_preset=&#8221;default&#8221; title_text_color=&#8221;#000000&#8243; custom_padding=&#8221;0px|0px|0px|0px|false|false&#8221; custom_css_main_element=&#8221;display:flex;||flex-direction: column;||&#8221; custom_css_toggle_title=&#8221;order:2;||padding-top: 25px !important;||padding-right:25px !important;&#8221; custom_css_toggle_icon=&#8221;display: none;&#8221; custom_css_toggle_content=&#8221;order:1;||padding: 0px;&#8221; border_width_all=&#8221;0px&#8221; global_colors_info=&#8221;{}&#8221;]<\/p>\n<p>Giochi, sport, escursioni, gite, visite di citt\u00e0, e molto altro ancora costituiscono le attivit\u00e0 principali. Cerchiamo di fare in modo che il programma sia variato e adatto all\u2019et\u00e0 dei partecipanti. Avventura, divertimento e tanti contatti con altri giovani sono garantiti!<\/p>\n<p>[\/et_pb_toggle][et_pb_code _builder_version=&#8221;4.11.4&#8243; _module_preset=&#8221;default&#8221; global_colors_info=&#8221;{}&#8221;]<script><!-- [et_pb_line_break_holder] -->(function($) {<!-- [et_pb_line_break_holder] -->    $(document).ready(function(){<!-- [et_pb_line_break_holder] -->        $('.et-readmore-toggle .et_pb_toggle_title').on('click', function(e) {<!-- [et_pb_line_break_holder] -->            if ($(e.target).closest('.et-readmore-toggle').hasClass('et_pb_toggle_open')) {<!-- [et_pb_line_break_holder] -->                $(this).text('Mehr Lesen \u2193');<!-- [et_pb_line_break_holder] -->            } else {<!-- [et_pb_line_break_holder] -->                $(this).text('Weniger Anzeigen \u2191');<!-- [et_pb_line_break_holder] -->            }<!-- [et_pb_line_break_holder] -->        });<!-- [et_pb_line_break_holder] -->    });<!-- [et_pb_line_break_holder] -->})(jQuery);<!-- [et_pb_line_break_holder] --><\/script>[\/et_pb_code][\/et_pb_column][et_pb_column type=&#8221;1_2&#8243; _builder_version=&#8221;4.14.1&#8243; _module_preset=&#8221;default&#8221; global_colors_info=&#8221;{}&#8221;][et_pb_image src=&#8221;http:\/\/sjas.ch\/wp-content\/uploads\/2021\/11\/loop-rgb.svg&#8221; title_text=&#8221;loop-rgb&#8221; admin_label=&#8221;Icon Schweiz&#8221; _builder_version=&#8221;4.14.1&#8243; _module_preset=&#8221;079d8414-f781-439d-b599-d7aaf3414194&#8243; global_colors_info=&#8221;{}&#8221;][\/et_pb_image][et_pb_text admin_label=&#8221;Versicherung&#8221; _builder_version=&#8221;4.14.1&#8243; _module_preset=&#8221;default&#8221; global_colors_info=&#8221;{}&#8221;]<\/p>\n<h2>Assicurazione<\/h2>\n<p>Durante i campi di vacanza i partecipanti sono assicurati contro gli infortuni (residenti nei paesi europei, a complemento della propria assicurazione infortuni). I costi per malattia o danni soggetti alla responsabilit\u00e0 civile sono a carico dei genitori. Raccomandiamo pertanto ai genitori di stipulare un\u2019assicurazione internazionale pertinente, per esempio presso la propria agenzia viaggi.<\/p>\n<p>[\/et_pb_text][\/et_pb_column][\/et_pb_row][\/et_pb_section][et_pb_section fb_built=&#8221;1&#8243; admin_label=&#8221;section&#8221; _builder_version=&#8221;4.14.1&#8243; _module_preset=&#8221;default&#8221; background_color=&#8221;#F2F2F2&#8243; global_module=&#8221;237408&#8243; global_colors_info=&#8221;{}&#8221;][et_pb_row column_structure=&#8221;1_2,1_2&#8243; _builder_version=&#8221;4.11.3&#8243; _module_preset=&#8221;default&#8221; global_colors_info=&#8221;{}&#8221;][et_pb_column type=&#8221;1_2&#8243; _builder_version=&#8221;4.11.3&#8243; _module_preset=&#8221;default&#8221; global_colors_info=&#8221;{}&#8221;][et_pb_image src=&#8221;http:\/\/sjas.ch\/wp-content\/uploads\/2021\/11\/kreuz-rgb.svg&#8221; title_text=&#8221;kreuz-rgb&#8221; admin_label=&#8221;Icon Schweiz&#8221; _builder_version=&#8221;4.14.1&#8243; _module_preset=&#8221;079d8414-f781-439d-b599-d7aaf3414194&#8243; global_colors_info=&#8221;{}&#8221;][\/et_pb_image][et_pb_text admin_label=&#8221;Pernottamento&#8221; _builder_version=&#8221;4.14.1&#8243; _module_preset=&#8221;default&#8221; global_colors_info=&#8221;{}&#8221;]<\/p>\n<h2>Pernottamento<\/h2>\n<p>La maggior parte dei nostri campi di vacanza si svolgono in case semplici, ma ben arredate, con camere condivise e spazio sufficiente per tutti. Nelle nostre offerte puoi leggere in quale casa vacanze si svolge il campo che ti interessa.<\/p>\n<p>[\/et_pb_text][et_pb_toggle title=&#8221;Leggi di pi\u00f9 \u2193&#8221; open_toggle_background_color=&#8221;RGBA(0,0,0,0)&#8221; closed_toggle_background_color=&#8221;RGBA(0,0,0,0)&#8221; module_class=&#8221;et-readmore-toggle&#8221; _builder_version=&#8221;4.14.1&#8243; _module_preset=&#8221;default&#8221; title_text_color=&#8221;#000000&#8243; custom_padding=&#8221;0px|0px|0px|0px|false|false&#8221; custom_css_main_element=&#8221;display:flex;||flex-direction: column;||&#8221; custom_css_toggle_title=&#8221;order:2;||padding-top: 25px !important;||padding-right:25px !important;&#8221; custom_css_toggle_icon=&#8221;display: none;&#8221; custom_css_toggle_content=&#8221;order:1;||padding: 0px;&#8221; border_width_all=&#8221;0px&#8221; global_colors_info=&#8221;{}&#8221;]<\/p>\n<p>Fanno eccezione i nostri viaggi attraverso la Svizzera. In questo caso, la comunit\u00e0 del campo di vacanza viaggia per la Svizzera e pernotta in alloggi diversi (ad es. fattoria, tenda, bivacco). Abbiamo anche campi di vacanza speciali organizzati intorno a un tema specifico, come la musica, la vela o il circo. L\u2019alloggio viene scelto in base al tema.<\/p>\n<p>[\/et_pb_toggle][\/et_pb_column][et_pb_column type=&#8221;1_2&#8243; _builder_version=&#8221;4.11.3&#8243; _module_preset=&#8221;default&#8221; global_colors_info=&#8221;{}&#8221;][et_pb_text admin_label=&#8221;Verpflegung&#8221; _builder_version=&#8221;4.14.1&#8243; _module_preset=&#8221;88f9f053-e3c8-4efc-962f-0fecc082167f&#8221; global_colors_info=&#8221;{}&#8221;]<\/p>\n<h2>Vitto<\/h2>\n<p>In cucina lavorano con entusiasmo persone con alle spalle un\u2019esperienza in cucine per gruppi numerosi. Preparano un menu equilibrato e variato per gli ospiti del campo di vacanza che include specialit\u00e0 tradizionali svizzere. Potrai cos\u00ec conoscere la Svizzera anche sul piano culinario.<\/p>\n<p>[\/et_pb_text][\/et_pb_column][\/et_pb_row][\/et_pb_section]<\/p>\n","protected":false},"excerpt":{"rendered":"<p>Template ITYour content goes here. Edit or remove this text inline or in the module Content settings. You can also style every aspect of this content in the module Design settings and even apply custom CSS to this text in the module Advanced settings.\u00a0Casa vacanze: [Nome della casa]Fascia di et\u00e0: [8-11 oppure 12-14 oppure 8-14 [&hellip;]<\/p>\n","protected":false},"author":1,"featured_media":0,"parent":0,"menu_order":0,"comment_status":"closed","ping_status":"closed","template":"","meta":{"_et_pb_use_builder":"on","_et_pb_old_content":"","_et_gb_content_width":"","inline_featured_image":false,"footnotes":""},"class_list":["post-238364","page","type-page","status-publish","hentry"],"yoast_head":"<!-- This site is optimized with the Yoast SEO plugin v27.4 - https:\/\/yoast.com\/product\/yoast-seo-wordpress\/ -->\n<title>Scheda campo di vacanza estivo - SJAS<\/title>\n<meta name=\"robots\" content=\"index, follow, max-snippet:-1, max-image-preview:large, max-video-preview:-1\" \/>\n<link rel=\"canonical\" href=\"https:\/\/sjas.ch\/it\/scheda-campo-di-vacanza-estivo\/\" \/>\n<meta property=\"og:locale\" content=\"it_IT\" \/>\n<meta property=\"og:type\" content=\"article\" \/>\n<meta property=\"og:title\" content=\"Scheda campo di vacanza estivo - SJAS\" \/>\n<meta property=\"og:description\" content=\"Template ITYour content goes here. Edit or remove this text inline or in the module Content settings. You can also style every aspect of this content in the module Design settings and even apply custom CSS to this text in the module Advanced settings.\u00a0Casa vacanze: [Nome della casa]Fascia di et\u00e0: [8-11 oppure 12-14 oppure 8-14 [&hellip;]\" \/>\n<meta property=\"og:url\" content=\"https:\/\/sjas.ch\/it\/scheda-campo-di-vacanza-estivo\/\" \/>\n<meta property=\"og:site_name\" content=\"SJAS\" \/>\n<meta property=\"article:modified_time\" content=\"2021-12-23T16:39:21+00:00\" \/>\n<meta name=\"twitter:card\" content=\"summary_large_image\" \/>\n<meta name=\"twitter:label1\" content=\"Tempo di lettura stimato\" \/>\n\t<meta name=\"twitter:data1\" content=\"16 minuti\" \/>\n<script type=\"application\/ld+json\" class=\"yoast-schema-graph\">{\"@context\":\"https:\\\/\\\/schema.org\",\"@graph\":[{\"@type\":\"WebPage\",\"@id\":\"https:\\\/\\\/sjas.ch\\\/it\\\/scheda-campo-di-vacanza-estivo\\\/\",\"url\":\"https:\\\/\\\/sjas.ch\\\/it\\\/scheda-campo-di-vacanza-estivo\\\/\",\"name\":\"Scheda campo di vacanza estivo - SJAS\",\"isPartOf\":{\"@id\":\"https:\\\/\\\/sjas.ch\\\/#website\"},\"datePublished\":\"2021-12-21T17:07:30+00:00\",\"dateModified\":\"2021-12-23T16:39:21+00:00\",\"breadcrumb\":{\"@id\":\"https:\\\/\\\/sjas.ch\\\/it\\\/scheda-campo-di-vacanza-estivo\\\/#breadcrumb\"},\"inLanguage\":\"it-IT\",\"potentialAction\":[{\"@type\":\"ReadAction\",\"target\":[\"https:\\\/\\\/sjas.ch\\\/it\\\/scheda-campo-di-vacanza-estivo\\\/\"]}]},{\"@type\":\"BreadcrumbList\",\"@id\":\"https:\\\/\\\/sjas.ch\\\/it\\\/scheda-campo-di-vacanza-estivo\\\/#breadcrumb\",\"itemListElement\":[{\"@type\":\"ListItem\",\"position\":1,\"name\":\"Home\",\"item\":\"https:\\\/\\\/sjas.ch\\\/\"},{\"@type\":\"ListItem\",\"position\":2,\"name\":\"Scheda campo di vacanza estivo\"}]},{\"@type\":\"WebSite\",\"@id\":\"https:\\\/\\\/sjas.ch\\\/#website\",\"url\":\"https:\\\/\\\/sjas.ch\\\/\",\"name\":\"SJAS\",\"description\":\"\",\"potentialAction\":[{\"@type\":\"SearchAction\",\"target\":{\"@type\":\"EntryPoint\",\"urlTemplate\":\"https:\\\/\\\/sjas.ch\\\/?s={search_term_string}\"},\"query-input\":{\"@type\":\"PropertyValueSpecification\",\"valueRequired\":true,\"valueName\":\"search_term_string\"}}],\"inLanguage\":\"it-IT\"}]}<\/script>\n<!-- \/ Yoast SEO plugin. -->","yoast_head_json":{"title":"Scheda campo di vacanza estivo - SJAS","robots":{"index":"index","follow":"follow","max-snippet":"max-snippet:-1","max-image-preview":"max-image-preview:large","max-video-preview":"max-video-preview:-1"},"canonical":"https:\/\/sjas.ch\/it\/scheda-campo-di-vacanza-estivo\/","og_locale":"it_IT","og_type":"article","og_title":"Scheda campo di vacanza estivo - SJAS","og_description":"Template ITYour content goes here. Edit or remove this text inline or in the module Content settings. You can also style every aspect of this content in the module Design settings and even apply custom CSS to this text in the module Advanced settings.\u00a0Casa vacanze: [Nome della casa]Fascia di et\u00e0: [8-11 oppure 12-14 oppure 8-14 [&hellip;]","og_url":"https:\/\/sjas.ch\/it\/scheda-campo-di-vacanza-estivo\/","og_site_name":"SJAS","article_modified_time":"2021-12-23T16:39:21+00:00","twitter_card":"summary_large_image","twitter_misc":{"Tempo di lettura stimato":"16 minuti"},"schema":{"@context":"https:\/\/schema.org","@graph":[{"@type":"WebPage","@id":"https:\/\/sjas.ch\/it\/scheda-campo-di-vacanza-estivo\/","url":"https:\/\/sjas.ch\/it\/scheda-campo-di-vacanza-estivo\/","name":"Scheda campo di vacanza estivo - SJAS","isPartOf":{"@id":"https:\/\/sjas.ch\/#website"},"datePublished":"2021-12-21T17:07:30+00:00","dateModified":"2021-12-23T16:39:21+00:00","breadcrumb":{"@id":"https:\/\/sjas.ch\/it\/scheda-campo-di-vacanza-estivo\/#breadcrumb"},"inLanguage":"it-IT","potentialAction":[{"@type":"ReadAction","target":["https:\/\/sjas.ch\/it\/scheda-campo-di-vacanza-estivo\/"]}]},{"@type":"BreadcrumbList","@id":"https:\/\/sjas.ch\/it\/scheda-campo-di-vacanza-estivo\/#breadcrumb","itemListElement":[{"@type":"ListItem","position":1,"name":"Home","item":"https:\/\/sjas.ch\/"},{"@type":"ListItem","position":2,"name":"Scheda campo di vacanza estivo"}]},{"@type":"WebSite","@id":"https:\/\/sjas.ch\/#website","url":"https:\/\/sjas.ch\/","name":"SJAS","description":"","potentialAction":[{"@type":"SearchAction","target":{"@type":"EntryPoint","urlTemplate":"https:\/\/sjas.ch\/?s={search_term_string}"},"query-input":{"@type":"PropertyValueSpecification","valueRequired":true,"valueName":"search_term_string"}}],"inLanguage":"it-IT"}]}},"_links":{"self":[{"href":"https:\/\/sjas.ch\/it\/wp-json\/wp\/v2\/pages\/238364","targetHints":{"allow":["GET"]}}],"collection":[{"href":"https:\/\/sjas.ch\/it\/wp-json\/wp\/v2\/pages"}],"about":[{"href":"https:\/\/sjas.ch\/it\/wp-json\/wp\/v2\/types\/page"}],"author":[{"embeddable":true,"href":"https:\/\/sjas.ch\/it\/wp-json\/wp\/v2\/users\/1"}],"replies":[{"embeddable":true,"href":"https:\/\/sjas.ch\/it\/wp-json\/wp\/v2\/comments?post=238364"}],"version-history":[{"count":7,"href":"https:\/\/sjas.ch\/it\/wp-json\/wp\/v2\/pages\/238364\/revisions"}],"predecessor-version":[{"id":239308,"href":"https:\/\/sjas.ch\/it\/wp-json\/wp\/v2\/pages\/238364\/revisions\/239308"}],"wp:attachment":[{"href":"https:\/\/sjas.ch\/it\/wp-json\/wp\/v2\/media?parent=238364"}],"curies":[{"name":"wp","href":"https:\/\/api.w.org\/{rel}","templated":true}]}}