{"id":238370,"date":"2021-12-21T18:07:39","date_gmt":"2021-12-21T17:07:39","guid":{"rendered":"https:\/\/dev.sjas.ch\/cosa-facciamo\/"},"modified":"2025-05-21T11:03:45","modified_gmt":"2025-05-21T09:03:45","slug":"cosa-facciamo","status":"publish","type":"page","link":"https:\/\/sjas.ch\/it\/cosa-facciamo\/","title":{"rendered":"Cosa facciamo"},"content":{"rendered":"<p>[et_pb_section fb_built=&#8221;1&#8243; _builder_version=&#8221;4.16&#8243; _module_preset=&#8221;default&#8221; background_color=&#8221;#FFFFFF&#8221; global_colors_info=&#8221;{}&#8221;][et_pb_row _builder_version=&#8221;4.16&#8243; _module_preset=&#8221;default&#8221; global_colors_info=&#8221;{}&#8221;][et_pb_column type=&#8221;4_4&#8243; _builder_version=&#8221;4.16&#8243; _module_preset=&#8221;default&#8221; global_colors_info=&#8221;{}&#8221;][et_pb_text _builder_version=&#8221;4.16&#8243; _module_preset=&#8221;default&#8221; header_font_size=&#8221;80px&#8221; global_colors_info=&#8221;{}&#8221;]<\/p>\n<h1 style=\"text-align: center;\">Cosa facciamo<\/h1>\n<p style=\"text-align: center;\">Proponiamo campi di vacanza in Svizzera a giovani svizzeri residenti all\u2019estero<\/p>\n<p>[\/et_pb_text][\/et_pb_column][\/et_pb_row][\/et_pb_section][et_pb_section fb_built=&#8221;1&#8243; _builder_version=&#8221;4.16&#8243; _module_preset=&#8221;default&#8221; background_color=&#8221;rgba(10,10,10,0.06)&#8221; global_colors_info=&#8221;{}&#8221;][et_pb_row _builder_version=&#8221;4.16&#8243; _module_preset=&#8221;default&#8221; global_colors_info=&#8221;{}&#8221;][et_pb_column type=&#8221;4_4&#8243; _builder_version=&#8221;4.16&#8243; _module_preset=&#8221;default&#8221; global_colors_info=&#8221;{}&#8221;][et_pb_image src=&#8221;http:\/\/sjas.ch\/wp-content\/uploads\/2021\/11\/haus-rgb.svg&#8221; title_text=&#8221;haus-rgb&#8221; _builder_version=&#8221;4.16&#8243; _module_preset=&#8221;079d8414-f781-439d-b599-d7aaf3414194&#8243; global_colors_info=&#8221;{}&#8221;][\/et_pb_image][et_pb_text _builder_version=&#8221;4.16&#8243; _module_preset=&#8221;default&#8221; global_colors_info=&#8221;{}&#8221;]<\/p>\n<h2>Visione, missione e valori<\/h2>\n<p>La <strong>SJAS<\/strong> \u00e8 un\u2019organizzazione di pubblica utilit\u00e0 riconosciuta dallo ZEWO (Ufficio centrale delle opere di beneficenza) che organizza campi di vacanza per giovani svizzeri all\u2019estero.<\/p>\n<p><strong>Il principio guida della<\/strong> SJAS \u00e8 offrire a tutti i giovani svizzeri all\u2019estero l\u2019opportunit\u00e0 di trascorrere le vacanze nella loro patria, di consolidare le conoscenze sulla Svizzera e di stringere nuove amicizie al di l\u00e0 dei confini geografici.<\/p>\n<p>La SJAS si <strong>basa su valori<\/strong> quali<\/p>\n<ul>\n<li>professionalit\u00e0 nell\u2019organizzazione e gestione dei campi di vacanza,<\/li>\n<li>approccio a lungo termine,<\/li>\n<li>tolleranza e rispetto all\u2019interno delle comunit\u00e0 in termini di diversit\u00e0 sociale e culturale,<\/li>\n<li>incentivazione dell\u2019autonomia dei giovani svizzeri all\u2019estero durante il campo di vacanza.<\/li>\n<\/ul>\n<p>[\/et_pb_text][\/et_pb_column][\/et_pb_row][\/et_pb_section][et_pb_section fb_built=&#8221;1&#8243; module_id=&#8221;geschichte-sjas&#8221; _builder_version=&#8221;4.16&#8243; _module_preset=&#8221;default&#8221; global_colors_info=&#8221;{}&#8221;][et_pb_row _builder_version=&#8221;4.16&#8243; _module_preset=&#8221;default&#8221; global_colors_info=&#8221;{}&#8221;][et_pb_column type=&#8221;4_4&#8243; _builder_version=&#8221;4.16&#8243; _module_preset=&#8221;default&#8221; global_colors_info=&#8221;{}&#8221;][et_pb_text _builder_version=&#8221;4.16&#8243; _module_preset=&#8221;default&#8221; global_colors_info=&#8221;{}&#8221;]<\/p>\n<h2 style=\"text-align: center;\">Storia della SJAS<\/h2>\n<p style=\"text-align: center;\">Da \u00abAiuto svizzero\u00bb a \u00abFondazione per i giovani svizzeri all\u2019estero\u00bb:<br \/>cent\u2019anni di storia dell\u2019organizzazione di pubblica utilit\u00e0.<\/p>\n<p>[\/et_pb_text][dipl_timeline global_timeline_icon_color=&#8221;#F2F2F2&#8243; global_icon_fill_color=&#8221;#FF3F59&#8243; timeline_bar_fill_color=&#8221;#000000&#8243; admin_label=&#8221;Timeline IT&#8221; _builder_version=&#8221;4.27.4&#8243; _module_preset=&#8221;default&#8221; hover_enabled=&#8221;0&#8243; global_colors_info=&#8221;{}&#8221; sticky_enabled=&#8221;0&#8243;][dipl_timeline_item timeline_title=&#8221;1917&#8243; _builder_version=&#8221;4.16&#8243; _module_preset=&#8221;default&#8221; global_colors_info=&#8221;{}&#8221;]<\/p>\n<h4><span>Prima vacanza in Svizzera per i giovani svizzeri residenti all\u2019estero<\/span><\/h4>\n<p>Nel 1917, su iniziativa della signorina Mathilde Paravicini di Berna, 280 giovani di famiglie svizzere bisognose nella Germania dilaniata dalla guerra vengono condotti in Svizzera per trascorrere alcune settimane di vacanza. I costi di questo soggiorno sono interamente a carico del Governo federale.<\/p>\n<p>Negli anni successivi viene costituito il comitato privato \u00abAiuto svizzero\u00bb che prosegue ed estende l\u2019aiuto avviato a favore dei giovani svizzeri residenti al di fuori dei confini nazionali.<\/p>\n<p><img loading=\"lazy\" decoding=\"async\" src=\"http:\/\/sjas.ch\/wp-content\/uploads\/2021\/11\/Foto_1917-300x207.jpg\" width=\"300\" height=\"207\" alt=\"\" class=\"wp-image-236819 alignnone size-medium\" srcset=\"https:\/\/sjas.ch\/wp-content\/uploads\/2021\/11\/Foto_1917-300x207.jpg 300w, https:\/\/sjas.ch\/wp-content\/uploads\/2021\/11\/Foto_1917-1024x705.jpg 1024w, https:\/\/sjas.ch\/wp-content\/uploads\/2021\/11\/Foto_1917-768x529.jpg 768w, https:\/\/sjas.ch\/wp-content\/uploads\/2021\/11\/Foto_1917-1536x1058.jpg 1536w, https:\/\/sjas.ch\/wp-content\/uploads\/2021\/11\/Foto_1917-2048x1410.jpg 2048w, https:\/\/sjas.ch\/wp-content\/uploads\/2021\/11\/Foto_1917-1080x744.jpg 1080w, https:\/\/sjas.ch\/wp-content\/uploads\/2021\/11\/Foto_1917-1280x882.jpg 1280w, https:\/\/sjas.ch\/wp-content\/uploads\/2021\/11\/Foto_1917-980x675.jpg 980w, https:\/\/sjas.ch\/wp-content\/uploads\/2021\/11\/Foto_1917-480x331.jpg 480w\" sizes=\"(max-width: 300px) 100vw, 300px\" \/>[\/dipl_timeline_item][dipl_timeline_item timeline_title=&#8221;Gli anni \u201920&#8243; _builder_version=&#8221;4.16&#8243; _module_preset=&#8221;default&#8221; global_colors_info=&#8221;{}&#8221;]<\/p>\n<h4>Partnership con Pro Juventute<\/h4>\n<p>Le cifre confermano la proficua collaborazione avviata con l\u2019allora neonata fondazione \u00abPro Juventute\u00bb: nel 1924 arrivano in Svizzera pi\u00f9 di 3\u2019000 giovani svizzeri provenienti da tutta Europa. La maggior parte di loro proviene da famiglie in ristrettezze economiche e ha cos\u00ec l\u2019opportunit\u00e0 di trascorrere alcune settimane di tranquillit\u00e0 e riposo in un ambiente appropriato nel proprio paese d\u2019origine.<\/p>\n<p><img loading=\"lazy\" decoding=\"async\" src=\"http:\/\/sjas.ch\/wp-content\/uploads\/2021\/11\/Foto_1920er-Jahre.jpg\" width=\"208\" height=\"299\" alt=\"\" class=\"wp-image-236820 alignnone size-full\" \/>[\/dipl_timeline_item][dipl_timeline_item timeline_title=&#8221;Gli anni \u201930 e \u201940&#8243; _builder_version=&#8221;4.16&#8243; _module_preset=&#8221;default&#8221; global_colors_info=&#8221;{}&#8221;]<\/p>\n<h4>Una benedizione per tante famiglie in condizioni di indigenza<\/h4>\n<p>Durante la seconda guerra mondiale, molte famiglie di svizzeri all\u2019estero vivono in condizioni di povert\u00e0 e con loro anche migliaia di bambini e di giovani. Con il desiderio di aiutare chi ne ha bisogno, l\u2019associazione \u00abSchweizerhilfe, Ferienaktion f\u00fcr Auslandschweizerkinder\u00bb costituisce il 10 dicembre 1939 una fondazione con lo scopo principale di organizzare le vacanze per i giovani svizzeri residenti all\u2019estero.<\/p>\n<p><img loading=\"lazy\" decoding=\"async\" src=\"http:\/\/sjas.ch\/wp-content\/uploads\/2021\/11\/Bild1-300x231.png\" width=\"300\" height=\"231\" alt=\"\" class=\"wp-image-236822 alignnone size-medium\" srcset=\"https:\/\/sjas.ch\/wp-content\/uploads\/2021\/11\/Bild1-300x231.png 300w, https:\/\/sjas.ch\/wp-content\/uploads\/2021\/11\/Bild1-480x370.png 480w, https:\/\/sjas.ch\/wp-content\/uploads\/2021\/11\/Bild1.png 547w\" sizes=\"(max-width: 300px) 100vw, 300px\" \/><\/p>\n<p>[\/dipl_timeline_item][dipl_timeline_item timeline_title=&#8221;Gli anni \u201950 e \u201960&#8243; _builder_version=&#8221;4.16&#8243; _module_preset=&#8221;default&#8221; global_colors_info=&#8221;{}&#8221;]<\/p>\n<h4>Da ente assistenziale con vocazione sociale a organizzazione impegnata sul piano culturale e politico<\/h4>\n<p>L\u2019opera assistenziale di \u00abAiuto svizzero\u00bb non \u00e8 pi\u00f9 necessaria grazie alla ripresa economica globale, di cui beneficiano anche le famiglie degli svizzeri all\u2019estero. Assume quindi sempre pi\u00f9 importanza il secondo obiettivo della fondazione, ovvero avvicinare i giovani svizzeri alle loro radici e far conoscere meglio la Svizzera. Oltre all\u2019attivit\u00e0 di collocamento dei bambini presso famiglie ospitanti per trascorrere un periodo di tranquillit\u00e0 e riposo, viene ampliata l\u2019offerta di vacanze e prende piede l\u2019organizzazione di campi di vacanza esclusivi per giovani svizzeri all\u2019estero.<\/p>\n<p><a href=\"https:\/\/www.srf.ch\/play\/tv\/-\/video\/-?urn=urn:srf:video:9826c3a0-aa27-4a74-b713-8c4c3d33d2eb\" target=\"_blank\" rel=\"noopener\">1963, Video SRF Archiv<\/a>[\/dipl_timeline_item][dipl_timeline_item timeline_title=&#8221;Gli anni \u201970 e \u201980&#8243; _builder_version=&#8221;4.23.4&#8243; _module_preset=&#8221;default&#8221; global_colors_info=&#8221;{}&#8221;]<\/p>\n<h4>Dal collocamento in famiglia al campo di vacanze<\/h4>\n<p>Alla fine degli anni \u201970, l\u2019organizzazione di campi di vacanze rappresenta l\u2019attivit\u00e0 principale della fondazione. Sono invece in calo i collocamenti presso le famiglie ospitanti. In questo periodo cambia anche il nome della fondazione: nell\u2019ottobre 1979 viene deciso di sostituire il nome \u00abAiuto svizzero\u00bb con \u00abFondazione per i giovani svizzeri all\u2019estero\u00bb (SJAS).<\/p>\n<p><img loading=\"lazy\" decoding=\"async\" src=\"http:\/\/sjas.ch\/wp-content\/uploads\/2021\/11\/Bild2-300x68.png\" width=\"300\" height=\"68\" alt=\"\" class=\"wp-image-236823 alignnone size-medium\" srcset=\"https:\/\/sjas.ch\/wp-content\/uploads\/2021\/11\/Bild2-300x68.png 300w, https:\/\/sjas.ch\/wp-content\/uploads\/2021\/11\/Bild2-480x108.png 480w, https:\/\/sjas.ch\/wp-content\/uploads\/2021\/11\/Bild2.png 589w\" sizes=\"(max-width: 300px) 100vw, 300px\" \/><\/p>\n<p>[\/dipl_timeline_item][dipl_timeline_item timeline_title=&#8221;Gli anni \u201990&#8243; _builder_version=&#8221;4.23.4&#8243; _module_preset=&#8221;default&#8221; global_colors_info=&#8221;{}&#8221;]<\/p>\n<h4>Due trasferimenti e un nuovo partner<\/h4>\n<p>Il 1\u00b0 ottobre 1990, la SJAS interrompe la sua partnership con Pro Juventute e affitta locali propri a Zurigo-Oerlikon. \u00c8 la prima volta che la SJAS si trova ad agire in una doppia veste: un\u2019organizzazione di \u00abfundraising\u00bb che assume nel contempo la responsabilit\u00e0 operativa per le sue attivit\u00e0. Alla luce di questi sviluppi, la SJAS si mette alla ricerca di un nuovo partner, trovandolo rapidamente nel 1996 nell\u2019Organizzazione degli Svizzeri all\u2019estero (OSE). La nuova partnership comporta il trasferimento a Berna, da dove ancora oggi vengono organizzati i campi di vacanza. Dal 1992, l\u2019offerta della SJAS viene inoltre ampliata con un campo di vacanza invernale a cavallo di Capodanno.<\/p>\n<p><a href=\"https:\/\/www.srf.ch\/play\/tv\/-\/video\/-?urn=urn:srf:video:50874bbd-4c67-4443-9c9a-94e87888259f\" target=\"_blank\" rel=\"noopener\">1990, Video SRF Archiv<\/a><\/p>\n<p>[\/dipl_timeline_item][dipl_timeline_item timeline_title=&#8221;Gli anni 2000&#8243; _builder_version=&#8221;4.23.4&#8243; _module_preset=&#8221;default&#8221; global_colors_info=&#8221;{}&#8221;]<\/p>\n<h4>Esclusivamente campi di vacanza e un nuovo logo<\/h4>\n<p>Dal 1999 non \u00e8 pi\u00f9 possibile essere accolti presso una famiglia ospitante. Pertanto i campi di vacanza diventano ancora pi\u00f9 popolari e richiesti. Nel 2001 la SJAS, ormai quasi centenaria, cambia anche veste grafica e si rinnova con un logo nuovo e vivace.<\/p>\n<p><img loading=\"lazy\" decoding=\"async\" src=\"http:\/\/sjas.ch\/wp-content\/uploads\/2021\/11\/Logo_2000er-Jahre-300x124.jpg\" width=\"300\" height=\"124\" alt=\"\" class=\"wp-image-236818 alignnone size-medium\" srcset=\"https:\/\/sjas.ch\/wp-content\/uploads\/2021\/11\/Logo_2000er-Jahre-300x124.jpg 300w, https:\/\/sjas.ch\/wp-content\/uploads\/2021\/11\/Logo_2000er-Jahre-480x199.jpg 480w, https:\/\/sjas.ch\/wp-content\/uploads\/2021\/11\/Logo_2000er-Jahre.jpg 712w\" sizes=\"(max-width: 300px) 100vw, 300px\" \/><\/p>\n<p>[\/dipl_timeline_item][dipl_timeline_item timeline_title=&#8221;Gli anni 2010&#8243; _builder_version=&#8221;4.23.4&#8243; _module_preset=&#8221;default&#8221; global_colors_info=&#8221;{}&#8221;]<\/p>\n<h4>100 anni di Fondazione per i giovani svizzeri all\u2019estero<\/h4>\n<p>Cento anni dopo la sua fondazione, la SJAS amplia ancora una volta la propria offerta di campi di vacanza: nel 2011, il Consiglio di fondazione decide di offrire ogni anno un cosiddetto campo di vacanza a tema. Dal 2015, la SJAS organizza anche propri corsi di formazione e perfezionamento G+S per monitrici e monitori.<\/p>\n<p>Il centenario viene celebrato nel 2017 con uno spettacolo circense organizzato dalla SJAS in collaborazione con il Circolino Pipistrello che vede la partecipazione attiva dei bambini svizzeri residenti sia in Svizzera che all\u2019estero.<\/p>\n<p>Nell\u2019anno dell\u2019anniversario viene girato anche un video sui cento anni della SJAS.<\/p>\n<p><iframe loading=\"lazy\" title=\"film di anniversario FGSE\" width=\"1080\" height=\"608\" src=\"https:\/\/www.youtube.com\/embed\/KuXWLjqvJ-w?feature=oembed\"  allow=\"accelerometer; autoplay; clipboard-write; encrypted-media; gyroscope; picture-in-picture\" allowfullscreen><\/iframe><\/p>\n<p>[\/dipl_timeline_item][dipl_timeline_item timeline_title=&#8221;Gli anni 2020&#8243; _builder_version=&#8221;4.27.4&#8243; _module_preset=&#8221;default&#8221; hover_enabled=&#8221;0&#8243; global_colors_info=&#8221;{}&#8221; sticky_enabled=&#8221;0&#8243;]<\/p>\n<h4>2020 &#8211; 2022: La pandemia Covid-19<\/h4>\n<p>Nel 2020, le abitudini di vita subiscono pesanti limitazioni a causa della pandemia Covid-19. Come diretta conseguenza, la SJAS deve annullare per la prima volta l\u2019intera stagione di campi di vacanza. La situazione si ripete anche l\u2019anno successivo a causa del perdurare della crisi pandemica. La SJAS utilizza questo periodo per rinnovare il suo logo ormai vecchio di 20 anni.<\/p>\n<p>Non appena le condizioni lo permetteranno, la SJAS organizzer\u00e0 nuovamente i propri campi di vacanza in Svizzera consentendo ai giovani svizzeri all\u2019estero di continuare a trovare o ritrovare una parte della loro identit\u00e0.<\/p>\n<p><img loading=\"lazy\" decoding=\"async\" src=\"http:\/\/sjas.ch\/wp-content\/uploads\/2021\/11\/Foto_2020er-Jahre-300x225.jpg\" width=\"300\" height=\"225\" alt=\"\" class=\"wp-image-236821 alignnone size-medium\" srcset=\"https:\/\/sjas.ch\/wp-content\/uploads\/2021\/11\/Foto_2020er-Jahre-300x225.jpg 300w, https:\/\/sjas.ch\/wp-content\/uploads\/2021\/11\/Foto_2020er-Jahre-1024x768.jpg 1024w, https:\/\/sjas.ch\/wp-content\/uploads\/2021\/11\/Foto_2020er-Jahre-768x576.jpg 768w, https:\/\/sjas.ch\/wp-content\/uploads\/2021\/11\/Foto_2020er-Jahre-1536x1152.jpg 1536w, https:\/\/sjas.ch\/wp-content\/uploads\/2021\/11\/Foto_2020er-Jahre-2048x1536.jpg 2048w, https:\/\/sjas.ch\/wp-content\/uploads\/2021\/11\/Foto_2020er-Jahre-510x382.jpg 510w, https:\/\/sjas.ch\/wp-content\/uploads\/2021\/11\/Foto_2020er-Jahre-1080x810.jpg 1080w, https:\/\/sjas.ch\/wp-content\/uploads\/2021\/11\/Foto_2020er-Jahre-1280x960.jpg 1280w, https:\/\/sjas.ch\/wp-content\/uploads\/2021\/11\/Foto_2020er-Jahre-980x735.jpg 980w, https:\/\/sjas.ch\/wp-content\/uploads\/2021\/11\/Foto_2020er-Jahre-480x360.jpg 480w\" sizes=\"(max-width: 300px) 100vw, 300px\" \/><\/p>\n<p>[\/dipl_timeline_item][dipl_timeline_item timeline_title=&#8221;Gli anni 2020&#8243; _builder_version=&#8221;4.27.4&#8243; _module_preset=&#8221;default&#8221; hover_enabled=&#8221;0&#8243; global_colors_info=&#8221;{}&#8221; sticky_enabled=&#8221;0&#8243;]<\/p>\n<h4 data-start=\"701\" data-end=\"759\">Ripresa dei campi vacanza dopo la pandemia<\/h4>\n<p data-start=\"761\" data-end=\"1009\" class=\"\">Nella primavera del 2022, la Confederazione revoca in gran parte le misure contro il Covid-19 e la vita in Svizzera torna gradualmente alla normalit\u00e0. Con grande entusiasmo, tutti i campi vacanza della SJAS possono riprendere dall\u2019estate in poi.<\/p>\n<p data-start=\"1011\" data-end=\"1150\" class=\"\">Il numero delle iscrizioni \u00e8 in costante aumento: pi\u00f9 bambini e giovani che mai riscoprono le loro radici svizzere comuni grazie alla SJAS.<\/p>\n<p data-start=\"1011\" data-end=\"1150\" class=\"\"><img loading=\"lazy\" decoding=\"async\" src=\"https:\/\/sjas.ch\/wp-content\/uploads\/2025\/05\/SJAS_Pixofluna_2024-20-240x300.jpg\" width=\"240\" height=\"300\" alt=\"\" class=\"wp-image-245925 alignnone size-medium\" \/><\/p>\n<p>[\/dipl_timeline_item][\/dipl_timeline][\/et_pb_column][\/et_pb_row][\/et_pb_section]<\/p>\n","protected":false},"excerpt":{"rendered":"<p>Cosa facciamo Proponiamo campi di vacanza in Svizzera a giovani svizzeri residenti all\u2019esteroVisione, missione e valori La SJAS \u00e8 un\u2019organizzazione di pubblica utilit\u00e0 riconosciuta dallo ZEWO (Ufficio centrale delle opere di beneficenza) che organizza campi di vacanza per giovani svizzeri all\u2019estero. Il principio guida della SJAS \u00e8 offrire a tutti i giovani svizzeri all\u2019estero l\u2019opportunit\u00e0 [&hellip;]<\/p>\n","protected":false},"author":1,"featured_media":0,"parent":0,"menu_order":0,"comment_status":"closed","ping_status":"closed","template":"","meta":{"_et_pb_use_builder":"on","_et_pb_old_content":"","_et_gb_content_width":"","inline_featured_image":false,"footnotes":""},"class_list":["post-238370","page","type-page","status-publish","hentry"],"yoast_head":"<!-- This site is optimized with the Yoast SEO plugin v27.4 - https:\/\/yoast.com\/product\/yoast-seo-wordpress\/ -->\n<title>Cosa facciamo - SJAS<\/title>\n<meta name=\"robots\" content=\"index, follow, max-snippet:-1, max-image-preview:large, max-video-preview:-1\" \/>\n<link rel=\"canonical\" href=\"https:\/\/sjas.ch\/was-wir-tun\/\" \/>\n<meta property=\"og:locale\" content=\"it_IT\" \/>\n<meta property=\"og:type\" content=\"article\" \/>\n<meta property=\"og:title\" content=\"Cosa facciamo - SJAS\" \/>\n<meta property=\"og:description\" content=\"Cosa facciamo Proponiamo campi di vacanza in Svizzera a giovani svizzeri residenti all\u2019esteroVisione, missione e valori La SJAS \u00e8 un\u2019organizzazione di pubblica utilit\u00e0 riconosciuta dallo ZEWO (Ufficio centrale delle opere di beneficenza) che organizza campi di vacanza per giovani svizzeri all\u2019estero. Il principio guida della SJAS \u00e8 offrire a tutti i giovani svizzeri all\u2019estero l\u2019opportunit\u00e0 [&hellip;]\" \/>\n<meta property=\"og:url\" content=\"https:\/\/sjas.ch\/was-wir-tun\/\" \/>\n<meta property=\"og:site_name\" content=\"SJAS\" \/>\n<meta property=\"article:modified_time\" content=\"2025-05-21T09:03:45+00:00\" \/>\n<meta property=\"og:image\" content=\"http:\/\/sjas.ch\/wp-content\/uploads\/2021\/11\/Foto_1917-300x207.jpg\" \/>\n<meta name=\"twitter:card\" content=\"summary_large_image\" \/>\n<meta name=\"twitter:label1\" content=\"Tempo di lettura stimato\" \/>\n\t<meta name=\"twitter:data1\" content=\"7 minuti\" \/>\n<script type=\"application\/ld+json\" class=\"yoast-schema-graph\">{\"@context\":\"https:\\\/\\\/schema.org\",\"@graph\":[{\"@type\":\"WebPage\",\"@id\":\"https:\\\/\\\/sjas.ch\\\/was-wir-tun\\\/\",\"url\":\"https:\\\/\\\/sjas.ch\\\/was-wir-tun\\\/\",\"name\":\"Cosa facciamo - SJAS\",\"isPartOf\":{\"@id\":\"https:\\\/\\\/sjas.ch\\\/#website\"},\"primaryImageOfPage\":{\"@id\":\"https:\\\/\\\/sjas.ch\\\/was-wir-tun\\\/#primaryimage\"},\"image\":{\"@id\":\"https:\\\/\\\/sjas.ch\\\/was-wir-tun\\\/#primaryimage\"},\"thumbnailUrl\":\"http:\\\/\\\/sjas.ch\\\/wp-content\\\/uploads\\\/2021\\\/11\\\/Foto_1917-300x207.jpg\",\"datePublished\":\"2021-12-21T17:07:39+00:00\",\"dateModified\":\"2025-05-21T09:03:45+00:00\",\"breadcrumb\":{\"@id\":\"https:\\\/\\\/sjas.ch\\\/was-wir-tun\\\/#breadcrumb\"},\"inLanguage\":\"it-IT\",\"potentialAction\":[{\"@type\":\"ReadAction\",\"target\":[\"https:\\\/\\\/sjas.ch\\\/was-wir-tun\\\/\"]}]},{\"@type\":\"ImageObject\",\"inLanguage\":\"it-IT\",\"@id\":\"https:\\\/\\\/sjas.ch\\\/was-wir-tun\\\/#primaryimage\",\"url\":\"http:\\\/\\\/sjas.ch\\\/wp-content\\\/uploads\\\/2021\\\/11\\\/Foto_1917-300x207.jpg\",\"contentUrl\":\"http:\\\/\\\/sjas.ch\\\/wp-content\\\/uploads\\\/2021\\\/11\\\/Foto_1917-300x207.jpg\"},{\"@type\":\"BreadcrumbList\",\"@id\":\"https:\\\/\\\/sjas.ch\\\/was-wir-tun\\\/#breadcrumb\",\"itemListElement\":[{\"@type\":\"ListItem\",\"position\":1,\"name\":\"Home\",\"item\":\"https:\\\/\\\/sjas.ch\\\/\"},{\"@type\":\"ListItem\",\"position\":2,\"name\":\"Cosa facciamo\"}]},{\"@type\":\"WebSite\",\"@id\":\"https:\\\/\\\/sjas.ch\\\/#website\",\"url\":\"https:\\\/\\\/sjas.ch\\\/\",\"name\":\"SJAS\",\"description\":\"\",\"potentialAction\":[{\"@type\":\"SearchAction\",\"target\":{\"@type\":\"EntryPoint\",\"urlTemplate\":\"https:\\\/\\\/sjas.ch\\\/?s={search_term_string}\"},\"query-input\":{\"@type\":\"PropertyValueSpecification\",\"valueRequired\":true,\"valueName\":\"search_term_string\"}}],\"inLanguage\":\"it-IT\"}]}<\/script>\n<!-- \/ Yoast SEO plugin. -->","yoast_head_json":{"title":"Cosa facciamo - SJAS","robots":{"index":"index","follow":"follow","max-snippet":"max-snippet:-1","max-image-preview":"max-image-preview:large","max-video-preview":"max-video-preview:-1"},"canonical":"https:\/\/sjas.ch\/was-wir-tun\/","og_locale":"it_IT","og_type":"article","og_title":"Cosa facciamo - SJAS","og_description":"Cosa facciamo Proponiamo campi di vacanza in Svizzera a giovani svizzeri residenti all\u2019esteroVisione, missione e valori La SJAS \u00e8 un\u2019organizzazione di pubblica utilit\u00e0 riconosciuta dallo ZEWO (Ufficio centrale delle opere di beneficenza) che organizza campi di vacanza per giovani svizzeri all\u2019estero. Il principio guida della SJAS \u00e8 offrire a tutti i giovani svizzeri all\u2019estero l\u2019opportunit\u00e0 [&hellip;]","og_url":"https:\/\/sjas.ch\/was-wir-tun\/","og_site_name":"SJAS","article_modified_time":"2025-05-21T09:03:45+00:00","og_image":[{"url":"http:\/\/sjas.ch\/wp-content\/uploads\/2021\/11\/Foto_1917-300x207.jpg","type":"","width":"","height":""}],"twitter_card":"summary_large_image","twitter_misc":{"Tempo di lettura stimato":"7 minuti"},"schema":{"@context":"https:\/\/schema.org","@graph":[{"@type":"WebPage","@id":"https:\/\/sjas.ch\/was-wir-tun\/","url":"https:\/\/sjas.ch\/was-wir-tun\/","name":"Cosa facciamo - SJAS","isPartOf":{"@id":"https:\/\/sjas.ch\/#website"},"primaryImageOfPage":{"@id":"https:\/\/sjas.ch\/was-wir-tun\/#primaryimage"},"image":{"@id":"https:\/\/sjas.ch\/was-wir-tun\/#primaryimage"},"thumbnailUrl":"http:\/\/sjas.ch\/wp-content\/uploads\/2021\/11\/Foto_1917-300x207.jpg","datePublished":"2021-12-21T17:07:39+00:00","dateModified":"2025-05-21T09:03:45+00:00","breadcrumb":{"@id":"https:\/\/sjas.ch\/was-wir-tun\/#breadcrumb"},"inLanguage":"it-IT","potentialAction":[{"@type":"ReadAction","target":["https:\/\/sjas.ch\/was-wir-tun\/"]}]},{"@type":"ImageObject","inLanguage":"it-IT","@id":"https:\/\/sjas.ch\/was-wir-tun\/#primaryimage","url":"http:\/\/sjas.ch\/wp-content\/uploads\/2021\/11\/Foto_1917-300x207.jpg","contentUrl":"http:\/\/sjas.ch\/wp-content\/uploads\/2021\/11\/Foto_1917-300x207.jpg"},{"@type":"BreadcrumbList","@id":"https:\/\/sjas.ch\/was-wir-tun\/#breadcrumb","itemListElement":[{"@type":"ListItem","position":1,"name":"Home","item":"https:\/\/sjas.ch\/"},{"@type":"ListItem","position":2,"name":"Cosa facciamo"}]},{"@type":"WebSite","@id":"https:\/\/sjas.ch\/#website","url":"https:\/\/sjas.ch\/","name":"SJAS","description":"","potentialAction":[{"@type":"SearchAction","target":{"@type":"EntryPoint","urlTemplate":"https:\/\/sjas.ch\/?s={search_term_string}"},"query-input":{"@type":"PropertyValueSpecification","valueRequired":true,"valueName":"search_term_string"}}],"inLanguage":"it-IT"}]}},"_links":{"self":[{"href":"https:\/\/sjas.ch\/it\/wp-json\/wp\/v2\/pages\/238370","targetHints":{"allow":["GET"]}}],"collection":[{"href":"https:\/\/sjas.ch\/it\/wp-json\/wp\/v2\/pages"}],"about":[{"href":"https:\/\/sjas.ch\/it\/wp-json\/wp\/v2\/types\/page"}],"author":[{"embeddable":true,"href":"https:\/\/sjas.ch\/it\/wp-json\/wp\/v2\/users\/1"}],"replies":[{"embeddable":true,"href":"https:\/\/sjas.ch\/it\/wp-json\/wp\/v2\/comments?post=238370"}],"version-history":[{"count":11,"href":"https:\/\/sjas.ch\/it\/wp-json\/wp\/v2\/pages\/238370\/revisions"}],"predecessor-version":[{"id":245935,"href":"https:\/\/sjas.ch\/it\/wp-json\/wp\/v2\/pages\/238370\/revisions\/245935"}],"wp:attachment":[{"href":"https:\/\/sjas.ch\/it\/wp-json\/wp\/v2\/media?parent=238370"}],"curies":[{"name":"wp","href":"https:\/\/api.w.org\/{rel}","templated":true}]}}