{"id":238376,"date":"2021-12-21T18:07:47","date_gmt":"2021-12-21T17:07:47","guid":{"rendered":"https:\/\/dev.sjas.ch\/servizio-civile\/"},"modified":"2025-03-28T16:16:02","modified_gmt":"2025-03-28T15:16:02","slug":"servizio-civile","status":"publish","type":"page","link":"https:\/\/sjas.ch\/it\/servizio-civile\/","title":{"rendered":"Servizio civile"},"content":{"rendered":"<p>[et_pb_section fb_built=&#8221;1&#8243; _builder_version=&#8221;4.16&#8243; _module_preset=&#8221;default&#8221; global_colors_info=&#8221;{}&#8221;][et_pb_row _builder_version=&#8221;4.16&#8243; _module_preset=&#8221;default&#8221; global_colors_info=&#8221;{}&#8221;][et_pb_column type=&#8221;4_4&#8243; _builder_version=&#8221;4.16&#8243; _module_preset=&#8221;default&#8221; global_colors_info=&#8221;{}&#8221;][et_pb_text _builder_version=&#8221;4.16&#8243; _module_preset=&#8221;default&#8221; header_text_align=&#8221;center&#8221; header_font_size=&#8221;80px&#8221; global_colors_info=&#8221;{}&#8221;]<\/p>\n<h1>Servizio civile<\/h1>\n<p style=\"text-align: center;\">Svolgi il servizio civile in un campo di vacanza<\/p>\n<p>[\/et_pb_text][et_pb_text _builder_version=&#8221;4.23.4&#8243; _module_preset=&#8221;default&#8221; global_colors_info=&#8221;{}&#8221;]<\/p>\n<p>La SJAS \u00e8 un istituto d\u2019impiego del servizio civile nell\u2019ambito dei servizi sociali. Ti offriamo impieghi brevi di durata tra 15 e 26 giorni.<\/p>\n<p>[\/et_pb_text][\/et_pb_column][\/et_pb_row][\/et_pb_section][et_pb_section fb_built=&#8221;1&#8243; _builder_version=&#8221;4.16&#8243; _module_preset=&#8221;default&#8221; background_color=&#8221;#F2F2F2&#8243; global_colors_info=&#8221;{}&#8221;][et_pb_row _builder_version=&#8221;4.16&#8243; _module_preset=&#8221;default&#8221; global_colors_info=&#8221;{}&#8221;][et_pb_column type=&#8221;4_4&#8243; _builder_version=&#8221;4.16&#8243; _module_preset=&#8221;default&#8221; global_colors_info=&#8221;{}&#8221;][et_pb_text _builder_version=&#8221;4.16&#8243; _module_preset=&#8221;default&#8221; global_colors_info=&#8221;{}&#8221;]<\/p>\n<p style=\"text-align: center;\">Puoi svolgerli nei ruoli seguenti:<\/p>\n<p>[\/et_pb_text][\/et_pb_column][\/et_pb_row][et_pb_row column_structure=&#8221;1_3,1_3,1_3&#8243; _builder_version=&#8221;4.16&#8243; _module_preset=&#8221;default&#8221; global_colors_info=&#8221;{}&#8221;][et_pb_column type=&#8221;1_3&#8243; _builder_version=&#8221;4.16&#8243; _module_preset=&#8221;default&#8221; global_colors_info=&#8221;{}&#8221;][et_pb_image src=&#8221;http:\/\/sjas.ch\/wp-content\/uploads\/2021\/11\/fahne-rgb.svg&#8221; title_text=&#8221;fahne-rgb&#8221; _builder_version=&#8221;4.16&#8243; _module_preset=&#8221;079d8414-f781-439d-b599-d7aaf3414194&#8243; module_alignment=&#8221;left&#8221; custom_padding=&#8221;||||false|false&#8221; global_colors_info=&#8221;{}&#8221;][\/et_pb_image][et_pb_blurb icon_alignment=&#8221;left&#8221; _builder_version=&#8221;4.16&#8243; _module_preset=&#8221;default&#8221; background_enable_color=&#8221;off&#8221; global_colors_info=&#8221;{}&#8221;]<\/p>\n<p>In qualit\u00e0 di capocampo sarai responsabile della pianificazione, del team e dello svolgimento dei campi di vacanza. Per assumere questo ruolo \u00e8 richiesto il riconoscimento G+S nelle discipline sport di campo\/trekking.<\/p>\n<p>[\/et_pb_blurb][\/et_pb_column][et_pb_column type=&#8221;1_3&#8243; _builder_version=&#8221;4.16&#8243; _module_preset=&#8221;default&#8221; global_colors_info=&#8221;{}&#8221;][et_pb_image src=&#8221;http:\/\/sjas.ch\/wp-content\/uploads\/2021\/11\/smiley-rgb.svg&#8221; title_text=&#8221;smiley-rgb&#8221; _builder_version=&#8221;4.16&#8243; _module_preset=&#8221;079d8414-f781-439d-b599-d7aaf3414194&#8243; module_alignment=&#8221;left&#8221; custom_padding=&#8221;||||false|false&#8221; global_colors_info=&#8221;{}&#8221;][\/et_pb_image][et_pb_blurb icon_alignment=&#8221;left&#8221; _builder_version=&#8221;4.16&#8243; _module_preset=&#8221;default&#8221; global_colors_info=&#8221;{}&#8221;]<\/p>\n<p>Come monitrice o monitore fai parte del team, programmi le attivit\u00e0 e ne assicuri lo svolgimento nel campo di vacanza. Per questo ruolo non \u00e8 richiesto un riconoscimento G+S.<\/p>\n<p>[\/et_pb_blurb][\/et_pb_column][et_pb_column type=&#8221;1_3&#8243; _builder_version=&#8221;4.16&#8243; _module_preset=&#8221;default&#8221; global_colors_info=&#8221;{}&#8221;][et_pb_image src=&#8221;http:\/\/sjas.ch\/wp-content\/uploads\/2021\/11\/herz-rgb.svg&#8221; title_text=&#8221;herz-rgb&#8221; _builder_version=&#8221;4.16&#8243; _module_preset=&#8221;079d8414-f781-439d-b599-d7aaf3414194&#8243; module_alignment=&#8221;left&#8221; custom_padding=&#8221;||||false|false&#8221; global_colors_info=&#8221;{}&#8221;][\/et_pb_image][et_pb_blurb icon_alignment=&#8221;left&#8221; _builder_version=&#8221;4.16&#8243; _module_preset=&#8221;default&#8221; global_colors_info=&#8221;{}&#8221;]Come cuoca o cuoco pianifichi il menu e cucini per la comunit\u00e0 del campo di vacanza. Per questa attivit\u00e0 non \u00e8 richiesta una formazione specifica; \u00e8 tuttavia necessario avere alle spalle un\u2019esperienza in questo campo e avere gi\u00e0 cucinato in passato per gruppi numerosi.[\/et_pb_blurb][\/et_pb_column][\/et_pb_row][\/et_pb_section][et_pb_section fb_built=&#8221;1&#8243; theme_builder_area=&#8221;post_content&#8221; _builder_version=&#8221;4.23.4&#8243; _module_preset=&#8221;default&#8221;][et_pb_row _builder_version=&#8221;4.23.4&#8243; _module_preset=&#8221;default&#8221; theme_builder_area=&#8221;post_content&#8221;][et_pb_column _builder_version=&#8221;4.23.4&#8243; _module_preset=&#8221;default&#8221; type=&#8221;4_4&#8243; theme_builder_area=&#8221;post_content&#8221;][et_pb_text _builder_version=&#8221;4.23.4&#8243; _module_preset=&#8221;default&#8221; theme_builder_area=&#8221;post_content&#8221; hover_enabled=&#8221;0&#8243; sticky_enabled=&#8221;0&#8243;]<\/p>\n<h3 data-start=\"2523\" data-end=\"2581\"><strong data-start=\"2528\" data-end=\"2579\">Informazioni utili sul servizio civile con SJAS<\/strong><\/h3>\n<ul>\n<li data-start=\"2582\" data-end=\"2985\">Oltre ai tre ruoli descritti sopra, c\u2019\u00e8 la possibilit\u00e0 di combinare il tuo servizio con un <strong data-start=\"2673\" data-end=\"2716\">&#8220;ruolo di assistente presso l\u2019ufficio.&#8221;<\/strong> Questo incarico dura 26 giorni consecutivi. Prima o dopo il campo, lavorerai per 5-10 giorni nell&#8217;ufficio di Berna. Lo svantaggio \u00e8 che il tempo di preparazione del campo non \u00e8 conteggiato come servizio civile e quindi deve essere svolto volontariamente.<\/li>\n<li data-start=\"2987\" data-end=\"3218\">Se scegli di essere animatore o cuoco (senza assistenza), il tuo servizio include il weekend di pianificazione (2 giorni di servizio) + un giorno di preparazione. In totale, completerai circa 15\u201321 giorni di servizio.<\/li>\n<li data-start=\"3220\" data-end=\"3419\">Come capo animatore, oltre al weekend di pianificazione, avrai una settimana di organizzazione aggiuntiva di 5 giorni di servizio. In totale, completerai circa 21\u201326 giorni di servizio.<\/li>\n<li data-start=\"3421\" data-end=\"3563\">Tuttavia, in ogni caso, una parte della preparazione del campo deve essere svolta volontariamente e al di fuori dell\u2019orario di servizio.<\/li>\n<li data-start=\"3565\" data-end=\"3730\">Quello che \u00e8 certo \u00e8 che vivrai un\u2019esperienza straordinaria con giovani svizzeri all\u2019estero, un team dinamico, e tante attivit\u00e0 entusiasmanti al campo!<\/li>\n<\/ul>\n<p>[\/et_pb_text][\/et_pb_column][\/et_pb_row][\/et_pb_section][et_pb_section fb_built=&#8221;1&#8243; _builder_version=&#8221;4.16&#8243; _module_preset=&#8221;default&#8221; background_color=&#8221;#FFFFFF&#8221; global_colors_info=&#8221;{}&#8221;][et_pb_row _builder_version=&#8221;4.16&#8243; _module_preset=&#8221;default&#8221; global_colors_info=&#8221;{}&#8221;][et_pb_column type=&#8221;4_4&#8243; _builder_version=&#8221;4.16&#8243; _module_preset=&#8221;default&#8221; global_colors_info=&#8221;{}&#8221;][et_pb_text _builder_version=&#8221;4.23.4&#8243; _module_preset=&#8221;default&#8221; hover_enabled=&#8221;0&#8243; global_colors_info=&#8221;{}&#8221; sticky_enabled=&#8221;0&#8243;]<\/p>\n<p>Maggiori informazioni sui giorni di servizio accreditabili e sulle date di impiego possono essere richieste a Isabelle Stebler all\u2019indirizzo <a href=\"mailto:stebler@sjas.ch\">stebler@sjas.ch<\/a> o sono disponibili sul portale <a href=\"https:\/\/www.zivi.admin.ch\/it\/ziviconnect-it\" target=\"_blank\" rel=\"noopener\">E-ZIVI.<\/a><\/p>\n<p>Se sei interessata o interessato e desideri concordare un impiego con la SJAS puoi candidarti utilizzando il nostro modulo <a href=\"\/it\/formulario-diventare-monitrice-o-monitore\/\" target=\"_blank\" rel=\"noopener\">\u00ab<span class=\"TrackChangeTextInsertion TrackedChange SCXW131660067 BCX0\"><span class=\"TrackedChange SCXW131660067 BCX0\"><span data-contrast=\"auto\" xml:lang=\"FR-CH\" class=\"TextRun SCXW131660067 BCX0\" lang=\"FR-CH\"><span class=\"NormalTextRun SpellingErrorV2 SCXW131660067 BCX0\">Registrazione<\/span><span class=\"NormalTextRun SCXW131660067 BCX0\"> monitore<\/span><\/span><\/span><\/span>\u00bb<\/a>.<\/p>\n<p>[\/et_pb_text][\/et_pb_column][\/et_pb_row][\/et_pb_section]<\/p>\n","protected":false},"excerpt":{"rendered":"<p>Servizio civile Svolgi il servizio civile in un campo di vacanzaLa SJAS \u00e8 un istituto d\u2019impiego del servizio civile nell\u2019ambito dei servizi sociali. Ti offriamo impieghi brevi di durata tra 15 e 26 giorni.Puoi svolgerli nei ruoli seguenti:In qualit\u00e0 di capocampo sarai responsabile della pianificazione, del team e dello svolgimento dei campi di vacanza. Per [&hellip;]<\/p>\n","protected":false},"author":1,"featured_media":0,"parent":0,"menu_order":0,"comment_status":"closed","ping_status":"closed","template":"","meta":{"_et_pb_use_builder":"on","_et_pb_old_content":"","_et_gb_content_width":"","inline_featured_image":false,"footnotes":""},"class_list":["post-238376","page","type-page","status-publish","hentry"],"yoast_head":"<!-- This site is optimized with the Yoast SEO plugin v27.4 - https:\/\/yoast.com\/product\/yoast-seo-wordpress\/ -->\n<title>Servizio civile - SJAS<\/title>\n<meta name=\"robots\" content=\"index, follow, max-snippet:-1, max-image-preview:large, max-video-preview:-1\" \/>\n<link rel=\"canonical\" href=\"https:\/\/sjas.ch\/zivildienst\/\" \/>\n<meta property=\"og:locale\" content=\"it_IT\" \/>\n<meta property=\"og:type\" content=\"article\" \/>\n<meta property=\"og:title\" content=\"Servizio civile - SJAS\" \/>\n<meta property=\"og:description\" content=\"Servizio civile Svolgi il servizio civile in un campo di vacanzaLa SJAS \u00e8 un istituto d\u2019impiego del servizio civile nell\u2019ambito dei servizi sociali. Ti offriamo impieghi brevi di durata tra 15 e 26 giorni.Puoi svolgerli nei ruoli seguenti:In qualit\u00e0 di capocampo sarai responsabile della pianificazione, del team e dello svolgimento dei campi di vacanza. Per [&hellip;]\" \/>\n<meta property=\"og:url\" content=\"https:\/\/sjas.ch\/zivildienst\/\" \/>\n<meta property=\"og:site_name\" content=\"SJAS\" \/>\n<meta property=\"article:modified_time\" content=\"2025-03-28T15:16:02+00:00\" \/>\n<meta name=\"twitter:card\" content=\"summary_large_image\" \/>\n<meta name=\"twitter:label1\" content=\"Tempo di lettura stimato\" \/>\n\t<meta name=\"twitter:data1\" content=\"4 minuti\" \/>\n<script type=\"application\/ld+json\" class=\"yoast-schema-graph\">{\"@context\":\"https:\\\/\\\/schema.org\",\"@graph\":[{\"@type\":\"WebPage\",\"@id\":\"https:\\\/\\\/sjas.ch\\\/zivildienst\\\/\",\"url\":\"https:\\\/\\\/sjas.ch\\\/zivildienst\\\/\",\"name\":\"Servizio civile - SJAS\",\"isPartOf\":{\"@id\":\"https:\\\/\\\/sjas.ch\\\/#website\"},\"datePublished\":\"2021-12-21T17:07:47+00:00\",\"dateModified\":\"2025-03-28T15:16:02+00:00\",\"breadcrumb\":{\"@id\":\"https:\\\/\\\/sjas.ch\\\/zivildienst\\\/#breadcrumb\"},\"inLanguage\":\"it-IT\",\"potentialAction\":[{\"@type\":\"ReadAction\",\"target\":[\"https:\\\/\\\/sjas.ch\\\/zivildienst\\\/\"]}]},{\"@type\":\"BreadcrumbList\",\"@id\":\"https:\\\/\\\/sjas.ch\\\/zivildienst\\\/#breadcrumb\",\"itemListElement\":[{\"@type\":\"ListItem\",\"position\":1,\"name\":\"Home\",\"item\":\"https:\\\/\\\/sjas.ch\\\/\"},{\"@type\":\"ListItem\",\"position\":2,\"name\":\"Servizio civile\"}]},{\"@type\":\"WebSite\",\"@id\":\"https:\\\/\\\/sjas.ch\\\/#website\",\"url\":\"https:\\\/\\\/sjas.ch\\\/\",\"name\":\"SJAS\",\"description\":\"\",\"potentialAction\":[{\"@type\":\"SearchAction\",\"target\":{\"@type\":\"EntryPoint\",\"urlTemplate\":\"https:\\\/\\\/sjas.ch\\\/?s={search_term_string}\"},\"query-input\":{\"@type\":\"PropertyValueSpecification\",\"valueRequired\":true,\"valueName\":\"search_term_string\"}}],\"inLanguage\":\"it-IT\"}]}<\/script>\n<!-- \/ Yoast SEO plugin. -->","yoast_head_json":{"title":"Servizio civile - SJAS","robots":{"index":"index","follow":"follow","max-snippet":"max-snippet:-1","max-image-preview":"max-image-preview:large","max-video-preview":"max-video-preview:-1"},"canonical":"https:\/\/sjas.ch\/zivildienst\/","og_locale":"it_IT","og_type":"article","og_title":"Servizio civile - SJAS","og_description":"Servizio civile Svolgi il servizio civile in un campo di vacanzaLa SJAS \u00e8 un istituto d\u2019impiego del servizio civile nell\u2019ambito dei servizi sociali. Ti offriamo impieghi brevi di durata tra 15 e 26 giorni.Puoi svolgerli nei ruoli seguenti:In qualit\u00e0 di capocampo sarai responsabile della pianificazione, del team e dello svolgimento dei campi di vacanza. Per [&hellip;]","og_url":"https:\/\/sjas.ch\/zivildienst\/","og_site_name":"SJAS","article_modified_time":"2025-03-28T15:16:02+00:00","twitter_card":"summary_large_image","twitter_misc":{"Tempo di lettura stimato":"4 minuti"},"schema":{"@context":"https:\/\/schema.org","@graph":[{"@type":"WebPage","@id":"https:\/\/sjas.ch\/zivildienst\/","url":"https:\/\/sjas.ch\/zivildienst\/","name":"Servizio civile - SJAS","isPartOf":{"@id":"https:\/\/sjas.ch\/#website"},"datePublished":"2021-12-21T17:07:47+00:00","dateModified":"2025-03-28T15:16:02+00:00","breadcrumb":{"@id":"https:\/\/sjas.ch\/zivildienst\/#breadcrumb"},"inLanguage":"it-IT","potentialAction":[{"@type":"ReadAction","target":["https:\/\/sjas.ch\/zivildienst\/"]}]},{"@type":"BreadcrumbList","@id":"https:\/\/sjas.ch\/zivildienst\/#breadcrumb","itemListElement":[{"@type":"ListItem","position":1,"name":"Home","item":"https:\/\/sjas.ch\/"},{"@type":"ListItem","position":2,"name":"Servizio civile"}]},{"@type":"WebSite","@id":"https:\/\/sjas.ch\/#website","url":"https:\/\/sjas.ch\/","name":"SJAS","description":"","potentialAction":[{"@type":"SearchAction","target":{"@type":"EntryPoint","urlTemplate":"https:\/\/sjas.ch\/?s={search_term_string}"},"query-input":{"@type":"PropertyValueSpecification","valueRequired":true,"valueName":"search_term_string"}}],"inLanguage":"it-IT"}]}},"_links":{"self":[{"href":"https:\/\/sjas.ch\/it\/wp-json\/wp\/v2\/pages\/238376","targetHints":{"allow":["GET"]}}],"collection":[{"href":"https:\/\/sjas.ch\/it\/wp-json\/wp\/v2\/pages"}],"about":[{"href":"https:\/\/sjas.ch\/it\/wp-json\/wp\/v2\/types\/page"}],"author":[{"embeddable":true,"href":"https:\/\/sjas.ch\/it\/wp-json\/wp\/v2\/users\/1"}],"replies":[{"embeddable":true,"href":"https:\/\/sjas.ch\/it\/wp-json\/wp\/v2\/comments?post=238376"}],"version-history":[{"count":11,"href":"https:\/\/sjas.ch\/it\/wp-json\/wp\/v2\/pages\/238376\/revisions"}],"predecessor-version":[{"id":245564,"href":"https:\/\/sjas.ch\/it\/wp-json\/wp\/v2\/pages\/238376\/revisions\/245564"}],"wp:attachment":[{"href":"https:\/\/sjas.ch\/it\/wp-json\/wp\/v2\/media?parent=238376"}],"curies":[{"name":"wp","href":"https:\/\/api.w.org\/{rel}","templated":true}]}}