{"id":238394,"date":"2021-12-21T18:08:16","date_gmt":"2021-12-21T17:08:16","guid":{"rendered":"https:\/\/dev.sjas.ch\/la-fgse\/"},"modified":"2026-01-13T16:02:50","modified_gmt":"2026-01-13T15:02:50","slug":"la-fgse","status":"publish","type":"page","link":"https:\/\/sjas.ch\/it\/la-fgse\/","title":{"rendered":"A proposito di noi"},"content":{"rendered":"<p>[et_pb_section fb_built=&#8221;1&#8243; _builder_version=&#8221;4.16&#8243; _module_preset=&#8221;default&#8221; global_colors_info=&#8221;{}&#8221;][et_pb_row _builder_version=&#8221;4.16&#8243; _module_preset=&#8221;default&#8221; global_colors_info=&#8221;{}&#8221;][et_pb_column type=&#8221;4_4&#8243; _builder_version=&#8221;4.16&#8243; _module_preset=&#8221;default&#8221; global_colors_info=&#8221;{}&#8221;][et_pb_image src=&#8221;http:\/\/sjas.ch\/wp-content\/uploads\/2021\/11\/ueber-uns-rgb.svg&#8221; title_text=&#8221;ueber-uns-rgb&#8221; _builder_version=&#8221;4.16&#8243; _module_preset=&#8221;dbd4b17f-f5c9-49b0-b15b-dbc04db0a796&#8243; custom_margin=&#8221;||20px||false|false&#8221; global_colors_info=&#8221;{}&#8221;][\/et_pb_image][et_pb_text _builder_version=&#8221;4.27.4&#8243; _module_preset=&#8221;default&#8221; global_colors_info=&#8221;{}&#8221;]<\/p>\n<h1 style=\"text-align: center;\"><span data-contrast=\"auto\" xml:lang=\"IT-CH\" lang=\"IT-CH\" class=\"TextRun  BCX0 SCXW202051359\"><span class=\"NormalTextRun   BCX0 TrackChangeDeleteHighlight SCXW202051359\">A proposito di noi<\/span><\/span><\/h1>\n<p style=\"text-align: center;\">Fondazione per la giovent\u00f9 svizzerra all&#8217;estero<\/p>\n<p>[\/et_pb_text][\/et_pb_column][\/et_pb_row][\/et_pb_section][et_pb_section fb_built=&#8221;1&#8243; _builder_version=&#8221;4.16&#8243; _module_preset=&#8221;default&#8221; background_image=&#8221;http:\/\/sjas.ch\/wp-content\/uploads\/2021\/11\/background-emojis.svg&#8221; parallax=&#8221;on&#8221; global_colors_info=&#8221;{}&#8221;][et_pb_row column_structure=&#8221;1_3,1_3,1_3&#8243; _builder_version=&#8221;4.16&#8243; _module_preset=&#8221;default&#8221; global_colors_info=&#8221;{}&#8221;][et_pb_column type=&#8221;1_3&#8243; _builder_version=&#8221;4.16&#8243; _module_preset=&#8221;default&#8221; global_colors_info=&#8221;{}&#8221;][et_pb_cta title=&#8221;Consiglio di fondazione&#8221; button_url=&#8221;\/it\/chi-siamo\/#Consiglio-di-fondazione&#8221; button_text=&#8221;\u2794&#8221; _builder_version=&#8221;4.16&#8243; _module_preset=&#8221;default&#8221; background_enable_color=&#8221;off&#8221; button_alignment=&#8221;right&#8221; text_orientation=&#8221;left&#8221; background_layout=&#8221;light&#8221; box_shadow_style=&#8221;preset1&#8243; box_shadow_color=&#8221;rgba(0,0,0,0.1)&#8221; global_colors_info=&#8221;{}&#8221; box_shadow_spread__hover_enabled=&#8221;off|desktop&#8221; box_shadow_spread__hover=&#8221;3px&#8221; box_shadow_blur__hover_enabled=&#8221;on|hover&#8221; box_shadow_blur__hover=&#8221;25px&#8221;]<\/p>\n<p><span>In qualit\u00e0 di organo supremo della SJAS, il Consiglio di fondazione \u00e8 responsabile della raccolta di fondi e della gestione del patrimonio della Fondazione, dell\u2019organizzazione di gruppi di lavoro per compiti interni alla SJAS, dell\u2019adozione di regolamenti sull\u2019organizzazione e la direzione aziendale e della rappresentanza della SJAS verso l\u2019esterno.<\/span><\/p>\n<p>[\/et_pb_cta][et_pb_cta title=&#8221;Contatto&#8221; button_url=&#8221;#&#8221; _builder_version=&#8221;4.27.4&#8243; _module_preset=&#8221;default&#8221; background_enable_color=&#8221;off&#8221; button_alignment=&#8221;right&#8221; text_orientation=&#8221;left&#8221; background_layout=&#8221;light&#8221; box_shadow_style=&#8221;preset1&#8243; box_shadow_color=&#8221;rgba(0,0,0,0.1)&#8221; global_colors_info=&#8221;{}&#8221; box_shadow_spread__hover_enabled=&#8221;off|desktop&#8221; box_shadow_spread__hover=&#8221;3px&#8221; box_shadow_blur__hover_enabled=&#8221;on|hover&#8221; box_shadow_blur__hover=&#8221;25px&#8221;]<\/p>\n<p>Fondazione per la giovent\u00f9 svizzerra all&#8217;estero (SJAS)<br \/><span>Alpenstrasse 24<\/span><br \/><span>3006 Berna<\/span><br \/><span>Svizzera<\/span><br \/><span>+41 (0)31 356 61 16<\/span><br \/><a href=\"mailto:info@sjas.ch\">info@sjas.ch<\/a><\/p>\n<p>[\/et_pb_cta][\/et_pb_column][et_pb_column type=&#8221;1_3&#8243; _builder_version=&#8221;4.16&#8243; _module_preset=&#8221;default&#8221; global_colors_info=&#8221;{}&#8221;][et_pb_cta title=&#8221;Segreteria&#8221; button_url=&#8221;\/it\/chi-siamo\/#Segreteria&#8221; button_text=&#8221;\u2794&#8221; _builder_version=&#8221;4.16&#8243; _module_preset=&#8221;default&#8221; background_enable_color=&#8221;off&#8221; button_alignment=&#8221;right&#8221; text_orientation=&#8221;left&#8221; background_layout=&#8221;light&#8221; box_shadow_style=&#8221;preset1&#8243; box_shadow_color=&#8221;rgba(0,0,0,0.1)&#8221; global_colors_info=&#8221;{}&#8221; box_shadow_spread__hover_enabled=&#8221;off|desktop&#8221; box_shadow_spread__hover=&#8221;3px&#8221; box_shadow_blur__hover_enabled=&#8221;on|hover&#8221; box_shadow_blur__hover=&#8221;25px&#8221;]<\/p>\n<p><span>La segreteria della SJAS si avvale del contributo di tre collaboratori che garantiscono l\u2019organizzazione e lo svolgimento corretti dei campi di vacanza.<\/span><\/p>\n<p>[\/et_pb_cta][et_pb_cta title=&#8221;Posti vacanti&#8221; button_url=&#8221;#&#8221; disabled_on=&#8221;on|on|on&#8221; _builder_version=&#8221;4.16&#8243; _module_preset=&#8221;default&#8221; background_enable_color=&#8221;off&#8221; button_alignment=&#8221;right&#8221; text_orientation=&#8221;left&#8221; background_layout=&#8221;light&#8221; box_shadow_style=&#8221;preset1&#8243; box_shadow_color=&#8221;rgba(0,0,0,0.1)&#8221; disabled=&#8221;on&#8221; locked=&#8221;off&#8221; global_colors_info=&#8221;{}&#8221; box_shadow_spread__hover_enabled=&#8221;off|desktop&#8221; box_shadow_spread__hover=&#8221;3px&#8221; box_shadow_blur__hover_enabled=&#8221;on|hover&#8221; box_shadow_blur__hover=&#8221;25px&#8221;]<\/p>\n<p><span lang=\"FR-CH\">Da noi, la tua passione per i campi di vacanza diventa una professione. <\/span><span>Attendiamo con piacere la tua candidatura come&#8230;<\/span><\/p>\n<p><a href=\"https:\/\/sjas.ch\/wp-content\/uploads\/2022\/08\/stellenausschreibung-gf-2022.pdf\" target=\"_blank\" rel=\"noopener\"><span>Direttore<\/span><\/a><\/p>\n<p>[\/et_pb_cta][et_pb_cta title=&#8221;Posti vacanti&#8221; button_url=&#8221;#&#8221; _builder_version=&#8221;4.19.4&#8243; _module_preset=&#8221;default&#8221; background_enable_color=&#8221;off&#8221; button_alignment=&#8221;right&#8221; text_orientation=&#8221;left&#8221; background_layout=&#8221;light&#8221; box_shadow_style=&#8221;preset1&#8243; box_shadow_color=&#8221;rgba(0,0,0,0.1)&#8221; global_colors_info=&#8221;{}&#8221; box_shadow_spread__hover_enabled=&#8221;off|desktop&#8221; box_shadow_spread__hover=&#8221;3px&#8221; box_shadow_blur__hover_enabled=&#8221;on|hover&#8221; box_shadow_blur__hover=&#8221;25px&#8221;]<\/p>\n<p><span>Attualmente non ci sono posti vacanti. <a href=\"https:\/\/sjas.ch\/it\/diventare-monitrice-o-monitore\/\" target=\"_blank\" rel=\"noopener\">Qui<\/a> troverai maggiori informazioni sul volontariato presso la SJAS.<\/span><\/p>\n<p>[\/et_pb_cta][et_pb_cta title=&#8221;Rapporto annuali&#8221; button_url=&#8221;#&#8221; _builder_version=&#8221;4.27.4&#8243; _module_preset=&#8221;default&#8221; background_enable_color=&#8221;off&#8221; button_alignment=&#8221;right&#8221; text_orientation=&#8221;left&#8221; background_layout=&#8221;light&#8221; box_shadow_style=&#8221;preset1&#8243; box_shadow_color=&#8221;rgba(0,0,0,0.1)&#8221; global_colors_info=&#8221;{}&#8221; box_shadow_spread__hover_enabled=&#8221;off|desktop&#8221; box_shadow_spread__hover=&#8221;3px&#8221; box_shadow_blur__hover_enabled=&#8221;on|hover&#8221; box_shadow_blur__hover=&#8221;25px&#8221;]<\/p>\n<p><a href=\"https:\/\/sjas.ch\/wp-content\/uploads\/2022\/05\/sjas-jahresbericht-2021.pdf\" target=\"_blank\" rel=\"noopener\">2021<\/a><\/p>\n<p><a href=\"https:\/\/sjas.ch\/wp-content\/uploads\/2023\/10\/Jahresbericht22_DE.pdf\" rel=\"attachment noopener wp-att-242123\" target=\"_blank\">2022<\/a><\/p>\n<p><a href=\"https:\/\/sjas.ch\/wp-content\/uploads\/2024\/05\/Jahresbericht23_FR-final.pdf\" rel=\"attachment noopener wp-att-243170\" target=\"_blank\">2023<\/a><\/p>\n<p><a href=\"https:\/\/sjas.ch\/wp-content\/uploads\/2025\/09\/Jahresbericht24_FR.pdf\" rel=\"attachment noopener wp-att-246433\" target=\"_blank\">2024<\/a><\/p>\n<p>[\/et_pb_cta][\/et_pb_column][et_pb_column type=&#8221;1_3&#8243; _builder_version=&#8221;4.16&#8243; _module_preset=&#8221;default&#8221; global_colors_info=&#8221;{}&#8221;][et_pb_cta title=&#8221;Storia della SJAS&#8221; button_url=&#8221;\/it\/cosa-facciamo\/#geschichte-sjas&#8221; button_text=&#8221;\u2794&#8221; _builder_version=&#8221;4.27.4&#8243; _module_preset=&#8221;default&#8221; background_enable_color=&#8221;off&#8221; button_alignment=&#8221;right&#8221; text_orientation=&#8221;left&#8221; background_layout=&#8221;light&#8221; box_shadow_style=&#8221;preset1&#8243; box_shadow_color=&#8221;rgba(0,0,0,0.1)&#8221; global_colors_info=&#8221;{}&#8221; box_shadow_spread__hover_enabled=&#8221;off|desktop&#8221; box_shadow_spread__hover=&#8221;3px&#8221; box_shadow_blur__hover_enabled=&#8221;on|hover&#8221; box_shadow_blur__hover=&#8221;25px&#8221;]<\/p>\n<p><span>Da \u00abAiuto svizzero\u00bb a \u00abFondazione per la giovent\u00f9 svizzerra all&#8217;estero\u00bb:<\/span><br \/><span>cent\u2019anni di storia dell\u2019organizzazione di pubblica utilit\u00e0.<\/span><\/p>\n<p>[\/et_pb_cta][wdcl_image_carousel animation_speed=&#8221;1000ms&#8221; autoplay_speed=&#8221;5000ms&#8221; slide_count=&#8221;1&#8243; arrow_color=&#8221;#000000&#8243; arrow_bg=&#8221;RGBA(10,10,10,0)&#8221; arrow_pos_x=&#8221;-40px&#8221; _builder_version=&#8221;4.27.4&#8243; _module_preset=&#8221;default&#8221; background_color=&#8221;#FFFFFF&#8221; hover_enabled=&#8221;0&#8243; box_shadow_style=&#8221;preset1&#8243; box_shadow_color=&#8221;rgba(0,0,0,0.1)&#8221; global_colors_info=&#8221;{}&#8221; sticky_enabled=&#8221;0&#8243;][wdcl_image_carousel_child admin_title=&#8221;aso&#8221; photo=&#8221;http:\/\/sjas.ch\/wp-content\/uploads\/2022\/01\/aso-logo-int.jpg&#8221; _builder_version=&#8221;4.16&#8243; _module_preset=&#8221;default&#8221; link_option_url=&#8221;https:\/\/www.swisscommunity.org\/it\/&#8221; link_option_url_new_window=&#8221;on&#8221; global_colors_info=&#8221;{}&#8221;][\/wdcl_image_carousel_child][wdcl_image_carousel_child admin_title=&#8221;educationsuisse&#8221; photo=&#8221;http:\/\/sjas.ch\/wp-content\/uploads\/2021\/11\/educationsuicce-logo-de.jpg&#8221; _builder_version=&#8221;4.16&#8243; _module_preset=&#8221;default&#8221; link_option_url=&#8221;https:\/\/www.educationsuisse.ch\/it\/home-it&#8221; link_option_url_new_window=&#8221;on&#8221; global_colors_info=&#8221;{}&#8221;][\/wdcl_image_carousel_child][wdcl_image_carousel_child admin_title=&#8221;eda&#8221; photo=&#8221;http:\/\/sjas.ch\/wp-content\/uploads\/2022\/01\/eda-logo-it.jpg&#8221; _builder_version=&#8221;4.16&#8243; _module_preset=&#8221;default&#8221; link_option_url=&#8221;https:\/\/www.eda.admin.ch\/eda\/it\/dfae.html&#8221; link_option_url_new_window=&#8221;on&#8221; global_colors_info=&#8221;{}&#8221;][\/wdcl_image_carousel_child][wdcl_image_carousel_child admin_title=&#8221;zewo&#8221; photo=&#8221;http:\/\/sjas.ch\/wp-content\/uploads\/2021\/11\/zewo-logo-de.jpg&#8221; _builder_version=&#8221;4.16&#8243; _module_preset=&#8221;default&#8221; link_option_url=&#8221;https:\/\/zewo.ch\/de\/die-21-zewo-standards\/&#8221; link_option_url_new_window=&#8221;on&#8221; global_colors_info=&#8221;{}&#8221;][\/wdcl_image_carousel_child][wdcl_image_carousel_child photo=&#8221;https:\/\/sjas.ch\/wp-content\/uploads\/2026\/01\/LOGO_BLEU_BASELINE.png&#8221; _builder_version=&#8221;4.27.4&#8243; _module_preset=&#8221;default&#8221; hover_enabled=&#8221;0&#8243; global_colors_info=&#8221;{}&#8221; link_option_url=&#8221;https:\/\/www.pixofluna.com\/&#8221; admin_title=&#8221;pixofluna&#8221; sticky_enabled=&#8221;0&#8243;][\/wdcl_image_carousel_child][\/wdcl_image_carousel][\/et_pb_column][\/et_pb_row][\/et_pb_section][et_pb_section fb_built=&#8221;1&#8243; _builder_version=&#8221;4.16&#8243; _module_preset=&#8221;default&#8221; background_color=&#8221;rgba(10,10,10,0.06)&#8221; global_colors_info=&#8221;{}&#8221;][et_pb_row _builder_version=&#8221;4.16&#8243; _module_preset=&#8221;default&#8221; global_colors_info=&#8221;{}&#8221;][et_pb_column type=&#8221;4_4&#8243; _builder_version=&#8221;4.16&#8243; _module_preset=&#8221;default&#8221; global_colors_info=&#8221;{}&#8221;][et_pb_text _builder_version=&#8221;4.27.4&#8243; _module_preset=&#8221;default&#8221; global_colors_info=&#8221;{}&#8221;]<\/p>\n<h2>Media<\/h2>\n<p>Collaboriamo volentieri con i professionisti dei media: un\u2019occasione da non perdere per conoscere da vicino il mondo dei campi di vacanza per i giovani svizzeri residenti all\u2019estero della SJAS. Puoi rivolgerti direttamente a Isabelle Stebler, all\u2019indirizzo <a href=\"mailto:stebler@sjas.ch\">stebler@sjas.ch<\/a><\/p>\n<p>[\/et_pb_text][\/et_pb_column][\/et_pb_row][\/et_pb_section][et_pb_section fb_built=&#8221;1&#8243; _builder_version=&#8221;4.16&#8243; _module_preset=&#8221;236f5c6d-ff09-463c-bbe7-546a713abd8a&#8221; link_option_url=&#8221;\/it\/campo-di-vacanza\/&#8221; global_colors_info=&#8221;{}&#8221;][et_pb_row _builder_version=&#8221;4.13.0&#8243; _module_preset=&#8221;default&#8221; global_module=&#8221;237423&#8243; global_colors_info=&#8221;{}&#8221;][et_pb_column type=&#8221;4_4&#8243; _builder_version=&#8221;4.16&#8243; _module_preset=&#8221;default&#8221; global_colors_info=&#8221;{}&#8221;][et_pb_image src=&#8221;http:\/\/sjas.ch\/wp-content\/uploads\/2021\/11\/lager-rgb.svg&#8221; title_text=&#8221;lager-rgb&#8221; _builder_version=&#8221;4.16&#8243; _module_preset=&#8221;b7011ccc-1740-4b3f-bad9-bde2a1e14d15&#8243; custom_padding=&#8221;||||false|false&#8221; global_colors_info=&#8221;{}&#8221;][\/et_pb_image][et_pb_text _builder_version=&#8221;4.16&#8243; _module_preset=&#8221;default&#8221; global_colors_info=&#8221;{}&#8221;]<\/p>\n<h2>Campi di vacanza<\/h2>\n<p>Maggiori informazioni sulla nostra offerta di campi di vacanza sono disponibili nella scheda Campi di vacanza di questo sito.<\/p>\n<p>[\/et_pb_text][\/et_pb_column][\/et_pb_row][\/et_pb_section][et_pb_section fb_built=&#8221;1&#8243; _builder_version=&#8221;4.16&#8243; _module_preset=&#8221;c03e9505-449b-4d34-913d-a5e212ed2086&#8243; link_option_url=&#8221;\/it\/monitrici-e-monitori\/&#8221; global_colors_info=&#8221;{}&#8221;][et_pb_row _builder_version=&#8221;4.16&#8243; _module_preset=&#8221;default&#8221; global_module=&#8221;237419&#8243; global_colors_info=&#8221;{}&#8221;][et_pb_column type=&#8221;4_4&#8243; _builder_version=&#8221;4.16&#8243; _module_preset=&#8221;default&#8221; global_colors_info=&#8221;{}&#8221;][et_pb_image src=&#8221;http:\/\/sjas.ch\/wp-content\/uploads\/2021\/11\/leiter-innen-rgb.svg&#8221; title_text=&#8221;leiter-innen-rgb&#8221; _builder_version=&#8221;4.16&#8243; _module_preset=&#8221;b7011ccc-1740-4b3f-bad9-bde2a1e14d15&#8243; global_colors_info=&#8221;{}&#8221;][\/et_pb_image][et_pb_text _builder_version=&#8221;4.23.4&#8243; _module_preset=&#8221;default&#8221; global_colors_info=&#8221;{}&#8221;]<\/p>\n<h2>Monitrici e monitori<\/h2>\n<p>Maggiori informazioni sulla possibilit\u00e0 di dirigere i nostri campi di vacanza come monitrice o monitore o di prestare servizio civile e sull\u2019offerta di corsi G+S e di formazione continua sono disponibili nella scheda Lavora con noi di questo sito.<\/p>\n<p>[\/et_pb_text][\/et_pb_column][\/et_pb_row][\/et_pb_section]<\/p>\n","protected":false},"excerpt":{"rendered":"<p>A proposito di noi Fondazione per la giovent\u00f9 svizzerra all&#8217;esteroIn qualit\u00e0 di organo supremo della SJAS, il Consiglio di fondazione \u00e8 responsabile della raccolta di fondi e della gestione del patrimonio della Fondazione, dell\u2019organizzazione di gruppi di lavoro per compiti interni alla SJAS, dell\u2019adozione di regolamenti sull\u2019organizzazione e la direzione aziendale e della rappresentanza della [&hellip;]<\/p>\n","protected":false},"author":1,"featured_media":0,"parent":0,"menu_order":0,"comment_status":"closed","ping_status":"closed","template":"","meta":{"_et_pb_use_builder":"on","_et_pb_old_content":"","_et_gb_content_width":"","inline_featured_image":false,"footnotes":""},"class_list":["post-238394","page","type-page","status-publish","hentry"],"yoast_head":"<!-- This site is optimized with the Yoast SEO plugin v27.4 - https:\/\/yoast.com\/product\/yoast-seo-wordpress\/ -->\n<title>A proposito di noi - SJAS<\/title>\n<meta name=\"robots\" content=\"index, follow, max-snippet:-1, max-image-preview:large, max-video-preview:-1\" \/>\n<link rel=\"canonical\" href=\"https:\/\/sjas.ch\/ueber-uns\/\" \/>\n<meta property=\"og:locale\" content=\"it_IT\" \/>\n<meta property=\"og:type\" content=\"article\" \/>\n<meta property=\"og:title\" content=\"A proposito di noi - SJAS\" \/>\n<meta property=\"og:description\" content=\"A proposito di noi Fondazione per la giovent\u00f9 svizzerra all&#039;esteroIn qualit\u00e0 di organo supremo della SJAS, il Consiglio di fondazione \u00e8 responsabile della raccolta di fondi e della gestione del patrimonio della Fondazione, dell\u2019organizzazione di gruppi di lavoro per compiti interni alla SJAS, dell\u2019adozione di regolamenti sull\u2019organizzazione e la direzione aziendale e della rappresentanza della [&hellip;]\" \/>\n<meta property=\"og:url\" content=\"https:\/\/sjas.ch\/ueber-uns\/\" \/>\n<meta property=\"og:site_name\" content=\"SJAS\" \/>\n<meta property=\"article:modified_time\" content=\"2026-01-13T15:02:50+00:00\" \/>\n<meta name=\"twitter:card\" content=\"summary_large_image\" \/>\n<meta name=\"twitter:label1\" content=\"Tempo di lettura stimato\" \/>\n\t<meta name=\"twitter:data1\" content=\"7 minuti\" \/>\n<script type=\"application\/ld+json\" class=\"yoast-schema-graph\">{\"@context\":\"https:\\\/\\\/schema.org\",\"@graph\":[{\"@type\":\"WebPage\",\"@id\":\"https:\\\/\\\/sjas.ch\\\/ueber-uns\\\/\",\"url\":\"https:\\\/\\\/sjas.ch\\\/ueber-uns\\\/\",\"name\":\"A proposito di noi - SJAS\",\"isPartOf\":{\"@id\":\"https:\\\/\\\/sjas.ch\\\/#website\"},\"datePublished\":\"2021-12-21T17:08:16+00:00\",\"dateModified\":\"2026-01-13T15:02:50+00:00\",\"breadcrumb\":{\"@id\":\"https:\\\/\\\/sjas.ch\\\/ueber-uns\\\/#breadcrumb\"},\"inLanguage\":\"it-IT\",\"potentialAction\":[{\"@type\":\"ReadAction\",\"target\":[\"https:\\\/\\\/sjas.ch\\\/ueber-uns\\\/\"]}]},{\"@type\":\"BreadcrumbList\",\"@id\":\"https:\\\/\\\/sjas.ch\\\/ueber-uns\\\/#breadcrumb\",\"itemListElement\":[{\"@type\":\"ListItem\",\"position\":1,\"name\":\"Home\",\"item\":\"https:\\\/\\\/sjas.ch\\\/\"},{\"@type\":\"ListItem\",\"position\":2,\"name\":\"A proposito di noi\"}]},{\"@type\":\"WebSite\",\"@id\":\"https:\\\/\\\/sjas.ch\\\/#website\",\"url\":\"https:\\\/\\\/sjas.ch\\\/\",\"name\":\"SJAS\",\"description\":\"\",\"potentialAction\":[{\"@type\":\"SearchAction\",\"target\":{\"@type\":\"EntryPoint\",\"urlTemplate\":\"https:\\\/\\\/sjas.ch\\\/?s={search_term_string}\"},\"query-input\":{\"@type\":\"PropertyValueSpecification\",\"valueRequired\":true,\"valueName\":\"search_term_string\"}}],\"inLanguage\":\"it-IT\"}]}<\/script>\n<!-- \/ Yoast SEO plugin. -->","yoast_head_json":{"title":"A proposito di noi - SJAS","robots":{"index":"index","follow":"follow","max-snippet":"max-snippet:-1","max-image-preview":"max-image-preview:large","max-video-preview":"max-video-preview:-1"},"canonical":"https:\/\/sjas.ch\/ueber-uns\/","og_locale":"it_IT","og_type":"article","og_title":"A proposito di noi - SJAS","og_description":"A proposito di noi Fondazione per la giovent\u00f9 svizzerra all'esteroIn qualit\u00e0 di organo supremo della SJAS, il Consiglio di fondazione \u00e8 responsabile della raccolta di fondi e della gestione del patrimonio della Fondazione, dell\u2019organizzazione di gruppi di lavoro per compiti interni alla SJAS, dell\u2019adozione di regolamenti sull\u2019organizzazione e la direzione aziendale e della rappresentanza della [&hellip;]","og_url":"https:\/\/sjas.ch\/ueber-uns\/","og_site_name":"SJAS","article_modified_time":"2026-01-13T15:02:50+00:00","twitter_card":"summary_large_image","twitter_misc":{"Tempo di lettura stimato":"7 minuti"},"schema":{"@context":"https:\/\/schema.org","@graph":[{"@type":"WebPage","@id":"https:\/\/sjas.ch\/ueber-uns\/","url":"https:\/\/sjas.ch\/ueber-uns\/","name":"A proposito di noi - SJAS","isPartOf":{"@id":"https:\/\/sjas.ch\/#website"},"datePublished":"2021-12-21T17:08:16+00:00","dateModified":"2026-01-13T15:02:50+00:00","breadcrumb":{"@id":"https:\/\/sjas.ch\/ueber-uns\/#breadcrumb"},"inLanguage":"it-IT","potentialAction":[{"@type":"ReadAction","target":["https:\/\/sjas.ch\/ueber-uns\/"]}]},{"@type":"BreadcrumbList","@id":"https:\/\/sjas.ch\/ueber-uns\/#breadcrumb","itemListElement":[{"@type":"ListItem","position":1,"name":"Home","item":"https:\/\/sjas.ch\/"},{"@type":"ListItem","position":2,"name":"A proposito di noi"}]},{"@type":"WebSite","@id":"https:\/\/sjas.ch\/#website","url":"https:\/\/sjas.ch\/","name":"SJAS","description":"","potentialAction":[{"@type":"SearchAction","target":{"@type":"EntryPoint","urlTemplate":"https:\/\/sjas.ch\/?s={search_term_string}"},"query-input":{"@type":"PropertyValueSpecification","valueRequired":true,"valueName":"search_term_string"}}],"inLanguage":"it-IT"}]}},"_links":{"self":[{"href":"https:\/\/sjas.ch\/it\/wp-json\/wp\/v2\/pages\/238394","targetHints":{"allow":["GET"]}}],"collection":[{"href":"https:\/\/sjas.ch\/it\/wp-json\/wp\/v2\/pages"}],"about":[{"href":"https:\/\/sjas.ch\/it\/wp-json\/wp\/v2\/types\/page"}],"author":[{"embeddable":true,"href":"https:\/\/sjas.ch\/it\/wp-json\/wp\/v2\/users\/1"}],"replies":[{"embeddable":true,"href":"https:\/\/sjas.ch\/it\/wp-json\/wp\/v2\/comments?post=238394"}],"version-history":[{"count":26,"href":"https:\/\/sjas.ch\/it\/wp-json\/wp\/v2\/pages\/238394\/revisions"}],"predecessor-version":[{"id":247220,"href":"https:\/\/sjas.ch\/it\/wp-json\/wp\/v2\/pages\/238394\/revisions\/247220"}],"wp:attachment":[{"href":"https:\/\/sjas.ch\/it\/wp-json\/wp\/v2\/media?parent=238394"}],"curies":[{"name":"wp","href":"https:\/\/api.w.org\/{rel}","templated":true}]}}