{"id":238397,"date":"2021-12-21T18:08:21","date_gmt":"2021-12-21T17:08:21","guid":{"rendered":"https:\/\/dev.sjas.ch\/monitrici-e-monitori\/"},"modified":"2025-06-13T12:07:10","modified_gmt":"2025-06-13T10:07:10","slug":"monitrici-e-monitori","status":"publish","type":"page","link":"https:\/\/sjas.ch\/it\/monitrici-e-monitori\/","title":{"rendered":"Monitrici e monitori"},"content":{"rendered":"<p>[et_pb_section fb_built=&#8221;1&#8243; _builder_version=&#8221;4.16&#8243; _module_preset=&#8221;default&#8221; global_colors_info=&#8221;{}&#8221;][et_pb_row _builder_version=&#8221;4.16&#8243; _module_preset=&#8221;default&#8221; global_colors_info=&#8221;{}&#8221;][et_pb_column type=&#8221;4_4&#8243; _builder_version=&#8221;4.16&#8243; _module_preset=&#8221;default&#8221; global_colors_info=&#8221;{}&#8221;][et_pb_image src=&#8221;http:\/\/sjas.ch\/wp-content\/uploads\/2021\/11\/leiter-innen-rgb.svg&#8221; title_text=&#8221;leiter-innen-rgb&#8221; _builder_version=&#8221;4.16&#8243; _module_preset=&#8221;dbd4b17f-f5c9-49b0-b15b-dbc04db0a796&#8243; global_colors_info=&#8221;{}&#8221;][\/et_pb_image][et_pb_text _builder_version=&#8221;4.27.4&#8243; _module_preset=&#8221;default&#8221; hover_enabled=&#8221;0&#8243; global_colors_info=&#8221;{}&#8221; sticky_enabled=&#8221;0&#8243;]<\/p>\n<h1 style=\"text-align: center;\">Monitrici e monitori<\/h1>\n<p style=\"text-align: center;\">Diventa monitrice o monitore e partecipa ai campi estivi per giovani svizzeri all&#8217;estero<\/p>\n<p>[\/et_pb_text][\/et_pb_column][\/et_pb_row][\/et_pb_section][et_pb_section fb_built=&#8221;1&#8243; _builder_version=&#8221;4.16&#8243; _module_preset=&#8221;default&#8221; background_image=&#8221;http:\/\/sjas.ch\/wp-content\/uploads\/2021\/11\/background-emojis.svg&#8221; parallax=&#8221;on&#8221; global_colors_info=&#8221;{}&#8221;][et_pb_row column_structure=&#8221;1_3,1_3,1_3&#8243; _builder_version=&#8221;4.16&#8243; _module_preset=&#8221;default&#8221; global_colors_info=&#8221;{}&#8221;][et_pb_column type=&#8221;1_3&#8243; _builder_version=&#8221;4.16&#8243; _module_preset=&#8221;default&#8221; global_colors_info=&#8221;{}&#8221;][et_pb_cta title=&#8221;Diventare monitore&#8221; button_url=&#8221;\/it\/diventare-monitrice-o-monitore\/&#8221; button_text=&#8221;\u2794&#8221; _builder_version=&#8221;4.27.4&#8243; _module_preset=&#8221;default&#8221; background_enable_color=&#8221;off&#8221; button_alignment=&#8221;right&#8221; text_orientation=&#8221;left&#8221; background_layout=&#8221;light&#8221; hover_enabled=&#8221;0&#8243; box_shadow_style=&#8221;preset1&#8243; box_shadow_color=&#8221;rgba(0,0,0,0.1)&#8221; global_colors_info=&#8221;{}&#8221; box_shadow_spread__hover_enabled=&#8221;off|desktop&#8221; box_shadow_spread__hover=&#8221;3px&#8221; box_shadow_blur__hover_enabled=&#8221;on|hover&#8221; box_shadow_blur__hover=&#8221;25px&#8221; sticky_enabled=&#8221;0&#8243;]<\/p>\n<p>Ti piacerebbe dirigere o aiutare a codirigere un campo di vacanza internazionale e multilingue?<br \/>Alla SJAS puoi contribuire a organizzare il soggiorno all\u2019interno dei campi di vacanza e a far conoscere la Svizzera in tutte le sue sfaccettature ai giovani svizzeri all\u2019estero.<\/p>\n<p>[\/et_pb_cta][wdcl_image_carousel animation_speed=&#8221;1000ms&#8221; autoplay_speed=&#8221;5000ms&#8221; slide_count=&#8221;1&#8243; arrow_color=&#8221;#000000&#8243; arrow_bg=&#8221;RGBA(10,10,10,0)&#8221; arrow_pos_x=&#8221;-40px&#8221; _builder_version=&#8221;4.16&#8243; _module_preset=&#8221;default&#8221; box_shadow_style=&#8221;preset1&#8243; box_shadow_color=&#8221;rgba(0,0,0,0.1)&#8221; global_colors_info=&#8221;{}&#8221;][wdcl_image_carousel_child photo=&#8221;http:\/\/sjas.ch\/wp-content\/uploads\/2021\/11\/Trotti_Ausflug-scaled.jpg&#8221; _builder_version=&#8221;4.16&#8243; _module_preset=&#8221;default&#8221; global_colors_info=&#8221;{}&#8221;][\/wdcl_image_carousel_child][wdcl_image_carousel_child photo=&#8221;http:\/\/sjas.ch\/wp-content\/uploads\/2021\/12\/adelboden-7-scaled.jpg&#8221; _builder_version=&#8221;4.16&#8243; _module_preset=&#8221;default&#8221; global_colors_info=&#8221;{}&#8221;][\/wdcl_image_carousel_child][wdcl_image_carousel_child photo=&#8221;http:\/\/sjas.ch\/wp-content\/uploads\/2021\/11\/Aarebo\u0308o\u0308tle_1-scaled.jpg&#8221; _builder_version=&#8221;4.16&#8243; _module_preset=&#8221;default&#8221; global_colors_info=&#8221;{}&#8221;][\/wdcl_image_carousel_child][wdcl_image_carousel_child photo=&#8221;http:\/\/sjas.ch\/wp-content\/uploads\/2021\/12\/adelboden-1-scaled.jpg&#8221; _builder_version=&#8221;4.16&#8243; _module_preset=&#8221;default&#8221; global_colors_info=&#8221;{}&#8221;][\/wdcl_image_carousel_child][\/wdcl_image_carousel][\/et_pb_column][et_pb_column type=&#8221;1_3&#8243; _builder_version=&#8221;4.16&#8243; _module_preset=&#8221;default&#8221; global_colors_info=&#8221;{}&#8221;][et_pb_cta title=&#8221;Formazione&#8221; button_url=&#8221;\/it\/formazione\/&#8221; button_text=&#8221;\u2794&#8221; _builder_version=&#8221;4.27.4&#8243; _module_preset=&#8221;default&#8221; background_enable_color=&#8221;off&#8221; button_alignment=&#8221;right&#8221; text_orientation=&#8221;left&#8221; background_layout=&#8221;light&#8221; hover_enabled=&#8221;0&#8243; box_shadow_style=&#8221;preset1&#8243; box_shadow_color=&#8221;rgba(0,0,0,0.1)&#8221; global_colors_info=&#8221;{}&#8221; box_shadow_spread__hover_enabled=&#8221;off|desktop&#8221; box_shadow_spread__hover=&#8221;3px&#8221; box_shadow_blur__hover_enabled=&#8221;on|hover&#8221; box_shadow_blur__hover=&#8221;25px&#8221; sticky_enabled=&#8221;0&#8243;]<\/p>\n<p>Nei nostri corsi di formazione ti trasmettiamo le competenze professionali, sociali e direttive necessarie per svolgere in modo responsabile il tuo ruolo di monitrice o monitore all\u2019interno di un campo di vacanza.<\/p>\n<p>[\/et_pb_cta][wdcl_image_carousel animation_speed=&#8221;1000ms&#8221; autoplay_speed=&#8221;5000ms&#8221; slide_count=&#8221;1&#8243; arrow_color=&#8221;#000000&#8243; arrow_bg=&#8221;RGBA(10,10,10,0)&#8221; arrow_pos_x=&#8221;-40px&#8221; _builder_version=&#8221;4.16&#8243; _module_preset=&#8221;default&#8221; background_color=&#8221;#FFFFFF&#8221; box_shadow_style=&#8221;preset1&#8243; box_shadow_color=&#8221;rgba(0,0,0,0.1)&#8221; global_colors_info=&#8221;{}&#8221;][wdcl_image_carousel_child admin_title=&#8221;j+s&#8221; photo=&#8221;http:\/\/sjas.ch\/wp-content\/uploads\/2022\/01\/gs-logo-it.jpg&#8221; _builder_version=&#8221;4.16&#8243; _module_preset=&#8221;default&#8221; link_option_url=&#8221;https:\/\/www.jugendundsport.ch\/it\/home.html&#8221; link_option_url_new_window=&#8221;on&#8221; global_colors_info=&#8221;{}&#8221;][\/wdcl_image_carousel_child][wdcl_image_carousel_child admin_title=&#8221;zivildienst&#8221; photo=&#8221;http:\/\/sjas.ch\/wp-content\/uploads\/2022\/01\/zivi-logo-it.jpg&#8221; _builder_version=&#8221;4.16&#8243; _module_preset=&#8221;default&#8221; link_option_url=&#8221;https:\/\/www.zivi.admin.ch\/zivi\/it\/home\/landingpages\/tb2.html&#8221; link_option_url_new_window=&#8221;on&#8221; global_colors_info=&#8221;{}&#8221;][\/wdcl_image_carousel_child][wdcl_image_carousel_child admin_title=&#8221;sajv&#8221; photo=&#8221;http:\/\/sjas.ch\/wp-content\/uploads\/2021\/11\/sajv-logo-de.jpg&#8221; _builder_version=&#8221;4.16&#8243; _module_preset=&#8221;default&#8221; link_option_url=&#8221;https:\/\/www.sajv.ch\/it\/&#8221; link_option_url_new_window=&#8221;on&#8221; global_colors_info=&#8221;{}&#8221;][\/wdcl_image_carousel_child][wdcl_image_carousel_child admin_title=&#8221;zewo&#8221; photo=&#8221;http:\/\/sjas.ch\/wp-content\/uploads\/2021\/11\/zewo-logo-de.jpg&#8221; _builder_version=&#8221;4.16&#8243; _module_preset=&#8221;default&#8221; link_option_url=&#8221;https:\/\/zewo.ch\/de\/die-21-zewo-standards\/&#8221; link_option_url_new_window=&#8221;on&#8221; global_colors_info=&#8221;{}&#8221;][\/wdcl_image_carousel_child][\/wdcl_image_carousel][\/et_pb_column][et_pb_column type=&#8221;1_3&#8243; _builder_version=&#8221;4.16&#8243; _module_preset=&#8221;default&#8221; global_colors_info=&#8221;{}&#8221;][et_pb_cta title=&#8221;Servizio civile&#8221; button_url=&#8221;\/it\/servizio-civile\/&#8221; button_text=&#8221;\u2794&#8221; _builder_version=&#8221;4.27.4&#8243; _module_preset=&#8221;default&#8221; background_enable_color=&#8221;off&#8221; button_alignment=&#8221;right&#8221; text_orientation=&#8221;left&#8221; background_layout=&#8221;light&#8221; hover_enabled=&#8221;0&#8243; box_shadow_style=&#8221;preset1&#8243; box_shadow_color=&#8221;rgba(0,0,0,0.1)&#8221; global_colors_info=&#8221;{}&#8221; box_shadow_spread__hover_enabled=&#8221;off|desktop&#8221; box_shadow_spread__hover=&#8221;3px&#8221; box_shadow_blur__hover_enabled=&#8221;on|hover&#8221; box_shadow_blur__hover=&#8221;25px&#8221; sticky_enabled=&#8221;0&#8243;]<\/p>\n<p>La SJAS offre ai civilisti brevi impieghi da 15 a 26 giorni, durante i quali pianificare e organizzare campi di vacanza multiculturali e multilingue per giovani svizzeri all\u2019estero di et\u00e0 compresa tra gli 8 e i 14 anni.<\/p>\n<p>[\/et_pb_cta][et_pb_slider show_arrows=&#8221;off&#8221; arrows_custom_color=&#8221;#000000&#8243; dot_nav_custom_color=&#8221;#000000&#8243; module_class=&#8221;testimonial-slider&#8221; _builder_version=&#8221;4.19.4&#8243; _module_preset=&#8221;default&#8221; header_text_color=&#8221;#000000&#8243; body_text_color=&#8221;#000000&#8243; background_color=&#8221;#FFFFFF&#8221; text_orientation=&#8221;left&#8221; animation_direction=&#8221;left&#8221; auto=&#8221;on&#8221; auto_speed=&#8221;8000&#8243; custom_css_before=&#8221;animation-name:fadeLeft !important;&#8221; custom_css_main_element=&#8221;animation-name:fadeLeft !important;&#8221; custom_css_after=&#8221;animation-name:fadeLeft !important;&#8221; header_text_shadow_style=&#8221;preset3&#8243; header_text_shadow_color=&#8221;RGBA(10,10,10,0)&#8221; body_text_shadow_style=&#8221;preset3&#8243; body_text_shadow_blur_strength=&#8221;0em&#8221; body_text_shadow_color=&#8221;rgba(0,0,0,0)&#8221; box_shadow_style=&#8221;preset1&#8243; box_shadow_color=&#8221;rgba(0,0,0,0.1)&#8221; global_colors_info=&#8221;{}&#8221; box_shadow_blur__hover_enabled=&#8221;on|hover&#8221; box_shadow_blur__hover=&#8221;25px&#8221;][et_pb_slide admin_title=&#8221;Maxime, moniteur et civiliste, Suisse&#8221; _builder_version=&#8221;4.19.4&#8243; _module_preset=&#8221;default&#8221; header_text_color=&#8221;#333333&#8243; body_text_color=&#8221;#666666&#8243; background_layout=&#8221;light&#8221; custom_css_before=&#8221;animation-name:fadeLeft !important;&#8221; custom_css_main_element=&#8221;animation-name:fadeLeft !important;&#8221; custom_css_after=&#8221;animation-name:fadeLeft !important;&#8221; global_colors_info=&#8221;{}&#8221; sticky_transition=&#8221;on&#8221;]<\/p>\n<p>Mi piace animare i campi della FGSE perch\u00e9 mi permettono di fare il turista nel mio paese! In ogni campo, approfitto per vedere i luoghi pi\u00f9 belli della Svizzera e scoprire le culture di tutto il mondo.<\/p>\n<p>\u2013 <em>Maxime, monitori e civi, Svizzera<\/em><\/p>\n<p>[\/et_pb_slide][et_pb_slide admin_title=&#8221;Sandra, Ferienlagerleiterin, Schweiz&#8221; _builder_version=&#8221;4.19.4&#8243; _module_preset=&#8221;default&#8221; header_text_color=&#8221;#333333&#8243; body_text_color=&#8221;#666666&#8243; background_layout=&#8221;light&#8221; custom_css_before=&#8221;animation-name:fadeLeft !important;&#8221; custom_css_main_element=&#8221;animation-name:fadeLeft !important;&#8221; custom_css_after=&#8221;animation-name:fadeLeft !important;&#8221; global_colors_info=&#8221;{}&#8221; sticky_transition=&#8221;on&#8221;]<\/p>\n<p>La mia esperienza come monitrici mi ha insegnato lavoro di squadra, flessibilit\u00e0, organizzazione e pazienza. \u00c8 un&#8217;ottima opportunit\u00e0 per crescere come persona e assumere responsabilit\u00e0 mentre si ha un ottimo tempo.<\/p>\n<p>\u2013 <em>Sandra, monitrici, Svizzera<\/em><\/p>\n<p>[\/et_pb_slide][et_pb_slide admin_title=&#8221;Leah, mother, USA&#8221; _builder_version=&#8221;4.19.4&#8243; _module_preset=&#8221;default&#8221; header_text_color=&#8221;#333333&#8243; body_text_color=&#8221;#666666&#8243; background_layout=&#8221;light&#8221; custom_css_before=&#8221;animation-name:fadeLeft !important;&#8221; custom_css_main_element=&#8221;animation-name:fadeLeft !important;&#8221; custom_css_after=&#8221;animation-name:fadeLeft !important;&#8221; global_colors_info=&#8221;{}&#8221; sticky_transition=&#8221;on&#8221;]<\/p>\n<p>Il nostro figlio ha ricevuto un&#8217;ottima assistenza durante il campeggio. Ero completamente colpito e sapevo che stava in buone mani.<\/p>\n<p>\u2013 <em>Leah, madre, USA<\/em><\/p>\n<p>[\/et_pb_slide][et_pb_slide admin_title=&#8221;Samuel, Ferienlagerleiter und Zivi, Schweiz&#8221; _builder_version=&#8221;4.19.4&#8243; _module_preset=&#8221;default&#8221; header_text_color=&#8221;#333333&#8243; body_text_color=&#8221;#666666&#8243; background_layout=&#8221;light&#8221; custom_css_before=&#8221;animation-name:fadeLeft !important;&#8221; custom_css_main_element=&#8221;animation-name:fadeLeft !important;&#8221; custom_css_after=&#8221;animation-name:fadeLeft !important;&#8221; global_colors_info=&#8221;{}&#8221; sticky_transition=&#8221;on&#8221;]<\/p>\n<div class=\"flex flex-grow flex-col gap-3\">\n<div class=\"min-h-[20px] flex flex-col items-start gap-4 whitespace-pre-wrap\">\n<div class=\"markdown prose w-full break-words dark:prose-invert light\">\n<p>L&#8217;esperienza, l&#8217;assistenza e l&#8217;ambiente familiare con e presso la sede rendono la FGSE un&#8217;azienda di servizio speciale dove mi piace molto svolgere il mio servizio civile.<\/p>\n<\/div>\n<\/div>\n<\/div>\n<div class=\"flex justify-between\">\n<div class=\"text-gray-400 flex self-end lg:self-center justify-center mt-2 gap-3 md:gap-4 lg:gap-1 lg:absolute lg:top-0 lg:translate-x-full lg:right-0 lg:mt-0 lg:pl-2 visible\"><\/div>\n<\/div>\n<p>\u2013 <em>Samuel, montori e civi, Svizzera<br \/><\/em><\/p>\n<p>[\/et_pb_slide][\/et_pb_slider][\/et_pb_column][\/et_pb_row][\/et_pb_section][et_pb_section fb_built=&#8221;1&#8243; _builder_version=&#8221;4.27.4&#8243; _module_preset=&#8221;c03e9505-449b-4d34-913d-a5e212ed2086&#8243; link_option_url=&#8221;\/it\/campo-di-vacanza\/&#8221; hover_enabled=&#8221;0&#8243; global_colors_info=&#8221;{}&#8221; sticky_enabled=&#8221;0&#8243;][et_pb_row _builder_version=&#8221;4.13.0&#8243; _module_preset=&#8221;default&#8221; global_module=&#8221;237423&#8243; saved_tabs=&#8221;all&#8221; global_colors_info=&#8221;{}&#8221;][et_pb_column type=&#8221;4_4&#8243; _builder_version=&#8221;4.16&#8243; _module_preset=&#8221;default&#8221; global_colors_info=&#8221;{}&#8221;][et_pb_image src=&#8221;http:\/\/sjas.ch\/wp-content\/uploads\/2021\/11\/lager-rgb.svg&#8221; title_text=&#8221;lager-rgb&#8221; _builder_version=&#8221;4.16&#8243; _module_preset=&#8221;b7011ccc-1740-4b3f-bad9-bde2a1e14d15&#8243; custom_padding=&#8221;||||false|false&#8221; global_colors_info=&#8221;{}&#8221;][\/et_pb_image][et_pb_text _builder_version=&#8221;4.16&#8243; _module_preset=&#8221;default&#8221; global_colors_info=&#8221;{}&#8221;]<\/p>\n<h2>Campi di vacanza<\/h2>\n<p>Maggiori informazioni sulla nostra offerta di campi di vacanza sono disponibili nella scheda Campi di vacanza di questo sito.<\/p>\n<p>[\/et_pb_text][\/et_pb_column][\/et_pb_row][\/et_pb_section][et_pb_section fb_built=&#8221;1&#8243; _builder_version=&#8221;4.27.4&#8243; _module_preset=&#8221;236f5c6d-ff09-463c-bbe7-546a713abd8a&#8221; link_option_url=&#8221;\/it\/la-fgse\/&#8221; hover_enabled=&#8221;0&#8243; global_colors_info=&#8221;{}&#8221; sticky_enabled=&#8221;0&#8243;][et_pb_row _builder_version=&#8221;4.23.4&#8243; _module_preset=&#8221;default&#8221; global_module=&#8221;237418&#8243; global_colors_info=&#8221;{}&#8221;][et_pb_column type=&#8221;4_4&#8243; _builder_version=&#8221;4.16&#8243; _module_preset=&#8221;default&#8221; global_colors_info=&#8221;{}&#8221;][et_pb_image src=&#8221;http:\/\/sjas.ch\/wp-content\/uploads\/2021\/11\/ueber-uns-rgb.svg&#8221; title_text=&#8221;ueber-uns-rgb&#8221; _builder_version=&#8221;4.23.4&#8243; _module_preset=&#8221;b7011ccc-1740-4b3f-bad9-bde2a1e14d15&#8243; global_colors_info=&#8221;{}&#8221;][\/et_pb_image][et_pb_text _builder_version=&#8221;4.23.4&#8243; _module_preset=&#8221;default&#8221; global_colors_info=&#8221;{}&#8221;]<\/p>\n<h2><span class=\"TextRun BCX0 SCXW202051359\" lang=\"IT-CH\" xml:lang=\"IT-CH\" data-contrast=\"auto\"><span class=\"NormalTextRun BCX0 TrackChangeDeleteHighlight SCXW202051359\">A proposito di noi<\/span><\/span><\/h2>\n<p>Attualmente pi\u00f9 di 800&#8217;000 Svizzeri vivono a breve o a lungo termine all\u2019estero e la tendenza \u00e8 in aumento. Ma il fatto che ci siano Svizzeri all\u2019estero non \u00e8 una novit\u00e0, come testimonia la lunga tradizione dei campi di vacanza della Fondazione per i giovani svizzeri all\u2019estero (SJAS).<\/p>\n<p>[\/et_pb_text][\/et_pb_column][\/et_pb_row][\/et_pb_section]<\/p>\n","protected":false},"excerpt":{"rendered":"<p>Monitrici e monitori Diventa monitrice o monitore e partecipa ai campi estivi per giovani svizzeri all&#8217;esteroTi piacerebbe dirigere o aiutare a codirigere un campo di vacanza internazionale e multilingue?Alla SJAS puoi contribuire a organizzare il soggiorno all\u2019interno dei campi di vacanza e a far conoscere la Svizzera in tutte le sue sfaccettature ai giovani svizzeri [&hellip;]<\/p>\n","protected":false},"author":1,"featured_media":0,"parent":0,"menu_order":0,"comment_status":"closed","ping_status":"closed","template":"","meta":{"_et_pb_use_builder":"on","_et_pb_old_content":"","_et_gb_content_width":"","inline_featured_image":false,"footnotes":""},"class_list":["post-238397","page","type-page","status-publish","hentry"],"yoast_head":"<!-- This site is optimized with the Yoast SEO plugin v27.4 - https:\/\/yoast.com\/product\/yoast-seo-wordpress\/ -->\n<title>Monitrici e monitori - SJAS<\/title>\n<meta name=\"robots\" content=\"index, follow, max-snippet:-1, max-image-preview:large, max-video-preview:-1\" \/>\n<link rel=\"canonical\" href=\"https:\/\/sjas.ch\/it\/monitrici-e-monitori\/\" \/>\n<meta property=\"og:locale\" content=\"it_IT\" \/>\n<meta property=\"og:type\" content=\"article\" \/>\n<meta property=\"og:title\" content=\"Monitrici e monitori - SJAS\" \/>\n<meta property=\"og:description\" content=\"Monitrici e monitori Diventa monitrice o monitore e partecipa ai campi estivi per giovani svizzeri all&#039;esteroTi piacerebbe dirigere o aiutare a codirigere un campo di vacanza internazionale e multilingue?Alla SJAS puoi contribuire a organizzare il soggiorno all\u2019interno dei campi di vacanza e a far conoscere la Svizzera in tutte le sue sfaccettature ai giovani svizzeri [&hellip;]\" \/>\n<meta property=\"og:url\" content=\"https:\/\/sjas.ch\/it\/monitrici-e-monitori\/\" \/>\n<meta property=\"og:site_name\" content=\"SJAS\" \/>\n<meta property=\"article:modified_time\" content=\"2025-06-13T10:07:10+00:00\" \/>\n<meta name=\"twitter:card\" content=\"summary_large_image\" \/>\n<meta name=\"twitter:label1\" content=\"Tempo di lettura stimato\" \/>\n\t<meta name=\"twitter:data1\" content=\"8 minuti\" \/>\n<script type=\"application\/ld+json\" class=\"yoast-schema-graph\">{\"@context\":\"https:\\\/\\\/schema.org\",\"@graph\":[{\"@type\":\"WebPage\",\"@id\":\"https:\\\/\\\/sjas.ch\\\/it\\\/monitrici-e-monitori\\\/\",\"url\":\"https:\\\/\\\/sjas.ch\\\/it\\\/monitrici-e-monitori\\\/\",\"name\":\"Monitrici e monitori - SJAS\",\"isPartOf\":{\"@id\":\"https:\\\/\\\/sjas.ch\\\/#website\"},\"datePublished\":\"2021-12-21T17:08:21+00:00\",\"dateModified\":\"2025-06-13T10:07:10+00:00\",\"breadcrumb\":{\"@id\":\"https:\\\/\\\/sjas.ch\\\/it\\\/monitrici-e-monitori\\\/#breadcrumb\"},\"inLanguage\":\"it-IT\",\"potentialAction\":[{\"@type\":\"ReadAction\",\"target\":[\"https:\\\/\\\/sjas.ch\\\/it\\\/monitrici-e-monitori\\\/\"]}]},{\"@type\":\"BreadcrumbList\",\"@id\":\"https:\\\/\\\/sjas.ch\\\/it\\\/monitrici-e-monitori\\\/#breadcrumb\",\"itemListElement\":[{\"@type\":\"ListItem\",\"position\":1,\"name\":\"Home\",\"item\":\"https:\\\/\\\/sjas.ch\\\/\"},{\"@type\":\"ListItem\",\"position\":2,\"name\":\"Monitrici e monitori\"}]},{\"@type\":\"WebSite\",\"@id\":\"https:\\\/\\\/sjas.ch\\\/#website\",\"url\":\"https:\\\/\\\/sjas.ch\\\/\",\"name\":\"SJAS\",\"description\":\"\",\"potentialAction\":[{\"@type\":\"SearchAction\",\"target\":{\"@type\":\"EntryPoint\",\"urlTemplate\":\"https:\\\/\\\/sjas.ch\\\/?s={search_term_string}\"},\"query-input\":{\"@type\":\"PropertyValueSpecification\",\"valueRequired\":true,\"valueName\":\"search_term_string\"}}],\"inLanguage\":\"it-IT\"}]}<\/script>\n<!-- \/ Yoast SEO plugin. -->","yoast_head_json":{"title":"Monitrici e monitori - SJAS","robots":{"index":"index","follow":"follow","max-snippet":"max-snippet:-1","max-image-preview":"max-image-preview:large","max-video-preview":"max-video-preview:-1"},"canonical":"https:\/\/sjas.ch\/it\/monitrici-e-monitori\/","og_locale":"it_IT","og_type":"article","og_title":"Monitrici e monitori - SJAS","og_description":"Monitrici e monitori Diventa monitrice o monitore e partecipa ai campi estivi per giovani svizzeri all'esteroTi piacerebbe dirigere o aiutare a codirigere un campo di vacanza internazionale e multilingue?Alla SJAS puoi contribuire a organizzare il soggiorno all\u2019interno dei campi di vacanza e a far conoscere la Svizzera in tutte le sue sfaccettature ai giovani svizzeri [&hellip;]","og_url":"https:\/\/sjas.ch\/it\/monitrici-e-monitori\/","og_site_name":"SJAS","article_modified_time":"2025-06-13T10:07:10+00:00","twitter_card":"summary_large_image","twitter_misc":{"Tempo di lettura stimato":"8 minuti"},"schema":{"@context":"https:\/\/schema.org","@graph":[{"@type":"WebPage","@id":"https:\/\/sjas.ch\/it\/monitrici-e-monitori\/","url":"https:\/\/sjas.ch\/it\/monitrici-e-monitori\/","name":"Monitrici e monitori - SJAS","isPartOf":{"@id":"https:\/\/sjas.ch\/#website"},"datePublished":"2021-12-21T17:08:21+00:00","dateModified":"2025-06-13T10:07:10+00:00","breadcrumb":{"@id":"https:\/\/sjas.ch\/it\/monitrici-e-monitori\/#breadcrumb"},"inLanguage":"it-IT","potentialAction":[{"@type":"ReadAction","target":["https:\/\/sjas.ch\/it\/monitrici-e-monitori\/"]}]},{"@type":"BreadcrumbList","@id":"https:\/\/sjas.ch\/it\/monitrici-e-monitori\/#breadcrumb","itemListElement":[{"@type":"ListItem","position":1,"name":"Home","item":"https:\/\/sjas.ch\/"},{"@type":"ListItem","position":2,"name":"Monitrici e monitori"}]},{"@type":"WebSite","@id":"https:\/\/sjas.ch\/#website","url":"https:\/\/sjas.ch\/","name":"SJAS","description":"","potentialAction":[{"@type":"SearchAction","target":{"@type":"EntryPoint","urlTemplate":"https:\/\/sjas.ch\/?s={search_term_string}"},"query-input":{"@type":"PropertyValueSpecification","valueRequired":true,"valueName":"search_term_string"}}],"inLanguage":"it-IT"}]}},"_links":{"self":[{"href":"https:\/\/sjas.ch\/it\/wp-json\/wp\/v2\/pages\/238397","targetHints":{"allow":["GET"]}}],"collection":[{"href":"https:\/\/sjas.ch\/it\/wp-json\/wp\/v2\/pages"}],"about":[{"href":"https:\/\/sjas.ch\/it\/wp-json\/wp\/v2\/types\/page"}],"author":[{"embeddable":true,"href":"https:\/\/sjas.ch\/it\/wp-json\/wp\/v2\/users\/1"}],"replies":[{"embeddable":true,"href":"https:\/\/sjas.ch\/it\/wp-json\/wp\/v2\/comments?post=238397"}],"version-history":[{"count":15,"href":"https:\/\/sjas.ch\/it\/wp-json\/wp\/v2\/pages\/238397\/revisions"}],"predecessor-version":[{"id":246345,"href":"https:\/\/sjas.ch\/it\/wp-json\/wp\/v2\/pages\/238397\/revisions\/246345"}],"wp:attachment":[{"href":"https:\/\/sjas.ch\/it\/wp-json\/wp\/v2\/media?parent=238397"}],"curies":[{"name":"wp","href":"https:\/\/api.w.org\/{rel}","templated":true}]}}