{"id":238403,"date":"2021-12-21T18:08:30","date_gmt":"2021-12-21T17:08:30","guid":{"rendered":"https:\/\/dev.sjas.ch\/home\/"},"modified":"2026-04-29T16:27:17","modified_gmt":"2026-04-29T14:27:17","slug":"home","status":"publish","type":"page","link":"https:\/\/sjas.ch\/it\/","title":{"rendered":"Home"},"content":{"rendered":"<p>[et_pb_section fb_built=&#8221;1&#8243; _builder_version=&#8221;4.16&#8243; _module_preset=&#8221;default&#8221; custom_padding=&#8221;||0px|||&#8221; bottom_divider_color=&#8221;#FFE8E8&#8243; bottom_divider_height=&#8221;40px&#8221; global_colors_info=&#8221;{}&#8221;][et_pb_row _builder_version=&#8221;4.16&#8243; _module_preset=&#8221;default&#8221; global_colors_info=&#8221;{}&#8221;][et_pb_column type=&#8221;4_4&#8243; _builder_version=&#8221;4.16&#8243; _module_preset=&#8221;default&#8221; global_colors_info=&#8221;{}&#8221;][et_pb_image src=&#8221;http:\/\/sjas.ch\/wp-content\/uploads\/2021\/12\/sjas_logo_minimal_rgb-1.svg&#8221; title_text=&#8221;sjas_logo_minimal_rgb_fgse_it&#8221; _builder_version=&#8221;4.16&#8243; _module_preset=&#8221;default&#8221; max_width=&#8221;40%&#8221; module_alignment=&#8221;center&#8221; animation_style=&#8221;bounce&#8221; animation_duration=&#8221;700ms&#8221; global_colors_info=&#8221;{}&#8221;][\/et_pb_image][et_pb_divider color=&#8221;#FFFFFF&#8221; _builder_version=&#8221;4.16&#8243; _module_preset=&#8221;default&#8221; global_colors_info=&#8221;{}&#8221;][\/et_pb_divider][\/et_pb_column][\/et_pb_row][\/et_pb_section][et_pb_section fb_built=&#8221;1&#8243; fullwidth=&#8221;on&#8221; _builder_version=&#8221;4.16&#8243; _module_preset=&#8221;default&#8221; global_colors_info=&#8221;{}&#8221;][et_pb_fullwidth_slider _builder_version=&#8221;4.16&#8243; _module_preset=&#8221;default&#8221; custom_margin=&#8221;||||false|false&#8221; custom_padding=&#8221;32px||||false|false&#8221; global_colors_info=&#8221;{}&#8221;][et_pb_slide use_bg_overlay=&#8221;off&#8221; use_text_overlay=&#8221;off&#8221; admin_title=&#8221;Sonnenuntergang&#8221; _builder_version=&#8221;4.16&#8243; _module_preset=&#8221;default&#8221; background_enable_color=&#8221;off&#8221; background_image=&#8221;http:\/\/sjas.ch\/wp-content\/uploads\/2021\/12\/sjas-sonnenaufgang-header-scaled.jpg&#8221; background_enable_image=&#8221;on&#8221; global_colors_info=&#8221;{}&#8221; sticky_transition=&#8221;on&#8221;][\/et_pb_slide][et_pb_slide use_bg_overlay=&#8221;off&#8221; use_text_overlay=&#8221;off&#8221; admin_title=&#8221;Zelte&#8221; _builder_version=&#8221;4.16&#8243; _module_preset=&#8221;default&#8221; background_enable_color=&#8221;off&#8221; background_image=&#8221;http:\/\/sjas.ch\/wp-content\/uploads\/2021\/12\/sjas-lager-leben-header-scaled.jpg&#8221; background_enable_image=&#8221;on&#8221; global_colors_info=&#8221;{}&#8221; sticky_transition=&#8221;on&#8221;][\/et_pb_slide][et_pb_slide admin_title=&#8221;Aareb\u00f6\u00f6tle&#8221; _builder_version=&#8221;4.16&#8243; _module_preset=&#8221;default&#8221; background_enable_color=&#8221;off&#8221; background_image=&#8221;http:\/\/sjas.ch\/wp-content\/uploads\/2021\/12\/sjas-aarebo\u0308o\u0308tle-header-scaled.jpg&#8221; background_enable_image=&#8221;on&#8221; global_colors_info=&#8221;{}&#8221; sticky_transition=&#8221;on&#8221;][\/et_pb_slide][et_pb_slide admin_title=&#8221;Nachtessen&#8221; _builder_version=&#8221;4.16&#8243; _module_preset=&#8221;default&#8221; background_enable_color=&#8221;off&#8221; background_image=&#8221;http:\/\/sjas.ch\/wp-content\/uploads\/2021\/12\/sjas-nachtessen-header-scaled.jpg&#8221; background_enable_image=&#8221;on&#8221; global_colors_info=&#8221;{}&#8221; sticky_transition=&#8221;on&#8221;][\/et_pb_slide][et_pb_slide admin_title=&#8221;Zelte 2&#8243; _builder_version=&#8221;4.16&#8243; _module_preset=&#8221;default&#8221; background_enable_color=&#8221;off&#8221; background_image=&#8221;http:\/\/sjas.ch\/wp-content\/uploads\/2021\/12\/sjas-biwak-header-scaled.jpg&#8221; background_enable_image=&#8221;on&#8221; global_colors_info=&#8221;{}&#8221; sticky_transition=&#8221;on&#8221;][\/et_pb_slide][\/et_pb_fullwidth_slider][\/et_pb_section][et_pb_section fb_built=&#8221;1&#8243; _builder_version=&#8221;4.16&#8243; _module_preset=&#8221;default&#8221; background_color=&#8221;RGBA(0,0,0,0)&#8221; background_image=&#8221;http:\/\/sjas.ch\/wp-content\/uploads\/2021\/11\/background-emojis.svg&#8221; parallax=&#8221;on&#8221; top_divider_color=&#8221;#FFE8E8&#8243; top_divider_height=&#8221;50px&#8221; global_colors_info=&#8221;{}&#8221;][et_pb_row column_structure=&#8221;1_3,1_3,1_3&#8243; _builder_version=&#8221;4.16&#8243; _module_preset=&#8221;default&#8221; global_colors_info=&#8221;{}&#8221;][et_pb_column type=&#8221;1_3&#8243; _builder_version=&#8221;4.16&#8243; _module_preset=&#8221;default&#8221; global_colors_info=&#8221;{}&#8221;][et_pb_cta title=&#8221;Campi di vacanza invernali&#8221; button_url=&#8221;\/it\/campo-di-vacanza-invernale\/&#8221; button_text=&#8221;\u2794&#8221; _builder_version=&#8221;4.16&#8243; _module_preset=&#8221;default&#8221; header_text_color=&#8221;#FF3F59&#8243; background_color=&#8221;#FFFFFF&#8221; custom_button=&#8221;on&#8221; button_border_radius=&#8221;0px&#8221; button_letter_spacing=&#8221;0px&#8221; button_font=&#8221;|900|||||||&#8221; button_use_icon=&#8221;off&#8221; button_alignment=&#8221;right&#8221; text_orientation=&#8221;left&#8221; background_layout=&#8221;light&#8221; animation_style=&#8221;bounce&#8221; animation_duration=&#8221;700ms&#8221; box_shadow_style=&#8221;preset1&#8243; box_shadow_color=&#8221;rgba(0,0,0,0.1)&#8221; global_colors_info=&#8221;{}&#8221; box_shadow_spread__hover_enabled=&#8221;off|desktop&#8221; box_shadow_spread__hover=&#8221;3px&#8221; box_shadow_blur__hover_enabled=&#8221;on|hover&#8221; box_shadow_blur__hover=&#8221;25px&#8221;]<\/p>\n<p>Vuoi praticare gli sport sulla neve delle montagne svizzere durante uno dei nostri campi di vacanza invernali? Iscriviti e partecipa.<\/p>\n<p>[\/et_pb_cta][et_pb_cta title=&#8221;Diventare monitrice o monitore&#8221; button_url=&#8221;\/it\/diventare-monitrice-o-monitore\/&#8221; button_text=&#8221;\u2794&#8221; _builder_version=&#8221;4.27.4&#8243; _module_preset=&#8221;default&#8221; background_color=&#8221;#FFFFFF&#8221; custom_button=&#8221;on&#8221; button_alignment=&#8221;right&#8221; text_orientation=&#8221;left&#8221; background_layout=&#8221;light&#8221; animation_style=&#8221;bounce&#8221; animation_duration=&#8221;700ms&#8221; animation_delay=&#8221;250ms&#8221; box_shadow_style=&#8221;preset1&#8243; box_shadow_color=&#8221;rgba(0,0,0,0.1)&#8221; global_colors_info=&#8221;{}&#8221; box_shadow_spread__hover_enabled=&#8221;off|desktop&#8221; box_shadow_spread__hover=&#8221;3px&#8221; box_shadow_blur__hover_enabled=&#8221;on|hover&#8221; box_shadow_blur__hover=&#8221;25px&#8221;]<\/p>\n<p>Ti piacerebbe dirigere o aiutare a codirigere un campo di vacanza internazionale e multilingue?<br \/>Alla SJAS puoi contribuire a organizzare il soggiorno all\u2019interno dei campi di vacanza e a far conoscere la Svizzera in tutte le sue sfaccettature ai giovani svizzeri all\u2019estero.<\/p>\n<p>[\/et_pb_cta][\/et_pb_column][et_pb_column type=&#8221;1_3&#8243; _builder_version=&#8221;4.16&#8243; _module_preset=&#8221;default&#8221; global_colors_info=&#8221;{}&#8221;][et_pb_cta title=&#8221;Campi di vacanza estivi&#8221; button_url=&#8221;\/it\/campo-di-vacanza-estivo\/&#8221; button_text=&#8221;\u2794&#8221; _builder_version=&#8221;4.16&#8243; _module_preset=&#8221;default&#8221; header_text_color=&#8221;#FF3F59&#8243; body_font=&#8221;Elegant Themes Icon||||||||&#8221; background_color=&#8221;#FFFFFF&#8221; custom_button=&#8221;on&#8221; button_font=&#8221;|900|||||||&#8221; button_alignment=&#8221;right&#8221; text_orientation=&#8221;left&#8221; background_layout=&#8221;light&#8221; animation_style=&#8221;bounce&#8221; animation_duration=&#8221;700ms&#8221; animation_delay=&#8221;300ms&#8221; box_shadow_style=&#8221;preset1&#8243; box_shadow_color=&#8221;rgba(0,0,0,0.1)&#8221; global_colors_info=&#8221;{}&#8221; box_shadow_spread__hover_enabled=&#8221;off|desktop&#8221; box_shadow_spread__hover=&#8221;3px&#8221; box_shadow_blur__hover_enabled=&#8221;on|hover&#8221; box_shadow_blur__hover=&#8221;25px&#8221;]<\/p>\n<p>Vivi l\u2019esperienza di un campo di vacanza estivo internazionale, stringi nuove amicizie e consolida i legami con la tua patria, la Svizzera! Iscriviti e partecipa.<\/p>\n<p>[\/et_pb_cta][wdcl_image_carousel animation_speed=&#8221;1000ms&#8221; autoplay_speed=&#8221;5000ms&#8221; slide_count=&#8221;1&#8243; arrow_color=&#8221;#000000&#8243; arrow_bg=&#8221;RGBA(10,10,10,0)&#8221; arrow_pos_x=&#8221;-40px&#8221; _builder_version=&#8221;4.16&#8243; _module_preset=&#8221;default&#8221; background_color=&#8221;#FFFFFF&#8221; animation_style=&#8221;bounce&#8221; animation_duration=&#8221;700ms&#8221; animation_delay=&#8221;150ms&#8221; box_shadow_style=&#8221;preset1&#8243; box_shadow_color=&#8221;rgba(0,0,0,0.1)&#8221; global_colors_info=&#8221;{}&#8221;][wdcl_image_carousel_child admin_title=&#8221;aso&#8221; photo=&#8221;http:\/\/sjas.ch\/wp-content\/uploads\/2022\/01\/aso-logo-int.jpg&#8221; _builder_version=&#8221;4.16&#8243; _module_preset=&#8221;default&#8221; link_option_url=&#8221;https:\/\/www.swisscommunity.org\/it\/&#8221; link_option_url_new_window=&#8221;on&#8221; global_colors_info=&#8221;{}&#8221;][\/wdcl_image_carousel_child][wdcl_image_carousel_child admin_title=&#8221;educationsuisse&#8221; photo=&#8221;http:\/\/sjas.ch\/wp-content\/uploads\/2021\/11\/educationsuicce-logo-de.jpg&#8221; _builder_version=&#8221;4.16&#8243; _module_preset=&#8221;default&#8221; link_option_url=&#8221;https:\/\/www.educationsuisse.ch\/it\/home-it&#8221; link_option_url_new_window=&#8221;on&#8221; global_colors_info=&#8221;{}&#8221;][\/wdcl_image_carousel_child][wdcl_image_carousel_child admin_title=&#8221;zewo&#8221; photo=&#8221;http:\/\/sjas.ch\/wp-content\/uploads\/2021\/11\/zewo-logo-de.jpg&#8221; _builder_version=&#8221;4.16&#8243; _module_preset=&#8221;default&#8221; link_option_url=&#8221;https:\/\/zewo.ch\/de\/die-21-zewo-standards\/&#8221; link_option_url_new_window=&#8221;on&#8221; global_colors_info=&#8221;{}&#8221;][\/wdcl_image_carousel_child][wdcl_image_carousel_child admin_title=&#8221;j+s&#8221; photo=&#8221;http:\/\/sjas.ch\/wp-content\/uploads\/2022\/01\/gs-logo-it.jpg&#8221; _builder_version=&#8221;4.16&#8243; _module_preset=&#8221;default&#8221; link_option_url=&#8221;https:\/\/www.jugendundsport.ch\/it\/home.html&#8221; link_option_url_new_window=&#8221;on&#8221; global_colors_info=&#8221;{}&#8221;][\/wdcl_image_carousel_child][wdcl_image_carousel_child admin_title=&#8221;juskila&#8221; photo=&#8221;http:\/\/sjas.ch\/wp-content\/uploads\/2021\/11\/juskila-logo-de.jpg&#8221; _builder_version=&#8221;4.16&#8243; _module_preset=&#8221;default&#8221; link_option_url=&#8221;https:\/\/www.swiss-ski.ch\/events\/juskila\/&#8221; link_option_url_new_window=&#8221;on&#8221; global_colors_info=&#8221;{}&#8221;][\/wdcl_image_carousel_child][wdcl_image_carousel_child admin_title=&#8221;eda&#8221; photo=&#8221;http:\/\/sjas.ch\/wp-content\/uploads\/2022\/01\/eda-logo-it.jpg&#8221; _builder_version=&#8221;4.16&#8243; _module_preset=&#8221;default&#8221; link_option_url=&#8221;https:\/\/www.eda.admin.ch\/eda\/it\/dfae.html&#8221; link_option_url_new_window=&#8221;on&#8221; global_colors_info=&#8221;{}&#8221;][\/wdcl_image_carousel_child][wdcl_image_carousel_child admin_title=&#8221;sajv&#8221; photo=&#8221;http:\/\/sjas.ch\/wp-content\/uploads\/2021\/11\/sajv-logo-de.jpg&#8221; _builder_version=&#8221;4.16&#8243; _module_preset=&#8221;default&#8221; link_option_url=&#8221;https:\/\/www.sajv.ch\/it\/&#8221; link_option_url_new_window=&#8221;on&#8221; global_colors_info=&#8221;{}&#8221;][\/wdcl_image_carousel_child][wdcl_image_carousel_child admin_title=&#8221;zivildienst&#8221; photo=&#8221;http:\/\/sjas.ch\/wp-content\/uploads\/2022\/01\/zivi-logo-it.jpg&#8221; _builder_version=&#8221;4.16&#8243; _module_preset=&#8221;default&#8221; link_option_url=&#8221;https:\/\/www.zivi.admin.ch\/zivi\/it\/home\/landingpages\/tb2.html&#8221; link_option_url_new_window=&#8221;on&#8221; global_colors_info=&#8221;{}&#8221;][\/wdcl_image_carousel_child][\/wdcl_image_carousel][\/et_pb_column][et_pb_column type=&#8221;1_3&#8243; _builder_version=&#8221;4.16&#8243; _module_preset=&#8221;default&#8221; global_colors_info=&#8221;{}&#8221;][et_pb_cta title=&#8221;Corsi di formazione e perfezionamento&#8221; button_url=&#8221;\/it\/formazione\/&#8221; button_text=&#8221;\u2794&#8221; _builder_version=&#8221;4.27.4&#8243; _module_preset=&#8221;default&#8221; background_color=&#8221;#FFFFFF&#8221; custom_button=&#8221;on&#8221; button_font=&#8221;|900|||||||&#8221; button_alignment=&#8221;right&#8221; text_orientation=&#8221;left&#8221; background_layout=&#8221;light&#8221; animation_style=&#8221;bounce&#8221; animation_duration=&#8221;700ms&#8221; animation_delay=&#8221;200ms&#8221; box_shadow_style=&#8221;preset1&#8243; box_shadow_color=&#8221;rgba(0,0,0,0.1)&#8221; global_colors_info=&#8221;{}&#8221; box_shadow_spread__hover_enabled=&#8221;off|desktop&#8221; box_shadow_spread__hover=&#8221;3px&#8221; box_shadow_blur__hover_enabled=&#8221;on|hover&#8221; box_shadow_blur__hover=&#8221;25px&#8221;]<\/p>\n<p>Nei nostri corsi di formazione ti trasmettiamo le competenze professionali, sociali e direttive necessarie per svolgere in modo responsabile il tuo ruolo di monitrice o monitore all\u2019interno di un campo di vacanza.<\/p>\n<p>[\/et_pb_cta][et_pb_slider show_arrows=&#8221;off&#8221; arrows_custom_color=&#8221;#000000&#8243; dot_nav_custom_color=&#8221;#000000&#8243; module_class=&#8221;testimonial-slider&#8221; _builder_version=&#8221;4.23.4&#8243; _module_preset=&#8221;default&#8221; header_text_color=&#8221;#000000&#8243; body_text_color=&#8221;#000000&#8243; background_color=&#8221;#FFFFFF&#8221; text_orientation=&#8221;left&#8221; animation_style=&#8221;bounce&#8221; animation_duration=&#8221;700ms&#8221; animation_delay=&#8221;350ms&#8221; auto=&#8221;on&#8221; auto_speed=&#8221;8000&#8243; custom_css_before=&#8221;animation-name:fadeLeft !important;&#8221; custom_css_main_element=&#8221;animation-name:fadeLeft !important;&#8221; custom_css_after=&#8221;animation-name:fadeLeft !important;&#8221; header_text_shadow_style=&#8221;preset3&#8243; header_text_shadow_color=&#8221;RGBA(10,10,10,0)&#8221; body_text_shadow_style=&#8221;preset3&#8243; body_text_shadow_blur_strength=&#8221;0em&#8221; body_text_shadow_color=&#8221;rgba(0,0,0,0)&#8221; box_shadow_style=&#8221;preset1&#8243; box_shadow_color=&#8221;rgba(0,0,0,0.1)&#8221; global_colors_info=&#8221;{}&#8221; box_shadow_blur__hover_enabled=&#8221;on|hover&#8221; box_shadow_blur__hover=&#8221;25px&#8221;][et_pb_slide admin_title=&#8221;\u2013 Philippe, father, USA&#8221; _builder_version=&#8221;4.23.4&#8243; _module_preset=&#8221;default&#8221; header_text_color=&#8221;#333333&#8243; body_text_color=&#8221;#666666&#8243; background_layout=&#8221;light&#8221; custom_css_before=&#8221;animation-name:fadeLeft !important;&#8221; custom_css_main_element=&#8221;animation-name:fadeLeft !important;&#8221; custom_css_after=&#8221;animation-name:fadeLeft !important;&#8221; global_colors_info=&#8221;{}&#8221; sticky_transition=&#8221;on&#8221;]<\/p>\n<p><i><span lang=\"EN-US\">Even though we visit family in Switzerland regularly, SJAS gives our son an independent and different view of life in Switzerland and offers additional connectivity.<\/span><\/i><\/p>\n<p><em><span lang=\"EN-US\">\u2013<\/span><span lang=\"EN-US\"> <\/span><span lang=\"EN-US\">Philippe, father, USA<\/span><\/em><\/p>\n<p>[\/et_pb_slide][et_pb_slide admin_title=&#8221;Maya, participant, Canada&#8221; _builder_version=&#8221;4.16&#8243; _module_preset=&#8221;default&#8221; header_text_color=&#8221;#333333&#8243; body_text_color=&#8221;#666666&#8243; background_layout=&#8221;light&#8221; custom_css_before=&#8221;animation-name:fadeLeft;&#8221; custom_css_main_element=&#8221;animation-name:fadeLeft;&#8221; custom_css_after=&#8221;animation-name:fadeLeft;&#8221; global_colors_info=&#8221;{}&#8221; sticky_transition=&#8221;on&#8221;]<\/p>\n<p>I had a lof of fun with people I met there, the funniest moments I had were with them. I also loved going rafting, camping and having free time in the city or when we had the scavenger hunt to look for William Tell.<\/p>\n<p>\u2013 <em>Maya, participant, Canada<\/em><\/p>\n<p>[\/et_pb_slide][et_pb_slide admin_title=&#8221;S\u00e9adna, participant, Ireland&#8221; _builder_version=&#8221;4.16&#8243; _module_preset=&#8221;default&#8221; header_text_color=&#8221;#333333&#8243; body_text_color=&#8221;#666666&#8243; background_layout=&#8221;light&#8221; custom_css_before=&#8221;animation-name:fadeLeft;&#8221; custom_css_main_element=&#8221;animation-name:fadeLeft;&#8221; custom_css_after=&#8221;animation-name:fadeLeft;&#8221; global_colors_info=&#8221;{}&#8221; sticky_transition=&#8221;on&#8221;]<\/p>\n<p>Thank you for a great 10 days. Hopefully you will be having a ski camp this year, I would love to come back.<\/p>\n<p><em>\u2013 S\u00e9adna, participant, Ireland<\/em><\/p>\n<p>[\/et_pb_slide][\/et_pb_slider][\/et_pb_column][\/et_pb_row][et_pb_row _builder_version=&#8221;4.27.6&#8243; _module_preset=&#8221;default&#8221; custom_padding=&#8221;|150px||150px|false|true&#8221; hover_enabled=&#8221;0&#8243; sticky_enabled=&#8221;0&#8243;][et_pb_column _builder_version=&#8221;4.27.6&#8243; _module_preset=&#8221;default&#8221; type=&#8221;4_4&#8243;][et_pb_cta title=&#8221;Riunione informativa per i genitori&#8221; button_url=&#8221;https:\/\/teams.microsoft.com\/meet\/3272491701095?p=YnqfwIEBgyYscaIrZs&#8221; button_text=&#8221;\u2794&#8221; _builder_version=&#8221;4.27.6&#8243; _module_preset=&#8221;default&#8221; background_color=&#8221;#FFFFFF&#8221; custom_button=&#8221;on&#8221; button_alignment=&#8221;right&#8221; text_orientation=&#8221;left&#8221; background_layout=&#8221;light&#8221; animation_style=&#8221;bounce&#8221; animation_duration=&#8221;700ms&#8221; animation_delay=&#8221;250ms&#8221; hover_enabled=&#8221;0&#8243; box_shadow_style=&#8221;preset1&#8243; box_shadow_color=&#8221;rgba(0,0,0,0.1)&#8221; global_colors_info=&#8221;{}&#8221; box_shadow_spread__hover_enabled=&#8221;off|desktop&#8221; box_shadow_spread__hover=&#8221;3px&#8221; box_shadow_blur__hover_enabled=&#8221;on|hover&#8221; box_shadow_blur__hover=&#8221;25px&#8221; url_new_window=&#8221;on&#8221; link_option_url_new_window=&#8221;on&#8221; sticky_enabled=&#8221;0&#8243;]<\/p>\n<p>Per i genitori i cui figli non hanno mai partecipato a un campo SJAS, la SJAS organizza un incontro informativo online il 4 giugno 2026, dalle 16:00 alle 17:00. Dopo una breve presentazione della segreteria sui campi vacanza, saremo a disposizione per le domande. L\u2019incontro si terr\u00e0 in inglese e sar\u00e0 registrato. Non \u00e8 necessaria l\u2019iscrizione.<\/p>\n<p>[\/et_pb_cta][\/et_pb_column][\/et_pb_row][\/et_pb_section][et_pb_section fb_built=&#8221;1&#8243; _builder_version=&#8221;4.16&#8243; _module_preset=&#8221;default&#8221; background_color=&#8221;#F2F2F2&#8243; global_colors_info=&#8221;{}&#8221;][et_pb_row _builder_version=&#8221;4.16&#8243; _module_preset=&#8221;default&#8221; global_colors_info=&#8221;{}&#8221;][et_pb_column type=&#8221;4_4&#8243; _builder_version=&#8221;4.16&#8243; _module_preset=&#8221;default&#8221; global_colors_info=&#8221;{}&#8221;][et_pb_text _builder_version=&#8221;4.16&#8243; _module_preset=&#8221;default&#8221; global_colors_info=&#8221;{}&#8221;]<\/p>\n<h2>Galleria fotografica<\/h2>\n<p>[\/et_pb_text][wdcl_image_carousel animation_speed=&#8221;1000ms&#8221; autoplay_speed=&#8221;5000ms&#8221; nav_pagi=&#8221;nav_pagi&#8221; arrow_color=&#8221;#000000&#8243; arrow_bg=&#8221;RGBA(10,10,10,0)&#8221; arrow_pos_x=&#8221;-40px&#8221; pagi_color=&#8221;rgba(0,0,0,0.09)&#8221; _builder_version=&#8221;4.27.4&#8243; _module_preset=&#8221;default&#8221; global_colors_info=&#8221;{}&#8221;][wdcl_image_carousel_child photo=&#8221;http:\/\/sjas.ch\/wp-content\/uploads\/2021\/11\/Fackelwanderung_Winter-scaled.jpg&#8221; _builder_version=&#8221;4.16&#8243; _module_preset=&#8221;default&#8221; global_colors_info=&#8221;{}&#8221;][\/wdcl_image_carousel_child][wdcl_image_carousel_child photo=&#8221;http:\/\/sjas.ch\/wp-content\/uploads\/2021\/11\/100-Jahre-SJAS_Zirkus-scaled.jpg&#8221; _builder_version=&#8221;4.16&#8243; _module_preset=&#8221;default&#8221; global_colors_info=&#8221;{}&#8221;][\/wdcl_image_carousel_child][wdcl_image_carousel_child photo=&#8221;https:\/\/sjas.ch\/wp-content\/uploads\/2025\/05\/Pixofluna_SJAS_Valbella-16-scaled.jpg&#8221; _builder_version=&#8221;4.27.4&#8243; _module_preset=&#8221;default&#8221; global_colors_info=&#8221;{}&#8221;][\/wdcl_image_carousel_child][wdcl_image_carousel_child photo=&#8221;http:\/\/sjas.ch\/wp-content\/uploads\/2021\/11\/Nachtessen-mit-Aussicht-scaled.jpg&#8221; _builder_version=&#8221;4.16&#8243; _module_preset=&#8221;default&#8221; global_colors_info=&#8221;{}&#8221;][\/wdcl_image_carousel_child][wdcl_image_carousel_child photo=&#8221;https:\/\/sjas.ch\/wp-content\/uploads\/2025\/05\/Pixofluna_SJAS_Valbella-20-scaled.jpg&#8221; _builder_version=&#8221;4.27.4&#8243; _module_preset=&#8221;default&#8221; global_colors_info=&#8221;{}&#8221;][\/wdcl_image_carousel_child][wdcl_image_carousel_child photo=&#8221;http:\/\/sjas.ch\/wp-content\/uploads\/2021\/11\/Seilziehen-scaled.jpg&#8221; _builder_version=&#8221;4.16&#8243; _module_preset=&#8221;default&#8221; global_colors_info=&#8221;{}&#8221;][\/wdcl_image_carousel_child][wdcl_image_carousel_child photo=&#8221;https:\/\/sjas.ch\/wp-content\/uploads\/2025\/05\/Pixofluna_SJAS_Valbella-32-scaled.jpg&#8221; _builder_version=&#8221;4.27.4&#8243; _module_preset=&#8221;default&#8221; global_colors_info=&#8221;{}&#8221;][\/wdcl_image_carousel_child][wdcl_image_carousel_child photo=&#8221;http:\/\/sjas.ch\/wp-content\/uploads\/2021\/11\/Wanderung_1-scaled.jpg&#8221; _builder_version=&#8221;4.16&#8243; _module_preset=&#8221;default&#8221; global_colors_info=&#8221;{}&#8221;][\/wdcl_image_carousel_child][wdcl_image_carousel_child photo=&#8221;http:\/\/sjas.ch\/wp-content\/uploads\/2021\/11\/Turmspringen-scaled.jpg&#8221; _builder_version=&#8221;4.16&#8243; _module_preset=&#8221;default&#8221; global_colors_info=&#8221;{}&#8221;][\/wdcl_image_carousel_child][wdcl_image_carousel_child photo=&#8221;https:\/\/sjas.ch\/wp-content\/uploads\/2025\/05\/Pixofluna_SJAS_Valbella-76-scaled.jpg&#8221; _builder_version=&#8221;4.27.4&#8243; _module_preset=&#8221;default&#8221; global_colors_info=&#8221;{}&#8221;][\/wdcl_image_carousel_child][wdcl_image_carousel_child photo=&#8221;http:\/\/sjas.ch\/wp-content\/uploads\/2021\/11\/Veloausflug-scaled.jpg&#8221; _builder_version=&#8221;4.16&#8243; _module_preset=&#8221;default&#8221; global_colors_info=&#8221;{}&#8221;][\/wdcl_image_carousel_child][wdcl_image_carousel_child photo=&#8221;https:\/\/sjas.ch\/wp-content\/uploads\/2025\/05\/9a39dbd0-11f4-4a3b-b114-3c3b32f1d205-scaled.jpeg&#8221; _builder_version=&#8221;4.27.4&#8243; _module_preset=&#8221;default&#8221; global_colors_info=&#8221;{}&#8221;][\/wdcl_image_carousel_child][wdcl_image_carousel_child photo=&#8221;http:\/\/sjas.ch\/wp-content\/uploads\/2021\/11\/Wanderung_4-scaled.jpg&#8221; _builder_version=&#8221;4.16&#8243; _module_preset=&#8221;default&#8221; global_colors_info=&#8221;{}&#8221;][\/wdcl_image_carousel_child][wdcl_image_carousel_child photo=&#8221;http:\/\/sjas.ch\/wp-content\/uploads\/2021\/11\/Schnitzen-mit-Leiter-scaled.jpg&#8221; _builder_version=&#8221;4.16&#8243; _module_preset=&#8221;default&#8221; global_colors_info=&#8221;{}&#8221;][\/wdcl_image_carousel_child][wdcl_image_carousel_child photo=&#8221;https:\/\/sjas.ch\/wp-content\/uploads\/2025\/05\/WhatsApp-Image-2025-01-02-at-16.34.18-scaled.jpeg&#8221; _builder_version=&#8221;4.27.4&#8243; _module_preset=&#8221;default&#8221; global_colors_info=&#8221;{}&#8221;][\/wdcl_image_carousel_child][wdcl_image_carousel_child photo=&#8221;http:\/\/sjas.ch\/wp-content\/uploads\/2021\/11\/Portra\u0308t_Bergsee-scaled.jpg&#8221; _builder_version=&#8221;4.16&#8243; _module_preset=&#8221;default&#8221; global_colors_info=&#8221;{}&#8221;][\/wdcl_image_carousel_child][\/wdcl_image_carousel][\/et_pb_column][\/et_pb_row][\/et_pb_section][et_pb_section fb_built=&#8221;1&#8243; _builder_version=&#8221;4.27.4&#8243; _module_preset=&#8221;236f5c6d-ff09-463c-bbe7-546a713abd8a&#8221; link_option_url=&#8221;\/it\/campo-di-vacanza\/&#8221; global_colors_info=&#8221;{}&#8221;][et_pb_row _builder_version=&#8221;4.13.0&#8243; _module_preset=&#8221;default&#8221; global_module=&#8221;237423&#8243; global_colors_info=&#8221;{}&#8221;][et_pb_column type=&#8221;4_4&#8243; _builder_version=&#8221;4.16&#8243; _module_preset=&#8221;default&#8221; global_colors_info=&#8221;{}&#8221;][et_pb_image src=&#8221;http:\/\/sjas.ch\/wp-content\/uploads\/2021\/11\/lager-rgb.svg&#8221; title_text=&#8221;lager-rgb&#8221; _builder_version=&#8221;4.16&#8243; _module_preset=&#8221;b7011ccc-1740-4b3f-bad9-bde2a1e14d15&#8243; custom_padding=&#8221;||||false|false&#8221; global_colors_info=&#8221;{}&#8221;][\/et_pb_image][et_pb_text _builder_version=&#8221;4.16&#8243; _module_preset=&#8221;default&#8221; global_colors_info=&#8221;{}&#8221;]<\/p>\n<h2>Campi di vacanza<\/h2>\n<p>Maggiori informazioni sulla nostra offerta di campi di vacanza sono disponibili nella scheda Campi di vacanza di questo sito.<\/p>\n<p>[\/et_pb_text][\/et_pb_column][\/et_pb_row][\/et_pb_section][et_pb_section fb_built=&#8221;1&#8243; _builder_version=&#8221;4.27.4&#8243; _module_preset=&#8221;c03e9505-449b-4d34-913d-a5e212ed2086&#8243; link_option_url=&#8221;\/it\/la-fgse\/&#8221; global_colors_info=&#8221;{}&#8221;][et_pb_row _builder_version=&#8221;4.23.4&#8243; _module_preset=&#8221;default&#8221; global_module=&#8221;237418&#8243; saved_tabs=&#8221;all&#8221; global_colors_info=&#8221;{}&#8221;][et_pb_column type=&#8221;4_4&#8243; _builder_version=&#8221;4.16&#8243; _module_preset=&#8221;default&#8221; global_colors_info=&#8221;{}&#8221;][et_pb_image src=&#8221;http:\/\/sjas.ch\/wp-content\/uploads\/2021\/11\/ueber-uns-rgb.svg&#8221; title_text=&#8221;ueber-uns-rgb&#8221; _builder_version=&#8221;4.23.4&#8243; _module_preset=&#8221;b7011ccc-1740-4b3f-bad9-bde2a1e14d15&#8243; global_colors_info=&#8221;{}&#8221;][\/et_pb_image][et_pb_text _builder_version=&#8221;4.23.4&#8243; _module_preset=&#8221;default&#8221; global_colors_info=&#8221;{}&#8221;]<\/p>\n<h2><span class=\"TextRun BCX0 SCXW202051359\" lang=\"IT-CH\" xml:lang=\"IT-CH\" data-contrast=\"auto\"><span class=\"NormalTextRun BCX0 TrackChangeDeleteHighlight SCXW202051359\">A proposito di noi<\/span><\/span><\/h2>\n<p>Attualmente pi\u00f9 di 800&#8217;000 Svizzeri vivono a breve o a lungo termine all\u2019estero e la tendenza \u00e8 in aumento. Ma il fatto che ci siano Svizzeri all\u2019estero non \u00e8 una novit\u00e0, come testimonia la lunga tradizione dei campi di vacanza della Fondazione per i giovani svizzeri all\u2019estero (SJAS).<\/p>\n<p>[\/et_pb_text][\/et_pb_column][\/et_pb_row][\/et_pb_section][et_pb_section fb_built=&#8221;1&#8243; _builder_version=&#8221;4.27.4&#8243; _module_preset=&#8221;236f5c6d-ff09-463c-bbe7-546a713abd8a&#8221; link_option_url=&#8221;\/it\/monitrici-e-monitori\/&#8221; global_colors_info=&#8221;{}&#8221;][et_pb_row _builder_version=&#8221;4.16&#8243; _module_preset=&#8221;default&#8221; global_module=&#8221;237419&#8243; saved_tabs=&#8221;all&#8221; global_colors_info=&#8221;{}&#8221;][et_pb_column type=&#8221;4_4&#8243; _builder_version=&#8221;4.16&#8243; _module_preset=&#8221;default&#8221; global_colors_info=&#8221;{}&#8221;][et_pb_image src=&#8221;http:\/\/sjas.ch\/wp-content\/uploads\/2021\/11\/leiter-innen-rgb.svg&#8221; title_text=&#8221;leiter-innen-rgb&#8221; _builder_version=&#8221;4.16&#8243; _module_preset=&#8221;b7011ccc-1740-4b3f-bad9-bde2a1e14d15&#8243; global_colors_info=&#8221;{}&#8221;][\/et_pb_image][et_pb_text _builder_version=&#8221;4.23.4&#8243; _module_preset=&#8221;default&#8221; global_colors_info=&#8221;{}&#8221;]<\/p>\n<h2>Monitrici e monitori<\/h2>\n<p>Maggiori informazioni sulla possibilit\u00e0 di dirigere i nostri campi di vacanza come monitrice o monitore o di prestare servizio civile e sull\u2019offerta di corsi G+S e di formazione continua sono disponibili nella scheda Lavora con noi di questo sito.<\/p>\n<p>[\/et_pb_text][\/et_pb_column][\/et_pb_row][\/et_pb_section]<\/p>\n","protected":false},"excerpt":{"rendered":"<p>Vuoi praticare gli sport sulla neve delle montagne svizzere durante uno dei nostri campi di vacanza invernali? Iscriviti e partecipa.Ti piacerebbe dirigere o aiutare a codirigere un campo di vacanza internazionale e multilingue?Alla SJAS puoi contribuire a organizzare il soggiorno all\u2019interno dei campi di vacanza e a far conoscere la Svizzera in tutte le sue [&hellip;]<\/p>\n","protected":false},"author":1,"featured_media":0,"parent":0,"menu_order":0,"comment_status":"closed","ping_status":"closed","template":"","meta":{"_et_pb_use_builder":"on","_et_pb_old_content":"","_et_gb_content_width":"","inline_featured_image":false,"footnotes":""},"class_list":["post-238403","page","type-page","status-publish","hentry"],"yoast_head":"<!-- This site is optimized with the Yoast SEO plugin v27.4 - https:\/\/yoast.com\/product\/yoast-seo-wordpress\/ -->\n<title>Home - SJAS<\/title>\n<meta name=\"robots\" content=\"index, follow, max-snippet:-1, max-image-preview:large, max-video-preview:-1\" \/>\n<link rel=\"canonical\" href=\"https:\/\/sjas.ch\/\" \/>\n<meta property=\"og:locale\" content=\"it_IT\" \/>\n<meta property=\"og:type\" content=\"article\" \/>\n<meta property=\"og:title\" content=\"Home - SJAS\" \/>\n<meta property=\"og:description\" content=\"Vuoi praticare gli sport sulla neve delle montagne svizzere durante uno dei nostri campi di vacanza invernali? Iscriviti e partecipa.Ti piacerebbe dirigere o aiutare a codirigere un campo di vacanza internazionale e multilingue?Alla SJAS puoi contribuire a organizzare il soggiorno all\u2019interno dei campi di vacanza e a far conoscere la Svizzera in tutte le sue [&hellip;]\" \/>\n<meta property=\"og:url\" content=\"https:\/\/sjas.ch\/\" \/>\n<meta property=\"og:site_name\" content=\"SJAS\" \/>\n<meta property=\"article:modified_time\" content=\"2026-04-29T14:27:17+00:00\" \/>\n<meta name=\"twitter:card\" content=\"summary_large_image\" \/>\n<meta name=\"twitter:label1\" content=\"Tempo di lettura stimato\" \/>\n\t<meta name=\"twitter:data1\" content=\"14 minuti\" \/>\n<script type=\"application\/ld+json\" class=\"yoast-schema-graph\">{\"@context\":\"https:\\\/\\\/schema.org\",\"@graph\":[{\"@type\":\"WebPage\",\"@id\":\"https:\\\/\\\/sjas.ch\\\/\",\"url\":\"https:\\\/\\\/sjas.ch\\\/\",\"name\":\"Home - SJAS\",\"isPartOf\":{\"@id\":\"https:\\\/\\\/sjas.ch\\\/#website\"},\"datePublished\":\"2021-12-21T17:08:30+00:00\",\"dateModified\":\"2026-04-29T14:27:17+00:00\",\"breadcrumb\":{\"@id\":\"https:\\\/\\\/sjas.ch\\\/#breadcrumb\"},\"inLanguage\":\"it-IT\",\"potentialAction\":[{\"@type\":\"ReadAction\",\"target\":[\"https:\\\/\\\/sjas.ch\\\/\"]}]},{\"@type\":\"BreadcrumbList\",\"@id\":\"https:\\\/\\\/sjas.ch\\\/#breadcrumb\",\"itemListElement\":[{\"@type\":\"ListItem\",\"position\":1,\"name\":\"Home\",\"item\":\"https:\\\/\\\/sjas.ch\\\/\"},{\"@type\":\"ListItem\",\"position\":2,\"name\":\"Home\"}]},{\"@type\":\"WebSite\",\"@id\":\"https:\\\/\\\/sjas.ch\\\/#website\",\"url\":\"https:\\\/\\\/sjas.ch\\\/\",\"name\":\"SJAS\",\"description\":\"\",\"potentialAction\":[{\"@type\":\"SearchAction\",\"target\":{\"@type\":\"EntryPoint\",\"urlTemplate\":\"https:\\\/\\\/sjas.ch\\\/?s={search_term_string}\"},\"query-input\":{\"@type\":\"PropertyValueSpecification\",\"valueRequired\":true,\"valueName\":\"search_term_string\"}}],\"inLanguage\":\"it-IT\"}]}<\/script>\n<!-- \/ Yoast SEO plugin. -->","yoast_head_json":{"title":"Home - SJAS","robots":{"index":"index","follow":"follow","max-snippet":"max-snippet:-1","max-image-preview":"max-image-preview:large","max-video-preview":"max-video-preview:-1"},"canonical":"https:\/\/sjas.ch\/","og_locale":"it_IT","og_type":"article","og_title":"Home - SJAS","og_description":"Vuoi praticare gli sport sulla neve delle montagne svizzere durante uno dei nostri campi di vacanza invernali? Iscriviti e partecipa.Ti piacerebbe dirigere o aiutare a codirigere un campo di vacanza internazionale e multilingue?Alla SJAS puoi contribuire a organizzare il soggiorno all\u2019interno dei campi di vacanza e a far conoscere la Svizzera in tutte le sue [&hellip;]","og_url":"https:\/\/sjas.ch\/","og_site_name":"SJAS","article_modified_time":"2026-04-29T14:27:17+00:00","twitter_card":"summary_large_image","twitter_misc":{"Tempo di lettura stimato":"14 minuti"},"schema":{"@context":"https:\/\/schema.org","@graph":[{"@type":"WebPage","@id":"https:\/\/sjas.ch\/","url":"https:\/\/sjas.ch\/","name":"Home - SJAS","isPartOf":{"@id":"https:\/\/sjas.ch\/#website"},"datePublished":"2021-12-21T17:08:30+00:00","dateModified":"2026-04-29T14:27:17+00:00","breadcrumb":{"@id":"https:\/\/sjas.ch\/#breadcrumb"},"inLanguage":"it-IT","potentialAction":[{"@type":"ReadAction","target":["https:\/\/sjas.ch\/"]}]},{"@type":"BreadcrumbList","@id":"https:\/\/sjas.ch\/#breadcrumb","itemListElement":[{"@type":"ListItem","position":1,"name":"Home","item":"https:\/\/sjas.ch\/"},{"@type":"ListItem","position":2,"name":"Home"}]},{"@type":"WebSite","@id":"https:\/\/sjas.ch\/#website","url":"https:\/\/sjas.ch\/","name":"SJAS","description":"","potentialAction":[{"@type":"SearchAction","target":{"@type":"EntryPoint","urlTemplate":"https:\/\/sjas.ch\/?s={search_term_string}"},"query-input":{"@type":"PropertyValueSpecification","valueRequired":true,"valueName":"search_term_string"}}],"inLanguage":"it-IT"}]}},"_links":{"self":[{"href":"https:\/\/sjas.ch\/it\/wp-json\/wp\/v2\/pages\/238403","targetHints":{"allow":["GET"]}}],"collection":[{"href":"https:\/\/sjas.ch\/it\/wp-json\/wp\/v2\/pages"}],"about":[{"href":"https:\/\/sjas.ch\/it\/wp-json\/wp\/v2\/types\/page"}],"author":[{"embeddable":true,"href":"https:\/\/sjas.ch\/it\/wp-json\/wp\/v2\/users\/1"}],"replies":[{"embeddable":true,"href":"https:\/\/sjas.ch\/it\/wp-json\/wp\/v2\/comments?post=238403"}],"version-history":[{"count":23,"href":"https:\/\/sjas.ch\/it\/wp-json\/wp\/v2\/pages\/238403\/revisions"}],"predecessor-version":[{"id":247604,"href":"https:\/\/sjas.ch\/it\/wp-json\/wp\/v2\/pages\/238403\/revisions\/247604"}],"wp:attachment":[{"href":"https:\/\/sjas.ch\/it\/wp-json\/wp\/v2\/media?parent=238403"}],"curies":[{"name":"wp","href":"https:\/\/api.w.org\/{rel}","templated":true}]}}