{"id":242662,"date":"2023-12-15T17:53:29","date_gmt":"2023-12-15T16:53:29","guid":{"rendered":"https:\/\/sjas.ch\/?page_id=242662"},"modified":"2025-12-12T18:42:20","modified_gmt":"2025-12-12T17:42:20","slug":"swisstrip-2","status":"publish","type":"page","link":"https:\/\/sjas.ch\/it\/swisstrip-2\/","title":{"rendered":"Swisstrip 2"},"content":{"rendered":"<p>[et_pb_section fb_built=&#8221;1&#8243; _builder_version=&#8221;4.16&#8243; _module_preset=&#8221;default&#8221; global_colors_info=&#8221;{}&#8221;][et_pb_row _builder_version=&#8221;4.16&#8243; _module_preset=&#8221;default&#8221; locked=&#8221;off&#8221; global_colors_info=&#8221;{}&#8221;][et_pb_column type=&#8221;4_4&#8243; _builder_version=&#8221;4.16&#8243; _module_preset=&#8221;default&#8221; global_colors_info=&#8221;{}&#8221;][et_pb_text _builder_version=&#8221;4.18.0&#8243; _module_preset=&#8221;default&#8221; global_colors_info=&#8221;{}&#8221;]<\/p>\n<h1 style=\"text-align: center;\">Swiss Trip 2<\/h1>\n<p>[\/et_pb_text][\/et_pb_column][\/et_pb_row][et_pb_row _builder_version=&#8221;4.16&#8243; _module_preset=&#8221;default&#8221; locked=&#8221;off&#8221; global_colors_info=&#8221;{}&#8221;][et_pb_column type=&#8221;4_4&#8243; _builder_version=&#8221;4.16&#8243; _module_preset=&#8221;default&#8221; global_colors_info=&#8221;{}&#8221;][et_pb_text _builder_version=&#8221;4.27.4&#8243; _module_preset=&#8221;default&#8221; global_colors_info=&#8221;{}&#8221;]<\/p>\n<p align=\"center\" style=\"text-align: justify;\"><span lang=\"IT-CH\">Swiss Trip \u00e8 un campo di vacanza speciale che attraversa in lungo e largo il paese. In questo itinerario di scoperta utilizzerai vari mezzi di trasporto e pernotterai in posti diversi. Per partecipare devi amare il movimento, essere fisicamente in forma per affrontare gite in gommone di un giorno o escursioni di due giorni e apprezzare la vita all\u2019aperto, ad esempio dormire in tenda.<o:p><\/o:p><\/span><\/p>\n<p>[\/et_pb_text][\/et_pb_column][\/et_pb_row][et_pb_row column_structure=&#8221;1_3,1_3,1_3&#8243; _builder_version=&#8221;4.23.4&#8243; _module_preset=&#8221;default&#8221; locked=&#8221;off&#8221; global_colors_info=&#8221;{}&#8221;][et_pb_column type=&#8221;1_3&#8243; _builder_version=&#8221;4.16&#8243; _module_preset=&#8221;default&#8221; global_colors_info=&#8221;{}&#8221;][et_pb_text admin_label=&#8221;Casa vacanze&#8221; _builder_version=&#8221;4.27.4&#8243; _module_preset=&#8221;default&#8221; hover_enabled=&#8221;0&#8243; global_colors_info=&#8221;{}&#8221; sticky_enabled=&#8221;0&#8243;]<\/p>\n<h2>Regione:<\/h2>\n<p>Svizzera romanda e regione dei tre laghi<\/p>\n<p>[\/et_pb_text][et_pb_text admin_label=&#8221;Fascia di et\u00e0&#8221; _builder_version=&#8221;4.18.0&#8243; _module_preset=&#8221;default&#8221; global_colors_info=&#8221;{}&#8221;]<\/p>\n<h2>Fascia di et\u00e0:<\/h2>\n<p>12 &#8211; 14 anni<\/p>\n<p>[\/et_pb_text][\/et_pb_column][et_pb_column type=&#8221;1_3&#8243; _builder_version=&#8221;4.16&#8243; _module_preset=&#8221;default&#8221; global_colors_info=&#8221;{}&#8221;][et_pb_text admin_label=&#8221;Inizio&#8221; _builder_version=&#8221;4.27.4&#8243; _module_preset=&#8221;default&#8221; global_colors_info=&#8221;{}&#8221;]<\/p>\n<h2>Inizio:<\/h2>\n<p>08.07.2026<\/p>\n<p>[\/et_pb_text][et_pb_text admin_label=&#8221;Termine di iscrizione&#8221; _builder_version=&#8221;4.27.4&#8243; _module_preset=&#8221;default&#8221; global_colors_info=&#8221;{}&#8221;]<\/p>\n<h2>Termine di iscrizione:<\/h2>\n<p>15.03.2026<\/p>\n<p>[\/et_pb_text][\/et_pb_column][et_pb_column type=&#8221;1_3&#8243; _builder_version=&#8221;4.16&#8243; _module_preset=&#8221;default&#8221; global_colors_info=&#8221;{}&#8221;][et_pb_text admin_label=&#8221;Fine&#8221; _builder_version=&#8221;4.27.4&#8243; _module_preset=&#8221;default&#8221; global_colors_info=&#8221;{}&#8221;]<\/p>\n<h2>Fine:<\/h2>\n<p>17.07.2026<\/p>\n<p>[\/et_pb_text][et_pb_text admin_label=&#8221;Posti liberi&#8221; _builder_version=&#8221;4.16&#8243; _module_preset=&#8221;default&#8221; custom_margin=&#8221;||0px||false|false&#8221; global_colors_info=&#8221;{}&#8221;]<\/p>\n<h2>Posti liberi:<\/h2>\n<p>[\/et_pb_text][et_pb_code _builder_version=&#8221;4.27.4&#8243; _module_preset=&#8221;default&#8221; global_colors_info=&#8221;{}&#8221;]document.write(30 - 30 +\" di \" +30 + \" posti liberi\");[\/et_pb_code][\/et_pb_column][\/et_pb_row][et_pb_row column_structure=&#8221;1_3,1_3,1_3&#8243; _builder_version=&#8221;4.16&#8243; _module_preset=&#8221;default&#8221; locked=&#8221;off&#8221; global_colors_info=&#8221;{}&#8221;][et_pb_column type=&#8221;1_3&#8243; _builder_version=&#8221;4.16&#8243; _module_preset=&#8221;default&#8221; global_colors_info=&#8221;{}&#8221;][et_pb_text admin_label=&#8221;Costi&#8221; _builder_version=&#8221;4.27.4&#8243; _module_preset=&#8221;default&#8221; hover_enabled=&#8221;0&#8243; global_colors_info=&#8221;{}&#8221; sticky_enabled=&#8221;0&#8243;]<\/p>\n<h2>Costi:<\/h2>\n<p>CHF 1&#8217;150.-<\/p>\n<p>[\/et_pb_text][\/et_pb_column][et_pb_column type=&#8221;1_3&#8243; _builder_version=&#8221;4.16&#8243; _module_preset=&#8221;default&#8221; global_colors_info=&#8221;{}&#8221;][et_pb_text admin_label=&#8221;Programma&#8221; _builder_version=&#8221;4.16&#8243; _module_preset=&#8221;default&#8221; global_colors_info=&#8221;{}&#8221;]<\/p>\n<h2>Programma:<\/h2>\n<p><a href=\"#info-programm-sommer\">Maggiori informazioni<\/a><\/p>\n<p>[\/et_pb_text][\/et_pb_column][et_pb_column type=&#8221;1_3&#8243; _builder_version=&#8221;4.16&#8243; _module_preset=&#8221;default&#8221; global_colors_info=&#8221;{}&#8221;][\/et_pb_column][\/et_pb_row][et_pb_row _builder_version=&#8221;4.16&#8243; _module_preset=&#8221;default&#8221; locked=&#8221;off&#8221; global_colors_info=&#8221;{}&#8221;][et_pb_column type=&#8221;4_4&#8243; _builder_version=&#8221;4.16&#8243; _module_preset=&#8221;default&#8221; global_colors_info=&#8221;{}&#8221;][et_pb_button button_url=&#8221;https:\/\/db.sjas.ch\/it\/groups\/1\/public_events\/82&#8243; url_new_window=&#8221;on&#8221; button_text=&#8221;Vai al modulo d\u2019iscrizione&#8221; button_alignment=&#8221;center&#8221; _builder_version=&#8221;4.27.4&#8243; _module_preset=&#8221;default&#8221; global_colors_info=&#8221;{}&#8221;][\/et_pb_button][\/et_pb_column][\/et_pb_row][\/et_pb_section][et_pb_section fb_built=&#8221;1&#8243; module_id=&#8221;infos-sommerferienlager-scroll&#8221; _builder_version=&#8221;4.16&#8243; _module_preset=&#8221;default&#8221; background_color=&#8221;#FFFFFF&#8221; global_colors_info=&#8221;{}&#8221;][et_pb_row _builder_version=&#8221;4.16&#8243; _module_preset=&#8221;default&#8221; global_colors_info=&#8221;{}&#8221;][et_pb_column type=&#8221;4_4&#8243; _builder_version=&#8221;4.16&#8243; _module_preset=&#8221;default&#8221; global_colors_info=&#8221;{}&#8221;][et_pb_text _builder_version=&#8221;4.16&#8243; _module_preset=&#8221;default&#8221; global_colors_info=&#8221;{}&#8221;]<\/p>\n<h2>Informazioni sul campo di vacanza estivo<\/h2>\n<p>Il campo di vacanza estivo prevede tante escursioni, giochi, gite e altre attivit\u00e0 indoor e all\u2019aperto per un\u2019esperienza del tutto speciale in Svizzera.<\/p>\n<p>[\/et_pb_text][\/et_pb_column][\/et_pb_row][\/et_pb_section][et_pb_section fb_built=&#8221;1&#8243; _builder_version=&#8221;4.16&#8243; _module_preset=&#8221;default&#8221; background_color=&#8221;rgba(10,10,10,0.06)&#8221; global_module=&#8221;237401&#8243; global_colors_info=&#8221;{}&#8221;][et_pb_row column_structure=&#8221;1_2,1_2&#8243; _builder_version=&#8221;4.16&#8243; _module_preset=&#8221;default&#8221; global_colors_info=&#8221;{}&#8221;][et_pb_column type=&#8221;1_2&#8243; _builder_version=&#8221;4.16&#8243; _module_preset=&#8221;default&#8221; global_colors_info=&#8221;{}&#8221;][et_pb_image src=&#8221;http:\/\/sjas.ch\/wp-content\/uploads\/2021\/11\/blume-rgb.svg&#8221; title_text=&#8221;blume-rgb&#8221; _builder_version=&#8221;4.23.4&#8243; _module_preset=&#8221;079d8414-f781-439d-b599-d7aaf3414194&#8243; global_colors_info=&#8221;{}&#8221;][\/et_pb_image][et_pb_text admin_label=&#8221;Registrazione&#8221; _builder_version=&#8221;4.27.4&#8243; _module_preset=&#8221;default&#8221; link_option_url_new_window=&#8221;on&#8221; global_colors_info=&#8221;{}&#8221;]<\/p>\n<h2>Registrazione<\/h2>\n<p>La SJAS apre le iscrizioni ai campi di vacanza estivi il secondo marted\u00ec di gennaio. Le iscrizioni possono essere effettuate solo tramite il sito web, direttamente sulla pagina del campo estivo in questione. <a href=\"https:\/\/sjas.ch\/wp-content\/uploads\/2024\/12\/Guideline_How-to-register-Hitobito-1.pdf\" target=\"_blank\" rel=\"attachment noopener wp-att-244228\">Le nostre istruzioni<\/a> vi aiuteranno nel processo di registrazione<a href=\"https:\/\/sjas.ch\/wp-content\/uploads\/2024\/10\/Guideline_How-to-register-Hitobito.pdf\">.<\/a> Per iscriversi, \u00e8 necessario disporre di un account sul sito web db.sjas.ch (Hitobito). Se non avete ancora un account, potete crearlo ora utilizzando <a href=\"https:\/\/db.sjas.ch\/it\/groups\/1\/public_events\/74\" target=\"_blank\" rel=\"noopener\">Test Camp<\/a>.<\/p>\n<p>Ulteriori informazioni sulla registrazione sono disponibili nelle <a href=\"https:\/\/sjas.ch\/wp-content\/uploads\/2024\/11\/CG_campi_estivo.pdf\" target=\"_blank\" rel=\"attachment noopener wp-att-243809\">Condizioni generali<\/a> e nelle FAQ.<\/p>\n<p>[\/et_pb_text][\/et_pb_column][et_pb_column type=&#8221;1_2&#8243; _builder_version=&#8221;4.16&#8243; _module_preset=&#8221;default&#8221; global_colors_info=&#8221;{}&#8221;][et_pb_text admin_label=&#8221;Condizioni di partecipazione&#8221; _builder_version=&#8221;4.27.4&#8243; _module_preset=&#8221;88f9f053-e3c8-4efc-962f-0fecc082167f&#8221; global_colors_info=&#8221;{}&#8221;]<\/p>\n<h2>Condizioni di partecipazione<\/h2>\n<p>I nostri campi di vacanza sono aperti a tutti i giovani svizzeri residenti all&#8217;estero che rientrano nella fascia di et\u00e0 del campo offerto e che parlano correntemente una delle lingue del campo. Le condizioni dettagliate di partecipazione sono riportate nelle <a href=\"https:\/\/sjas.ch\/wp-content\/uploads\/2024\/11\/CG_campi_estivo.pdf\" target=\"_blank\" rel=\"attachment noopener wp-att-243809\">Condizioni generali<\/a>.<\/p>\n<p>Le condizioni di partecipazione per i bambini che frequentano la Scuola Svizzera sono disponibili <a href=\"#CondizioneIT\">qui<\/a>.<\/p>\n<p>[\/et_pb_text][\/et_pb_column][\/et_pb_row][\/et_pb_section][et_pb_section fb_built=&#8221;1&#8243; _builder_version=&#8221;4.16&#8243; _module_preset=&#8221;default&#8221; background_enable_color=&#8221;off&#8221; global_module=&#8221;237402&#8243; global_colors_info=&#8221;{}&#8221;][et_pb_row column_structure=&#8221;1_2,1_2&#8243; _builder_version=&#8221;4.23.4&#8243; _module_preset=&#8221;default&#8221; global_colors_info=&#8221;{}&#8221;][et_pb_column type=&#8221;1_2&#8243; _builder_version=&#8221;4.16&#8243; _module_preset=&#8221;default&#8221; global_colors_info=&#8221;{}&#8221;][et_pb_text admin_label=&#8221;Categorie di et\u00e0&#8221; _builder_version=&#8221;4.27.4&#8243; _module_preset=&#8221;88f9f053-e3c8-4efc-962f-0fecc082167f&#8221; global_colors_info=&#8221;{}&#8221;]<\/p>\n<h2>Categorie di et\u00e0<\/h2>\n<p>I nostri campi di vacanza sono rivolti ai bambini svizzeri all&#8217;estero e <a href=\"https:\/\/educationsuisse.ch\/fr\/ecoles\/\" target=\"_blank\" rel=\"noopener\">delle scuole svizzere<\/a> di et\u00e0 compresa tra gli 8 e i 14 anni e sono organizzati in tre categorie di et\u00e0: dagli 8 ai 12 anni, dai 12 ai 14 anni e dai 10 ai 14 anni. Informazioni pi\u00f9 dettagliate sulle et\u00e0 sono disponibili nelle <a href=\"https:\/\/sjas.ch\/wp-content\/uploads\/2024\/11\/CG_campi_estivo.pdf\" target=\"_blank\" rel=\"attachment noopener wp-att-243809\">Condizioni generali di contratto<\/a>.<\/p>\n<p>I giovani a partire dai 15 anni possono usufruire dei campi di vacanza offerti dal <a href=\"https:\/\/www.swisscommunity.org\/it\/offerte-per-i-giovani-tra-i-15-25-anni\/campo\" target=\"_blank\" rel=\"noopener\">Servizio giovani dell&#8217;Organizzazione degli svizzeri all&#8217;estero<\/a>.<\/p>\n<p>[\/et_pb_text][\/et_pb_column][et_pb_column type=&#8221;1_2&#8243; _builder_version=&#8221;4.16&#8243; _module_preset=&#8221;default&#8221; global_colors_info=&#8221;{}&#8221;][et_pb_image src=&#8221;https:\/\/sjas.ch\/wp-content\/uploads\/\/2021\/11\/kreuz-rgb.svg&#8221; title_text=&#8221;kreuz-rgb&#8221; admin_label=&#8221;Icon Kreuz&#8221; _builder_version=&#8221;4.23.4&#8243; _module_preset=&#8221;079d8414-f781-439d-b599-d7aaf3414194&#8243; global_colors_info=&#8221;{}&#8221;][\/et_pb_image][et_pb_text admin_label=&#8221;Lingue&#8221; _builder_version=&#8221;4.23.4&#8243; _module_preset=&#8221;default&#8221; global_colors_info=&#8221;{}&#8221;]<\/p>\n<h2>Lingue<\/h2>\n<p>Tutti i nostri campi di vacanza sono offerti in tedesco, inglese, francese, italiano e spagnolo. I partecipanti devono conoscere almeno una di queste lingue.<br \/>Il responsabili team si occuper\u00e0 di queste lingue. Le lingue pi\u00f9 comunemente parlate nei campi di vacanza dipendono dalla composizione del gruppo.<\/p>\n<p>[\/et_pb_text][\/et_pb_column][\/et_pb_row][\/et_pb_section][et_pb_section fb_built=&#8221;1&#8243; _builder_version=&#8221;4.16&#8243; _module_preset=&#8221;default&#8221; background_color=&#8221;rgba(10,10,10,0.06)&#8221; global_module=&#8221;237403&#8243; global_colors_info=&#8221;{}&#8221;][et_pb_row column_structure=&#8221;1_2,1_2&#8243; _builder_version=&#8221;4.16&#8243; _module_preset=&#8221;default&#8221; global_colors_info=&#8221;{}&#8221;][et_pb_column type=&#8221;1_2&#8243; _builder_version=&#8221;4.16&#8243; _module_preset=&#8221;default&#8221; global_colors_info=&#8221;{}&#8221;][et_pb_image src=&#8221;https:\/\/sjas.ch\/wp-content\/uploads\/\/2021\/11\/feuer-rgb.svg&#8221; title_text=&#8221;feuer-rgb&#8221; admin_label=&#8221;Icon Feuer&#8221; _builder_version=&#8221;4.23.4&#8243; _module_preset=&#8221;079d8414-f781-439d-b599-d7aaf3414194&#8243; global_colors_info=&#8221;{}&#8221;][\/et_pb_image][et_pb_text admin_label=&#8221;Costi&#8221; _builder_version=&#8221;4.23.4&#8243; _module_preset=&#8221;default&#8221; custom_margin=&#8221;||0px||false|false&#8221; global_colors_info=&#8221;{}&#8221;]<\/p>\n<h2>Costi<\/h2>\n<p>Il contributo per i campi di vacanza varia da 850 a 1.200 CHF. L&#8217;importo esatto \u00e8 indicato in ogni offerta.<br \/>Questo contributo copre tutte le attivit\u00e0 del campo. Il prezzo comprende tutti gli spostamenti durante il campo, i pasti, l&#8217;alloggio e tutte le attivit\u00e0 del programma. In linea di massima, non sono previsti costi addizionali durante il campo. Possono esserci eccezioni in caso di visite mediche o ospedaliere, o per l&#8217;acquisto eccezionale di indumenti o attrezzature di ricambio.<br \/>Per tutti i nostri campi di vacanza, le spese di viaggio al e dal campo sono a carico dei genitori.<br \/>Le fatture vengono inviate con la conferma ufficiale della partecipazione e devono essere pagate entro 30 giorni.<br \/>Le informazioni sulle spese di annullamento sono riportate nelle <a href=\"https:\/\/sjas.ch\/wp-content\/uploads\/2024\/11\/CG_campi_estivo.pdf\" target=\"_blank\" rel=\"attachment noopener wp-att-243809\">Condizioni generali di contratto<\/a>.<\/p>\n<p>[\/et_pb_text][\/et_pb_column][et_pb_column type=&#8221;1_2&#8243; _builder_version=&#8221;4.16&#8243; _module_preset=&#8221;default&#8221; global_colors_info=&#8221;{}&#8221;][et_pb_text admin_label=&#8221;Sostegno finanziario&#8221; _builder_version=&#8221;4.23.4&#8243; _module_preset=&#8221;88f9f053-e3c8-4efc-962f-0fecc082167f&#8221; custom_margin=&#8221;50px||0px||false|false&#8221; global_colors_info=&#8221;{}&#8221;]<\/p>\n<h2>Sostegno finanziario<\/h2>\n<p>Ai sensi della sua missione, SJAS si impegna a consentire a tutti i giovani svizzeri all&#8217;estero di et\u00e0 compresa tra gli 8 e i 14 anni di frequentare almeno una volta un campo di vacanza in Svizzera, indipendentemente dalla situazione finanziaria della loro famiglia. SJAS fornisce assistenza finanziaria per le spese del campo e, in casi eccezionali, per le spese di viaggio.<br \/>Il modulo di iscrizione pu\u00f2 essere scaricato <a href=\"https:\/\/sjas.ch\/wp-content\/uploads\/2024\/12\/Form_Application_financial_support_E_new.pdf\" target=\"_blank\" rel=\"attachment noopener wp-att-244318\">qui<\/a> e deve essere inviato a <a href=\"mailto:info@sjas.ch\">info@sjas.ch<\/a> entro 7 giorni dalla conferma della partecipazione.<\/p>\n<p>Ulteriori informazioni sulla richiesta di riduzione dei costi sono disponibili <a href=\"#reduktionen\">qui.<\/a><\/p>\n<p>[\/et_pb_text][\/et_pb_column][\/et_pb_row][\/et_pb_section][et_pb_section fb_built=&#8221;1&#8243; _builder_version=&#8221;4.16&#8243; _module_preset=&#8221;default&#8221; background_enable_color=&#8221;off&#8221; global_module=&#8221;237405&#8243; global_colors_info=&#8221;{}&#8221;][et_pb_row column_structure=&#8221;1_2,1_2&#8243; _builder_version=&#8221;4.16&#8243; _module_preset=&#8221;default&#8221; global_colors_info=&#8221;{}&#8221;][et_pb_column type=&#8221;1_2&#8243; _builder_version=&#8221;4.16&#8243; _module_preset=&#8221;default&#8221; global_colors_info=&#8221;{}&#8221;][et_pb_text admin_label=&#8221;Arrivo e partenza&#8221; _builder_version=&#8221;4.23.4&#8243; _module_preset=&#8221;88f9f053-e3c8-4efc-962f-0fecc082167f&#8221; global_colors_info=&#8221;{}&#8221;]<\/p>\n<h2>Arrivo e partenza<\/h2>\n<p>Tutti i nostri campi di vacanza iniziano il primo giorno (di solito sabato o mercoled\u00ec) alle 13:00 alla stazione dell&#8217;aeroporto di Zurigo. I partecipanti viaggiano poi in pullman con il responsabili team fino alla casa del campo. L&#8217;ultimo giorno (di solito il venerd\u00ec), tutti tornano insieme in pullman alla stazione dell&#8217;aeroporto di Zurigo, dove vengono prelevati alle 12:00. In alternativa, i partecipanti possono essere accompagnati direttamente alla casa del campo alle 16:00 del primo giorno e\/o prelevati in loco alle 09:00 dell&#8217;ultimo giorno.<\/p>\n<p><strong>Viaggio in Svizzera<\/strong>: tutti i partecipanti si incontrano alla stazione dell&#8217;aeroporto di Zurigo alle 13:00 e da l\u00ec iniziano il loro viaggio. L&#8217;ultimo giorno tornano alla stazione dell&#8217;aeroporto di Zurigo alle 12:00.<br \/>I genitori sono responsabili del viaggio dal e al punto di incontro.<\/p>\n<p>[\/et_pb_text][\/et_pb_column][et_pb_column type=&#8221;1_2&#8243; _builder_version=&#8221;4.16&#8243; _module_preset=&#8221;default&#8221; global_colors_info=&#8221;{}&#8221;][et_pb_image src=&#8221;http:\/\/sjas.ch\/wp-content\/uploads\/2021\/11\/weg-rgb.svg&#8221; title_text=&#8221;weg-rgb&#8221; admin_label=&#8221;Icon Weg&#8221; _builder_version=&#8221;4.16&#8243; _module_preset=&#8221;079d8414-f781-439d-b599-d7aaf3414194&#8243; global_colors_info=&#8221;{}&#8221;][\/et_pb_image][et_pb_text admin_label=&#8221;Bambini che viaggiano da soli&#8221; _builder_version=&#8221;4.23.4&#8243; _module_preset=&#8221;default&#8221; custom_margin=&#8221;||0px||false|false&#8221; global_colors_info=&#8221;{}&#8221;]<\/p>\n<h2>Bambini che viaggiano da soli<\/h2>\n<p>Per i bambini che viaggiano da soli in Svizzera, non accompagnati da familiari o amici, \u00e8 disponibile la seguente opzione: un membro del responsabili team pu\u00f2 incontrare il bambinoall&#8217;aeroporto di Zurigo il primo giorno del campo e occuparsi di lui fino all&#8217;inizio della vacanza. L&#8217;ultimo giorno del campo, un membro del responsabili team pu\u00f2 accompagnare il bambino al check-in per il volo di ritorno. Questo servizio di accompagnamento \u00e8 disponibile il <strong>primo giorno del campo tra le 9.00 e le 12.00 <\/strong>e l&#8217;<strong>ultimo giorno tra le 14.00 e le 17.00<\/strong>. Ci\u00f2 significa che il bambino deve arrivare o fare il check-in a Zurigo in questi orari.<\/p>\n<p>[\/et_pb_text][et_pb_toggle title=&#8221;Continua a leggere \u2193&#8221; open_toggle_background_color=&#8221;RGBA(0,0,0,0)&#8221; closed_toggle_background_color=&#8221;RGBA(0,0,0,0)&#8221; module_class=&#8221;et-readmore-toggle&#8221; _builder_version=&#8221;4.23.4&#8243; _module_preset=&#8221;default&#8221; title_text_color=&#8221;#000000&#8243; custom_padding=&#8221;0px|0px|0px|0px|false|false&#8221; custom_css_main_element=&#8221;display:flex;||flex-direction: column;||&#8221; custom_css_toggle_title=&#8221;order:2;||padding-top: 25px !important;||padding-right:25px !important;&#8221; custom_css_toggle_icon=&#8221;display: none;&#8221; custom_css_toggle_content=&#8221;order:1;||padding: 0px;&#8221; border_width_all=&#8221;0px&#8221; global_colors_info=&#8221;{}&#8221;]<\/p>\n<p>Questo servizio viene fatturato a 50 CHF per accompagnamento.<br \/>Raccomandiamo vivamente che i bambini che viaggiano da soli (compresi quelli di et\u00e0 superiore ai 12 anni) siano registrati come <strong>&#8220;Minori non accompagnati (UM)&#8221; <\/strong>presso la propria compagnia aerea. Si prega di verificare tutti i dettagli con la compagnia aerea interessata prima della partenza. Si prega di notare che la responsabilit\u00e0 di SJAS per il bambino inizia quando il bambino arriva all&#8217;aeroporto di Zurigo e termina quando effettua il check-in per il volo di ritorno.<\/p>\n<p>[\/et_pb_toggle][et_pb_code disabled_on=&#8221;on|on|on&#8221; _builder_version=&#8221;4.16&#8243; _module_preset=&#8221;default&#8221; disabled=&#8221;on&#8221; global_colors_info=&#8221;{}&#8221;]<script><!-- [et_pb_line_break_holder] -->(function($) {<!-- [et_pb_line_break_holder] -->    $(document).ready(function(){<!-- [et_pb_line_break_holder] -->        $('.et-readmore-toggle .et_pb_toggle_title').on('click', function(e) {<!-- [et_pb_line_break_holder] -->            if ($(e.target).closest('.et-readmore-toggle').hasClass('et_pb_toggle_open')) {<!-- [et_pb_line_break_holder] -->                $(this).text('Mehr Lesen \u2193');<!-- [et_pb_line_break_holder] -->            } else {<!-- [et_pb_line_break_holder] -->                $(this).text('Weniger Anzeigen \u2191');<!-- [et_pb_line_break_holder] -->            }<!-- [et_pb_line_break_holder] -->        });<!-- [et_pb_line_break_holder] -->    });<!-- [et_pb_line_break_holder] -->})(jQuery);<!-- [et_pb_line_break_holder] --><\/script>[\/et_pb_code][\/et_pb_column][\/et_pb_row][\/et_pb_section][et_pb_section fb_built=&#8221;1&#8243; _builder_version=&#8221;4.16&#8243; _module_preset=&#8221;default&#8221; background_color=&#8221;rgba(10,10,10,0.06)&#8221; global_module=&#8221;237406&#8243; global_colors_info=&#8221;{}&#8221;][et_pb_row column_structure=&#8221;1_2,1_2&#8243; _builder_version=&#8221;4.16&#8243; _module_preset=&#8221;default&#8221; global_colors_info=&#8221;{}&#8221;][et_pb_column type=&#8221;1_2&#8243; _builder_version=&#8221;4.16&#8243; _module_preset=&#8221;default&#8221; global_colors_info=&#8221;{}&#8221;][et_pb_image src=&#8221;http:\/\/sjas.ch\/wp-content\/uploads\/2021\/11\/smiley-rgb.svg&#8221; title_text=&#8221;smiley-rgb&#8221; admin_label=&#8221;Icon Smiley&#8221; _builder_version=&#8221;4.16&#8243; _module_preset=&#8221;079d8414-f781-439d-b599-d7aaf3414194&#8243; global_colors_info=&#8221;{}&#8221;][\/et_pb_image][et_pb_text admin_label=&#8221;Partecipanti&#8221; _builder_version=&#8221;4.23.4&#8243; _module_preset=&#8221;default&#8221; custom_margin=&#8221;||0px||false|false&#8221; global_colors_info=&#8221;{}&#8221;]<\/p>\n<h2>Partecipanti<\/h2>\n<p>Nei nostri campi di vacanza, bambini e ragazzi provenienti da tutto il mondo si incontrano e trascorrono in gruppo da 10 a 14 giorni. A seconda del campo, sono presenti tra i 30 e i 50 bambini e ragazzi. I bambini svizzeri all&#8217;estero e i bambini delle <a href=\"https:\/\/educationsuisse.ch\/fr\/ecoles\/\">Scuola Svizzera<\/a> possono partecipare nella categoria di et\u00e0 appropriata<em>, <\/em>indipendentemente dal sesso, dalla religione, dalle opinioni politiche, dalla situazione finanziaria o dalla cultura.<\/p>\n<p>Il legame con la Svizzera \u00e8 il denominatore comune della comunit\u00e0 dei campi di vacanza. In questa comunit\u00e0 interculturale, i partecipanti possono fare amicizia con persone di tutto il mondo. Tuttavia, l&#8217;organizzazione di un campo vacanza richiede anche che tutti i partecipanti lavorino insieme e ragionino, oltre a svolgere da soli i compiti quotidiani, come lavare, riordinare, pulire il bagno, ecc.<\/p>\n<p>&nbsp;<\/p>\n<p>[\/et_pb_text][\/et_pb_column][et_pb_column type=&#8221;1_2&#8243; _builder_version=&#8221;4.16&#8243; _module_preset=&#8221;default&#8221; global_colors_info=&#8221;{}&#8221;][et_pb_text admin_label=&#8221;Monitori del campo&#8221; _builder_version=&#8221;4.23.4&#8243; _module_preset=&#8221;88f9f053-e3c8-4efc-962f-0fecc082167f&#8221; custom_margin=&#8221;50px||0px||false|false&#8221; global_colors_info=&#8221;{}&#8221;]<\/p>\n<h2>Monitori del campo<\/h2>\n<p>La pianificazione e la gestione dei campi di vacanza estivi si basano sul lavoro volontario dei monitori (ad eccezione dei dipendenti pubblici). I monitori sono composti da 8-12 persone svizzere, provenienti dal Paese o dall&#8217;estero, a seconda delle dimensioni del campo. Questi volontari adulti, motivati e impegnati, forniscono la supervisione. La cucina \u00e8 gestita da un team di due persone. Molti membri del team sono plurilingue e hanno esperienza nella gestione di campi per bambini e adolescenti.<br \/>Il team \u00e8 guidato da un capo del campo, di solito due persone. Almeno la met\u00e0 dei monitori ha un riconoscimento Giovent\u00f9+Sport (G+S) nella categoria <a href=\"https:\/\/www.jugendundsport.ch\/it\/sport-di-campo-trekking\">sport da campo e trekking<\/a>.<br \/>Il team, attento e dedicato, si prende cura della comunit\u00e0 del campo giorno e notte e risponde alle esigenze e alle preoccupazioni dei partecipanti.<\/p>\n<p>&nbsp;<\/p>\n<p>&nbsp;<\/p>\n<p>[\/et_pb_text][\/et_pb_column][\/et_pb_row][\/et_pb_section][et_pb_section fb_built=&#8221;1&#8243; admin_label=&#8221;section&#8221; module_id=&#8221;info-programm-sommer&#8221; _builder_version=&#8221;4.16&#8243; _module_preset=&#8221;default&#8221; background_enable_color=&#8221;off&#8221; global_module=&#8221;237407&#8243; global_colors_info=&#8221;{}&#8221;][et_pb_row column_structure=&#8221;1_2,1_2&#8243; _builder_version=&#8221;4.16&#8243; _module_preset=&#8221;default&#8221; global_colors_info=&#8221;{}&#8221;][et_pb_column type=&#8221;1_2&#8243; _builder_version=&#8221;4.16&#8243; _module_preset=&#8221;default&#8221; global_colors_info=&#8221;{}&#8221;][et_pb_text admin_label=&#8221;Programma&#8221; _builder_version=&#8221;4.23.4&#8243; _module_preset=&#8221;88f9f053-e3c8-4efc-962f-0fecc082167f&#8221; custom_margin=&#8221;50px||0px||false|false&#8221; global_colors_info=&#8221;{}&#8221;]<\/p>\n<h2>Programma<\/h2>\n<p>Il programma del campo di vacanza viene elaborato dai monitori in collaborazione con l&#8217;ufficio SJAS. L&#8217;obiettivo \u00e8 quello di dare a tutti i bambini e gli adolescenti l&#8217;opportunit\u00e0 di vivere la Svizzera in vari modi e di conoscere meglio il loro Paese d&#8217;origine.<br \/>Le attivit\u00e0 principali comprendono giochi, sport, escursioni, gite, visite alla citt\u00e0 e molto altro. Ci assicuriamo che il programma sia vario e adattato all&#8217;et\u00e0 dei partecipanti. Avventura, divertimento e incontro con nuove persone sono garantiti! Il programma dettagliato non viene pubblicato in anticipo per mantenere la sorpresa e l&#8217;entusiasmo dei partecipanti ogni giorno. Pu\u00f2 anche essere modificato in base alle condizioni meteorologiche e alle circostanze. Un esempio di giornata tipo \u00e8 disponibile <a href=\"https:\/\/sjas.ch\/wp-content\/uploads\/2024\/12\/Beispieltage_Sommerferienlager_I.pdf\" target=\"_blank\" rel=\"attachment noopener wp-att-244097\">qui<\/a>.<\/p>\n<p>[\/et_pb_text][\/et_pb_column][et_pb_column type=&#8221;1_2&#8243; _builder_version=&#8221;4.16&#8243; _module_preset=&#8221;default&#8221; global_colors_info=&#8221;{}&#8221;][et_pb_image src=&#8221;https:\/\/sjas.ch\/wp-content\/uploads\/\/2021\/11\/herz-rgb.svg&#8221; title_text=&#8221;herz-rgb&#8221; admin_label=&#8221;Icon Herz&#8221; _builder_version=&#8221;4.23.4&#8243; _module_preset=&#8221;079d8414-f781-439d-b599-d7aaf3414194&#8243; global_colors_info=&#8221;{}&#8221;][\/et_pb_image][et_pb_text admin_label=&#8221;Assicurazione&#8221; _builder_version=&#8221;4.23.4&#8243; _module_preset=&#8221;default&#8221; global_colors_info=&#8221;{}&#8221;]<\/p>\n<h2>Assicurazione<\/h2>\n<p>SJAS ha stipulato un&#8217;assicurazione complementare contro gli infortuni per tutti i partecipanti svizzeri. Per le cure presso uno studio medico o un ospedale, tuttavia, \u00e8 necessario disporre della <strong>propria assicurazione <\/strong>prima di poter effettuare il trattamento. Sar\u00e0 poi la compagnia assicurativa a chiarire i costi.<br \/>Tuttavia, i partecipanti <strong>non<\/strong> sono coperti contro le malattie. SJAS raccomanda vivamente di stipulare un&#8217;adeguata copertura assicurativa internazionale, poich\u00e9 ai genitori saranno addebitate le spese mediche sostenute in seguito a malattia.<\/p>\n<p>[\/et_pb_text][\/et_pb_column][\/et_pb_row][\/et_pb_section][et_pb_section fb_built=&#8221;1&#8243; admin_label=&#8221;section&#8221; _builder_version=&#8221;4.16&#8243; _module_preset=&#8221;default&#8221; background_color=&#8221;#F2F2F2&#8243; global_module=&#8221;237408&#8243; global_colors_info=&#8221;{}&#8221;][et_pb_row column_structure=&#8221;1_2,1_2&#8243; _builder_version=&#8221;4.16&#8243; _module_preset=&#8221;default&#8221; global_colors_info=&#8221;{}&#8221;][et_pb_column type=&#8221;1_2&#8243; _builder_version=&#8221;4.16&#8243; _module_preset=&#8221;default&#8221; global_colors_info=&#8221;{}&#8221;][et_pb_image src=&#8221;https:\/\/sjas.ch\/wp-content\/uploads\/\/2021\/11\/haus-rgb.svg&#8221; title_text=&#8221;haus-rgb&#8221; admin_label=&#8221;Icon Haus&#8221; _builder_version=&#8221;4.23.4&#8243; _module_preset=&#8221;079d8414-f781-439d-b599-d7aaf3414194&#8243; global_colors_info=&#8221;{}&#8221;][\/et_pb_image][et_pb_text admin_label=&#8221;Ferienlagerort&#8221; _builder_version=&#8221;4.23.4&#8243; _module_preset=&#8221;default&#8221; global_colors_info=&#8221;{}&#8221;]<\/p>\n<h2>Luogo del campo vacanze<\/h2>\n<p>I nostri campi di vacanza si svolgono in varie localit\u00e0 di diversi cantoni. Alcune localit\u00e0 o case di vacanza possono essere ricorrenti grazie a una collaborazione di lunga data, anche se il programma viene pianificato ogni anno individualmente.<br \/>L&#8217;ubicazione precisa di ogni campo \u00e8 indicata nell&#8217;offerta corrispondente.<\/p>\n<p>Nei Viaggi in Svizzera, i partecipanti cambiano pi\u00f9 volte localit\u00e0. L&#8217;itinerario generale viene comunicato prima dell&#8217;inizio del campo.<\/p>\n<p>[\/et_pb_text][\/et_pb_column][et_pb_column type=&#8221;1_2&#8243; _builder_version=&#8221;4.16&#8243; _module_preset=&#8221;default&#8221; global_colors_info=&#8221;{}&#8221;][et_pb_text admin_label=&#8221;\u00dcbernachtung&#8221; _builder_version=&#8221;4.23.4&#8243; _module_preset=&#8221;88f9f053-e3c8-4efc-962f-0fecc082167f&#8221; global_colors_info=&#8221;{}&#8221;]<\/p>\n<h2>Alloggio<\/h2>\n<p>La maggior parte dei nostri campi di vacanza si svolge in campeggi semplici ma ben attrezzati, con dormitori e spazio sufficiente per tutti i partecipanti. L&#8217;ubicazione e il nome della casa di vacanza sono specificati nell&#8217;offerta del campo.<\/p>\n<p>I viaggi in Svizzera sono un&#8217;eccezione: in questi viaggi il gruppo viaggia attraverso la Svizzera e pernotta in diversi tipi di alloggio (ad esempio, agriturismo, tenda, bivacco).<br \/>Ogni tanto vengono organizzati campi speciali, con diverse forme di alloggio, come ad esempio campi musicali, circensi o ciclistici. Le informazioni su questi campi speciali sono incluse nell&#8217;offerta del campo, se \u00e8 previsto un programma di questo tipo.<\/p>\n<p>[\/et_pb_text][\/et_pb_column][\/et_pb_row][\/et_pb_section]<\/p>\n","protected":false},"excerpt":{"rendered":"<p>Swiss Trip 2Swiss Trip \u00e8 un campo di vacanza speciale che attraversa in lungo e largo il paese. In questo itinerario di scoperta utilizzerai vari mezzi di trasporto e pernotterai in posti diversi. Per partecipare devi amare il movimento, essere fisicamente in forma per affrontare gite in gommone di un giorno o escursioni di due [&hellip;]<\/p>\n","protected":false},"author":8,"featured_media":0,"parent":0,"menu_order":0,"comment_status":"closed","ping_status":"closed","template":"","meta":{"_et_pb_use_builder":"on","_et_pb_old_content":"","_et_gb_content_width":"","inline_featured_image":false,"footnotes":""},"class_list":["post-242662","page","type-page","status-publish","hentry"],"yoast_head":"<!-- This site is optimized with the Yoast SEO plugin v27.4 - https:\/\/yoast.com\/product\/yoast-seo-wordpress\/ -->\n<title>Swisstrip 2 - SJAS<\/title>\n<meta name=\"robots\" content=\"index, follow, max-snippet:-1, max-image-preview:large, max-video-preview:-1\" \/>\n<link rel=\"canonical\" href=\"https:\/\/sjas.ch\/swisstrip-2\/\" \/>\n<meta property=\"og:locale\" content=\"it_IT\" \/>\n<meta property=\"og:type\" content=\"article\" \/>\n<meta property=\"og:title\" content=\"Swisstrip 2 - SJAS\" \/>\n<meta property=\"og:description\" content=\"Swiss Trip 2Swiss Trip \u00e8 un campo di vacanza speciale che attraversa in lungo e largo il paese. In questo itinerario di scoperta utilizzerai vari mezzi di trasporto e pernotterai in posti diversi. Per partecipare devi amare il movimento, essere fisicamente in forma per affrontare gite in gommone di un giorno o escursioni di due [&hellip;]\" \/>\n<meta property=\"og:url\" content=\"https:\/\/sjas.ch\/swisstrip-2\/\" \/>\n<meta property=\"og:site_name\" content=\"SJAS\" \/>\n<meta property=\"article:modified_time\" content=\"2025-12-12T17:42:20+00:00\" \/>\n<meta name=\"twitter:card\" content=\"summary_large_image\" \/>\n<script type=\"application\/ld+json\" class=\"yoast-schema-graph\">{\"@context\":\"https:\\\/\\\/schema.org\",\"@graph\":[{\"@type\":\"WebPage\",\"@id\":\"https:\\\/\\\/sjas.ch\\\/swisstrip-2\\\/\",\"url\":\"https:\\\/\\\/sjas.ch\\\/swisstrip-2\\\/\",\"name\":\"Swisstrip 2 - SJAS\",\"isPartOf\":{\"@id\":\"https:\\\/\\\/sjas.ch\\\/#website\"},\"datePublished\":\"2023-12-15T16:53:29+00:00\",\"dateModified\":\"2025-12-12T17:42:20+00:00\",\"breadcrumb\":{\"@id\":\"https:\\\/\\\/sjas.ch\\\/swisstrip-2\\\/#breadcrumb\"},\"inLanguage\":\"it-IT\",\"potentialAction\":[{\"@type\":\"ReadAction\",\"target\":[\"https:\\\/\\\/sjas.ch\\\/swisstrip-2\\\/\"]}]},{\"@type\":\"BreadcrumbList\",\"@id\":\"https:\\\/\\\/sjas.ch\\\/swisstrip-2\\\/#breadcrumb\",\"itemListElement\":[{\"@type\":\"ListItem\",\"position\":1,\"name\":\"Home\",\"item\":\"https:\\\/\\\/sjas.ch\\\/\"},{\"@type\":\"ListItem\",\"position\":2,\"name\":\"Swisstrip 2\"}]},{\"@type\":\"WebSite\",\"@id\":\"https:\\\/\\\/sjas.ch\\\/#website\",\"url\":\"https:\\\/\\\/sjas.ch\\\/\",\"name\":\"SJAS\",\"description\":\"\",\"potentialAction\":[{\"@type\":\"SearchAction\",\"target\":{\"@type\":\"EntryPoint\",\"urlTemplate\":\"https:\\\/\\\/sjas.ch\\\/?s={search_term_string}\"},\"query-input\":{\"@type\":\"PropertyValueSpecification\",\"valueRequired\":true,\"valueName\":\"search_term_string\"}}],\"inLanguage\":\"it-IT\"}]}<\/script>\n<!-- \/ Yoast SEO plugin. -->","yoast_head_json":{"title":"Swisstrip 2 - SJAS","robots":{"index":"index","follow":"follow","max-snippet":"max-snippet:-1","max-image-preview":"max-image-preview:large","max-video-preview":"max-video-preview:-1"},"canonical":"https:\/\/sjas.ch\/swisstrip-2\/","og_locale":"it_IT","og_type":"article","og_title":"Swisstrip 2 - SJAS","og_description":"Swiss Trip 2Swiss Trip \u00e8 un campo di vacanza speciale che attraversa in lungo e largo il paese. In questo itinerario di scoperta utilizzerai vari mezzi di trasporto e pernotterai in posti diversi. Per partecipare devi amare il movimento, essere fisicamente in forma per affrontare gite in gommone di un giorno o escursioni di due [&hellip;]","og_url":"https:\/\/sjas.ch\/swisstrip-2\/","og_site_name":"SJAS","article_modified_time":"2025-12-12T17:42:20+00:00","twitter_card":"summary_large_image","schema":{"@context":"https:\/\/schema.org","@graph":[{"@type":"WebPage","@id":"https:\/\/sjas.ch\/swisstrip-2\/","url":"https:\/\/sjas.ch\/swisstrip-2\/","name":"Swisstrip 2 - SJAS","isPartOf":{"@id":"https:\/\/sjas.ch\/#website"},"datePublished":"2023-12-15T16:53:29+00:00","dateModified":"2025-12-12T17:42:20+00:00","breadcrumb":{"@id":"https:\/\/sjas.ch\/swisstrip-2\/#breadcrumb"},"inLanguage":"it-IT","potentialAction":[{"@type":"ReadAction","target":["https:\/\/sjas.ch\/swisstrip-2\/"]}]},{"@type":"BreadcrumbList","@id":"https:\/\/sjas.ch\/swisstrip-2\/#breadcrumb","itemListElement":[{"@type":"ListItem","position":1,"name":"Home","item":"https:\/\/sjas.ch\/"},{"@type":"ListItem","position":2,"name":"Swisstrip 2"}]},{"@type":"WebSite","@id":"https:\/\/sjas.ch\/#website","url":"https:\/\/sjas.ch\/","name":"SJAS","description":"","potentialAction":[{"@type":"SearchAction","target":{"@type":"EntryPoint","urlTemplate":"https:\/\/sjas.ch\/?s={search_term_string}"},"query-input":{"@type":"PropertyValueSpecification","valueRequired":true,"valueName":"search_term_string"}}],"inLanguage":"it-IT"}]}},"_links":{"self":[{"href":"https:\/\/sjas.ch\/it\/wp-json\/wp\/v2\/pages\/242662","targetHints":{"allow":["GET"]}}],"collection":[{"href":"https:\/\/sjas.ch\/it\/wp-json\/wp\/v2\/pages"}],"about":[{"href":"https:\/\/sjas.ch\/it\/wp-json\/wp\/v2\/types\/page"}],"author":[{"embeddable":true,"href":"https:\/\/sjas.ch\/it\/wp-json\/wp\/v2\/users\/8"}],"replies":[{"embeddable":true,"href":"https:\/\/sjas.ch\/it\/wp-json\/wp\/v2\/comments?post=242662"}],"version-history":[{"count":13,"href":"https:\/\/sjas.ch\/it\/wp-json\/wp\/v2\/pages\/242662\/revisions"}],"predecessor-version":[{"id":246977,"href":"https:\/\/sjas.ch\/it\/wp-json\/wp\/v2\/pages\/242662\/revisions\/246977"}],"wp:attachment":[{"href":"https:\/\/sjas.ch\/it\/wp-json\/wp\/v2\/media?parent=242662"}],"curies":[{"name":"wp","href":"https:\/\/api.w.org\/{rel}","templated":true}]}}