{"id":243048,"date":"2026-01-13T15:48:35","date_gmt":"2026-01-13T14:48:35","guid":{"rendered":"https:\/\/sjas.ch\/?page_id=243048"},"modified":"2026-02-11T15:29:14","modified_gmt":"2026-02-11T14:29:14","slug":"donazione","status":"publish","type":"page","link":"https:\/\/sjas.ch\/it\/donazione\/","title":{"rendered":"Donazione"},"content":{"rendered":"<p>[et_pb_section fb_built=&#8221;1&#8243; _builder_version=&#8221;4.19.5&#8243; _module_preset=&#8221;default&#8221; background_enable_image=&#8221;off&#8221; parallax=&#8221;on&#8221; background_last_edited=&#8221;off|tablet&#8221; global_colors_info=&#8221;{}&#8221;][et_pb_row _builder_version=&#8221;4.16&#8243; _module_preset=&#8221;default&#8221; global_colors_info=&#8221;{}&#8221;][et_pb_column type=&#8221;4_4&#8243; _builder_version=&#8221;4.16&#8243; _module_preset=&#8221;default&#8221; global_colors_info=&#8221;{}&#8221;][et_pb_text _builder_version=&#8221;4.27.5&#8243; _module_preset=&#8221;default&#8221; hover_enabled=&#8221;0&#8243; global_colors_info=&#8221;{}&#8221; sticky_enabled=&#8221;0&#8243;]<\/p>\n<h1 style=\"text-align: center;\">Sostenere la SJAS<\/h1>\n<p style=\"text-align: center;\">Desiderate sostenere la Fondazione per la giovent\u00f9 all\u2019estero (SJAS) in qualche modo?<\/p>\n<p style=\"text-align: center;\">Qui trovate una panoramica delle possibilit\u00e0 a vostra disposizione!<\/p>\n<p>[\/et_pb_text][\/et_pb_column][\/et_pb_row][et_pb_row column_structure=&#8221;1_3,1_3,1_3&#8243; _builder_version=&#8221;4.19.5&#8243; _module_preset=&#8221;default&#8221; global_colors_info=&#8221;{}&#8221;][et_pb_column type=&#8221;1_3&#8243; _builder_version=&#8221;4.16&#8243; _module_preset=&#8221;default&#8221; global_colors_info=&#8221;{}&#8221;][et_pb_cta title=&#8221;Donare online&#8221; button_url=&#8221;\/wer-wir-sind\/#stiftungsrat&#8221; button_text=&#8221;\u2794&#8221; disabled_on=&#8221;on|on|on&#8221; _builder_version=&#8221;4.27.4&#8243; _module_preset=&#8221;default&#8221; background_enable_color=&#8221;off&#8221; button_alignment=&#8221;right&#8221; text_orientation=&#8221;left&#8221; background_layout=&#8221;light&#8221; hover_enabled=&#8221;0&#8243; box_shadow_style=&#8221;preset1&#8243; box_shadow_color=&#8221;rgba(0,0,0,0.1)&#8221; disabled=&#8221;on&#8221; global_colors_info=&#8221;{}&#8221; box_shadow_spread__hover_enabled=&#8221;off|desktop&#8221; box_shadow_spread__hover=&#8221;3px&#8221; box_shadow_blur__hover_enabled=&#8221;on|hover&#8221; box_shadow_blur__hover=&#8221;25px&#8221; sticky_enabled=&#8221;0&#8243;]<\/p>\n<p>Dona online. Semplice, veloce e sicuro. Paga comodamente con TWINT, PayPal o carta di credito.<\/p>\n<p>[\/et_pb_cta][et_pb_cta title=&#8221;Diventare ambasciatore\u00b7trice&#8221; button_url=&#8221;#&#8221; disabled_on=&#8221;off|off|off&#8221; _builder_version=&#8221;4.27.4&#8243; _module_preset=&#8221;default&#8221; background_enable_color=&#8221;off&#8221; button_alignment=&#8221;right&#8221; text_orientation=&#8221;left&#8221; background_layout=&#8221;light&#8221; box_shadow_style=&#8221;preset1&#8243; box_shadow_color=&#8221;rgba(0,0,0,0.1)&#8221; global_colors_info=&#8221;{}&#8221; box_shadow_spread__hover_enabled=&#8221;off|desktop&#8221; box_shadow_spread__hover=&#8221;3px&#8221; box_shadow_blur__hover_enabled=&#8221;on|hover&#8221; box_shadow_blur__hover=&#8221;25px&#8221;]<\/p>\n<p>Siete interessati a rappresentare la nostra fondazione verso l&#8217;esterno e a contribuire alle decisioni strategiche?<\/p>\n<p>Vi preghiamo di <a href=\"#Kontaktit\">contattarci personalmente<\/a>.<\/p>\n<p>[\/et_pb_cta][et_pb_cta button_url=&#8221;#&#8221; _builder_version=&#8221;4.27.5&#8243; _module_preset=&#8221;default&#8221; background_enable_color=&#8221;off&#8221; button_alignment=&#8221;right&#8221; text_orientation=&#8221;left&#8221; background_layout=&#8221;light&#8221; custom_padding=&#8221;25px||2px||false|false&#8221; box_shadow_style=&#8221;preset1&#8243; box_shadow_color=&#8221;rgba(0,0,0,0.1)&#8221; global_colors_info=&#8221;{}&#8221; box_shadow_spread__hover_enabled=&#8221;off|desktop&#8221; box_shadow_spread__hover=&#8221;3px&#8221; box_shadow_blur__hover_enabled=&#8221;on|hover&#8221; box_shadow_blur__hover=&#8221;25px&#8221;]<\/p>\n<p><img loading=\"lazy\" decoding=\"async\" src=\"https:\/\/sjas.ch\/wp-content\/uploads\/2026\/02\/spende-qr-code-300x300.png\" width=\"300\" height=\"300\" alt=\"Spende QR-Code\" class=\"wp-image-247455 alignnone size-medium\" srcset=\"https:\/\/sjas.ch\/wp-content\/uploads\/2026\/02\/spende-qr-code-300x300.png 300w, https:\/\/sjas.ch\/wp-content\/uploads\/2026\/02\/spende-qr-code-150x150.png 150w, https:\/\/sjas.ch\/wp-content\/uploads\/2026\/02\/spende-qr-code.png 320w\" sizes=\"(max-width: 300px) 100vw, 300px\" \/><\/p>\n<p>[\/et_pb_cta][et_pb_cta button_url=&#8221;#&#8221; _builder_version=&#8221;4.19.5&#8243; _module_preset=&#8221;default&#8221; background_enable_color=&#8221;off&#8221; button_alignment=&#8221;right&#8221; text_orientation=&#8221;left&#8221; background_layout=&#8221;light&#8221; custom_padding=&#8221;||2px|||&#8221; box_shadow_style=&#8221;preset1&#8243; box_shadow_color=&#8221;rgba(0,0,0,0.1)&#8221; global_colors_info=&#8221;{}&#8221; box_shadow_spread__hover_enabled=&#8221;off|desktop&#8221; box_shadow_spread__hover=&#8221;3px&#8221; box_shadow_blur__hover_enabled=&#8221;on|hover&#8221; box_shadow_blur__hover=&#8221;25px&#8221;]<\/p>\n<p><img loading=\"lazy\" decoding=\"async\" src=\"https:\/\/sjas.ch\/wp-content\/uploads\/2023\/12\/Zewo-Spende-300x75.png\" width=\"432\" height=\"108\" alt=\"\" class=\"wp-image-242869 alignnone size-medium\" \/><\/p>\n<p>&nbsp;<\/p>\n<p>[\/et_pb_cta][\/et_pb_column][et_pb_column type=&#8221;1_3&#8243; _builder_version=&#8221;4.16&#8243; _module_preset=&#8221;default&#8221; global_colors_info=&#8221;{}&#8221;][et_pb_cta title=&#8221;Conto donazioni&#8221; button_url=&#8221;\/wer-wir-sind\/#gesch\u00e4ftsstelle&#8221; _builder_version=&#8221;4.27.4&#8243; _module_preset=&#8221;default&#8221; background_enable_color=&#8221;off&#8221; button_alignment=&#8221;right&#8221; text_orientation=&#8221;left&#8221; background_layout=&#8221;light&#8221; box_shadow_style=&#8221;preset1&#8243; box_shadow_color=&#8221;rgba(0,0,0,0.1)&#8221; global_colors_info=&#8221;{}&#8221; box_shadow_spread__hover_enabled=&#8221;off|desktop&#8221; box_shadow_spread__hover=&#8221;3px&#8221; box_shadow_blur__hover_enabled=&#8221;on|hover&#8221; box_shadow_blur__hover=&#8221;25px&#8221;]<\/p>\n<p data-start=\"48\" data-end=\"85\" class=\"\">Banca:<br data-start=\"58\" data-end=\"61\" \/>Cr\u00e9dit Suisse, Zurigo CH<\/p>\n<p data-start=\"87\" data-end=\"122\" class=\"\">Codice SWIFT\/BIC:<br data-start=\"108\" data-end=\"111\" \/>CRESCHZZXXX<\/p>\n<p data-start=\"124\" data-end=\"162\" class=\"\">IBAN:<br data-start=\"133\" data-end=\"136\" \/>CH62 0483 5112 7443 5100 0<\/p>\n<p data-start=\"164\" data-end=\"322\" class=\"\">Riceverete una ricevuta di donazione che vi permetter\u00e0 di detrarre le vostre donazioni dalle tasse.<br \/>Grazie mille per il vostro prezioso impegno.<\/p>\n<p>[\/et_pb_cta][wdcl_image_carousel animation_speed=&#8221;1000ms&#8221; autoplay_speed=&#8221;5000ms&#8221; slide_count=&#8221;1&#8243; arrow_color=&#8221;#000000&#8243; arrow_bg=&#8221;RGBA(10,10,10,0)&#8221; arrow_pos_x=&#8221;-40px&#8221; _builder_version=&#8221;4.27.4&#8243; _module_preset=&#8221;default&#8221; background_color=&#8221;#FFFFFF&#8221; box_shadow_style=&#8221;preset1&#8243; box_shadow_color=&#8221;rgba(0,0,0,0.1)&#8221; global_colors_info=&#8221;{}&#8221;][wdcl_image_carousel_child admin_title=&#8221;aso&#8221; photo=&#8221;http:\/\/sjas.ch\/wp-content\/uploads\/2022\/01\/aso-logo-int.jpg&#8221; _builder_version=&#8221;4.16&#8243; _module_preset=&#8221;default&#8221; link_option_url=&#8221;https:\/\/www.swisscommunity.org\/de\/&#8221; link_option_url_new_window=&#8221;on&#8221; global_colors_info=&#8221;{}&#8221;][\/wdcl_image_carousel_child][wdcl_image_carousel_child admin_title=&#8221;educationsuisse&#8221; photo=&#8221;http:\/\/sjas.ch\/wp-content\/uploads\/2021\/11\/educationsuicce-logo-de.jpg&#8221; _builder_version=&#8221;4.16&#8243; _module_preset=&#8221;default&#8221; link_option_url=&#8221;https:\/\/www.educationsuisse.ch\/&#8221; link_option_url_new_window=&#8221;on&#8221; global_colors_info=&#8221;{}&#8221;][\/wdcl_image_carousel_child][wdcl_image_carousel_child admin_title=&#8221;eda&#8221; photo=&#8221;http:\/\/sjas.ch\/wp-content\/uploads\/2022\/01\/eda-logo-de.jpg&#8221; _builder_version=&#8221;4.16&#8243; _module_preset=&#8221;default&#8221; link_option_url=&#8221;https:\/\/www.eda.admin.ch\/eda\/de\/home.html&#8221; link_option_url_new_window=&#8221;on&#8221; global_colors_info=&#8221;{}&#8221;][\/wdcl_image_carousel_child][wdcl_image_carousel_child admin_title=&#8221;zewo&#8221; photo=&#8221;http:\/\/sjas.ch\/wp-content\/uploads\/2021\/11\/zewo-logo-de.jpg&#8221; _builder_version=&#8221;4.16&#8243; _module_preset=&#8221;default&#8221; link_option_url=&#8221;https:\/\/zewo.ch\/de\/die-21-zewo-standards\/&#8221; link_option_url_new_window=&#8221;on&#8221; global_colors_info=&#8221;{}&#8221;][\/wdcl_image_carousel_child][wdcl_image_carousel_child admin_title=&#8221;Payrexx&#8221; photo=&#8221;https:\/\/sjas.ch\/wp-content\/uploads\/2023\/12\/Payrexx.png&#8221; _builder_version=&#8221;4.27.4&#8243; _module_preset=&#8221;default&#8221; link_option_url=&#8221;https:\/\/payrexx.com\/de-ch&#8221; link_option_url_new_window=&#8221;on&#8221; global_colors_info=&#8221;{}&#8221;][\/wdcl_image_carousel_child][wdcl_image_carousel_child admin_title=&#8221;pixofluna&#8221; photo=&#8221;https:\/\/sjas.ch\/wp-content\/uploads\/2026\/01\/LOGO_BLEU_BASELINE.png&#8221; _builder_version=&#8221;4.27.4&#8243; _module_preset=&#8221;default&#8221; link_option_url=&#8221;https:\/\/www.pixofluna.com\/&#8221; global_colors_info=&#8221;{}&#8221;][\/wdcl_image_carousel_child][\/wdcl_image_carousel][\/et_pb_column][et_pb_column type=&#8221;1_3&#8243; _builder_version=&#8221;4.16&#8243; _module_preset=&#8221;default&#8221; global_colors_info=&#8221;{}&#8221;][et_pb_cta title=&#8221;Guida al testamento&#8221; button_url=&#8221;\/was-wir-tun\/#geschichte-sjas&#8221; disabled_on=&#8221;off|off|off&#8221; _builder_version=&#8221;4.27.4&#8243; _module_preset=&#8221;default&#8221; background_enable_color=&#8221;off&#8221; button_alignment=&#8221;right&#8221; text_orientation=&#8221;left&#8221; background_layout=&#8221;light&#8221; box_shadow_style=&#8221;preset1&#8243; box_shadow_color=&#8221;rgba(0,0,0,0.1)&#8221; global_colors_info=&#8221;{}&#8221; box_shadow_spread__hover_enabled=&#8221;off|desktop&#8221; box_shadow_spread__hover=&#8221;3px&#8221; box_shadow_blur__hover_enabled=&#8221;on|hover&#8221; box_shadow_blur__hover=&#8221;25px&#8221;]<\/p>\n<p>Desiderate includere la SJAS nel vostro testamento?<\/p>\n<p>Sul <a href=\"https:\/\/zewo.ch\/fr\/lheritage-pour-une-bonne-cause\/\" target=\"_blank\" rel=\"noopener\">sito di ZEWO<\/a> (in Francese) trovate suggerimenti utili e un testo esemplificativo per aiutarvi nella stesura del testamento.<\/p>\n<p>Non esitate a <a href=\"#Kontaktit\">contattarci personalmente<\/a>.<\/p>\n<p>[\/et_pb_cta][et_pb_slider show_arrows=&#8221;off&#8221; arrows_custom_color=&#8221;#000000&#8243; dot_nav_custom_color=&#8221;#000000&#8243; module_class=&#8221;testimonial-slider&#8221; _builder_version=&#8221;4.16&#8243; _module_preset=&#8221;default&#8221; header_text_color=&#8221;#000000&#8243; body_text_color=&#8221;#000000&#8243; background_color=&#8221;#FFFFFF&#8221; text_orientation=&#8221;left&#8221; animation_direction=&#8221;left&#8221; auto=&#8221;on&#8221; auto_speed=&#8221;8000&#8243; custom_css_before=&#8221;animation-name:fadeLeft !important;&#8221; custom_css_main_element=&#8221;animation-name:fadeLeft !important;&#8221; custom_css_after=&#8221;animation-name:fadeLeft !important;&#8221; header_text_shadow_style=&#8221;preset3&#8243; header_text_shadow_color=&#8221;RGBA(10,10,10,0)&#8221; body_text_shadow_style=&#8221;preset3&#8243; body_text_shadow_blur_strength=&#8221;0em&#8221; body_text_shadow_color=&#8221;rgba(0,0,0,0)&#8221; box_shadow_style=&#8221;preset1&#8243; box_shadow_color=&#8221;rgba(0,0,0,0.1)&#8221; global_colors_info=&#8221;{}&#8221; box_shadow_blur__hover_enabled=&#8221;on|hover&#8221; box_shadow_blur__hover=&#8221;25px&#8221;][et_pb_slide admin_title=&#8221;S\u00e9adna, participant, Ireland&#8221; _builder_version=&#8221;4.16&#8243; _module_preset=&#8221;default&#8221; header_text_color=&#8221;#333333&#8243; body_text_color=&#8221;#666666&#8243; background_layout=&#8221;light&#8221; custom_css_before=&#8221;animation-name:fadeLeft;&#8221; custom_css_main_element=&#8221;animation-name:fadeLeft;&#8221; custom_css_after=&#8221;animation-name:fadeLeft;&#8221; global_colors_info=&#8221;{}&#8221; sticky_transition=&#8221;on&#8221;]<\/p>\n<p>Thank you for a great 10 days. Hopefully you will be having a ski camp this year, I would love to come back.<\/p>\n<p><em>\u2013 S\u00e9adna, participant, Ireland<\/em><\/p>\n<p>[\/et_pb_slide][et_pb_slide admin_title=&#8221;Maya, participant, Canada&#8221; _builder_version=&#8221;4.16&#8243; _module_preset=&#8221;default&#8221; header_text_color=&#8221;#333333&#8243; body_text_color=&#8221;#666666&#8243; background_layout=&#8221;light&#8221; custom_css_before=&#8221;animation-name:fadeLeft;&#8221; custom_css_main_element=&#8221;animation-name:fadeLeft;&#8221; custom_css_after=&#8221;animation-name:fadeLeft;&#8221; global_colors_info=&#8221;{}&#8221; sticky_transition=&#8221;on&#8221;]<\/p>\n<p>I had a lof of fun with people I met there, the funniest moments I had were with them. I also loved going rafting, camping and having free time in the city or when we had the scavenger hunt to look for William Tell.<\/p>\n<p>\u2013 <em>Maya, participant, Canada<\/em><\/p>\n<p>[\/et_pb_slide][et_pb_slide admin_title=&#8221;Claire, Teilnehmerin, Frankreich&#8221; _builder_version=&#8221;4.16&#8243; _module_preset=&#8221;default&#8221; header_text_color=&#8221;#333333&#8243; body_text_color=&#8221;#666666&#8243; background_layout=&#8221;light&#8221; custom_css_before=&#8221;animation-name:fadeLeft !important;&#8221; custom_css_main_element=&#8221;animation-name:fadeLeft !important;&#8221; custom_css_after=&#8221;animation-name:fadeLeft !important;&#8221; global_colors_info=&#8221;{}&#8221; sticky_transition=&#8221;on&#8221;]<\/p>\n<p>Ich fand es super, dass wir fast jeden Tag Ski gefahren sind!<\/p>\n<p><em>\u2013 Claire, Teilnehmerin, Frankreich<\/em><\/p>\n<p>[\/et_pb_slide][et_pb_slide admin_title=&#8221;Marie-Christine, m\u00e8re, Gr\u00e8ce&#8221; _builder_version=&#8221;4.16&#8243; _module_preset=&#8221;default&#8221; header_text_color=&#8221;#333333&#8243; body_text_color=&#8221;#666666&#8243; background_layout=&#8221;light&#8221; custom_css_before=&#8221;animation-name:fadeLeft !important;&#8221; custom_css_main_element=&#8221;animation-name:fadeLeft !important;&#8221; custom_css_after=&#8221;animation-name:fadeLeft !important;&#8221; global_colors_info=&#8221;{}&#8221; sticky_transition=&#8221;on&#8221;]<\/p>\n<p>La FESE joue un r\u00f4le tr\u00e8s important pour les enfants suisses de l\u2019\u00e9tranger en leur permettant d\u2019avoir un contact avec le pays de leurs parents. Ces souvenirs de vacances jouent un r\u00f4le capital dans la formation de leur identit\u00e9.<\/p>\n<p>\u2013 <em>Marie-Christine, m\u00e8re, Gr\u00e8ce<\/em><\/p>\n<p>[\/et_pb_slide][et_pb_slide admin_title=&#8221;Leah, mother, USA&#8221; _builder_version=&#8221;4.16&#8243; _module_preset=&#8221;default&#8221; header_text_color=&#8221;#333333&#8243; body_text_color=&#8221;#666666&#8243; background_layout=&#8221;light&#8221; custom_css_before=&#8221;animation-name:fadeLeft !important;&#8221; custom_css_main_element=&#8221;animation-name:fadeLeft !important;&#8221; custom_css_after=&#8221;animation-name:fadeLeft !important;&#8221; global_colors_info=&#8221;{}&#8221; sticky_transition=&#8221;on&#8221;]<\/p>\n<p>Our son received excellent care while at camp. I was completely impressed and knew he was in good hands.<\/p>\n<p>\u2013 <em>Leah, mother, USA<\/em><\/p>\n<p>[\/et_pb_slide][et_pb_slide admin_title=&#8221;Samuel, Ferienlagerleiter und Zivi, Schweiz&#8221; _builder_version=&#8221;4.16&#8243; _module_preset=&#8221;default&#8221; header_text_color=&#8221;#333333&#8243; body_text_color=&#8221;#666666&#8243; background_layout=&#8221;light&#8221; custom_css_before=&#8221;animation-name:fadeLeft !important;&#8221; custom_css_main_element=&#8221;animation-name:fadeLeft !important;&#8221; custom_css_after=&#8221;animation-name:fadeLeft !important;&#8221; global_colors_info=&#8221;{}&#8221; sticky_transition=&#8221;on&#8221;]<\/p>\n<p>Die Erfahrung, die Betreuung und das famili\u00e4re Ambiente mit und auf der Gesch\u00e4ftsstelle machen die SJAS zu einem besonderen Einsatzbetrieb, in dem ich sehr gerne meinen Zivildienst absolviere.<\/p>\n<p>\u2013 <em>Samuel, Ferienlagerleiter und Zivi, Schweiz<\/em><\/p>\n<p>[\/et_pb_slide][et_pb_slide admin_title=&#8221;Sandra, Ferienlagerleiterin, Schweiz&#8221; _builder_version=&#8221;4.16&#8243; _module_preset=&#8221;default&#8221; header_text_color=&#8221;#333333&#8243; body_text_color=&#8221;#666666&#8243; background_layout=&#8221;light&#8221; custom_css_before=&#8221;animation-name:fadeLeft !important;&#8221; custom_css_main_element=&#8221;animation-name:fadeLeft !important;&#8221; custom_css_after=&#8221;animation-name:fadeLeft !important;&#8221; global_colors_info=&#8221;{}&#8221; sticky_transition=&#8221;on&#8221;]<\/p>\n<p>Meine Erfahrung als Leiterin hat mir Teamarbeit, Flexibilit\u00e4t, Organisation und Geduld gelehrt. Es ist eine tolle Gelegenheit um als Person zu wachsen und Verantwortung zu \u00fcbernehmen, w\u00e4hrend man eine sehr gute Zeit hat.<\/p>\n<p>\u2013 <em>Sandra, Ferienlagerleiterin, Schweiz<\/em><\/p>\n<p>[\/et_pb_slide][et_pb_slide admin_title=&#8221;Maxime, moniteur et civiliste, Suisse&#8221; _builder_version=&#8221;4.16&#8243; _module_preset=&#8221;default&#8221; header_text_color=&#8221;#333333&#8243; body_text_color=&#8221;#666666&#8243; background_layout=&#8221;light&#8221; custom_css_before=&#8221;animation-name:fadeLeft !important;&#8221; custom_css_main_element=&#8221;animation-name:fadeLeft !important;&#8221; custom_css_after=&#8221;animation-name:fadeLeft !important;&#8221; global_colors_info=&#8221;{}&#8221; sticky_transition=&#8221;on&#8221;]<\/p>\n<p>J&#8217;aime animer les camps de la FESE parce qu&#8217;ils me permettent de jouer au touriste dans mon propre pays! A chaque camp, je profite de voir les plus beaux lieux de Suisse et de d\u00e9couvrir les cultures du monde entier.<\/p>\n<p>\u2013 <em>Maxime, moniteur et civiliste, Suisse<\/em><\/p>\n<p>[\/et_pb_slide][\/et_pb_slider][\/et_pb_column][\/et_pb_row][\/et_pb_section][et_pb_section fb_built=&#8221;1&#8243; _builder_version=&#8221;4.16&#8243; _module_preset=&#8221;default&#8221; background_color=&#8221;rgba(10,10,10,0.06)&#8221; global_colors_info=&#8221;{}&#8221;][et_pb_row _builder_version=&#8221;4.16&#8243; _module_preset=&#8221;default&#8221; global_colors_info=&#8221;{}&#8221;][et_pb_column type=&#8221;4_4&#8243; _builder_version=&#8221;4.16&#8243; _module_preset=&#8221;default&#8221; global_colors_info=&#8221;{}&#8221;][et_pb_text _builder_version=&#8221;4.27.4&#8243; _module_preset=&#8221;default&#8221; global_colors_info=&#8221;{}&#8221;]<\/p>\n<h2>I media<\/h2>\n<p>Siamo lieti di offrire ai rappresentanti dei media una panoramica dei campi estivi organizzati da SJAS per i bambini svizzeri all&#8217;estero. Per ulteriori informazioni, si prega di contattare direttamente Isabelle Stebler, direttrice, all&#8217;indirizzo <a href=\"mailto:stebler@sjas.ch\">stebler@sjas.ch<\/a>.<\/p>\n<p>[\/et_pb_text][\/et_pb_column][\/et_pb_row][\/et_pb_section][et_pb_section fb_built=&#8221;1&#8243; _builder_version=&#8221;4.16&#8243; _module_preset=&#8221;236f5c6d-ff09-463c-bbe7-546a713abd8a&#8221; link_option_url=&#8221;\/ferienlager\/&#8221; global_colors_info=&#8221;{}&#8221;][et_pb_row _builder_version=&#8221;4.13.0&#8243; _module_preset=&#8221;default&#8221; global_module=&#8221;237423&#8243; global_colors_info=&#8221;{}&#8221;][et_pb_column type=&#8221;4_4&#8243; _builder_version=&#8221;4.16&#8243; _module_preset=&#8221;default&#8221; global_colors_info=&#8221;{}&#8221;][et_pb_image src=&#8221;http:\/\/sjas.ch\/wp-content\/uploads\/2021\/11\/lager-rgb.svg&#8221; title_text=&#8221;lager-rgb&#8221; _builder_version=&#8221;4.16&#8243; _module_preset=&#8221;b7011ccc-1740-4b3f-bad9-bde2a1e14d15&#8243; custom_padding=&#8221;||||false|false&#8221; global_colors_info=&#8221;{}&#8221;][\/et_pb_image][et_pb_text _builder_version=&#8221;4.16&#8243; _module_preset=&#8221;default&#8221; global_colors_info=&#8221;{}&#8221;]<\/p>\n<h2>Campi di vacanza<\/h2>\n<p>Maggiori informazioni sulla nostra offerta di campi di vacanza sono disponibili nella scheda Campi di vacanza di questo sito.<\/p>\n<p>[\/et_pb_text][\/et_pb_column][\/et_pb_row][\/et_pb_section][et_pb_section fb_built=&#8221;1&#8243; _builder_version=&#8221;4.16&#8243; _module_preset=&#8221;c03e9505-449b-4d34-913d-a5e212ed2086&#8243; link_option_url=&#8221;\/leiter-innen\/&#8221; global_colors_info=&#8221;{}&#8221;][et_pb_row _builder_version=&#8221;4.16&#8243; _module_preset=&#8221;default&#8221; global_module=&#8221;237419&#8243; global_colors_info=&#8221;{}&#8221;][et_pb_column type=&#8221;4_4&#8243; _builder_version=&#8221;4.16&#8243; _module_preset=&#8221;default&#8221; global_colors_info=&#8221;{}&#8221;][et_pb_image src=&#8221;http:\/\/sjas.ch\/wp-content\/uploads\/2021\/11\/leiter-innen-rgb.svg&#8221; title_text=&#8221;leiter-innen-rgb&#8221; _builder_version=&#8221;4.16&#8243; _module_preset=&#8221;b7011ccc-1740-4b3f-bad9-bde2a1e14d15&#8243; global_colors_info=&#8221;{}&#8221;][\/et_pb_image][et_pb_text _builder_version=&#8221;4.23.4&#8243; _module_preset=&#8221;default&#8221; global_colors_info=&#8221;{}&#8221;]<\/p>\n<h2>Monitrici e monitori<\/h2>\n<p>Maggiori informazioni sulla possibilit\u00e0 di dirigere i nostri campi di vacanza come monitrice o monitore o di prestare servizio civile e sull\u2019offerta di corsi G+S e di formazione continua sono disponibili nella scheda Lavora con noi di questo sito.<\/p>\n<p>[\/et_pb_text][\/et_pb_column][\/et_pb_row][\/et_pb_section]<\/p>\n","protected":false},"excerpt":{"rendered":"<p>Sostenere la SJAS Desiderate sostenere la Fondazione per la giovent\u00f9 all\u2019estero (SJAS) in qualche modo? Qui trovate una panoramica delle possibilit\u00e0 a vostra disposizione!Dona online. Semplice, veloce e sicuro. Paga comodamente con TWINT, PayPal o carta di credito.Siete interessati a rappresentare la nostra fondazione verso l&#8217;esterno e a contribuire alle decisioni strategiche? Vi preghiamo di [&hellip;]<\/p>\n","protected":false},"author":1,"featured_media":0,"parent":0,"menu_order":0,"comment_status":"closed","ping_status":"closed","template":"","meta":{"_et_pb_use_builder":"on","_et_pb_old_content":"","_et_gb_content_width":"","inline_featured_image":false,"footnotes":""},"class_list":["post-243048","page","type-page","status-publish","hentry"],"yoast_head":"<!-- This site is optimized with the Yoast SEO plugin v27.4 - https:\/\/yoast.com\/product\/yoast-seo-wordpress\/ -->\n<title>Donazione - SJAS<\/title>\n<meta name=\"robots\" content=\"index, follow, max-snippet:-1, max-image-preview:large, max-video-preview:-1\" \/>\n<link rel=\"canonical\" href=\"https:\/\/sjas.ch\/fr\/dons\/\" \/>\n<meta property=\"og:locale\" content=\"it_IT\" \/>\n<meta property=\"og:type\" content=\"article\" \/>\n<meta property=\"og:title\" content=\"Donazione - SJAS\" \/>\n<meta property=\"og:description\" content=\"Sostenere la SJAS Desiderate sostenere la Fondazione per la giovent\u00f9 all\u2019estero (SJAS) in qualche modo? Qui trovate una panoramica delle possibilit\u00e0 a vostra disposizione!Dona online. Semplice, veloce e sicuro. Paga comodamente con TWINT, PayPal o carta di credito.Siete interessati a rappresentare la nostra fondazione verso l&#039;esterno e a contribuire alle decisioni strategiche? Vi preghiamo di [&hellip;]\" \/>\n<meta property=\"og:url\" content=\"https:\/\/sjas.ch\/fr\/dons\/\" \/>\n<meta property=\"og:site_name\" content=\"SJAS\" \/>\n<meta property=\"article:modified_time\" content=\"2026-02-11T14:29:14+00:00\" \/>\n<meta property=\"og:image\" content=\"https:\/\/sjas.ch\/wp-content\/uploads\/2026\/02\/spende-qr-code.png\" \/>\n\t<meta property=\"og:image:width\" content=\"320\" \/>\n\t<meta property=\"og:image:height\" content=\"320\" \/>\n\t<meta property=\"og:image:type\" content=\"image\/png\" \/>\n<meta name=\"twitter:card\" content=\"summary_large_image\" \/>\n<script type=\"application\/ld+json\" class=\"yoast-schema-graph\">{\"@context\":\"https:\\\/\\\/schema.org\",\"@graph\":[{\"@type\":\"WebPage\",\"@id\":\"https:\\\/\\\/sjas.ch\\\/fr\\\/dons\\\/\",\"url\":\"https:\\\/\\\/sjas.ch\\\/fr\\\/dons\\\/\",\"name\":\"Donazione - SJAS\",\"isPartOf\":{\"@id\":\"https:\\\/\\\/sjas.ch\\\/#website\"},\"primaryImageOfPage\":{\"@id\":\"https:\\\/\\\/sjas.ch\\\/fr\\\/dons\\\/#primaryimage\"},\"image\":{\"@id\":\"https:\\\/\\\/sjas.ch\\\/fr\\\/dons\\\/#primaryimage\"},\"thumbnailUrl\":\"https:\\\/\\\/sjas.ch\\\/wp-content\\\/uploads\\\/2026\\\/02\\\/spende-qr-code-300x300.png\",\"datePublished\":\"2026-01-13T14:48:35+00:00\",\"dateModified\":\"2026-02-11T14:29:14+00:00\",\"breadcrumb\":{\"@id\":\"https:\\\/\\\/sjas.ch\\\/fr\\\/dons\\\/#breadcrumb\"},\"inLanguage\":\"it-IT\",\"potentialAction\":[{\"@type\":\"ReadAction\",\"target\":[\"https:\\\/\\\/sjas.ch\\\/fr\\\/dons\\\/\"]}]},{\"@type\":\"ImageObject\",\"inLanguage\":\"it-IT\",\"@id\":\"https:\\\/\\\/sjas.ch\\\/fr\\\/dons\\\/#primaryimage\",\"url\":\"https:\\\/\\\/sjas.ch\\\/wp-content\\\/uploads\\\/2026\\\/02\\\/spende-qr-code-300x300.png\",\"contentUrl\":\"https:\\\/\\\/sjas.ch\\\/wp-content\\\/uploads\\\/2026\\\/02\\\/spende-qr-code-300x300.png\"},{\"@type\":\"BreadcrumbList\",\"@id\":\"https:\\\/\\\/sjas.ch\\\/fr\\\/dons\\\/#breadcrumb\",\"itemListElement\":[{\"@type\":\"ListItem\",\"position\":1,\"name\":\"Home\",\"item\":\"https:\\\/\\\/sjas.ch\\\/\"},{\"@type\":\"ListItem\",\"position\":2,\"name\":\"Donazione\"}]},{\"@type\":\"WebSite\",\"@id\":\"https:\\\/\\\/sjas.ch\\\/#website\",\"url\":\"https:\\\/\\\/sjas.ch\\\/\",\"name\":\"SJAS\",\"description\":\"\",\"potentialAction\":[{\"@type\":\"SearchAction\",\"target\":{\"@type\":\"EntryPoint\",\"urlTemplate\":\"https:\\\/\\\/sjas.ch\\\/?s={search_term_string}\"},\"query-input\":{\"@type\":\"PropertyValueSpecification\",\"valueRequired\":true,\"valueName\":\"search_term_string\"}}],\"inLanguage\":\"it-IT\"}]}<\/script>\n<!-- \/ Yoast SEO plugin. -->","yoast_head_json":{"title":"Donazione - SJAS","robots":{"index":"index","follow":"follow","max-snippet":"max-snippet:-1","max-image-preview":"max-image-preview:large","max-video-preview":"max-video-preview:-1"},"canonical":"https:\/\/sjas.ch\/fr\/dons\/","og_locale":"it_IT","og_type":"article","og_title":"Donazione - SJAS","og_description":"Sostenere la SJAS Desiderate sostenere la Fondazione per la giovent\u00f9 all\u2019estero (SJAS) in qualche modo? Qui trovate una panoramica delle possibilit\u00e0 a vostra disposizione!Dona online. Semplice, veloce e sicuro. Paga comodamente con TWINT, PayPal o carta di credito.Siete interessati a rappresentare la nostra fondazione verso l'esterno e a contribuire alle decisioni strategiche? Vi preghiamo di [&hellip;]","og_url":"https:\/\/sjas.ch\/fr\/dons\/","og_site_name":"SJAS","article_modified_time":"2026-02-11T14:29:14+00:00","og_image":[{"width":320,"height":320,"url":"https:\/\/sjas.ch\/wp-content\/uploads\/2026\/02\/spende-qr-code.png","type":"image\/png"}],"twitter_card":"summary_large_image","schema":{"@context":"https:\/\/schema.org","@graph":[{"@type":"WebPage","@id":"https:\/\/sjas.ch\/fr\/dons\/","url":"https:\/\/sjas.ch\/fr\/dons\/","name":"Donazione - SJAS","isPartOf":{"@id":"https:\/\/sjas.ch\/#website"},"primaryImageOfPage":{"@id":"https:\/\/sjas.ch\/fr\/dons\/#primaryimage"},"image":{"@id":"https:\/\/sjas.ch\/fr\/dons\/#primaryimage"},"thumbnailUrl":"https:\/\/sjas.ch\/wp-content\/uploads\/2026\/02\/spende-qr-code-300x300.png","datePublished":"2026-01-13T14:48:35+00:00","dateModified":"2026-02-11T14:29:14+00:00","breadcrumb":{"@id":"https:\/\/sjas.ch\/fr\/dons\/#breadcrumb"},"inLanguage":"it-IT","potentialAction":[{"@type":"ReadAction","target":["https:\/\/sjas.ch\/fr\/dons\/"]}]},{"@type":"ImageObject","inLanguage":"it-IT","@id":"https:\/\/sjas.ch\/fr\/dons\/#primaryimage","url":"https:\/\/sjas.ch\/wp-content\/uploads\/2026\/02\/spende-qr-code-300x300.png","contentUrl":"https:\/\/sjas.ch\/wp-content\/uploads\/2026\/02\/spende-qr-code-300x300.png"},{"@type":"BreadcrumbList","@id":"https:\/\/sjas.ch\/fr\/dons\/#breadcrumb","itemListElement":[{"@type":"ListItem","position":1,"name":"Home","item":"https:\/\/sjas.ch\/"},{"@type":"ListItem","position":2,"name":"Donazione"}]},{"@type":"WebSite","@id":"https:\/\/sjas.ch\/#website","url":"https:\/\/sjas.ch\/","name":"SJAS","description":"","potentialAction":[{"@type":"SearchAction","target":{"@type":"EntryPoint","urlTemplate":"https:\/\/sjas.ch\/?s={search_term_string}"},"query-input":{"@type":"PropertyValueSpecification","valueRequired":true,"valueName":"search_term_string"}}],"inLanguage":"it-IT"}]}},"_links":{"self":[{"href":"https:\/\/sjas.ch\/it\/wp-json\/wp\/v2\/pages\/243048","targetHints":{"allow":["GET"]}}],"collection":[{"href":"https:\/\/sjas.ch\/it\/wp-json\/wp\/v2\/pages"}],"about":[{"href":"https:\/\/sjas.ch\/it\/wp-json\/wp\/v2\/types\/page"}],"author":[{"embeddable":true,"href":"https:\/\/sjas.ch\/it\/wp-json\/wp\/v2\/users\/1"}],"replies":[{"embeddable":true,"href":"https:\/\/sjas.ch\/it\/wp-json\/wp\/v2\/comments?post=243048"}],"version-history":[{"count":18,"href":"https:\/\/sjas.ch\/it\/wp-json\/wp\/v2\/pages\/243048\/revisions"}],"predecessor-version":[{"id":247505,"href":"https:\/\/sjas.ch\/it\/wp-json\/wp\/v2\/pages\/243048\/revisions\/247505"}],"wp:attachment":[{"href":"https:\/\/sjas.ch\/it\/wp-json\/wp\/v2\/media?parent=243048"}],"curies":[{"name":"wp","href":"https:\/\/api.w.org\/{rel}","templated":true}]}}